{"id":366,"date":"2026-04-09T10:32:29","date_gmt":"2026-04-09T09:32:29","guid":{"rendered":"https:\/\/eu-people.com\/?page_id=366"},"modified":"2026-07-31T11:11:00","modified_gmt":"2026-07-31T10:11:00","slug":"o-ludziach-z-ue","status":"publish","type":"page","link":"https:\/\/eu-people.com\/pl\/over-eu-people\/","title":{"rendered":"O EU People"},"content":{"rendered":"<section class=\"hero\">\n    \n    \n    <div class=\"grid hero-wrap boxed\">\n        <div class=\"content-wrap\">\n            <div class=\"grid textbox justify-items-start align-content-center\">\n                                                <span class=\"breadcrumb\"><span><span><a href=\"https:\/\/eu-people.com\/pl\/\">Strona g\u0142\u00f3wna<\/a><\/span><\/span><\/span>                \n                <h1>Kim jeste\u015bmy?<\/h1>\n\n                <div class=\"text\"><p>Wzajemne relacje i mo\u017cliwo\u015bci \u2013 oto, o co tu chodzi\u00a0<strong>EU-People<\/strong>\u00a0wszystko. Od 2006 roku stali\u015bmy si\u0119 niezawodnym partnerem w \u0142\u0105czeniu europejskich pracownik\u00f3w z odpowiednimi firmami w Holandii.<\/p>\n<\/div>\n\n                            <\/div>\n        <\/div>\n    <\/div>\n\n    \n<\/section>\n\n<section class=\"text-image std-padding\">\n\n            <div class=\"grid text-image-wrap boxed col-2\">\n            \n<div class=\"image\">\n            <img decoding=\"async\" src=\"https:\/\/eu-people.com\/wp-content\/uploads\/2026\/07\/eu-people-hq.png\">\n    <\/div>\n\n<div class=\"grid textbox justify-items-start align-content-center\">\n            \n        <h2>Ci\u0105g\u0142o\u015b\u0107 w pracy elastycznej<\/h2>\n        \n    <div class=\"text\"><p>Ci\u0105g\u0142o\u015b\u0107 w pracy elastycznej? Czy to w og\u00f3le mo\u017cliwe? Oczywi\u015bcie! W EU-People z dum\u0105 udowadniamy to ju\u017c od 20 lat. Analizujemy zapotrzebowanie na si\u0142\u0119 robocz\u0105, identyfikujemy stanowiska, kt\u00f3re wymagaj\u0105 d\u0142ugoterminowego i stabilnego obsadzenia, oraz okre\u015blamy, gdzie zaczyna si\u0119 prawdziwa elastyczno\u015b\u0107. Ponadto dbamy o wysok\u0105 retencj\u0119 pracownik\u00f3w, co znacznie poprawia jako\u015b\u0107 obs\u0142ugi naszych klient\u00f3w. W obecnej sytuacji gospodarczej, w kt\u00f3rej stanowiska elastyczne maj\u0105 charakter \u2018sta\u0142y\u2019, oferujemy doskona\u0142e rozwi\u0105zanie.<\/p>\n<\/div>\n\n    <div class=\"flex buttons\">\n\t\t<a href=\"https:\/\/eu-people.com\/pl\/kontakt\/\" target=\"\" class=\"link\">\n\t\t<span>Porozmawiajmy<\/span><i class=\"fa-solid fa-arrow-up-right\"><\/i>\n\t<\/a>\n\t<\/div><\/div>\n        <\/div>\n    \n<\/section>\n\n<section class=\"editor margin-bottom\">\n        <div class=\"editor-wrap boxed\">\n            <div class=\"autop content padding grey\"><div class=\"elementor-element elementor-element-2390550f elementor-widget elementor-widget-heading\" data-id=\"2390550f\" data-element_type=\"widget\" data-widget_type=\"heading.default\">\n<div class=\"elementor-widget-container\">\n<h3 class=\"elementor-heading-title elementor-size-default\">Kompetencja<\/h3>\n<\/div>\n<\/div>\n<div class=\"elementor-element elementor-element-e9672d6 elementor-widget elementor-widget-text-editor\" data-id=\"e9672d6\" data-element_type=\"widget\" data-widget_type=\"text-editor.default\">\n<div class=\"elementor-widget-container\">\n<p>Nasz zesp\u00f3\u0142 posiada bogat\u0105 wiedz\u0119 praktyczn\u0105 z r\u00f3\u017cnych bran\u017c, takich jak magazynowanie, produkcja, monta\u017c i przemys\u0142 spo\u017cywczy. Wsp\u00f3lnie z naszymi klientami bezb\u0142\u0119dnie rozpoznaj\u0105 wymagane kompetencje i skutecznie przekazuj\u0105 te informacje naszemu w\u0142asnemu biuru rekrutacyjnemu. Nagrywamy kr\u00f3tkie filmy na miejscu oraz opracowujemy pytania Profiquestions. Nasi rekruterzy zadaj\u0105 odpowiednie pytania, na kt\u00f3re specjalista potrafi odpowiedzie\u0107, i potrafi\u0105 w\u0142a\u015bciwie oceni\u0107 poprawno\u015b\u0107 udzielonych odpowiedzi. Efekt? Kompetentni pracownicy tymczasowi, kt\u00f3rzy czuj\u0105 si\u0119 swobodnie w miejscu pracy, oraz zadowoleni klienci.<\/p>\n<\/div>\n<\/div>\n<\/div>\n        <\/div>\n<\/section>\n\n\n<section class=\"editor primary margin-bottom\">\n        <div class=\"editor-wrap boxed\">\n            <div class=\"autop content\"><div class=\"elementor-element elementor-element-7b8c52d0 elementor-widget elementor-widget-heading\" data-id=\"7b8c52d0\" data-element_type=\"widget\" data-widget_type=\"heading.default\">\n<div class=\"elementor-widget-container\">\n<h3 class=\"elementor-heading-title elementor-size-default\">Trwa\u0142e \u2018zgranie\u2019<\/h3>\n<\/div>\n<\/div>\n<div class=\"elementor-element elementor-element-308344f4 elementor-widget elementor-widget-text-editor\" data-id=\"308344f4\" data-element_type=\"widget\" data-widget_type=\"text-editor.default\">\n<div class=\"elementor-widget-container\">\n<p>Dost\u0119pno\u015b\u0107, kwalifikacje, dopasowanie osobiste, dopasowanie kulturowe, certyfikaty i dyplomy; przesz\u0142o\u015b\u0107 kryminalna? Ka\u017cdy z tych element\u00f3w jest omawiany i\/lub weryfikowany przez naszych do\u015bwiadczonych rekruter\u00f3w. Nasi rekruterzy s\u0105 dumni ze swojej pracy. Znaj\u0105 oczekiwania naszych klient\u00f3w i nieustannie uzupe\u0142niaj\u0105 swoj\u0105 wiedz\u0119 o naj\u015bwie\u017csze informacje. Ostateczny cel? Trwa\u0142a \u2018chemia\u2019 mi\u0119dzy pracownikiem a pracodawc\u0105! A im lepszy rekruter, tym wy\u017csze wynagrodzenie.<\/p>\n<\/div>\n<\/div>\n<\/div>\n        <\/div>\n<\/section>\n\n\n<section class=\"editor margin-none\">\n        <div class=\"editor-wrap boxed\">\n            <div class=\"autop content padding primary\"><div class=\"elementor-element elementor-element-64bda1fe elementor-widget elementor-widget-heading\" data-id=\"64bda1fe\" data-element_type=\"widget\" data-widget_type=\"heading.default\">\n<div class=\"elementor-widget-container\">\n<h3 class=\"elementor-heading-title elementor-size-default\">Przyjemne otoczenie mieszkaniowe<\/h3>\n<\/div>\n<\/div>\n<div class=\"elementor-element elementor-element-23fbd95e elementor-widget elementor-widget-text-editor\" data-id=\"23fbd95e\" data-element_type=\"widget\" data-widget_type=\"text-editor.default\">\n<div class=\"elementor-widget-container\">\n<p>Nasi pracownicy tymczasowi, w wi\u0119kszo\u015bci obcokrajowcy, cz\u0119sto potrzebuj\u0105 d\u0142ugoterminowej pewno\u015bci i odpowiednio d\u0142ugotrwa\u0142ego zatrudnienia. Ponadto wol\u0105 pracowa\u0107 wystarczaj\u0105c\u0105 liczb\u0119 godzin, aby zarobi\u0107 jak najwi\u0119cej pieni\u0119dzy. Najch\u0119tniej mieszkaj\u0105 w spokojnym mieszkaniu, po\u0142o\u017conym w niewielkiej odleg\u0142o\u015bci od miejsca pracy. Poniewa\u017c cz\u0119sto nie maj\u0105 jeszcze kontakt\u00f3w w najbli\u017cszym otoczeniu, wielu z nich ch\u0119tnie poznaje swoich wsp\u00f3\u0142pracownik\u00f3w. W domu potrzebuj\u0105 jednak spokoju, a nie imprezuj\u0105cych wsp\u00f3\u0142lokator\u00f3w. Nasi rekruterzy wiedz\u0105 o tym i zdaj\u0105 sobie spraw\u0119, \u017ce zatrudnianie \u2018imprezowicz\u00f3w\u2019 negatywnie wp\u0142ywa na komfort \u017cycia powa\u017cnych pracownik\u00f3w. Zapewnienie bezpiecze\u0144stwa i spokoju w otoczeniu mieszkaniowym ma dla nas kluczowe znaczenie i przyczynia si\u0119 do doskona\u0142ego, weryfikowalnego na podstawie referencji, wysokiego wska\u017anika retencji naszych pracownik\u00f3w tymczasowych.<\/p>\n<\/div>\n<\/div>\n<\/div>\n        <\/div>\n<\/section>","protected":false},"excerpt":{"rendered":"","protected":false},"author":1,"featured_media":0,"parent":0,"menu_order":0,"comment_status":"closed","ping_status":"closed","template":"","meta":{"_acf_changed":false,"footnotes":""},"class_list":["post-366","page","type-page","status-publish","hentry"],"acf":[],"yoast_head":"<!-- This site is optimized with the Yoast SEO Premium plugin v28.3 (Yoast SEO v28.3) - https:\/\/yoast.com\/product\/yoast-seo-premium-wordpress\/ -->\n<title>Over EU People - EU-People<\/title>\n<meta name=\"description\" content=\"Over EU People - EU-People\" \/>\n<meta name=\"robots\" content=\"index, follow, max-snippet:-1, max-image-preview:large, max-video-preview:-1\" \/>\n<link rel=\"canonical\" href=\"https:\/\/eu-people.com\/pl\/o-ludziach-z-ue\/\" \/>\n<meta property=\"og:locale\" content=\"pl_PL\" \/>\n<meta property=\"og:type\" content=\"article\" \/>\n<meta property=\"og:title\" content=\"Over EU People\" \/>\n<meta property=\"og:description\" content=\"Over EU People - EU-People\" \/>\n<meta property=\"og:url\" content=\"https:\/\/eu-people.com\/pl\/o-ludziach-z-ue\/\" \/>\n<meta property=\"og:site_name\" content=\"EU-People\" \/>\n<meta property=\"article:publisher\" content=\"https:\/\/www.facebook.com\/EUpeopleHQ\/\" \/>\n<meta property=\"article:modified_time\" content=\"2026-07-31T10:11:00+00:00\" \/>\n<meta name=\"twitter:card\" content=\"summary_large_image\" \/>\n<script type=\"application\/ld+json\" class=\"yoast-schema-graph\">{\"@context\":\"https:\\\/\\\/schema.org\",\"@graph\":[{\"@type\":\"WebPage\",\"@id\":\"https:\\\/\\\/eu-people.com\\\/over-eu-people\\\/\",\"url\":\"https:\\\/\\\/eu-people.com\\\/over-eu-people\\\/\",\"name\":\"Over EU People - EU-People\",\"isPartOf\":{\"@id\":\"https:\\\/\\\/eu-people.com\\\/#website\"},\"datePublished\":\"2026-04-09T09:32:29+00:00\",\"dateModified\":\"2026-07-31T10:11:00+00:00\",\"description\":\"Over EU People - EU-People\",\"breadcrumb\":{\"@id\":\"https:\\\/\\\/eu-people.com\\\/over-eu-people\\\/#breadcrumb\"},\"inLanguage\":\"pl-PL\",\"potentialAction\":[{\"@type\":\"ReadAction\",\"target\":[\"https:\\\/\\\/eu-people.com\\\/over-eu-people\\\/\"]}]},{\"@type\":\"BreadcrumbList\",\"@id\":\"https:\\\/\\\/eu-people.com\\\/over-eu-people\\\/#breadcrumb\",\"itemListElement\":[{\"@type\":\"ListItem\",\"position\":1,\"name\":\"Home\",\"item\":\"https:\\\/\\\/eu-people.com\\\/\"},{\"@type\":\"ListItem\",\"position\":2,\"name\":\"Over EU People\"}]},{\"@type\":\"WebSite\",\"@id\":\"https:\\\/\\\/eu-people.com\\\/#website\",\"url\":\"https:\\\/\\\/eu-people.com\\\/\",\"name\":\"EU-People\",\"description\":\"\",\"publisher\":{\"@id\":\"https:\\\/\\\/eu-people.com\\\/#organization\"},\"potentialAction\":[{\"@type\":\"SearchAction\",\"target\":{\"@type\":\"EntryPoint\",\"urlTemplate\":\"https:\\\/\\\/eu-people.com\\\/?s={search_term_string}\"},\"query-input\":{\"@type\":\"PropertyValueSpecification\",\"valueRequired\":true,\"valueName\":\"search_term_string\"}}],\"inLanguage\":\"pl-PL\"},{\"@type\":\"Organization\",\"@id\":\"https:\\\/\\\/eu-people.com\\\/#organization\",\"name\":\"EU-People\",\"alternateName\":\"EU-People | Profs for Profs\",\"url\":\"https:\\\/\\\/eu-people.com\\\/\",\"logo\":{\"@type\":\"ImageObject\",\"inLanguage\":\"pl-PL\",\"@id\":\"https:\\\/\\\/eu-people.com\\\/#\\\/schema\\\/logo\\\/image\\\/\",\"url\":\"https:\\\/\\\/eu-people.com\\\/wp-content\\\/uploads\\\/2026\\\/02\\\/logo-scaled.png\",\"contentUrl\":\"https:\\\/\\\/eu-people.com\\\/wp-content\\\/uploads\\\/2026\\\/02\\\/logo-scaled.png\",\"width\":2560,\"height\":477,\"caption\":\"EU-People\"},\"image\":{\"@id\":\"https:\\\/\\\/eu-people.com\\\/#\\\/schema\\\/logo\\\/image\\\/\"},\"sameAs\":[\"https:\\\/\\\/www.facebook.com\\\/EUpeopleHQ\\\/\",\"https:\\\/\\\/www.instagram.com\\\/eupeople_jobs\\\/\",\"https:\\\/\\\/www.linkedin.com\\\/company\\\/eu-people-b.v.\\\/\"],\"description\":\"EU-People is a leading Dutch recruitment agency connecting international professionals with reliable employers in the Eindhoven region and across the Netherlands. We recruit for technical, logistics, production and food industry jobs, including woodworking, metalworking, cleanroom, assembly and machine operator roles. We provide quality housing, transport, weekly salary and personal support from application to employment.\",\"email\":\"info@eu-people.com\",\"telephone\":\"+31882014100\",\"legalName\":\"EU-People B.V.\",\"vatID\":\"NL817327472B01\",\"numberOfEmployees\":{\"@type\":\"QuantitativeValue\",\"minValue\":\"201\",\"maxValue\":\"500\"}}]}<\/script>\n<!-- \/ Yoast SEO Premium plugin. -->","yoast_head_json":{"title":"O EU People \u2013 EU-People","description":"O EU People \u2013 EU-People","robots":{"index":"index","follow":"follow","max-snippet":"max-snippet:-1","max-image-preview":"max-image-preview:large","max-video-preview":"max-video-preview:-1"},"canonical":"https:\/\/eu-people.com\/pl\/o-ludziach-z-ue\/","og_locale":"pl_PL","og_type":"article","og_title":"Over EU People","og_description":"Over EU People - EU-People","og_url":"https:\/\/eu-people.com\/pl\/o-ludziach-z-ue\/","og_site_name":"EU-People","article_publisher":"https:\/\/www.facebook.com\/EUpeopleHQ\/","article_modified_time":"2026-07-31T10:11:00+00:00","twitter_card":"summary_large_image","schema":{"@context":"https:\/\/schema.org","@graph":[{"@type":"WebPage","@id":"https:\/\/eu-people.com\/over-eu-people\/","url":"https:\/\/eu-people.com\/over-eu-people\/","name":"O EU People \u2013 EU-People","isPartOf":{"@id":"https:\/\/eu-people.com\/#website"},"datePublished":"2026-04-09T09:32:29+00:00","dateModified":"2026-07-31T10:11:00+00:00","description":"O EU People \u2013 EU-People","breadcrumb":{"@id":"https:\/\/eu-people.com\/over-eu-people\/#breadcrumb"},"inLanguage":"pl-PL","potentialAction":[{"@type":"ReadAction","target":["https:\/\/eu-people.com\/over-eu-people\/"]}]},{"@type":"BreadcrumbList","@id":"https:\/\/eu-people.com\/over-eu-people\/#breadcrumb","itemListElement":[{"@type":"ListItem","position":1,"name":"Home","item":"https:\/\/eu-people.com\/"},{"@type":"ListItem","position":2,"name":"Over EU People"}]},{"@type":"WebSite","@id":"https:\/\/eu-people.com\/#website","url":"https:\/\/eu-people.com\/","name":"EU-People","description":"","publisher":{"@id":"https:\/\/eu-people.com\/#organization"},"potentialAction":[{"@type":"SearchAction","target":{"@type":"EntryPoint","urlTemplate":"https:\/\/eu-people.com\/?s={search_term_string}"},"query-input":{"@type":"PropertyValueSpecification","valueRequired":true,"valueName":"search_term_string"}}],"inLanguage":"pl-PL"},{"@type":"Organization","@id":"https:\/\/eu-people.com\/#organization","name":"EU-People","alternateName":"EU-People | Profs for Profs","url":"https:\/\/eu-people.com\/","logo":{"@type":"ImageObject","inLanguage":"pl-PL","@id":"https:\/\/eu-people.com\/#\/schema\/logo\/image\/","url":"https:\/\/eu-people.com\/wp-content\/uploads\/2026\/02\/logo-scaled.png","contentUrl":"https:\/\/eu-people.com\/wp-content\/uploads\/2026\/02\/logo-scaled.png","width":2560,"height":477,"caption":"EU-People"},"image":{"@id":"https:\/\/eu-people.com\/#\/schema\/logo\/image\/"},"sameAs":["https:\/\/www.facebook.com\/EUpeopleHQ\/","https:\/\/www.instagram.com\/eupeople_jobs\/","https:\/\/www.linkedin.com\/company\/eu-people-b.v.\/"],"description":"EU-People to wiod\u0105ca holenderska agencja pracy, \u0142\u0105cz\u0105ca mi\u0119dzynarodowych specjalist\u00f3w z rzetelnymi pracodawcami w regionie Eindhoven i w ca\u0142ej Holandii. Rekrutujemy do pracy w bran\u017cy technicznej, logistycznej, produkcyjnej i spo\u017cywczej, w tym na stanowiska zwi\u0105zane z obr\u00f3bk\u0105 drewna, metali, prac\u0105 w cleanroomie, monta\u017cem oraz obs\u0142ug\u0105 maszyn. Zapewniamy wysokiej jako\u015bci zakwaterowanie, transport, cotygodniowe wynagrodzenie oraz wsparcie personalne od momentu z\u0142o\u017cenia aplikacji a\u017c do zatrudnienia.","email":"info@eu-people.com","telephone":"+31882014100","legalName":"EU-People B.V.","vatID":"NL817327472B01","numberOfEmployees":{"@type":"QuantitativeValue","minValue":"201","maxValue":"500"}}]}},"_links":{"self":[{"href":"https:\/\/eu-people.com\/pl\/wp-json\/wp\/v2\/pages\/366","targetHints":{"allow":["GET"]}}],"collection":[{"href":"https:\/\/eu-people.com\/pl\/wp-json\/wp\/v2\/pages"}],"about":[{"href":"https:\/\/eu-people.com\/pl\/wp-json\/wp\/v2\/types\/page"}],"author":[{"embeddable":true,"href":"https:\/\/eu-people.com\/pl\/wp-json\/wp\/v2\/users\/1"}],"replies":[{"embeddable":true,"href":"https:\/\/eu-people.com\/pl\/wp-json\/wp\/v2\/comments?post=366"}],"version-history":[{"count":13,"href":"https:\/\/eu-people.com\/pl\/wp-json\/wp\/v2\/pages\/366\/revisions"}],"predecessor-version":[{"id":669,"href":"https:\/\/eu-people.com\/pl\/wp-json\/wp\/v2\/pages\/366\/revisions\/669"}],"wp:attachment":[{"href":"https:\/\/eu-people.com\/pl\/wp-json\/wp\/v2\/media?parent=366"}],"curies":[{"name":"wp","href":"https:\/\/api.w.org\/{rel}","templated":true}]}}