{"id":368,"date":"2026-04-09T10:32:49","date_gmt":"2026-04-09T09:32:49","guid":{"rendered":"https:\/\/eu-people.com\/?page_id=368"},"modified":"2026-08-07T09:42:35","modified_gmt":"2026-08-07T08:42:35","slug":"misja-wizja-ludzie-ue","status":"publish","type":"page","link":"https:\/\/eu-people.com\/pl\/over-eu-people\/missie-visie-eu-people\/","title":{"rendered":"Misja i wizja EU People"},"content":{"rendered":"<section class=\"hero\">\n    \n    \n    <div class=\"grid hero-wrap boxed\">\n        <div class=\"content-wrap\">\n            <div class=\"grid textbox justify-items-start align-content-center\">\n                                                <span class=\"breadcrumb\"><span><span><a href=\"https:\/\/eu-people.com\/pl\/\">Strona g\u0142\u00f3wna<\/a><\/span><\/span><\/span>                \n                <h1>O nas<br><l>Misja i wizja<\/l><\/h1>\n\n                <div class=\"text\"><p>Dowiedz si\u0119 wi\u0119cej o naszej misji i wizji, w kt\u00f3rych przedstawiamy nasze cele i warto\u015bci. Kliknij link, aby dowiedzie\u0107 si\u0119, czym si\u0119 kierujemy.<\/p>\n<\/div>\n\n                            <\/div>\n        <\/div>\n    <\/div>\n\n    \n<\/section>\n\n<section class=\"text-image std-padding\">\n\n            <div class=\"grid text-image-wrap boxed col-2\">\n            \n<div class=\"image\">\n            <img decoding=\"async\" src=\"https:\/\/eu-people.com\/wp-content\/uploads\/2026\/08\/eu-people-over-missie-e1786091680357.png\">\n    <\/div>\n\n<div class=\"grid textbox justify-items-start align-content-center\">\n            \n        <h2>Misja EU People<\/h2>\n        \n    <div class=\"text\"><p>Misj\u0105 firmy EU-People B.V. jest bycie niezawodnym partnerem zar\u00f3wno dla pracodawc\u00f3w, jak i dla naszych pracownik\u00f3w tymczasowych. Oferuj\u0105c skuteczne i wydajne rozwi\u0105zania w zakresie pracy tymczasowej, d\u0105\u017cymy do wype\u0142nienia luki mi\u0119dzy talentami, potrzebami i mo\u017cliwo\u015bciami.<\/p>\n<p>Nasz model biznesowy \u201eDouble Sided\u201d stanowi podstaw\u0119 naszego sukcesu, poniewa\u017c zar\u00f3wno nasi klienci, jak i pracownicy tymczasowi s\u0105 z nas bardzo zadowoleni. Znajduje to odzwierciedlenie w d\u0142ugim okresie pozostawania pracownik\u00f3w w firmie oraz w poleceniach ze strony naszych pracownik\u00f3w.\u00a0Ponadto znacznej cz\u0119\u015bci naszych pracownik\u00f3w tymczasowych oferowana jest umowa na czas nieokre\u015blony u zleceniodawcy. By\u0107 mo\u017ce jest to dla Pa\u0144stwa dodatkowy pow\u00f3d, aby r\u00f3wnie\u017c zdecydowa\u0107 si\u0119 na wsp\u00f3\u0142prac\u0119 z nami?<\/p>\n<p>Trwa\u0142e relacje z klientami buduje si\u0119 przede wszystkim dzi\u0119ki zadowoleniu pracownik\u00f3w tymczasowych zatrudnionych u naszych klient\u00f3w. Zadowoleni pracownicy tymczasowi odczuwaj\u0105 szacunek ze strony naszego zespo\u0142u, czerpi\u0105 rado\u015b\u0107 z pracy, co tydzie\u0144 otrzymuj\u0105 prawid\u0142owe wynagrodzenie oraz maj\u0105 zapewnione dobre warunki pracy i mieszkaniowe. Taka jest filozofia EU-People!<\/p>\n<\/div>\n\n    <div class=\"flex buttons\">\n\t\t<a href=\"https:\/\/eu-people.com\/pl\/kontakt\/\" target=\"\" class=\"link\">\n\t\t<span>Zabierzmy si\u0119 do pracy razem!<\/span><i class=\"fa-solid fa-arrow-up-right\"><\/i>\n\t<\/a>\n\t<\/div><\/div>\n        <\/div>\n    \n<\/section>\n\n<section class=\"text-image std-padding\">\n\n            <div class=\"grid text-image-wrap boxed col-2\">\n            \n<div class=\"image\">\n            <img decoding=\"async\" src=\"https:\/\/eu-people.com\/wp-content\/uploads\/2026\/04\/EU_People_warehouse.png\">\n    <\/div>\n\n<div class=\"grid textbox justify-items-start align-content-center\">\n            \n        <h2>Wizja organizacji EU People<\/h2>\n        \n    <div class=\"text\"><p>W EU-People skupiamy si\u0119 na d\u0142ugoterminowym i profesjonalnym obsadzaniu Pa\u0144stwa wolnych stanowisk przy pomocy naszych pracownik\u00f3w tymczasowych. Wierzymy w si\u0142\u0119 r\u00f3\u017cnorodno\u015bci i integracji oraz d\u0105\u017cymy do idealnego dopasowania na rynku pracy.<\/p>\n<p>Trwa\u0142e relacje z klientami buduje si\u0119 przede wszystkim dzi\u0119ki zadowolonym pracownikom tymczasowym. Odczuwaj\u0105 oni szacunek ze strony naszego zespo\u0142u, czerpi\u0105 rado\u015b\u0107 z pracy, co tydzie\u0144 otrzymuj\u0105 prawid\u0142owe wynagrodzenie oraz maj\u0105 zapewnione dobre warunki pracy i mieszkaniowe.<\/p>\n<p>D\u0142ugotrwa\u0142a lojalno\u015b\u0107 pracownik\u00f3w oraz polecenia ze strony naszych pracownik\u00f3w \u015bwiadcz\u0105 o sukcesie naszego modelu dzia\u0142ania. Ponadto znaczna cz\u0119\u015b\u0107 naszych pracownik\u00f3w zatrudnionych na zasadach elastycznych otrzymuje umow\u0119 na czas nieokre\u015blony od zadowolonych klient\u00f3w.<\/p>\n<\/div>\n\n    <div class=\"flex buttons\">\n\t\t<a href=\"https:\/\/eu-people.com\/pl\/kontakt\/\" target=\"\" class=\"link\">\n\t\t<span>Zabierzmy si\u0119 do pracy razem<\/span><i class=\"fa-solid fa-arrow-up-right\"><\/i>\n\t<\/a>\n\t<\/div><\/div>\n        <\/div>\n    \n<\/section>","protected":false},"excerpt":{"rendered":"","protected":false},"author":1,"featured_media":0,"parent":366,"menu_order":0,"comment_status":"closed","ping_status":"closed","template":"","meta":{"_acf_changed":false,"footnotes":""},"class_list":["post-368","page","type-page","status-publish","hentry"],"acf":[],"yoast_head":"<!-- This site is optimized with the Yoast SEO Premium plugin v28.3 (Yoast SEO v28.3) - https:\/\/yoast.com\/product\/yoast-seo-premium-wordpress\/ -->\n<title>Missie &amp; Visie EU People - EU-People<\/title>\n<meta name=\"description\" content=\"Missie &amp; Visie EU People - EU-People\" \/>\n<meta name=\"robots\" content=\"index, follow, max-snippet:-1, max-image-preview:large, max-video-preview:-1\" \/>\n<link rel=\"canonical\" href=\"https:\/\/eu-people.com\/pl\/o-ludziach-z-ue\/misja-wizja-ludzie-ue\/\" \/>\n<meta property=\"og:locale\" content=\"pl_PL\" \/>\n<meta property=\"og:type\" content=\"article\" \/>\n<meta property=\"og:title\" content=\"Missie &amp; Visie EU People\" \/>\n<meta property=\"og:description\" content=\"Missie &amp; Visie EU People - EU-People\" \/>\n<meta property=\"og:url\" content=\"https:\/\/eu-people.com\/pl\/o-ludziach-z-ue\/misja-wizja-ludzie-ue\/\" \/>\n<meta property=\"og:site_name\" content=\"EU-People\" \/>\n<meta property=\"article:publisher\" content=\"https:\/\/www.facebook.com\/EUpeopleHQ\/\" \/>\n<meta property=\"article:modified_time\" content=\"2026-08-07T08:42:35+00:00\" \/>\n<meta name=\"twitter:card\" content=\"summary_large_image\" \/>\n<script type=\"application\/ld+json\" class=\"yoast-schema-graph\">{\"@context\":\"https:\\\/\\\/schema.org\",\"@graph\":[{\"@type\":\"WebPage\",\"@id\":\"https:\\\/\\\/eu-people.com\\\/over-eu-people\\\/missie-visie-eu-people\\\/\",\"url\":\"https:\\\/\\\/eu-people.com\\\/over-eu-people\\\/missie-visie-eu-people\\\/\",\"name\":\"Missie &amp; Visie EU People - EU-People\",\"isPartOf\":{\"@id\":\"https:\\\/\\\/eu-people.com\\\/#website\"},\"datePublished\":\"2026-04-09T09:32:49+00:00\",\"dateModified\":\"2026-08-07T08:42:35+00:00\",\"description\":\"Missie &amp; Visie EU People - EU-People\",\"breadcrumb\":{\"@id\":\"https:\\\/\\\/eu-people.com\\\/over-eu-people\\\/missie-visie-eu-people\\\/#breadcrumb\"},\"inLanguage\":\"pl-PL\",\"potentialAction\":[{\"@type\":\"ReadAction\",\"target\":[\"https:\\\/\\\/eu-people.com\\\/over-eu-people\\\/missie-visie-eu-people\\\/\"]}]},{\"@type\":\"BreadcrumbList\",\"@id\":\"https:\\\/\\\/eu-people.com\\\/over-eu-people\\\/missie-visie-eu-people\\\/#breadcrumb\",\"itemListElement\":[{\"@type\":\"ListItem\",\"position\":1,\"name\":\"Home\",\"item\":\"https:\\\/\\\/eu-people.com\\\/\"},{\"@type\":\"ListItem\",\"position\":2,\"name\":\"Over EU People\",\"item\":\"https:\\\/\\\/eu-people.com\\\/over-eu-people\\\/\"},{\"@type\":\"ListItem\",\"position\":3,\"name\":\"Missie &amp; Visie EU People\"}]},{\"@type\":\"WebSite\",\"@id\":\"https:\\\/\\\/eu-people.com\\\/#website\",\"url\":\"https:\\\/\\\/eu-people.com\\\/\",\"name\":\"EU-People\",\"description\":\"\",\"publisher\":{\"@id\":\"https:\\\/\\\/eu-people.com\\\/#organization\"},\"potentialAction\":[{\"@type\":\"SearchAction\",\"target\":{\"@type\":\"EntryPoint\",\"urlTemplate\":\"https:\\\/\\\/eu-people.com\\\/?s={search_term_string}\"},\"query-input\":{\"@type\":\"PropertyValueSpecification\",\"valueRequired\":true,\"valueName\":\"search_term_string\"}}],\"inLanguage\":\"pl-PL\"},{\"@type\":\"Organization\",\"@id\":\"https:\\\/\\\/eu-people.com\\\/#organization\",\"name\":\"EU-People\",\"alternateName\":\"EU-People | Profs for Profs\",\"url\":\"https:\\\/\\\/eu-people.com\\\/\",\"logo\":{\"@type\":\"ImageObject\",\"inLanguage\":\"pl-PL\",\"@id\":\"https:\\\/\\\/eu-people.com\\\/#\\\/schema\\\/logo\\\/image\\\/\",\"url\":\"https:\\\/\\\/eu-people.com\\\/wp-content\\\/uploads\\\/2026\\\/02\\\/logo-scaled.png\",\"contentUrl\":\"https:\\\/\\\/eu-people.com\\\/wp-content\\\/uploads\\\/2026\\\/02\\\/logo-scaled.png\",\"width\":2560,\"height\":477,\"caption\":\"EU-People\"},\"image\":{\"@id\":\"https:\\\/\\\/eu-people.com\\\/#\\\/schema\\\/logo\\\/image\\\/\"},\"sameAs\":[\"https:\\\/\\\/www.facebook.com\\\/EUpeopleHQ\\\/\",\"https:\\\/\\\/www.instagram.com\\\/eupeople_jobs\\\/\",\"https:\\\/\\\/www.linkedin.com\\\/company\\\/eu-people-b.v.\\\/\"],\"description\":\"EU-People is a leading Dutch recruitment agency connecting international professionals with reliable employers in the Eindhoven region and across the Netherlands. We recruit for technical, logistics, production and food industry jobs, including woodworking, metalworking, cleanroom, assembly and machine operator roles. We provide quality housing, transport, weekly salary and personal support from application to employment.\",\"email\":\"info@eu-people.com\",\"telephone\":\"+31882014100\",\"legalName\":\"EU-People B.V.\",\"vatID\":\"NL817327472B01\",\"numberOfEmployees\":{\"@type\":\"QuantitativeValue\",\"minValue\":\"201\",\"maxValue\":\"500\"}}]}<\/script>\n<!-- \/ Yoast SEO Premium plugin. -->","yoast_head_json":{"title":"Misja i wizja EU People \u2013 EU-People","description":"Misja i wizja EU People \u2013 EU-People","robots":{"index":"index","follow":"follow","max-snippet":"max-snippet:-1","max-image-preview":"max-image-preview:large","max-video-preview":"max-video-preview:-1"},"canonical":"https:\/\/eu-people.com\/pl\/o-ludziach-z-ue\/misja-wizja-ludzie-ue\/","og_locale":"pl_PL","og_type":"article","og_title":"Missie &amp; Visie EU People","og_description":"Missie &amp; Visie EU People - EU-People","og_url":"https:\/\/eu-people.com\/pl\/o-ludziach-z-ue\/misja-wizja-ludzie-ue\/","og_site_name":"EU-People","article_publisher":"https:\/\/www.facebook.com\/EUpeopleHQ\/","article_modified_time":"2026-08-07T08:42:35+00:00","twitter_card":"summary_large_image","schema":{"@context":"https:\/\/schema.org","@graph":[{"@type":"WebPage","@id":"https:\/\/eu-people.com\/over-eu-people\/missie-visie-eu-people\/","url":"https:\/\/eu-people.com\/over-eu-people\/missie-visie-eu-people\/","name":"Misja i wizja EU People \u2013 EU-People","isPartOf":{"@id":"https:\/\/eu-people.com\/#website"},"datePublished":"2026-04-09T09:32:49+00:00","dateModified":"2026-08-07T08:42:35+00:00","description":"Misja i wizja EU People \u2013 EU-People","breadcrumb":{"@id":"https:\/\/eu-people.com\/over-eu-people\/missie-visie-eu-people\/#breadcrumb"},"inLanguage":"pl-PL","potentialAction":[{"@type":"ReadAction","target":["https:\/\/eu-people.com\/over-eu-people\/missie-visie-eu-people\/"]}]},{"@type":"BreadcrumbList","@id":"https:\/\/eu-people.com\/over-eu-people\/missie-visie-eu-people\/#breadcrumb","itemListElement":[{"@type":"ListItem","position":1,"name":"Home","item":"https:\/\/eu-people.com\/"},{"@type":"ListItem","position":2,"name":"Over EU People","item":"https:\/\/eu-people.com\/over-eu-people\/"},{"@type":"ListItem","position":3,"name":"Missie &amp; Visie EU People"}]},{"@type":"WebSite","@id":"https:\/\/eu-people.com\/#website","url":"https:\/\/eu-people.com\/","name":"EU-People","description":"","publisher":{"@id":"https:\/\/eu-people.com\/#organization"},"potentialAction":[{"@type":"SearchAction","target":{"@type":"EntryPoint","urlTemplate":"https:\/\/eu-people.com\/?s={search_term_string}"},"query-input":{"@type":"PropertyValueSpecification","valueRequired":true,"valueName":"search_term_string"}}],"inLanguage":"pl-PL"},{"@type":"Organization","@id":"https:\/\/eu-people.com\/#organization","name":"EU-People","alternateName":"EU-People | Profs for Profs","url":"https:\/\/eu-people.com\/","logo":{"@type":"ImageObject","inLanguage":"pl-PL","@id":"https:\/\/eu-people.com\/#\/schema\/logo\/image\/","url":"https:\/\/eu-people.com\/wp-content\/uploads\/2026\/02\/logo-scaled.png","contentUrl":"https:\/\/eu-people.com\/wp-content\/uploads\/2026\/02\/logo-scaled.png","width":2560,"height":477,"caption":"EU-People"},"image":{"@id":"https:\/\/eu-people.com\/#\/schema\/logo\/image\/"},"sameAs":["https:\/\/www.facebook.com\/EUpeopleHQ\/","https:\/\/www.instagram.com\/eupeople_jobs\/","https:\/\/www.linkedin.com\/company\/eu-people-b.v.\/"],"description":"EU-People to wiod\u0105ca holenderska agencja pracy, \u0142\u0105cz\u0105ca mi\u0119dzynarodowych specjalist\u00f3w z rzetelnymi pracodawcami w regionie Eindhoven i w ca\u0142ej Holandii. Rekrutujemy do pracy w bran\u017cy technicznej, logistycznej, produkcyjnej i spo\u017cywczej, w tym na stanowiska zwi\u0105zane z obr\u00f3bk\u0105 drewna, metali, prac\u0105 w cleanroomie, monta\u017cem oraz obs\u0142ug\u0105 maszyn. Zapewniamy wysokiej jako\u015bci zakwaterowanie, transport, cotygodniowe wynagrodzenie oraz wsparcie personalne od momentu z\u0142o\u017cenia aplikacji a\u017c do zatrudnienia.","email":"info@eu-people.com","telephone":"+31882014100","legalName":"EU-People B.V.","vatID":"NL817327472B01","numberOfEmployees":{"@type":"QuantitativeValue","minValue":"201","maxValue":"500"}}]}},"_links":{"self":[{"href":"https:\/\/eu-people.com\/pl\/wp-json\/wp\/v2\/pages\/368","targetHints":{"allow":["GET"]}}],"collection":[{"href":"https:\/\/eu-people.com\/pl\/wp-json\/wp\/v2\/pages"}],"about":[{"href":"https:\/\/eu-people.com\/pl\/wp-json\/wp\/v2\/types\/page"}],"author":[{"embeddable":true,"href":"https:\/\/eu-people.com\/pl\/wp-json\/wp\/v2\/users\/1"}],"replies":[{"embeddable":true,"href":"https:\/\/eu-people.com\/pl\/wp-json\/wp\/v2\/comments?post=368"}],"version-history":[{"count":8,"href":"https:\/\/eu-people.com\/pl\/wp-json\/wp\/v2\/pages\/368\/revisions"}],"predecessor-version":[{"id":704,"href":"https:\/\/eu-people.com\/pl\/wp-json\/wp\/v2\/pages\/368\/revisions\/704"}],"up":[{"embeddable":true,"href":"https:\/\/eu-people.com\/pl\/wp-json\/wp\/v2\/pages\/366"}],"wp:attachment":[{"href":"https:\/\/eu-people.com\/pl\/wp-json\/wp\/v2\/media?parent=368"}],"curies":[{"name":"wp","href":"https:\/\/api.w.org\/{rel}","templated":true}]}}