{"id":831,"date":"2026-08-31T11:05:56","date_gmt":"2026-08-31T10:05:56","guid":{"rendered":"https:\/\/eu-people.com\/working-in-the-netherlands\/accomodation\/"},"modified":"2026-08-31T11:16:44","modified_gmt":"2026-08-31T10:16:44","slug":"zakwaterowanie-2","status":"publish","type":"page","link":"https:\/\/eu-people.com\/pl\/working-in-the-netherlands\/accomodation\/","title":{"rendered":"Praca w Holandii z zakwaterowaniem"},"content":{"rendered":"<section class=\"hero\">\n    \n    \n    <div class=\"grid hero-wrap boxed\">\n        <div class=\"content-wrap\">\n            <div class=\"grid textbox justify-items-start align-content-center\">\n                                                <span class=\"breadcrumb\"><span><span><a href=\"https:\/\/eu-people.com\/pl\/\">Strona g\u0142\u00f3wna<\/a><\/span><\/span><\/span>                \n                <h1>Noclegi podczas pracy w Holandii!<\/h1>\n\n                <div class=\"text\"><p>Chcesz rozpocz\u0105\u0107 prac\u0119 w Holandii z zapewnionym zakwaterowaniem? Na tej stronie znajdziesz szczeg\u00f3\u0142owe informacje o tym, jak zapewniamy zakwaterowanie naszym pracownikom. Je\u015bli pracujesz u nas w Holandii, ch\u0119tnie zadbamy r\u00f3wnie\u017c o zakwaterowanie dla Ciebie!<\/p>\n<\/div>\n\n                            <\/div>\n        <\/div>\n    <\/div>\n\n    \n<\/section>\n\n<section class=\"text-image std-padding\">\n\n            <div class=\"grid text-image-wrap boxed col-2\">\n            \n<div class=\"image\">\n            <img decoding=\"async\" src=\"https:\/\/eu-people.com\/wp-content\/uploads\/2026\/08\/DALL\u00b7E-2024-06-20-16.42.26-A-photorealistic-image-of-a-quiet-residential-street-lined-with-simple-modern-houses.-Each-house-has-a-neat-minimalistic-design-with-clean-lines-and.webp\">\n    <\/div>\n\n<div class=\"grid textbox justify-items-start align-content-center\">\n            \n        <h2>Praca w Holandii z zakwaterowaniem<\/h2>\n        \n    <div class=\"text\"><p>W EU-People opr\u00f3cz pracy zapewniamy r\u00f3wnie\u017c odpowiednie zakwaterowanie w pobli\u017cu miejsca zatrudnienia. Z certyfikatem SNF, jasno zorganizowane i blisko Twojego nowego miejsca pracy.<\/p>\n<p>W Holandii brakuje mieszka\u0144, ale Ty nie musisz si\u0119 tym martwi\u0107: oferujemy komfortowe i niedrogie zakwaterowanie dla pracownik\u00f3w tymczasowych blisko Twojej nowej pracy. Tw\u00f3j komfort jest dla nas wa\u017cny, poniewa\u017c im lepiej czujesz si\u0119 jak w domu, tym lepiej b\u0119dziesz czu\u0107 si\u0119 w pracy. Dlatego stawiamy wysokie wymagania naszym mieszkaniom pracowniczym, kt\u00f3re spe\u0142niaj\u0105 (a nawet przewy\u017cszaj\u0105!) normy mieszkaniowe <a href=\"https:\/\/eu-people.com\/pl\/uitleg-over-de-certificaten-van-snf-sna-en-nbbu\/\">SNF<\/a>.<\/p>\n<\/div>\n\n    <\/div>\n        <\/div>\n    \n<\/section>\n\n<section class=\"editor grey margin-none\">\n        <div class=\"editor-wrap boxed\">\n            <div class=\"autop content\"><h2>Praktyczne informacje o Twoim zakwaterowaniu<\/h2>\n<p>Gdy tylko znajdziemy dla Ciebie prac\u0119, mo\u017cemy zorganizowa\u0107 dla Ciebie zakwaterowanie. Twoje zakwaterowanie b\u0119dzie tak blisko Twojej nowej pracy, jak to mo\u017cliwe. Wy\u015blemy Ci zdj\u0119cia i wszystko, co musisz wiedzie\u0107 o swoim nowym domu. Zanim wyrazi\u0107 zgod\u0119, b\u0119dziesz dok\u0142adnie wiedzie\u0107, ilu b\u0119dziesz mie\u0107 wsp\u00f3\u0142lokator\u00f3w, czy b\u0119dziesz mie\u0107 wsp\u00f3\u0142lokatora oraz ile wyniesie Tw\u00f3j czynsz. Tw\u00f3j czynsz b\u0119dzie potr\u0105cany z Twojej pensji co tydzie\u0144 i zazwyczaj b\u0119dzie wynosi\u0142 oko\u0142o 90 euro tygodniowo po uwzgl\u0119dnieniu <a href=\"https:\/\/eu-people.com\/pl\/podatki-w-holandii-to-nie-wszystko-co-zle\/\">Eksterytorialna ulga podatkowa<\/a>.<\/p>\n<p>Gdy tylko zaakceptujesz przydzielon\u0105 powierzchni\u0119 biznesow\u0105, otrzymasz od nas nasz regulamin oraz umow\u0119 najmu do podpisania. Wtedy nadejdzie czas, aby podr\u00f3\u017cowa\u0107 do swojego nowego domu! Po przyje\u017adzie otrzymasz od nas klucze do domu, a jeden z Twoich wsp\u00f3\u0142lokator\u00f3w oprowadzi Ci\u0119. Je\u015bli zdecydujesz si\u0119 <a href=\"https:\/\/eu-people.com\/pl\/bycie-kierowca-z-ludzmi-z-ue\/\">Dyrektor EU-Mens<\/a> stanie si\u0119, otrzymasz r\u00f3wnie\u017c kluczyki do samochodu.<\/p>\n<p>Ciekawi Ci\u0119, co jeszcze musisz za\u0142atwi\u0107 przed rozpocz\u0119ciem pracy w Holandii? Przeczytaj nasz blog: <a href=\"https:\/\/eu-people.com\/pl\/de-5-belangrijkste-zaken-die-je-moet-regelen-voordat-je-in-nederland-gaat-werken\/\">5 najwa\u017cniejszych rzeczy, kt\u00f3re musisz za\u0142atwi\u0107 przed rozpocz\u0119ciem pracy w Holandii<\/a>!<\/p>\n<\/div>\n        <\/div>\n<\/section>\n\n\n<section class=\"vacancy-slider std-padding\">\n\n            <div class=\"boxed vacancy-slider-wrap\">\n            \n<div class=\"grid textbox justify-items-start align-content-center\">\n            \n        <h2>Odkryj nasze oferty pracy<\/h2>\n        \n    <div class=\"text\"><p>Gotowi do rozpocz\u0119cia pracy i zakwaterowania? Sprawd\u017a nasze aktualne oferty pracy.<\/p>\n<\/div>\n\n    <div class=\"flex buttons\">\n\t\t<a href=\"https:\/\/eu-people.com\/pl\/oferta-pracy\/\" target=\"\" class=\"button alt\">\n\t\t<span>Odkryj tutaj wszystkie nasze oferty pracy<\/span><i class=\"fa-solid fa-arrow-up-right\"><\/i>\n\t<\/a>\n\t<\/div><\/div>\n\n\n<div class=\"splide vacancy-slider\">\n\n    <div class=\"splide__arrows rw-arrows sides\">\n        <button class=\"splide__arrow splide__arrow--prev\"><i class=\"fa-regular fa-arrow-right\"><\/i><\/button>\n        <button class=\"splide__arrow splide__arrow--next\"><i class=\"fa-regular fa-arrow-right\"><\/i><\/button>\n    <\/div>\n\n    <div class=\"splide__track\" role=\"group\">\n        <ul class=\"grid vacancies splide__list\">\n        <article class=\"vacancy splide__slide\">\n    \n        \n    <a class=\"grid justify-items-start\" href=\"https:\/\/eu-people.com\/pl\/vacancy\/warehouse-worker-3\/\">\n\t\t\n        <h4>Magazynier<\/h4>\n        \n        <div class=\"flex meta wrap\">\n                        <div class=\"flex item align-items-center gap-sm\">\n                <i class=\"fa-solid fa-briefcase\"><\/i>\n                <span>Magazynowanie<\/span>\n            <\/div>\n                                    <div class=\"flex item align-items-center gap-sm\">\n                <i class=\"fa-solid fa-graduation-cap\"><\/i>\n                <span>Brak wykszta\u0142cenia wst\u0119pnego<\/span>\n            <\/div>\n                                    <div class=\"flex item align-items-center gap-sm\">\n                <i class=\"fa-solid fa-location-dot\"><\/i>\n                <span>Breda<\/span>\n            <\/div>\n                                    <div class=\"flex item align-items-center gap-sm\">\n                <i class=\"fa-solid fa-briefcase\"><\/i>\n                <span>40.00<\/span>\n            <\/div>\n                    <\/div>\n        \n        <div class=\"text\">Szukasz aktywnej pracy, w kt\u00f3rej nie ma dw\u00f3ch takich samych dni? Do\u0142\u0105cz do pe\u0142nego entuzjazmu zespo\u0142u w Bredzie i sta\u0144 si\u0119 wa\u017cn\u0105 cz\u0119\u015bci\u0105 naszej operacji logistycznej. Codziennie wraz z kolegami dbasz o to, aby tysi\u0105ce u\u017cywanych skarb\u00f3w i paczek by\u0142o szybko i dok\u0142adnie sortowanych przed wysy\u0142k\u0105 do klient\u00f3w w ca\u0142ej Holandii, Belgii i Francji. Je\u015bli lubisz pracowa\u0107 w dynamicznym otoczeniu i wolisz pozostawa\u0107 w ruchu, to b\u0119dzie dla Ciebie \u015bwietne miejsce pracy.<\/div>\n        \n        <div class=\"flex gap-sm wrap\">\n                        <div class=\"flex salary align-items-center gap-sm\">\n                <i class=\"fa-solid fa-money-bill\"><\/i>\n                <span>14,99 \u20ac \u2013 19,49 \u20ac za godzin\u0119<\/span>\n            <\/div>\n                        \n            <span class=\"button alt\">\n                <span>Szczeg\u00f3\u0142y<\/span><i class=\"fa-solid fa-arrow-up-right\"><\/i>\n            <\/span>\n        <\/div>\n        \n    <\/a>\n<\/article><article class=\"vacancy splide__slide\">\n    \n        \n    <a class=\"grid justify-items-start\" href=\"https:\/\/eu-people.com\/pl\/vacancy\/warehouse-worker\/\">\n\t\t\n        <h4>Magazynier<\/h4>\n        \n        <div class=\"flex meta wrap\">\n                        <div class=\"flex item align-items-center gap-sm\">\n                <i class=\"fa-solid fa-briefcase\"><\/i>\n                <span>Magazynowanie<\/span>\n            <\/div>\n                                    <div class=\"flex item align-items-center gap-sm\">\n                <i class=\"fa-solid fa-graduation-cap\"><\/i>\n                <span>Brak wykszta\u0142cenia<\/span>\n            <\/div>\n                                    <div class=\"flex item align-items-center gap-sm\">\n                <i class=\"fa-solid fa-location-dot\"><\/i>\n                <span>\u2019s Hertogenbosch<\/span>\n            <\/div>\n                                    <div class=\"flex item align-items-center gap-sm\">\n                <i class=\"fa-solid fa-briefcase\"><\/i>\n                <span>36.00<\/span>\n            <\/div>\n                    <\/div>\n        \n        <div class=\"text\">produkcja \u2022 ca\u0142y etat \u2022 36 godzin \u2022 2 zmiany \u2022 dodatek zmianowy \u2022 d\u0142ugoterminowa \u2022 wymagany j\u0119zyk angielski<\/div>\n        \n        <div class=\"flex gap-sm wrap\">\n                        <div class=\"flex salary align-items-center gap-sm\">\n                <i class=\"fa-solid fa-money-bill\"><\/i>\n                <span>17,76 \u20ac za godzin\u0119<\/span>\n            <\/div>\n                        \n            <span class=\"button alt\">\n                <span>Szczeg\u00f3\u0142y<\/span><i class=\"fa-solid fa-arrow-up-right\"><\/i>\n            <\/span>\n        <\/div>\n        \n    <\/a>\n<\/article><article class=\"vacancy splide__slide\">\n    \n        \n    <a class=\"grid justify-items-start\" href=\"https:\/\/eu-people.com\/pl\/vacancy\/warehouse-operator\/\">\n\t\t\n        <h4>Magazynier<\/h4>\n        \n        <div class=\"flex meta wrap\">\n                        <div class=\"flex item align-items-center gap-sm\">\n                <i class=\"fa-solid fa-briefcase\"><\/i>\n                <span>Logistyka<\/span>\n            <\/div>\n                                    <div class=\"flex item align-items-center gap-sm\">\n                <i class=\"fa-solid fa-graduation-cap\"><\/i>\n                <span>Brak wykszta\u0142cenia wst\u0119pnego<\/span>\n            <\/div>\n                                    <div class=\"flex item align-items-center gap-sm\">\n                <i class=\"fa-solid fa-location-dot\"><\/i>\n                <span>Venlo<\/span>\n            <\/div>\n                                    <div class=\"flex item align-items-center gap-sm\">\n                <i class=\"fa-solid fa-briefcase\"><\/i>\n                <span>40.00<\/span>\n            <\/div>\n                    <\/div>\n        \n        <div class=\"text\">Rotacja na 2 zmiany \u2022 Wymagane do\u015bwiadczenie \u2022 Wymagany j\u0119zyk angielski \u2022 Mo\u017cliwo\u015b\u0107 zatrudnienia na d\u0142ugi okres \u2022 Mo\u017cliwo\u015bci rozwoju \u2022<\/div>\n        \n        <div class=\"flex gap-sm wrap\">\n                        <div class=\"flex salary align-items-center gap-sm\">\n                <i class=\"fa-solid fa-money-bill\"><\/i>\n                <span>14,99 \u20ac \u2013 18,27 \u20ac za godzin\u0119<\/span>\n            <\/div>\n                        \n            <span class=\"button alt\">\n                <span>Szczeg\u00f3\u0142y<\/span><i class=\"fa-solid fa-arrow-up-right\"><\/i>\n            <\/span>\n        <\/div>\n        \n    <\/a>\n<\/article><article class=\"vacancy splide__slide\">\n    \n        \n    <a class=\"grid justify-items-start\" href=\"https:\/\/eu-people.com\/pl\/vacancy\/technical-repair-worker\/\">\n\t\t\n        <h4>Technik naprawczy<\/h4>\n        \n        <div class=\"flex meta wrap\">\n                        <div class=\"flex item align-items-center gap-sm\">\n                <i class=\"fa-solid fa-briefcase\"><\/i>\n                <span>Us\u0142ugi utrzymania ruchu i techniczne<\/span>\n            <\/div>\n                                    <div class=\"flex item align-items-center gap-sm\">\n                <i class=\"fa-solid fa-graduation-cap\"><\/i>\n                <span>Brak wykszta\u0142cenia<\/span>\n            <\/div>\n                                    <div class=\"flex item align-items-center gap-sm\">\n                <i class=\"fa-solid fa-location-dot\"><\/i>\n                <span>Eindhoven<\/span>\n            <\/div>\n                                    <div class=\"flex item align-items-center gap-sm\">\n                <i class=\"fa-solid fa-briefcase\"><\/i>\n                <span>40.00<\/span>\n            <\/div>\n                    <\/div>\n        \n        <div class=\"text\">pe\u0142ny etat \u2022 techniczne \u2022 samodzielne \u2022 dodatek na dojazdy \u2022 mo\u017cliwo\u015bci rozwoju \u2022 mo\u017cliwo\u015b\u0107 bezpo\u015bredniego zatrudnienia<\/div>\n        \n        <div class=\"flex gap-sm wrap\">\n                        <div class=\"flex salary align-items-center gap-sm\">\n                <i class=\"fa-solid fa-money-bill\"><\/i>\n                <span>18,64 \u20ac za godzin\u0119<\/span>\n            <\/div>\n                        \n            <span class=\"button alt\">\n                <span>Szczeg\u00f3\u0142y<\/span><i class=\"fa-solid fa-arrow-up-right\"><\/i>\n            <\/span>\n        <\/div>\n        \n    <\/a>\n<\/article><article class=\"vacancy splide__slide\">\n    \n        \n    <a class=\"grid justify-items-start\" href=\"https:\/\/eu-people.com\/pl\/vacancy\/plastic-welder-2\/\">\n\t\t\n        <h4>Spawacz plastiku<\/h4>\n        \n        <div class=\"flex meta wrap\">\n                        <div class=\"flex item align-items-center gap-sm\">\n                <i class=\"fa-solid fa-briefcase\"><\/i>\n                <span>Produkcja i monta\u017c<\/span>\n            <\/div>\n                                    <div class=\"flex item align-items-center gap-sm\">\n                <i class=\"fa-solid fa-graduation-cap\"><\/i>\n                <span>Brak wykszta\u0142cenia<\/span>\n            <\/div>\n                                    <div class=\"flex item align-items-center gap-sm\">\n                <i class=\"fa-solid fa-location-dot\"><\/i>\n                <span>Nuenen<\/span>\n            <\/div>\n                                    <div class=\"flex item align-items-center gap-sm\">\n                <i class=\"fa-solid fa-briefcase\"><\/i>\n                <span>40.00<\/span>\n            <\/div>\n                    <\/div>\n        \n        <div class=\"text\">Szukamy zmotywowanego i precyzyjnego spawacza tworzyw sztucznych \/ monteru na d\u0142ugoterminowe stanowisko w Holandii. Jest to praktyczna rola techniczna dla osoby, kt\u00f3ra lubi pracowa\u0107 z narz\u0119dziami, czyta\u0107 rysunki techniczne i wytwarza\u0107 wyroby wysokiej jako\u015bci.<\/div>\n        \n        <div class=\"flex gap-sm wrap\">\n                        <div class=\"flex salary align-items-center gap-sm\">\n                <i class=\"fa-solid fa-money-bill\"><\/i>\n                <span>\u20ac16,52 \u2013 \u20ac16,52 za godzin\u0119<\/span>\n            <\/div>\n                        \n            <span class=\"button alt\">\n                <span>Szczeg\u00f3\u0142y<\/span><i class=\"fa-solid fa-arrow-up-right\"><\/i>\n            <\/span>\n        <\/div>\n        \n    <\/a>\n<\/article><article class=\"vacancy splide__slide\">\n    \n        \n    <a class=\"grid justify-items-start\" href=\"https:\/\/eu-people.com\/pl\/vacancy\/cnc-operator-plastic-2-shifts\/\">\n\t\t\n        <h4>Operator maszyn CNC \u2013 tworzywa sztuczne \u2013 2 zmiany<\/h4>\n        \n        <div class=\"flex meta wrap\">\n                        <div class=\"flex item align-items-center gap-sm\">\n                <i class=\"fa-solid fa-briefcase\"><\/i>\n                <span>Produkcja i monta\u017c<\/span>\n            <\/div>\n                                    <div class=\"flex item align-items-center gap-sm\">\n                <i class=\"fa-solid fa-graduation-cap\"><\/i>\n                <span>Brak wykszta\u0142cenia<\/span>\n            <\/div>\n                                    <div class=\"flex item align-items-center gap-sm\">\n                <i class=\"fa-solid fa-location-dot\"><\/i>\n                <span>Eindhoven<\/span>\n            <\/div>\n                                    <div class=\"flex item align-items-center gap-sm\">\n                <i class=\"fa-solid fa-briefcase\"><\/i>\n                <span>40.00<\/span>\n            <\/div>\n                    <\/div>\n        \n        <div class=\"text\">CNC \u2022 narz\u0119dzia mechaniczne \u2022 rysunki techniczne \u2022 pe\u0142ny etat \u2022 2 zmiany \u2022 dodatek zmianowy \u2022 d\u0142ugoterminowe \u2022 darmowe ciep\u0142e napoje \u2022 zwrot koszt\u00f3w dojazdu \u2022 mo\u017cliwo\u015b\u0107 bezpo\u015bredniej umowy<\/div>\n        \n        <div class=\"flex gap-sm wrap\">\n                        <div class=\"flex salary align-items-center gap-sm\">\n                <i class=\"fa-solid fa-money-bill\"><\/i>\n                <span>\u20ac23,19 za godzin\u0119<\/span>\n            <\/div>\n                        \n            <span class=\"button alt\">\n                <span>Szczeg\u00f3\u0142y<\/span><i class=\"fa-solid fa-arrow-up-right\"><\/i>\n            <\/span>\n        <\/div>\n        \n    <\/a>\n<\/article>        <\/ul>\n    <\/div>\n\n<\/div>\n        <\/div>\n    \n<\/section>\n\n<section class=\"editor white margin-none\">\n        <div class=\"editor-wrap boxed\">\n            <div class=\"autop content\"><h2>Udogodnienia obiektu<\/h2>\n<p>Jako agencja pracy tymczasowej oferuj\u0105ca zakwaterowanie dok\u0142adamy wszelkich stara\u0144, aby nasze domy by\u0142y komfortowym miejscem do mieszkania. Wszystkie nasze obiekty EU-People posiadaj\u0105 w pe\u0142ni wyposa\u017con\u0105 kuchni\u0119 z du\u017c\u0105 ilo\u015bci\u0105 miejsca w lod\u00f3wkach, komfortowe \u0142azienki, oddzielne toalety oraz du\u017cy wsp\u00f3lny salon, w kt\u00f3rym mo\u017cna sp\u0119dza\u0107 czas ze wsp\u00f3\u0142lokatorami. Maj\u0105 one r\u00f3wnie\u017c przyjemne miejsca do siedzenia na zewn\u0105trz na wypadek, gdyby\u015b chcia\u0142 zapali\u0107 (nasze domy s\u0105 dla niepal\u0105cych) lub zaczerpn\u0105\u0107 \u015bwie\u017cego powietrza. Sypialnie s\u0105 dzielone przez maksymalnie dwie osoby i posiadaj\u0105 wygodne \u0142\u00f3\u017cka oraz wystarczaj\u0105c\u0105 ilo\u015b\u0107 miejsca do przechowywania rzeczy osobistych. Z naszej kwatery pracowniczej jest tylko kr\u00f3tka przeja\u017cd\u017cka samochodem lub rowerem do Twojej pracy.<\/p>\n<\/div>\n        <\/div>\n<\/section>\n\n\n<section class=\"editor grey margin-none\">\n        <div class=\"editor-wrap boxed\">\n            <div class=\"autop content\"><h2>Opcje zakwaterowania dzielonego<\/h2>\n<p>Je\u015bli pracujesz w Holandii z przyjaci\u00f3\u0142mi lub partnerem, rozumiemy, \u017ce chcecie tak\u017ce razem mieszka\u0107. Dlatego dok\u0142adamy wszelkich stara\u0144, aby to umo\u017cliwi\u0107. Co do zasady, w miar\u0119 mo\u017cliwo\u015bci kwaterujemy wsp\u00f3\u0142pracownik\u00f3w razem. Je\u015bli pracujesz z przyjaci\u00f3\u0142mi, staramy si\u0119 umie\u015bci\u0107 Was w tym samym domu lub w domach znajduj\u0105cych si\u0119 w odleg\u0142o\u015bci kr\u00f3tkiego spaceru od siebie. A je\u015bli pracujesz ze swoim partnerem, dbamy o to, aby\u015bcie mogli dzieli\u0107 sypialni\u0119.<\/p>\n<p>Chcecie pracowa\u0107 jako para w Holandii? Dowiedzcie si\u0119 wi\u0119cej na naszej stronie: <a href=\"https:\/\/eu-people.com\/pl\/praca-w-holandii\/dla-par\/\">Praca w Holandii dla par<\/a>!<\/p>\n<\/div>\n        <\/div>\n<\/section>\n\n\n<section class=\"editor white margin-none\">\n        <div class=\"editor-wrap boxed\">\n            <div class=\"autop content\"><h2>D\u0142ugo\u015b\u0107 pobytu<\/h2>\n<p>Mo\u017cesz mieszka\u0107 w naszym zakwaterowaniu s\u0142u\u017cbowym tak d\u0142ugo, jak u nas pracujesz. Je\u015bli chcesz zosta\u0107 d\u0142u\u017cej, musisz z\u0142o\u017cy\u0107 formalny wniosek i zap\u0142aci\u0107 czynsz z g\u00f3ry. Byliby\u015bmy zadowoleni, gdyby\u015b pracowa\u0142 z nami tak d\u0142ugo, jak to mo\u017cliwe, aby\u015bmy mogli zbudowa\u0107 pi\u0119kn\u0105, d\u0142ugoterminow\u0105 wsp\u00f3\u0142prac\u0119 podczas Twojego pobytu w Holandii.<\/p>\n<p>Przeczytaj nasz blog, aby dowiedzie\u0107 si\u0119, jaka jest maksymalna d\u0142ugo\u015b\u0107 naszej wsp\u00f3\u0142pracy: <a href=\"https:\/\/eu-people.com\/pl\/voorwaarden-voor-flexibel-werken\/\">Jak d\u0142ugo mog\u0119 pracowa\u0107 w agencji pracy tymczasowej w Holandii?<\/a><\/p>\n<\/div>\n        <\/div>\n<\/section>\n\n\n<section class=\"editor grey margin-none\">\n        <div class=\"editor-wrap boxed\">\n            <div class=\"autop content\"><h2>Wsparcie i osoba kontaktowa<\/h2>\n<p>W godzinach pracy nasz przyjazny zesp\u00f3\u0142 administracyjny jest gotowy, aby pom\u00f3c Ci we wszystkich pytaniach. Mog\u0105 Ci pom\u00f3c w zorganizowaniu <a href=\"https:\/\/eu-people.com\/pl\/bsn-oto-dlaczego-naprawde-go-potrzebujesz\/\">BSN<\/a>, co jest wymagane do pracy w Holandii, oraz potencjalnie <a href=\"https:\/\/eu-people.com\/pl\/podatki-w-holandii-to-nie-wszystko-co-zle\/\">Ulga podatkowa o charakterze eksterytorialnym<\/a> dla Ciebie. S\u0142yniemy z doskona\u0142ej pomocy przy pytaniach lub problemach, wi\u0119c nie wahaj si\u0119 <a href=\"https:\/\/eu-people.com\/pl\/kontakt\/\">skontaktowa\u0107 si\u0119 z nami<\/a>Poza godzinami pracy jeste\u015bmy dost\u0119pni w nag\u0142ych wypadkach dla ka\u017cdego, kto u nas pracuje i mieszka. Nasi pracownicy m\u00f3wi\u0105 wieloma j\u0119zykami, takimi jak niderlandzki, angielski i polski, wi\u0119c j\u0119zyk nie b\u0119dzie problemem.<\/p>\n<p>Chcesz wiedzie\u0107, jak to jest pracowa\u0107 w Holandii nie m\u00f3wi\u0105c po niderlandzku? Przeczytaj wi\u0119cej na naszej stronie: <a href=\"https:\/\/eu-people.com\/pl\/praca-w-holandii\/without-language\/\">Praca w Holandii bez znajomo\u015bci j\u0119zyka<\/a>.<\/p>\n<p>Je\u015bli masz w tej chwili jakie\u015b pytania, skontaktuj si\u0119 z nami. Ch\u0119tnie Ci pomo\u017cemy!<\/p>\n<\/div>\n        <\/div>\n<\/section>\n\n\n<section class=\"editor white margin-none\">\n        <div class=\"editor-wrap boxed\">\n            <div class=\"autop content\"><h2>Rozpocznij prac\u0119 w Holandii z zakwaterowaniem!<\/h2>\n<p>Cieszymy si\u0119 na my\u015bl, \u017ce znajdziemy dla Ciebie odpowiedni\u0105 prac\u0119 i zorganizujemy zakwaterowanie. Czy jeste\u015b gotowy, aby podj\u0105\u0107 prac\u0119 w Holandii z zapewnionym zakwaterowaniem? Koniecznie sprawd\u017a nasz <a href=\"https:\/\/eu-people.com\/pl\/oferta-pracy\/\">aktualne oferty pracy<\/a> lub zostaw <a href=\"https:\/\/eu-people.com\/pl\/podanie-z-wlasnej-inicjatywy\/\">podanie z w\u0142asnej inicjatywy<\/a> z ty\u0142u!<\/p>\n<p>Chcesz dowiedzie\u0107 si\u0119 wi\u0119cej o pracy w Holandii og\u00f3lnie? Zobacz nasze zestawienie: <a href=\"https:\/\/eu-people.com\/pl\/praca-w-holandii\/\">Praca w Holandii<\/a>.<\/p>\n<\/div>\n        <\/div>\n<\/section>\n\n\n\n<section class=\"highlight-banner  text-1\">\n    <div class=\"boxed\">\n        <div class=\"flex columns\">\n        \n            <div class=\"grid textbox justify-items-start align-content-center left w-full\">\n                \n                                <h2>Rozpocznij prac\u0119 i zakwaterowanie<\/h2>\n                \n                <div class=\"text\"><p>Zapoznaj si\u0119 z naszymi ofertami pracy, wy\u015blij zg\u0142oszenie spontaniczne lub skontaktuj si\u0119 z naszym polskim lub holenderskim biurem. Ch\u0119tnie zorganizujemy dla Ciebie prac\u0119 oraz zakwaterowanie.<\/p>\n<\/div>\n\n                <div class=\"flex buttons\">\n\t\t<a href=\"https:\/\/eu-people.com\/pl\/oferta-pracy\/\" target=\"\" class=\"button\">\n\t\t<span>Nasze aktualne oferty pracy<\/span><i class=\"fa-solid fa-arrow-up-right\"><\/i>\n\t<\/a>\n\t\t<a href=\"https:\/\/eu-people.com\/pl\/kontakt\/\" target=\"\" class=\"button alt\">\n\t\t<span>Skontaktuj si\u0119 z naszym polskim biurem<\/span><i class=\"fa-solid fa-arrow-up-right\"><\/i>\n\t<\/a>\n\t\t<a href=\"https:\/\/eu-people.com\/pl\/kontakt\/\" target=\"\" class=\"button alt\">\n\t\t<span>Skontaktuj si\u0119 z naszym holenderskim biurem<\/span><i class=\"fa-solid fa-arrow-up-right\"><\/i>\n\t<\/a>\n\t<\/div>            <\/div>\n            \n            <div class=\"image-wrap\">\n                                            <\/div>\n            \n                    \n        <\/div>\n    <\/div>\n<\/section>","protected":false},"excerpt":{"rendered":"","protected":false},"author":1,"featured_media":0,"parent":324,"menu_order":0,"comment_status":"closed","ping_status":"closed","template":"","meta":{"_acf_changed":false,"footnotes":""},"class_list":["post-831","page","type-page","status-publish","hentry"],"acf":[],"yoast_head":"<!-- This site is optimized with the Yoast SEO Premium plugin v28.3 (Yoast SEO v28.3) - https:\/\/yoast.com\/product\/yoast-seo-premium-wordpress\/ -->\n<title>Werken in Nederland met huisvesting - EU-People<\/title>\n<meta name=\"description\" content=\"Werken in Nederland met huisvesting - EU-People\" \/>\n<meta name=\"robots\" content=\"index, follow, max-snippet:-1, max-image-preview:large, max-video-preview:-1\" \/>\n<link rel=\"canonical\" href=\"https:\/\/eu-people.com\/pl\/praca-w-holandii\/zakwaterowanie-2\/\" \/>\n<meta property=\"og:locale\" content=\"pl_PL\" \/>\n<meta property=\"og:type\" content=\"article\" \/>\n<meta property=\"og:title\" content=\"Werken in Nederland met huisvesting\" \/>\n<meta property=\"og:description\" content=\"Werken in Nederland met huisvesting - EU-People\" \/>\n<meta property=\"og:url\" content=\"https:\/\/eu-people.com\/pl\/praca-w-holandii\/zakwaterowanie-2\/\" \/>\n<meta property=\"og:site_name\" content=\"EU-People\" \/>\n<meta property=\"article:publisher\" content=\"https:\/\/www.facebook.com\/EUpeopleHQ\/\" \/>\n<meta property=\"article:modified_time\" content=\"2026-08-31T10:16:44+00:00\" \/>\n<meta name=\"twitter:card\" content=\"summary_large_image\" \/>\n<script type=\"application\/ld+json\" class=\"yoast-schema-graph\">{\"@context\":\"https:\\\/\\\/schema.org\",\"@graph\":[{\"@type\":\"WebPage\",\"@id\":\"https:\\\/\\\/eu-people.com\\\/working-in-the-netherlands\\\/accomodation\\\/\",\"url\":\"https:\\\/\\\/eu-people.com\\\/working-in-the-netherlands\\\/accomodation\\\/\",\"name\":\"Werken in Nederland met huisvesting - EU-People\",\"isPartOf\":{\"@id\":\"https:\\\/\\\/eu-people.com\\\/#website\"},\"datePublished\":\"2026-08-31T10:05:56+00:00\",\"dateModified\":\"2026-08-31T10:16:44+00:00\",\"description\":\"Werken in Nederland met huisvesting - EU-People\",\"breadcrumb\":{\"@id\":\"https:\\\/\\\/eu-people.com\\\/working-in-the-netherlands\\\/accomodation\\\/#breadcrumb\"},\"inLanguage\":\"pl-PL\",\"potentialAction\":[{\"@type\":\"ReadAction\",\"target\":[\"https:\\\/\\\/eu-people.com\\\/working-in-the-netherlands\\\/accomodation\\\/\"]}]},{\"@type\":\"BreadcrumbList\",\"@id\":\"https:\\\/\\\/eu-people.com\\\/working-in-the-netherlands\\\/accomodation\\\/#breadcrumb\",\"itemListElement\":[{\"@type\":\"ListItem\",\"position\":1,\"name\":\"Home\",\"item\":\"https:\\\/\\\/eu-people.com\\\/\"},{\"@type\":\"ListItem\",\"position\":2,\"name\":\"Werken in Nederland\",\"item\":\"https:\\\/\\\/eu-people.com\\\/working-in-the-netherlands\\\/\"},{\"@type\":\"ListItem\",\"position\":3,\"name\":\"Werken in Nederland met huisvesting\"}]},{\"@type\":\"WebSite\",\"@id\":\"https:\\\/\\\/eu-people.com\\\/#website\",\"url\":\"https:\\\/\\\/eu-people.com\\\/\",\"name\":\"EU-People\",\"description\":\"\",\"publisher\":{\"@id\":\"https:\\\/\\\/eu-people.com\\\/#organization\"},\"potentialAction\":[{\"@type\":\"SearchAction\",\"target\":{\"@type\":\"EntryPoint\",\"urlTemplate\":\"https:\\\/\\\/eu-people.com\\\/?s={search_term_string}\"},\"query-input\":{\"@type\":\"PropertyValueSpecification\",\"valueRequired\":true,\"valueName\":\"search_term_string\"}}],\"inLanguage\":\"pl-PL\"},{\"@type\":\"Organization\",\"@id\":\"https:\\\/\\\/eu-people.com\\\/#organization\",\"name\":\"EU-People\",\"alternateName\":\"EU-People | Profs for Profs\",\"url\":\"https:\\\/\\\/eu-people.com\\\/\",\"logo\":{\"@type\":\"ImageObject\",\"inLanguage\":\"pl-PL\",\"@id\":\"https:\\\/\\\/eu-people.com\\\/#\\\/schema\\\/logo\\\/image\\\/\",\"url\":\"https:\\\/\\\/eu-people.com\\\/wp-content\\\/uploads\\\/2026\\\/02\\\/logo-scaled.png\",\"contentUrl\":\"https:\\\/\\\/eu-people.com\\\/wp-content\\\/uploads\\\/2026\\\/02\\\/logo-scaled.png\",\"width\":2560,\"height\":477,\"caption\":\"EU-People\"},\"image\":{\"@id\":\"https:\\\/\\\/eu-people.com\\\/#\\\/schema\\\/logo\\\/image\\\/\"},\"sameAs\":[\"https:\\\/\\\/www.facebook.com\\\/EUpeopleHQ\\\/\",\"https:\\\/\\\/www.instagram.com\\\/eupeople_jobs\\\/\",\"https:\\\/\\\/www.linkedin.com\\\/company\\\/eu-people-b.v.\\\/\"],\"description\":\"EU-People is a leading Dutch recruitment agency connecting international professionals with reliable employers in the Eindhoven region and across the Netherlands. We recruit for technical, logistics, production and food industry jobs, including woodworking, metalworking, cleanroom, assembly and machine operator roles. We provide quality housing, transport, weekly salary and personal support from application to employment.\",\"email\":\"info@eu-people.com\",\"telephone\":\"+31882014100\",\"legalName\":\"EU-People B.V.\",\"vatID\":\"NL817327472B01\",\"numberOfEmployees\":{\"@type\":\"QuantitativeValue\",\"minValue\":\"201\",\"maxValue\":\"500\"}}]}<\/script>\n<!-- \/ Yoast SEO Premium plugin. -->","yoast_head_json":{"title":"Praca w Holandii z zakwaterowaniem \u2013 EU-People","description":"Praca w Holandii z zakwaterowaniem \u2013 EU-People","robots":{"index":"index","follow":"follow","max-snippet":"max-snippet:-1","max-image-preview":"max-image-preview:large","max-video-preview":"max-video-preview:-1"},"canonical":"https:\/\/eu-people.com\/pl\/praca-w-holandii\/zakwaterowanie-2\/","og_locale":"pl_PL","og_type":"article","og_title":"Werken in Nederland met huisvesting","og_description":"Werken in Nederland met huisvesting - EU-People","og_url":"https:\/\/eu-people.com\/pl\/praca-w-holandii\/zakwaterowanie-2\/","og_site_name":"EU-People","article_publisher":"https:\/\/www.facebook.com\/EUpeopleHQ\/","article_modified_time":"2026-08-31T10:16:44+00:00","twitter_card":"summary_large_image","schema":{"@context":"https:\/\/schema.org","@graph":[{"@type":"WebPage","@id":"https:\/\/eu-people.com\/working-in-the-netherlands\/accomodation\/","url":"https:\/\/eu-people.com\/working-in-the-netherlands\/accomodation\/","name":"Praca w Holandii z zakwaterowaniem \u2013 EU-People","isPartOf":{"@id":"https:\/\/eu-people.com\/#website"},"datePublished":"2026-08-31T10:05:56+00:00","dateModified":"2026-08-31T10:16:44+00:00","description":"Praca w Holandii z zakwaterowaniem \u2013 EU-People","breadcrumb":{"@id":"https:\/\/eu-people.com\/working-in-the-netherlands\/accomodation\/#breadcrumb"},"inLanguage":"pl-PL","potentialAction":[{"@type":"ReadAction","target":["https:\/\/eu-people.com\/working-in-the-netherlands\/accomodation\/"]}]},{"@type":"BreadcrumbList","@id":"https:\/\/eu-people.com\/working-in-the-netherlands\/accomodation\/#breadcrumb","itemListElement":[{"@type":"ListItem","position":1,"name":"Home","item":"https:\/\/eu-people.com\/"},{"@type":"ListItem","position":2,"name":"Werken in Nederland","item":"https:\/\/eu-people.com\/working-in-the-netherlands\/"},{"@type":"ListItem","position":3,"name":"Werken in Nederland met huisvesting"}]},{"@type":"WebSite","@id":"https:\/\/eu-people.com\/#website","url":"https:\/\/eu-people.com\/","name":"EU-People","description":"","publisher":{"@id":"https:\/\/eu-people.com\/#organization"},"potentialAction":[{"@type":"SearchAction","target":{"@type":"EntryPoint","urlTemplate":"https:\/\/eu-people.com\/?s={search_term_string}"},"query-input":{"@type":"PropertyValueSpecification","valueRequired":true,"valueName":"search_term_string"}}],"inLanguage":"pl-PL"},{"@type":"Organization","@id":"https:\/\/eu-people.com\/#organization","name":"EU-People","alternateName":"EU-People | Profs for Profs","url":"https:\/\/eu-people.com\/","logo":{"@type":"ImageObject","inLanguage":"pl-PL","@id":"https:\/\/eu-people.com\/#\/schema\/logo\/image\/","url":"https:\/\/eu-people.com\/wp-content\/uploads\/2026\/02\/logo-scaled.png","contentUrl":"https:\/\/eu-people.com\/wp-content\/uploads\/2026\/02\/logo-scaled.png","width":2560,"height":477,"caption":"EU-People"},"image":{"@id":"https:\/\/eu-people.com\/#\/schema\/logo\/image\/"},"sameAs":["https:\/\/www.facebook.com\/EUpeopleHQ\/","https:\/\/www.instagram.com\/eupeople_jobs\/","https:\/\/www.linkedin.com\/company\/eu-people-b.v.\/"],"description":"EU-People to wiod\u0105ca holenderska agencja pracy, \u0142\u0105cz\u0105ca mi\u0119dzynarodowych specjalist\u00f3w z rzetelnymi pracodawcami w regionie Eindhoven i w ca\u0142ej Holandii. Rekrutujemy do pracy w bran\u017cy technicznej, logistycznej, produkcyjnej i spo\u017cywczej, w tym na stanowiska zwi\u0105zane z obr\u00f3bk\u0105 drewna, metali, prac\u0105 w cleanroomie, monta\u017cem oraz obs\u0142ug\u0105 maszyn. Zapewniamy wysokiej jako\u015bci zakwaterowanie, transport, cotygodniowe wynagrodzenie oraz wsparcie personalne od momentu z\u0142o\u017cenia aplikacji a\u017c do zatrudnienia.","email":"info@eu-people.com","telephone":"+31882014100","legalName":"EU-People B.V.","vatID":"NL817327472B01","numberOfEmployees":{"@type":"QuantitativeValue","minValue":"201","maxValue":"500"}}]}},"_links":{"self":[{"href":"https:\/\/eu-people.com\/pl\/wp-json\/wp\/v2\/pages\/831","targetHints":{"allow":["GET"]}}],"collection":[{"href":"https:\/\/eu-people.com\/pl\/wp-json\/wp\/v2\/pages"}],"about":[{"href":"https:\/\/eu-people.com\/pl\/wp-json\/wp\/v2\/types\/page"}],"author":[{"embeddable":true,"href":"https:\/\/eu-people.com\/pl\/wp-json\/wp\/v2\/users\/1"}],"replies":[{"embeddable":true,"href":"https:\/\/eu-people.com\/pl\/wp-json\/wp\/v2\/comments?post=831"}],"version-history":[{"count":3,"href":"https:\/\/eu-people.com\/pl\/wp-json\/wp\/v2\/pages\/831\/revisions"}],"predecessor-version":[{"id":839,"href":"https:\/\/eu-people.com\/pl\/wp-json\/wp\/v2\/pages\/831\/revisions\/839"}],"up":[{"embeddable":true,"href":"https:\/\/eu-people.com\/pl\/wp-json\/wp\/v2\/pages\/324"}],"wp:attachment":[{"href":"https:\/\/eu-people.com\/pl\/wp-json\/wp\/v2\/media?parent=831"}],"curies":[{"name":"wp","href":"https:\/\/api.w.org\/{rel}","templated":true}]}}