{"id":333,"date":"2026-04-07T13:11:27","date_gmt":"2026-04-07T12:11:27","guid":{"rendered":"https:\/\/eu-people.com\/?page_id=333"},"modified":"2026-08-07T09:35:20","modified_gmt":"2026-08-07T08:35:20","slug":"empregadores","status":"publish","type":"page","link":"https:\/\/eu-people.com\/pt\/werkgevers\/","title":{"rendered":"Empregadores"},"content":{"rendered":"<section class=\"hero\">\n    \n    \n    <div class=\"grid hero-wrap boxed\">\n        <div class=\"content-wrap\">\n            <div class=\"grid textbox justify-items-start align-content-center\">\n                                                <span class=\"breadcrumb\"><span><span><a href=\"https:\/\/eu-people.com\/pt\/\">P\u00e1gina inicial<\/a><\/span><\/span><\/span>                \n                <h1>Empregadores<\/h1>\n\n                <div class=\"text\"><p>O mercado de trabalho neerland\u00eas precisa de bons trabalhadores, enquanto o n\u00famero de trabalhadores dispon\u00edveis, inclusive a n\u00edvel internacional, \u00e9 exatamente o adequado. Existem v\u00e1rias raz\u00f5es para esta diminui\u00e7\u00e3o.<\/p>\n<\/div>\n\n                            <\/div>\n        <\/div>\n    <\/div>\n\n    \n<\/section>\n\n<section class=\"text-image-boxes std-padding\">\n\n            <div class=\"text-image-boxes-wrap boxed\">\n            \n<div class=\"text-image-boxes\">\n    <div class=\"grid columns\">\n                        <div class=\"grid tile\">\n            \n                        <img decoding=\"async\" src=\"https:\/\/eu-people.com\/wp-content\/uploads\/2026\/08\/eu-people-werkgever-over-eu-people.jpg\">\n                        \n            <div class=\"flex content\">\n                <b>Sobre a EU-People<\/b>\n                <p>O mercado de trabalho neerland\u00eas precisa de bons trabalhadores, enquanto o n\u00famero de trabalhadores dispon\u00edveis, inclusive a n\u00edvel internacional, \u00e9 exatamente o adequado. Existem v\u00e1rias raz\u00f5es para esta diminui\u00e7\u00e3o.<\/p>\n                                <a href=\"https:\/\/eu-people.com\/pt\/sobre-a-eu-people\/\" target=\"\" class=\"link\">\n                    <span>Mais informa\u00e7\u00f5es sobre o EU People<\/span><i class=\"fa-solid fa-arrow-up-right\"><\/i>\n                <\/a>\n                            <\/div>\n            \n        <\/div>\n        \n                <div class=\"grid tile\">\n            \n                        <img decoding=\"async\" src=\"https:\/\/eu-people.com\/wp-content\/uploads\/2026\/08\/eu-people-over-missie-e1786091680357.png\">\n                        \n            <div class=\"flex content\">\n                <b>Miss\u00e3o e vis\u00e3o<\/b>\n                <p>Saiba mais sobre a nossa miss\u00e3o e vis\u00e3o, nas quais partilhamos os nossos objetivos e valores. Clique na liga\u00e7\u00e3o para descobrir o que defendemos.<\/p>\n                                <a href=\"https:\/\/eu-people.com\/pt\/missao-visao-pessoas-da-ue\/\" target=\"\" class=\"link\">\n                    <span>Mais informa\u00e7\u00f5es sobre a miss\u00e3o e a vis\u00e3o<\/span><i class=\"fa-solid fa-arrow-up-right\"><\/i>\n                <\/a>\n                            <\/div>\n            \n        <\/div>\n        \n                <div class=\"grid tile\">\n            \n                        <img decoding=\"async\" src=\"https:\/\/eu-people.com\/wp-content\/uploads\/2026\/08\/eu-peope-over-voor-werkgevers-1.png\">\n                        \n            <div class=\"flex content\">\n                <b>F\u00f3rmula para o sucesso<\/b>\n                <p>Enquanto especialistas em log\u00edstica e produ\u00e7\u00e3o, distinguimo-nos pelo nosso profundo conhecimento dos processos operacionais nestes setores.<\/p>\n                                <a href=\"https:\/\/eu-people.com\/pt\/formula-para-o-sucesso\/\" target=\"\" class=\"link\">\n                    <span>Mais informa\u00e7\u00f5es sobre a nossa f\u00f3rmula<\/span><i class=\"fa-solid fa-arrow-up-right\"><\/i>\n                <\/a>\n                            <\/div>\n            \n        <\/div>\n        \n                <div class=\"grid tile\">\n            \n                        <img decoding=\"async\" src=\"https:\/\/eu-people.com\/wp-content\/uploads\/2026\/07\/eu-people-over-keurmerken-2.png\">\n                        \n            <div class=\"flex content\">\n                <b>S\u00edmbolos de qualidade<\/b>\n                <p>Os certificados comprovam que o titular cumpre os requisitos estabelecidos pela entidade certificadora.<\/p>\n                                <a href=\"https:\/\/eu-people.com\/pt\/simbolos-de-qualidade\/\" target=\"\" class=\"link\">\n                    <span>Mais informa\u00e7\u00f5es sobre os selos de qualidade<\/span><i class=\"fa-solid fa-arrow-up-right\"><\/i>\n                <\/a>\n                            <\/div>\n            \n        <\/div>\n        \n            <\/div>\n<\/div>\n        <\/div>\n    \n<\/section>","protected":false},"excerpt":{"rendered":"","protected":false},"author":1,"featured_media":0,"parent":0,"menu_order":0,"comment_status":"closed","ping_status":"closed","template":"","meta":{"_acf_changed":false,"footnotes":""},"class_list":["post-333","page","type-page","status-publish","hentry"],"acf":[],"yoast_head":"<!-- This site is optimized with the Yoast SEO Premium plugin v28.3 (Yoast SEO v28.3) - https:\/\/yoast.com\/product\/yoast-seo-premium-wordpress\/ -->\n<title>Werkgevers - EU-People<\/title>\n<meta name=\"description\" content=\"Werkgevers - EU-People\" \/>\n<meta name=\"robots\" content=\"index, follow, max-snippet:-1, max-image-preview:large, max-video-preview:-1\" \/>\n<link rel=\"canonical\" href=\"https:\/\/eu-people.com\/pt\/empregadores\/\" \/>\n<meta property=\"og:locale\" content=\"pt_PT\" \/>\n<meta property=\"og:type\" content=\"article\" \/>\n<meta property=\"og:title\" content=\"Werkgevers\" \/>\n<meta property=\"og:description\" content=\"Werkgevers - EU-People\" \/>\n<meta property=\"og:url\" content=\"https:\/\/eu-people.com\/pt\/empregadores\/\" \/>\n<meta property=\"og:site_name\" content=\"EU-People\" \/>\n<meta property=\"article:publisher\" content=\"https:\/\/www.facebook.com\/EUpeopleHQ\/\" \/>\n<meta property=\"article:modified_time\" content=\"2026-08-07T08:35:20+00:00\" \/>\n<meta name=\"twitter:card\" content=\"summary_large_image\" \/>\n<script type=\"application\/ld+json\" class=\"yoast-schema-graph\">{\"@context\":\"https:\\\/\\\/schema.org\",\"@graph\":[{\"@type\":\"WebPage\",\"@id\":\"https:\\\/\\\/eu-people.com\\\/werkgevers\\\/\",\"url\":\"https:\\\/\\\/eu-people.com\\\/werkgevers\\\/\",\"name\":\"Werkgevers - EU-People\",\"isPartOf\":{\"@id\":\"https:\\\/\\\/eu-people.com\\\/#website\"},\"datePublished\":\"2026-04-07T12:11:27+00:00\",\"dateModified\":\"2026-08-07T08:35:20+00:00\",\"description\":\"Werkgevers - EU-People\",\"breadcrumb\":{\"@id\":\"https:\\\/\\\/eu-people.com\\\/werkgevers\\\/#breadcrumb\"},\"inLanguage\":\"pt-PT\",\"potentialAction\":[{\"@type\":\"ReadAction\",\"target\":[\"https:\\\/\\\/eu-people.com\\\/werkgevers\\\/\"]}]},{\"@type\":\"BreadcrumbList\",\"@id\":\"https:\\\/\\\/eu-people.com\\\/werkgevers\\\/#breadcrumb\",\"itemListElement\":[{\"@type\":\"ListItem\",\"position\":1,\"name\":\"Home\",\"item\":\"https:\\\/\\\/eu-people.com\\\/\"},{\"@type\":\"ListItem\",\"position\":2,\"name\":\"Werkgevers\"}]},{\"@type\":\"WebSite\",\"@id\":\"https:\\\/\\\/eu-people.com\\\/#website\",\"url\":\"https:\\\/\\\/eu-people.com\\\/\",\"name\":\"EU-People\",\"description\":\"\",\"publisher\":{\"@id\":\"https:\\\/\\\/eu-people.com\\\/#organization\"},\"potentialAction\":[{\"@type\":\"SearchAction\",\"target\":{\"@type\":\"EntryPoint\",\"urlTemplate\":\"https:\\\/\\\/eu-people.com\\\/?s={search_term_string}\"},\"query-input\":{\"@type\":\"PropertyValueSpecification\",\"valueRequired\":true,\"valueName\":\"search_term_string\"}}],\"inLanguage\":\"pt-PT\"},{\"@type\":\"Organization\",\"@id\":\"https:\\\/\\\/eu-people.com\\\/#organization\",\"name\":\"EU-People\",\"alternateName\":\"EU-People | Profs for Profs\",\"url\":\"https:\\\/\\\/eu-people.com\\\/\",\"logo\":{\"@type\":\"ImageObject\",\"inLanguage\":\"pt-PT\",\"@id\":\"https:\\\/\\\/eu-people.com\\\/#\\\/schema\\\/logo\\\/image\\\/\",\"url\":\"https:\\\/\\\/eu-people.com\\\/wp-content\\\/uploads\\\/2026\\\/02\\\/logo-scaled.png\",\"contentUrl\":\"https:\\\/\\\/eu-people.com\\\/wp-content\\\/uploads\\\/2026\\\/02\\\/logo-scaled.png\",\"width\":2560,\"height\":477,\"caption\":\"EU-People\"},\"image\":{\"@id\":\"https:\\\/\\\/eu-people.com\\\/#\\\/schema\\\/logo\\\/image\\\/\"},\"sameAs\":[\"https:\\\/\\\/www.facebook.com\\\/EUpeopleHQ\\\/\",\"https:\\\/\\\/www.instagram.com\\\/eupeople_jobs\\\/\",\"https:\\\/\\\/www.linkedin.com\\\/company\\\/eu-people-b.v.\\\/\"],\"description\":\"EU-People is a leading Dutch recruitment agency connecting international professionals with reliable employers in the Eindhoven region and across the Netherlands. We recruit for technical, logistics, production and food industry jobs, including woodworking, metalworking, cleanroom, assembly and machine operator roles. We provide quality housing, transport, weekly salary and personal support from application to employment.\",\"email\":\"info@eu-people.com\",\"telephone\":\"+31882014100\",\"legalName\":\"EU-People B.V.\",\"vatID\":\"NL817327472B01\",\"numberOfEmployees\":{\"@type\":\"QuantitativeValue\",\"minValue\":\"201\",\"maxValue\":\"500\"}}]}<\/script>\n<!-- \/ Yoast SEO Premium plugin. -->","yoast_head_json":{"title":"Empregadores - EU-People","description":"Empregadores - EU-People","robots":{"index":"index","follow":"follow","max-snippet":"max-snippet:-1","max-image-preview":"max-image-preview:large","max-video-preview":"max-video-preview:-1"},"canonical":"https:\/\/eu-people.com\/pt\/empregadores\/","og_locale":"pt_PT","og_type":"article","og_title":"Werkgevers","og_description":"Werkgevers - EU-People","og_url":"https:\/\/eu-people.com\/pt\/empregadores\/","og_site_name":"EU-People","article_publisher":"https:\/\/www.facebook.com\/EUpeopleHQ\/","article_modified_time":"2026-08-07T08:35:20+00:00","twitter_card":"summary_large_image","schema":{"@context":"https:\/\/schema.org","@graph":[{"@type":"WebPage","@id":"https:\/\/eu-people.com\/werkgevers\/","url":"https:\/\/eu-people.com\/werkgevers\/","name":"Empregadores - EU-People","isPartOf":{"@id":"https:\/\/eu-people.com\/#website"},"datePublished":"2026-04-07T12:11:27+00:00","dateModified":"2026-08-07T08:35:20+00:00","description":"Empregadores - EU-People","breadcrumb":{"@id":"https:\/\/eu-people.com\/werkgevers\/#breadcrumb"},"inLanguage":"pt-PT","potentialAction":[{"@type":"ReadAction","target":["https:\/\/eu-people.com\/werkgevers\/"]}]},{"@type":"BreadcrumbList","@id":"https:\/\/eu-people.com\/werkgevers\/#breadcrumb","itemListElement":[{"@type":"ListItem","position":1,"name":"Home","item":"https:\/\/eu-people.com\/"},{"@type":"ListItem","position":2,"name":"Werkgevers"}]},{"@type":"WebSite","@id":"https:\/\/eu-people.com\/#website","url":"https:\/\/eu-people.com\/","name":"Pessoas da UE","description":"","publisher":{"@id":"https:\/\/eu-people.com\/#organization"},"potentialAction":[{"@type":"SearchAction","target":{"@type":"EntryPoint","urlTemplate":"https:\/\/eu-people.com\/?s={search_term_string}"},"query-input":{"@type":"PropertyValueSpecification","valueRequired":true,"valueName":"search_term_string"}}],"inLanguage":"pt-PT"},{"@type":"Organization","@id":"https:\/\/eu-people.com\/#organization","name":"Pessoas da UE","alternateName":"EU-People | Profs for Profs","url":"https:\/\/eu-people.com\/","logo":{"@type":"ImageObject","inLanguage":"pt-PT","@id":"https:\/\/eu-people.com\/#\/schema\/logo\/image\/","url":"https:\/\/eu-people.com\/wp-content\/uploads\/2026\/02\/logo-scaled.png","contentUrl":"https:\/\/eu-people.com\/wp-content\/uploads\/2026\/02\/logo-scaled.png","width":2560,"height":477,"caption":"EU-People"},"image":{"@id":"https:\/\/eu-people.com\/#\/schema\/logo\/image\/"},"sameAs":["https:\/\/www.facebook.com\/EUpeopleHQ\/","https:\/\/www.instagram.com\/eupeople_jobs\/","https:\/\/www.linkedin.com\/company\/eu-people-b.v.\/"],"description":"A EU-People \u00e9 uma ag\u00eancia de recrutamento holandesa l\u00edder no setor, que liga profissionais internacionais a empregadores de confian\u00e7a na regi\u00e3o de Eindhoven e em toda a Holanda. Recrutamos para vagas nas \u00e1reas t\u00e9cnica, log\u00edstica, produ\u00e7\u00e3o e ind\u00fastria alimentar, incluindo fun\u00e7\u00f5es nas \u00e1reas da carpintaria, metalurgia, salas limpas, montagem e operadores de m\u00e1quinas. Oferecemos alojamento de qualidade, transporte, sal\u00e1rio semanal e apoio personalizado, desde a candidatura at\u00e9 \u00e0 contrata\u00e7\u00e3o.","email":"info@eu-people.com","telephone":"+31882014100","legalName":"EU-People B.V.","vatID":"NL817327472B01","numberOfEmployees":{"@type":"QuantitativeValue","minValue":"201","maxValue":"500"}}]}},"_links":{"self":[{"href":"https:\/\/eu-people.com\/pt\/wp-json\/wp\/v2\/pages\/333","targetHints":{"allow":["GET"]}}],"collection":[{"href":"https:\/\/eu-people.com\/pt\/wp-json\/wp\/v2\/pages"}],"about":[{"href":"https:\/\/eu-people.com\/pt\/wp-json\/wp\/v2\/types\/page"}],"author":[{"embeddable":true,"href":"https:\/\/eu-people.com\/pt\/wp-json\/wp\/v2\/users\/1"}],"replies":[{"embeddable":true,"href":"https:\/\/eu-people.com\/pt\/wp-json\/wp\/v2\/comments?post=333"}],"version-history":[{"count":11,"href":"https:\/\/eu-people.com\/pt\/wp-json\/wp\/v2\/pages\/333\/revisions"}],"predecessor-version":[{"id":703,"href":"https:\/\/eu-people.com\/pt\/wp-json\/wp\/v2\/pages\/333\/revisions\/703"}],"wp:attachment":[{"href":"https:\/\/eu-people.com\/pt\/wp-json\/wp\/v2\/media?parent=333"}],"curies":[{"name":"wp","href":"https:\/\/api.w.org\/{rel}","templated":true}]}}