{"id":368,"date":"2026-04-09T10:32:49","date_gmt":"2026-04-09T09:32:49","guid":{"rendered":"https:\/\/eu-people.com\/?page_id=368"},"modified":"2026-08-07T09:42:35","modified_gmt":"2026-08-07T08:42:35","slug":"missao-visao-pessoas-da-ue","status":"publish","type":"page","link":"https:\/\/eu-people.com\/pt\/over-eu-people\/missie-visie-eu-people\/","title":{"rendered":"Miss\u00e3o e Vis\u00e3o da EU People"},"content":{"rendered":"<section class=\"hero\">\n    \n    \n    <div class=\"grid hero-wrap boxed\">\n        <div class=\"content-wrap\">\n            <div class=\"grid textbox justify-items-start align-content-center\">\n                                                <span class=\"breadcrumb\"><span><span><a href=\"https:\/\/eu-people.com\/pt\/\">P\u00e1gina inicial<\/a><\/span><\/span><\/span>                \n                <h1>Sobre n\u00f3s<br><l>Miss\u00e3o e Vis\u00e3o<\/l><\/h1>\n\n                <div class=\"text\"><p>Saiba mais sobre a nossa miss\u00e3o e vis\u00e3o, onde partilhamos os nossos objetivos e valores. Clique na liga\u00e7\u00e3o para descobrir aquilo em que acreditamos.<\/p>\n<\/div>\n\n                            <\/div>\n        <\/div>\n    <\/div>\n\n    \n<\/section>\n\n<section class=\"text-image std-padding\">\n\n            <div class=\"grid text-image-wrap boxed col-2\">\n            \n<div class=\"image\">\n            <img decoding=\"async\" src=\"https:\/\/eu-people.com\/wp-content\/uploads\/2026\/08\/eu-people-over-missie-e1786091680357.png\">\n    <\/div>\n\n<div class=\"grid textbox justify-items-start align-content-center\">\n            \n        <h2>Miss\u00e3o da EU People<\/h2>\n        \n    <div class=\"text\"><p>A miss\u00e3o da EU-People B.V. \u00e9 ser um parceiro de confian\u00e7a tanto para os empregadores como para os nossos trabalhadores tempor\u00e1rios. Ao oferecer solu\u00e7\u00f5es eficazes e eficientes no dom\u00ednio do trabalho tempor\u00e1rio, procuramos colmatar a dist\u00e2ncia entre os talentos, as necessidades e as oportunidades.<\/p>\n<p>O nosso modelo de neg\u00f3cio \u00abDouble Sided\u00bb \u00e9 a base do nosso sucesso, pois tanto os nossos clientes como os nossos colaboradores tempor\u00e1rios est\u00e3o muito satisfeitos connosco. Isto reflete-se na longa perman\u00eancia dos nossos colaboradores e nas recomenda\u00e7\u00f5es entre amigos.\u00a0Al\u00e9m disso, uma grande parte dos nossos colaboradores tempor\u00e1rios recebe uma proposta de contrato a termo certo junto da empresa contratante. Talvez seja mais um motivo para tamb\u00e9m optar por n\u00f3s?<\/p>\n<p>As rela\u00e7\u00f5es est\u00e1veis com os clientes resultam, sobretudo, da satisfa\u00e7\u00e3o dos trabalhadores tempor\u00e1rios junto dos nossos clientes. Os trabalhadores tempor\u00e1rios satisfeitos sentem o respeito da nossa equipa, t\u00eam um ambiente de trabalho agrad\u00e1vel, recebem uma remunera\u00e7\u00e3o semanal correta e beneficiam de boas condi\u00e7\u00f5es de trabalho e de vida. Esta \u00e9 a filosofia da EU-People!<\/p>\n<\/div>\n\n    <div class=\"flex buttons\">\n\t\t<a href=\"https:\/\/eu-people.com\/pt\/contacto\/\" target=\"\" class=\"link\">\n\t\t<span>Vamos trabalhar juntos!<\/span><i class=\"fa-solid fa-arrow-up-right\"><\/i>\n\t<\/a>\n\t<\/div><\/div>\n        <\/div>\n    \n<\/section>\n\n<section class=\"text-image std-padding\">\n\n            <div class=\"grid text-image-wrap boxed col-2\">\n            \n<div class=\"image\">\n            <img decoding=\"async\" src=\"https:\/\/eu-people.com\/wp-content\/uploads\/2026\/04\/EU_People_warehouse.png\">\n    <\/div>\n\n<div class=\"grid textbox justify-items-start align-content-center\">\n            \n        <h2>Vis\u00e3o da EU People<\/h2>\n        \n    <div class=\"text\"><p>Na EU-People, dedicamo-nos a preencher as suas vagas de forma duradoura e competente, recorrendo aos nossos colaboradores tempor\u00e1rios. Acreditamos no poder da diversidade e da inclus\u00e3o e procuramos a combina\u00e7\u00e3o perfeita no mercado de trabalho.<\/p>\n<p>As rela\u00e7\u00f5es est\u00e1veis com os clientes resultam, sobretudo, da satisfa\u00e7\u00e3o dos trabalhadores tempor\u00e1rios. Estes sentem o respeito da nossa equipa, t\u00eam um trabalho agrad\u00e1vel, recebem uma remunera\u00e7\u00e3o semanal correta e beneficiam de boas condi\u00e7\u00f5es de trabalho e de habita\u00e7\u00e3o.<\/p>\n<p>A longa perman\u00eancia e as recomenda\u00e7\u00f5es de amigos por parte dos nossos colaboradores demonstram o sucesso do nosso modelo. Al\u00e9m disso, uma grande parte dos nossos colaboradores tempor\u00e1rios recebe um contrato a termo certo junto de clientes satisfeitos.<\/p>\n<\/div>\n\n    <div class=\"flex buttons\">\n\t\t<a href=\"https:\/\/eu-people.com\/pt\/contacto\/\" target=\"\" class=\"link\">\n\t\t<span>Vamos trabalhar juntos<\/span><i class=\"fa-solid fa-arrow-up-right\"><\/i>\n\t<\/a>\n\t<\/div><\/div>\n        <\/div>\n    \n<\/section>","protected":false},"excerpt":{"rendered":"","protected":false},"author":1,"featured_media":0,"parent":366,"menu_order":0,"comment_status":"closed","ping_status":"closed","template":"","meta":{"_acf_changed":false,"footnotes":""},"class_list":["post-368","page","type-page","status-publish","hentry"],"acf":[],"yoast_head":"<!-- This site is optimized with the Yoast SEO Premium plugin v28.3 (Yoast SEO v28.3) - https:\/\/yoast.com\/product\/yoast-seo-premium-wordpress\/ -->\n<title>Missie &amp; Visie EU People - EU-People<\/title>\n<meta name=\"description\" content=\"Missie &amp; Visie EU People - EU-People\" \/>\n<meta name=\"robots\" content=\"index, follow, max-snippet:-1, max-image-preview:large, max-video-preview:-1\" \/>\n<link rel=\"canonical\" href=\"https:\/\/eu-people.com\/pt\/sobre-a-eu-people\/missao-visao-pessoas-da-ue\/\" \/>\n<meta property=\"og:locale\" content=\"pt_PT\" \/>\n<meta property=\"og:type\" content=\"article\" \/>\n<meta property=\"og:title\" content=\"Missie &amp; Visie EU People\" \/>\n<meta property=\"og:description\" content=\"Missie &amp; Visie EU People - EU-People\" \/>\n<meta property=\"og:url\" content=\"https:\/\/eu-people.com\/pt\/sobre-a-eu-people\/missao-visao-pessoas-da-ue\/\" \/>\n<meta property=\"og:site_name\" content=\"EU-People\" \/>\n<meta property=\"article:publisher\" content=\"https:\/\/www.facebook.com\/EUpeopleHQ\/\" \/>\n<meta property=\"article:modified_time\" content=\"2026-08-07T08:42:35+00:00\" \/>\n<meta name=\"twitter:card\" content=\"summary_large_image\" \/>\n<script type=\"application\/ld+json\" class=\"yoast-schema-graph\">{\"@context\":\"https:\\\/\\\/schema.org\",\"@graph\":[{\"@type\":\"WebPage\",\"@id\":\"https:\\\/\\\/eu-people.com\\\/over-eu-people\\\/missie-visie-eu-people\\\/\",\"url\":\"https:\\\/\\\/eu-people.com\\\/over-eu-people\\\/missie-visie-eu-people\\\/\",\"name\":\"Missie &amp; Visie EU People - EU-People\",\"isPartOf\":{\"@id\":\"https:\\\/\\\/eu-people.com\\\/#website\"},\"datePublished\":\"2026-04-09T09:32:49+00:00\",\"dateModified\":\"2026-08-07T08:42:35+00:00\",\"description\":\"Missie &amp; Visie EU People - EU-People\",\"breadcrumb\":{\"@id\":\"https:\\\/\\\/eu-people.com\\\/over-eu-people\\\/missie-visie-eu-people\\\/#breadcrumb\"},\"inLanguage\":\"pt-PT\",\"potentialAction\":[{\"@type\":\"ReadAction\",\"target\":[\"https:\\\/\\\/eu-people.com\\\/over-eu-people\\\/missie-visie-eu-people\\\/\"]}]},{\"@type\":\"BreadcrumbList\",\"@id\":\"https:\\\/\\\/eu-people.com\\\/over-eu-people\\\/missie-visie-eu-people\\\/#breadcrumb\",\"itemListElement\":[{\"@type\":\"ListItem\",\"position\":1,\"name\":\"Home\",\"item\":\"https:\\\/\\\/eu-people.com\\\/\"},{\"@type\":\"ListItem\",\"position\":2,\"name\":\"Over EU People\",\"item\":\"https:\\\/\\\/eu-people.com\\\/over-eu-people\\\/\"},{\"@type\":\"ListItem\",\"position\":3,\"name\":\"Missie &amp; Visie EU People\"}]},{\"@type\":\"WebSite\",\"@id\":\"https:\\\/\\\/eu-people.com\\\/#website\",\"url\":\"https:\\\/\\\/eu-people.com\\\/\",\"name\":\"EU-People\",\"description\":\"\",\"publisher\":{\"@id\":\"https:\\\/\\\/eu-people.com\\\/#organization\"},\"potentialAction\":[{\"@type\":\"SearchAction\",\"target\":{\"@type\":\"EntryPoint\",\"urlTemplate\":\"https:\\\/\\\/eu-people.com\\\/?s={search_term_string}\"},\"query-input\":{\"@type\":\"PropertyValueSpecification\",\"valueRequired\":true,\"valueName\":\"search_term_string\"}}],\"inLanguage\":\"pt-PT\"},{\"@type\":\"Organization\",\"@id\":\"https:\\\/\\\/eu-people.com\\\/#organization\",\"name\":\"EU-People\",\"alternateName\":\"EU-People | Profs for Profs\",\"url\":\"https:\\\/\\\/eu-people.com\\\/\",\"logo\":{\"@type\":\"ImageObject\",\"inLanguage\":\"pt-PT\",\"@id\":\"https:\\\/\\\/eu-people.com\\\/#\\\/schema\\\/logo\\\/image\\\/\",\"url\":\"https:\\\/\\\/eu-people.com\\\/wp-content\\\/uploads\\\/2026\\\/02\\\/logo-scaled.png\",\"contentUrl\":\"https:\\\/\\\/eu-people.com\\\/wp-content\\\/uploads\\\/2026\\\/02\\\/logo-scaled.png\",\"width\":2560,\"height\":477,\"caption\":\"EU-People\"},\"image\":{\"@id\":\"https:\\\/\\\/eu-people.com\\\/#\\\/schema\\\/logo\\\/image\\\/\"},\"sameAs\":[\"https:\\\/\\\/www.facebook.com\\\/EUpeopleHQ\\\/\",\"https:\\\/\\\/www.instagram.com\\\/eupeople_jobs\\\/\",\"https:\\\/\\\/www.linkedin.com\\\/company\\\/eu-people-b.v.\\\/\"],\"description\":\"EU-People is a leading Dutch recruitment agency connecting international professionals with reliable employers in the Eindhoven region and across the Netherlands. We recruit for technical, logistics, production and food industry jobs, including woodworking, metalworking, cleanroom, assembly and machine operator roles. We provide quality housing, transport, weekly salary and personal support from application to employment.\",\"email\":\"info@eu-people.com\",\"telephone\":\"+31882014100\",\"legalName\":\"EU-People B.V.\",\"vatID\":\"NL817327472B01\",\"numberOfEmployees\":{\"@type\":\"QuantitativeValue\",\"minValue\":\"201\",\"maxValue\":\"500\"}}]}<\/script>\n<!-- \/ Yoast SEO Premium plugin. -->","yoast_head_json":{"title":"Miss\u00e3o e Vis\u00e3o da EU People - EU-People","description":"Miss\u00e3o e Vis\u00e3o da EU People - EU-People","robots":{"index":"index","follow":"follow","max-snippet":"max-snippet:-1","max-image-preview":"max-image-preview:large","max-video-preview":"max-video-preview:-1"},"canonical":"https:\/\/eu-people.com\/pt\/sobre-a-eu-people\/missao-visao-pessoas-da-ue\/","og_locale":"pt_PT","og_type":"article","og_title":"Missie &amp; Visie EU People","og_description":"Missie &amp; Visie EU People - EU-People","og_url":"https:\/\/eu-people.com\/pt\/sobre-a-eu-people\/missao-visao-pessoas-da-ue\/","og_site_name":"EU-People","article_publisher":"https:\/\/www.facebook.com\/EUpeopleHQ\/","article_modified_time":"2026-08-07T08:42:35+00:00","twitter_card":"summary_large_image","schema":{"@context":"https:\/\/schema.org","@graph":[{"@type":"WebPage","@id":"https:\/\/eu-people.com\/over-eu-people\/missie-visie-eu-people\/","url":"https:\/\/eu-people.com\/over-eu-people\/missie-visie-eu-people\/","name":"Miss\u00e3o e Vis\u00e3o da EU People - EU-People","isPartOf":{"@id":"https:\/\/eu-people.com\/#website"},"datePublished":"2026-04-09T09:32:49+00:00","dateModified":"2026-08-07T08:42:35+00:00","description":"Miss\u00e3o e Vis\u00e3o da EU People - EU-People","breadcrumb":{"@id":"https:\/\/eu-people.com\/over-eu-people\/missie-visie-eu-people\/#breadcrumb"},"inLanguage":"pt-PT","potentialAction":[{"@type":"ReadAction","target":["https:\/\/eu-people.com\/over-eu-people\/missie-visie-eu-people\/"]}]},{"@type":"BreadcrumbList","@id":"https:\/\/eu-people.com\/over-eu-people\/missie-visie-eu-people\/#breadcrumb","itemListElement":[{"@type":"ListItem","position":1,"name":"Home","item":"https:\/\/eu-people.com\/"},{"@type":"ListItem","position":2,"name":"Over EU People","item":"https:\/\/eu-people.com\/over-eu-people\/"},{"@type":"ListItem","position":3,"name":"Missie &amp; Visie EU People"}]},{"@type":"WebSite","@id":"https:\/\/eu-people.com\/#website","url":"https:\/\/eu-people.com\/","name":"Pessoas da UE","description":"","publisher":{"@id":"https:\/\/eu-people.com\/#organization"},"potentialAction":[{"@type":"SearchAction","target":{"@type":"EntryPoint","urlTemplate":"https:\/\/eu-people.com\/?s={search_term_string}"},"query-input":{"@type":"PropertyValueSpecification","valueRequired":true,"valueName":"search_term_string"}}],"inLanguage":"pt-PT"},{"@type":"Organization","@id":"https:\/\/eu-people.com\/#organization","name":"Pessoas da UE","alternateName":"EU-People | Profs for Profs","url":"https:\/\/eu-people.com\/","logo":{"@type":"ImageObject","inLanguage":"pt-PT","@id":"https:\/\/eu-people.com\/#\/schema\/logo\/image\/","url":"https:\/\/eu-people.com\/wp-content\/uploads\/2026\/02\/logo-scaled.png","contentUrl":"https:\/\/eu-people.com\/wp-content\/uploads\/2026\/02\/logo-scaled.png","width":2560,"height":477,"caption":"EU-People"},"image":{"@id":"https:\/\/eu-people.com\/#\/schema\/logo\/image\/"},"sameAs":["https:\/\/www.facebook.com\/EUpeopleHQ\/","https:\/\/www.instagram.com\/eupeople_jobs\/","https:\/\/www.linkedin.com\/company\/eu-people-b.v.\/"],"description":"A EU-People \u00e9 uma ag\u00eancia de recrutamento holandesa l\u00edder no setor, que liga profissionais internacionais a empregadores de confian\u00e7a na regi\u00e3o de Eindhoven e em toda a Holanda. Recrutamos para vagas nas \u00e1reas t\u00e9cnica, log\u00edstica, produ\u00e7\u00e3o e ind\u00fastria alimentar, incluindo fun\u00e7\u00f5es nas \u00e1reas da carpintaria, metalurgia, salas limpas, montagem e operadores de m\u00e1quinas. Oferecemos alojamento de qualidade, transporte, sal\u00e1rio semanal e apoio personalizado, desde a candidatura at\u00e9 \u00e0 contrata\u00e7\u00e3o.","email":"info@eu-people.com","telephone":"+31882014100","legalName":"EU-People B.V.","vatID":"NL817327472B01","numberOfEmployees":{"@type":"QuantitativeValue","minValue":"201","maxValue":"500"}}]}},"_links":{"self":[{"href":"https:\/\/eu-people.com\/pt\/wp-json\/wp\/v2\/pages\/368","targetHints":{"allow":["GET"]}}],"collection":[{"href":"https:\/\/eu-people.com\/pt\/wp-json\/wp\/v2\/pages"}],"about":[{"href":"https:\/\/eu-people.com\/pt\/wp-json\/wp\/v2\/types\/page"}],"author":[{"embeddable":true,"href":"https:\/\/eu-people.com\/pt\/wp-json\/wp\/v2\/users\/1"}],"replies":[{"embeddable":true,"href":"https:\/\/eu-people.com\/pt\/wp-json\/wp\/v2\/comments?post=368"}],"version-history":[{"count":8,"href":"https:\/\/eu-people.com\/pt\/wp-json\/wp\/v2\/pages\/368\/revisions"}],"predecessor-version":[{"id":704,"href":"https:\/\/eu-people.com\/pt\/wp-json\/wp\/v2\/pages\/368\/revisions\/704"}],"up":[{"embeddable":true,"href":"https:\/\/eu-people.com\/pt\/wp-json\/wp\/v2\/pages\/366"}],"wp:attachment":[{"href":"https:\/\/eu-people.com\/pt\/wp-json\/wp\/v2\/media?parent=368"}],"curies":[{"name":"wp","href":"https:\/\/api.w.org\/{rel}","templated":true}]}}