{"id":831,"date":"2026-08-31T11:05:56","date_gmt":"2026-08-31T10:05:56","guid":{"rendered":"https:\/\/eu-people.com\/working-in-the-netherlands\/accomodation\/"},"modified":"2026-08-31T11:16:44","modified_gmt":"2026-08-31T10:16:44","slug":"alojamento-2","status":"publish","type":"page","link":"https:\/\/eu-people.com\/pt\/working-in-the-netherlands\/accomodation\/","title":{"rendered":"Trabalhar na Holanda com alojamento inclu\u00eddo"},"content":{"rendered":"<section class=\"hero\">\n    \n    \n    <div class=\"grid hero-wrap boxed\">\n        <div class=\"content-wrap\">\n            <div class=\"grid textbox justify-items-start align-content-center\">\n                                                <span class=\"breadcrumb\"><span><span><a href=\"https:\/\/eu-people.com\/pt\/\">P\u00e1gina inicial<\/a><\/span><\/span><\/span>                \n                <h1>Pernoites durante o trabalho na Holanda!<\/h1>\n\n                <div class=\"text\"><p>Queres come\u00e7ar a trabalhar na Holanda com alojamento inclu\u00eddo? Nesta p\u00e1gina, fornecemos-te informa\u00e7\u00f5es detalhadas sobre como oferecemos alojamento aos nossos colaboradores. Se trabalhares connosco na Holanda, teremos todo o prazer em providenciar-te alojamento!<\/p>\n<\/div>\n\n                            <\/div>\n        <\/div>\n    <\/div>\n\n    \n<\/section>\n\n<section class=\"text-image std-padding\">\n\n            <div class=\"grid text-image-wrap boxed col-2\">\n            \n<div class=\"image\">\n            <img decoding=\"async\" src=\"https:\/\/eu-people.com\/wp-content\/uploads\/2026\/08\/DALL\u00b7E-2024-06-20-16.42.26-A-photorealistic-image-of-a-quiet-residential-street-lined-with-simple-modern-houses.-Each-house-has-a-neat-minimalistic-design-with-clean-lines-and.webp\">\n    <\/div>\n\n<div class=\"grid textbox justify-items-start align-content-center\">\n            \n        <h2>Trabalhar na Holanda com alojamento inclu\u00eddo<\/h2>\n        \n    <div class=\"text\"><p>Na EU-People, al\u00e9m de te arranjarmos um emprego, tamb\u00e9m providenciamos alojamento adequado nas proximidades do teu local de trabalho. Certificado pela SNF, organizado de forma clara e pr\u00f3ximo do teu novo local de trabalho.<\/p>\n<p>Existe uma escassez de habita\u00e7\u00e3o nos Pa\u00edses Baixos, mas n\u00e3o precisas de te preocupar com isso: oferecemos alojamento tempor\u00e1rio confort\u00e1vel e acess\u00edvel, perto do teu novo emprego. O teu conforto \u00e9 importante para n\u00f3s, pois quanto mais \u00e0 vontade te sentires em casa, melhor te sentir\u00e1s no trabalho. \u00c9 por isso que estabelecemos requisitos elevados para as nossas habita\u00e7\u00f5es de empresa, que cumprem (e at\u00e9 superam!) as normas de alojamento da <a href=\"https:\/\/eu-people.com\/pt\/uitleg-over-de-certificaten-van-snf-sna-en-nbbu\/\">SNF<\/a>.<\/p>\n<\/div>\n\n    <\/div>\n        <\/div>\n    \n<\/section>\n\n<section class=\"editor grey margin-none\">\n        <div class=\"editor-wrap boxed\">\n            <div class=\"autop content\"><h2>Informa\u00e7\u00f5es pr\u00e1ticas sobre o teu alojamento<\/h2>\n<p>Assim que encontrarmos um emprego para ti, podemos tratar do teu alojamento. O teu alojamento ficar\u00e1 o mais pr\u00f3ximo poss\u00edvel do teu novo emprego. Enviamos-lhe fotografias e todas as informa\u00e7\u00f5es necess\u00e1rias sobre a sua nova casa. Antes de dar o seu consentimento, saber\u00e1 exatamente quantos colegas de casa ter\u00e1, se ter\u00e1 algum colega de casa e qual ser\u00e1 o valor da renda. O valor da renda ser\u00e1 deduzido semanalmente do teu sal\u00e1rio e, normalmente, rondar\u00e1 os 90 \u20ac por semana, ap\u00f3s a aplica\u00e7\u00e3o da <a href=\"https:\/\/eu-people.com\/pt\/os-impostos-na-holanda-nem-tudo-e-mau\/\">Dedu\u00e7\u00e3o fiscal extraterritorial<\/a>.<\/p>\n<p>Assim que aceitares o espa\u00e7o atribu\u00eddo, receber\u00e1s o nosso regulamento e um contrato de alojamento para assinares. Depois, estar\u00e1 na hora de viajares para a tua nova casa! \u00c0 chegada, entregar-te-emos as chaves da casa e um dos teus colegas de casa ir\u00e1 mostrar-te as instala\u00e7\u00f5es. Se decidires <a href=\"https:\/\/eu-people.com\/pt\/ser-motorista-com-cidadaos-da-ue\/\">Administrador da EU-Mens<\/a> Quando te tornares, tamb\u00e9m receber\u00e1s as chaves do carro.<\/p>\n<p>Queres saber o que mais tens de tratar antes de come\u00e7ares a trabalhar na Holanda? L\u00ea o nosso blogue: <a href=\"https:\/\/eu-people.com\/pt\/de-5-belangrijkste-zaken-die-je-moet-regelen-voordat-je-in-nederland-gaat-werken\/\">As 5 coisas mais importantes que deve tratar antes de come\u00e7ar a trabalhar na Holanda<\/a>!<\/p>\n<\/div>\n        <\/div>\n<\/section>\n\n\n<section class=\"vacancy-slider std-padding\">\n\n            <div class=\"boxed vacancy-slider-wrap\">\n            \n<div class=\"grid textbox justify-items-start align-content-center\">\n            \n        <h2>Descubra as nossas ofertas de emprego<\/h2>\n        \n    <div class=\"text\"><p>Pronto para come\u00e7ar a trabalhar e a ter um alojamento? Consulte as nossas ofertas de emprego atuais.<\/p>\n<\/div>\n\n    <div class=\"flex buttons\">\n\t\t<a href=\"https:\/\/eu-people.com\/pt\/vaga\/\" target=\"\" class=\"button alt\">\n\t\t<span>Descubra aqui todas as nossas ofertas de emprego<\/span><i class=\"fa-solid fa-arrow-up-right\"><\/i>\n\t<\/a>\n\t<\/div><\/div>\n\n\n<div class=\"splide vacancy-slider\">\n\n    <div class=\"splide__arrows rw-arrows sides\">\n        <button class=\"splide__arrow splide__arrow--prev\"><i class=\"fa-regular fa-arrow-right\"><\/i><\/button>\n        <button class=\"splide__arrow splide__arrow--next\"><i class=\"fa-regular fa-arrow-right\"><\/i><\/button>\n    <\/div>\n\n    <div class=\"splide__track\" role=\"group\">\n        <ul class=\"grid vacancies splide__list\">\n        <article class=\"vacancy splide__slide\">\n    \n        \n    <a class=\"grid justify-items-start\" href=\"https:\/\/eu-people.com\/pt\/vacancy\/warehouse-worker-3\/\">\n\t\t\n        <h4>Trabalhador de armaz\u00e9m<\/h4>\n        \n        <div class=\"flex meta wrap\">\n                        <div class=\"flex item align-items-center gap-sm\">\n                <i class=\"fa-solid fa-briefcase\"><\/i>\n                <span>Armazenagem<\/span>\n            <\/div>\n                                    <div class=\"flex item align-items-center gap-sm\">\n                <i class=\"fa-solid fa-graduation-cap\"><\/i>\n                <span>N\u00e3o \u00e9 necess\u00e1ria forma\u00e7\u00e3o pr\u00e9via<\/span>\n            <\/div>\n                                    <div class=\"flex item align-items-center gap-sm\">\n                <i class=\"fa-solid fa-location-dot\"><\/i>\n                <span>Breda<\/span>\n            <\/div>\n                                    <div class=\"flex item align-items-center gap-sm\">\n                <i class=\"fa-solid fa-briefcase\"><\/i>\n                <span>40.00<\/span>\n            <\/div>\n                    <\/div>\n        \n        <div class=\"text\">Est\u00e1 \u00e0 procura de um trabalho din\u00e2mico, em que nenhum dia \u00e9 igual ao outro? Junte-se \u00e0 nossa equipa entusiasta em Breda e torne-se uma parte essencial da nossa opera\u00e7\u00e3o log\u00edstica. Todos os dias, juntamente com os seus colegas, garantir\u00e1 que milhares de tesouros em segunda m\u00e3o e encomendas sejam triados de forma r\u00e1pida e precisa antes de serem enviados para clientes na Holanda, na B\u00e9lgica e em Fran\u00e7a. Se gosta de trabalhar num ambiente din\u00e2mico e de se manter ativo, este ser\u00e1 um excelente local de trabalho para si.<\/div>\n        \n        <div class=\"flex gap-sm wrap\">\n                        <div class=\"flex salary align-items-center gap-sm\">\n                <i class=\"fa-solid fa-money-bill\"><\/i>\n                <span>14,99 \u20ac \u2013 19,49 \u20ac por hora<\/span>\n            <\/div>\n                        \n            <span class=\"button alt\">\n                <span>Detalhes<\/span><i class=\"fa-solid fa-arrow-up-right\"><\/i>\n            <\/span>\n        <\/div>\n        \n    <\/a>\n<\/article><article class=\"vacancy splide__slide\">\n    \n        \n    <a class=\"grid justify-items-start\" href=\"https:\/\/eu-people.com\/pt\/vacancy\/warehouse-worker\/\">\n\t\t\n        <h4>Trabalhador de armaz\u00e9m<\/h4>\n        \n        <div class=\"flex meta wrap\">\n                        <div class=\"flex item align-items-center gap-sm\">\n                <i class=\"fa-solid fa-briefcase\"><\/i>\n                <span>Armazenagem<\/span>\n            <\/div>\n                                    <div class=\"flex item align-items-center gap-sm\">\n                <i class=\"fa-solid fa-graduation-cap\"><\/i>\n                <span>Sem forma\u00e7\u00e3o pr\u00e9via<\/span>\n            <\/div>\n                                    <div class=\"flex item align-items-center gap-sm\">\n                <i class=\"fa-solid fa-location-dot\"><\/i>\n                <span>\u2019s Hertogenbosch<\/span>\n            <\/div>\n                                    <div class=\"flex item align-items-center gap-sm\">\n                <i class=\"fa-solid fa-briefcase\"><\/i>\n                <span>36.00<\/span>\n            <\/div>\n                    <\/div>\n        \n        <div class=\"text\">produ\u00e7\u00e3o \u2022 a tempo inteiro \u2022 36 horas \u2022 2 turnos \u2022 b\u00f3nus por turno \u2022 contrato de longa dura\u00e7\u00e3o \u2022 \u00e9 necess\u00e1rio saber ingl\u00eas<\/div>\n        \n        <div class=\"flex gap-sm wrap\">\n                        <div class=\"flex salary align-items-center gap-sm\">\n                <i class=\"fa-solid fa-money-bill\"><\/i>\n                <span>17,76 \u20ac por hora<\/span>\n            <\/div>\n                        \n            <span class=\"button alt\">\n                <span>Detalhes<\/span><i class=\"fa-solid fa-arrow-up-right\"><\/i>\n            <\/span>\n        <\/div>\n        \n    <\/a>\n<\/article><article class=\"vacancy splide__slide\">\n    \n        \n    <a class=\"grid justify-items-start\" href=\"https:\/\/eu-people.com\/pt\/vacancy\/warehouse-operator\/\">\n\t\t\n        <h4>Operador de armaz\u00e9m<\/h4>\n        \n        <div class=\"flex meta wrap\">\n                        <div class=\"flex item align-items-center gap-sm\">\n                <i class=\"fa-solid fa-briefcase\"><\/i>\n                <span>Log\u00edstica<\/span>\n            <\/div>\n                                    <div class=\"flex item align-items-center gap-sm\">\n                <i class=\"fa-solid fa-graduation-cap\"><\/i>\n                <span>N\u00e3o \u00e9 necess\u00e1ria forma\u00e7\u00e3o pr\u00e9via<\/span>\n            <\/div>\n                                    <div class=\"flex item align-items-center gap-sm\">\n                <i class=\"fa-solid fa-location-dot\"><\/i>\n                <span>Venlo<\/span>\n            <\/div>\n                                    <div class=\"flex item align-items-center gap-sm\">\n                <i class=\"fa-solid fa-briefcase\"><\/i>\n                <span>40.00<\/span>\n            <\/div>\n                    <\/div>\n        \n        <div class=\"text\">2 turnos rotativos \u2022 Experi\u00eancia necess\u00e1ria \u2022 Ingl\u00eas obrigat\u00f3rio \u2022 Possibilidade de contrato de longa dura\u00e7\u00e3o \u2022 Oportunidades de crescimento \u2022<\/div>\n        \n        <div class=\"flex gap-sm wrap\">\n                        <div class=\"flex salary align-items-center gap-sm\">\n                <i class=\"fa-solid fa-money-bill\"><\/i>\n                <span>14,99 \u20ac \u2013 18,27 \u20ac por hora<\/span>\n            <\/div>\n                        \n            <span class=\"button alt\">\n                <span>Detalhes<\/span><i class=\"fa-solid fa-arrow-up-right\"><\/i>\n            <\/span>\n        <\/div>\n        \n    <\/a>\n<\/article><article class=\"vacancy splide__slide\">\n    \n        \n    <a class=\"grid justify-items-start\" href=\"https:\/\/eu-people.com\/pt\/vacancy\/technical-repair-worker\/\">\n\t\t\n        <h4>T\u00e9cnico de Repara\u00e7\u00e3o<\/h4>\n        \n        <div class=\"flex meta wrap\">\n                        <div class=\"flex item align-items-center gap-sm\">\n                <i class=\"fa-solid fa-briefcase\"><\/i>\n                <span>Manuten\u00e7\u00e3o e Servi\u00e7os T\u00e9cnicos<\/span>\n            <\/div>\n                                    <div class=\"flex item align-items-center gap-sm\">\n                <i class=\"fa-solid fa-graduation-cap\"><\/i>\n                <span>Sem forma\u00e7\u00e3o pr\u00e9via<\/span>\n            <\/div>\n                                    <div class=\"flex item align-items-center gap-sm\">\n                <i class=\"fa-solid fa-location-dot\"><\/i>\n                <span>Eindhoven<\/span>\n            <\/div>\n                                    <div class=\"flex item align-items-center gap-sm\">\n                <i class=\"fa-solid fa-briefcase\"><\/i>\n                <span>40.00<\/span>\n            <\/div>\n                    <\/div>\n        \n        <div class=\"text\">a tempo inteiro \u2022  t\u00e9cnico \u2022 independente \u2022 subs\u00eddio de desloca\u00e7\u00e3o \u2022 oportunidades de crescimento \u2022 possibilidade de contrato direto<\/div>\n        \n        <div class=\"flex gap-sm wrap\">\n                        <div class=\"flex salary align-items-center gap-sm\">\n                <i class=\"fa-solid fa-money-bill\"><\/i>\n                <span>18,64 \u20ac por hora<\/span>\n            <\/div>\n                        \n            <span class=\"button alt\">\n                <span>Detalhes<\/span><i class=\"fa-solid fa-arrow-up-right\"><\/i>\n            <\/span>\n        <\/div>\n        \n    <\/a>\n<\/article><article class=\"vacancy splide__slide\">\n    \n        \n    <a class=\"grid justify-items-start\" href=\"https:\/\/eu-people.com\/pt\/vacancy\/plastic-welder-2\/\">\n\t\t\n        <h4>Soldador de pl\u00e1stico<\/h4>\n        \n        <div class=\"flex meta wrap\">\n                        <div class=\"flex item align-items-center gap-sm\">\n                <i class=\"fa-solid fa-briefcase\"><\/i>\n                <span>Produ\u00e7\u00e3o e Montagem<\/span>\n            <\/div>\n                                    <div class=\"flex item align-items-center gap-sm\">\n                <i class=\"fa-solid fa-graduation-cap\"><\/i>\n                <span>Sem forma\u00e7\u00e3o pr\u00e9via<\/span>\n            <\/div>\n                                    <div class=\"flex item align-items-center gap-sm\">\n                <i class=\"fa-solid fa-location-dot\"><\/i>\n                <span>Nuenen<\/span>\n            <\/div>\n                                    <div class=\"flex item align-items-center gap-sm\">\n                <i class=\"fa-solid fa-briefcase\"><\/i>\n                <span>40.00<\/span>\n            <\/div>\n                    <\/div>\n        \n        <div class=\"text\">Estamos \u00e0 procura de um Soldador de Pl\u00e1stico \/ T\u00e9cnico de Montagem motivado e meticuloso para um cargo de longa dura\u00e7\u00e3o na Holanda. Trata-se de uma fun\u00e7\u00e3o t\u00e9cnica pr\u00e1tica, destinada a algu\u00e9m que goste de trabalhar com ferramentas, seguir desenhos t\u00e9cnicos e produzir um trabalho de alta qualidade.<\/div>\n        \n        <div class=\"flex gap-sm wrap\">\n                        <div class=\"flex salary align-items-center gap-sm\">\n                <i class=\"fa-solid fa-money-bill\"><\/i>\n                <span>16,52 \u20ac \u2013 16,52 \u20ac por hora<\/span>\n            <\/div>\n                        \n            <span class=\"button alt\">\n                <span>Detalhes<\/span><i class=\"fa-solid fa-arrow-up-right\"><\/i>\n            <\/span>\n        <\/div>\n        \n    <\/a>\n<\/article><article class=\"vacancy splide__slide\">\n    \n        \n    <a class=\"grid justify-items-start\" href=\"https:\/\/eu-people.com\/pt\/vacancy\/cnc-operator-plastic-2-shifts\/\">\n\t\t\n        <h4>Operador de CNC de Pl\u00e1stico (2 turnos)<\/h4>\n        \n        <div class=\"flex meta wrap\">\n                        <div class=\"flex item align-items-center gap-sm\">\n                <i class=\"fa-solid fa-briefcase\"><\/i>\n                <span>Produ\u00e7\u00e3o e Montagem<\/span>\n            <\/div>\n                                    <div class=\"flex item align-items-center gap-sm\">\n                <i class=\"fa-solid fa-graduation-cap\"><\/i>\n                <span>Sem forma\u00e7\u00e3o pr\u00e9via<\/span>\n            <\/div>\n                                    <div class=\"flex item align-items-center gap-sm\">\n                <i class=\"fa-solid fa-location-dot\"><\/i>\n                <span>Eindhoven<\/span>\n            <\/div>\n                                    <div class=\"flex item align-items-center gap-sm\">\n                <i class=\"fa-solid fa-briefcase\"><\/i>\n                <span>40.00<\/span>\n            <\/div>\n                    <\/div>\n        \n        <div class=\"text\">CNC  \u2022 ferramentas mec\u00e2nicas \u2022 desenhos t\u00e9cnicos \u2022 a tempo inteiro \u2022 2 turnos \u2022 b\u00f3nus de turno \u2022 contrato de longo prazo \u2022 bebidas quentes gratuitas \u2022 subs\u00eddio de desloca\u00e7\u00e3o \u2022 possibilidade de contrato direto<\/div>\n        \n        <div class=\"flex gap-sm wrap\">\n                        <div class=\"flex salary align-items-center gap-sm\">\n                <i class=\"fa-solid fa-money-bill\"><\/i>\n                <span>23,19 \u20ac por hora<\/span>\n            <\/div>\n                        \n            <span class=\"button alt\">\n                <span>Detalhes<\/span><i class=\"fa-solid fa-arrow-up-right\"><\/i>\n            <\/span>\n        <\/div>\n        \n    <\/a>\n<\/article>        <\/ul>\n    <\/div>\n\n<\/div>\n        <\/div>\n    \n<\/section>\n\n<section class=\"editor white margin-none\">\n        <div class=\"editor-wrap boxed\">\n            <div class=\"autop content\"><h2>Caracter\u00edsticas do alojamento<\/h2>\n<p>Como ag\u00eancia de trabalho tempor\u00e1rio que disponibiliza alojamento, fazemos o nosso melhor para tornar as nossas casas num local confort\u00e1vel para viver. Todas as nossas acomoda\u00e7\u00f5es da EU-People disp\u00f5em de uma cozinha totalmente equipada com bastante espa\u00e7o no frigor\u00edfico, casas de banho confort\u00e1veis, casas de banho separadas e uma ampla sala de estar comum para conviver com os teus colegas de casa. T\u00eam tamb\u00e9m agrad\u00e1veis \u00e1reas de estar exteriores, caso queira fumar (as nossas casas s\u00e3o para n\u00e3o fumadores) ou apanhar ar fresco. Os quartos s\u00e3o partilhados por, no m\u00e1ximo, duas pessoas e disp\u00f5em de camas confort\u00e1veis e espa\u00e7o de arruma\u00e7\u00e3o suficiente para os seus pertences pessoais. A partir das nossas habita\u00e7\u00f5es para profissionais, \u00e9 apenas uma curta viagem de carro ou de bicicleta at\u00e9 ao seu local de trabalho.<\/p>\n<\/div>\n        <\/div>\n<\/section>\n\n\n<section class=\"editor grey margin-none\">\n        <div class=\"editor-wrap boxed\">\n            <div class=\"autop content\"><h2>Op\u00e7\u00f5es de alojamento partilhado<\/h2>\n<p>Se trabalhas na Holanda com amigos ou com o teu parceiro, compreendemos que tamb\u00e9m queiras viver com eles. Por isso, fazemos o nosso melhor para tornar isso poss\u00edvel. Em princ\u00edpio, colocamos os colegas o mais pr\u00f3ximo poss\u00edvel uns dos outros. Se trabalhas com amigos, tentamos coloc\u00e1-los na mesma casa ou em casas a uma curta dist\u00e2ncia umas das outras. E se trabalhas com o teu parceiro, garantimos que possam partilhar um quarto.<\/p>\n<p>Querem trabalhar na Holanda como casal? Saiba mais na nossa p\u00e1gina: <a href=\"https:\/\/eu-people.com\/pt\/trabalhar-na-holanda\/para-casais\/\">Trabalhar na Holanda para casais<\/a>!<\/p>\n<\/div>\n        <\/div>\n<\/section>\n\n\n<section class=\"editor white margin-none\">\n        <div class=\"editor-wrap boxed\">\n            <div class=\"autop content\"><h2>Dura\u00e7\u00e3o da estadia<\/h2>\n<p>Podes viver nas nossas instala\u00e7\u00f5es enquanto trabalhar connosco. Se quiseres ficar mais tempo, ter\u00e1s de apresentar um pedido formal e pagar a renda antecipadamente. Gostar\u00edamos que continuasses a trabalhar connosco o m\u00e1ximo de tempo poss\u00edvel, para que possamos construir uma bela colabora\u00e7\u00e3o de longo prazo durante a tua estadia na Holanda.<\/p>\n<p>Leia o nosso blogue para saber qual \u00e9 a dura\u00e7\u00e3o m\u00e1xima da nossa colabora\u00e7\u00e3o: <a href=\"https:\/\/eu-people.com\/pt\/voorwaarden-voor-flexibel-werken\/\">Durante quanto tempo posso trabalhar numa ag\u00eancia de trabalho tempor\u00e1rio nos Pa\u00edses Baixos?<\/a><\/p>\n<\/div>\n        <\/div>\n<\/section>\n\n\n<section class=\"editor grey margin-none\">\n        <div class=\"editor-wrap boxed\">\n            <div class=\"autop content\"><h2>Apoio e pessoa de contacto<\/h2>\n<p>Durante o hor\u00e1rio de expediente, a nossa simp\u00e1tica equipa administrativa est\u00e1 \u00e0 tua disposi\u00e7\u00e3o para te ajudar com todas as tuas d\u00favidas. Podem ajudar-te a tratar de um <a href=\"https:\/\/eu-people.com\/pt\/bsn-eis-porque-e-que-precisas-mesmo-de-um\/\">BSN<\/a>, que \u00e9 necess\u00e1rio para trabalhar na Holanda, e, eventualmente, um <a href=\"https:\/\/eu-people.com\/pt\/os-impostos-na-holanda-nem-tudo-e-mau\/\">Dedu\u00e7\u00e3o fiscal extraterritorial<\/a> para ti. Somos conhecidos pelo nosso excelente apoio em caso de d\u00favidas ou problemas, por isso n\u00e3o hesites em <a href=\"https:\/\/eu-people.com\/pt\/contacto\/\">entrar em contacto connosco<\/a>! Fora do hor\u00e1rio de expediente, estamos dispon\u00edveis para situa\u00e7\u00f5es de emerg\u00eancia para todos aqueles que trabalham e residem connosco. Os nossos colaboradores falam v\u00e1rias l\u00ednguas, como o neerland\u00eas, o ingl\u00eas e o polaco, pelo que a l\u00edngua n\u00e3o ser\u00e1 um problema.<\/p>\n<p>Queres saber como \u00e9 trabalhar na Holanda sem falar holand\u00eas? L\u00ea mais na nossa p\u00e1gina: <a href=\"https:\/\/eu-people.com\/pt\/trabalhar-na-holanda\/without-language\/\">Trabalhar na Holanda sem saber a l\u00edngua<\/a>.<\/p>\n<p>Se tiver alguma d\u00favida neste momento, n\u00e3o hesite em contactar-nos. Teremos todo o gosto em ajud\u00e1-lo!<\/p>\n<\/div>\n        <\/div>\n<\/section>\n\n\n<section class=\"editor white margin-none\">\n        <div class=\"editor-wrap boxed\">\n            <div class=\"autop content\"><h2>Come\u00e7a a trabalhar na Holanda com alojamento inclu\u00eddo!<\/h2>\n<p>Estamos ansiosos por encontrar um emprego adequado para ti e por tratar da tua habita\u00e7\u00e3o. Est\u00e1s pronto para come\u00e7ar a trabalhar na Holanda com habita\u00e7\u00e3o garantida? Ent\u00e3o n\u00e3o deixes de consultar a nossa <a href=\"https:\/\/eu-people.com\/pt\/vaga\/\">vagas de emprego atuais<\/a> ou deixe um <a href=\"https:\/\/eu-people.com\/pt\/candidatura-espontanea\/\">candidatura espont\u00e2nea<\/a> Atr\u00e1s!<\/p>\n<p>Quer saber mais sobre trabalhar na Holanda em geral? Consulte o nosso resumo: <a href=\"https:\/\/eu-people.com\/pt\/trabalhar-na-holanda\/\">Trabalhar na Holanda<\/a>.<\/p>\n<\/div>\n        <\/div>\n<\/section>\n\n\n\n<section class=\"highlight-banner  text-1\">\n    <div class=\"boxed\">\n        <div class=\"flex columns\">\n        \n            <div class=\"grid textbox justify-items-start align-content-center left w-full\">\n                \n                                <h2>Come\u00e7ar com o emprego e a habita\u00e7\u00e3o<\/h2>\n                \n                <div class=\"text\"><p>Consulte as nossas ofertas de emprego, envie uma candidatura espont\u00e2nea ou contacte o nosso escrit\u00f3rio na Pol\u00f3nia ou na Holanda. Teremos todo o prazer em tratar do seu emprego e do seu alojamento.<\/p>\n<\/div>\n\n                <div class=\"flex buttons\">\n\t\t<a href=\"https:\/\/eu-people.com\/pt\/vaga\/\" target=\"\" class=\"button\">\n\t\t<span>As nossas ofertas de emprego atuais<\/span><i class=\"fa-solid fa-arrow-up-right\"><\/i>\n\t<\/a>\n\t\t<a href=\"https:\/\/eu-people.com\/pt\/contacto\/\" target=\"\" class=\"button alt\">\n\t\t<span>Entre em contacto com o nosso escrit\u00f3rio na Pol\u00f3nia<\/span><i class=\"fa-solid fa-arrow-up-right\"><\/i>\n\t<\/a>\n\t\t<a href=\"https:\/\/eu-people.com\/pt\/contacto\/\" target=\"\" class=\"button alt\">\n\t\t<span>Entre em contacto com o nosso escrit\u00f3rio na Holanda<\/span><i class=\"fa-solid fa-arrow-up-right\"><\/i>\n\t<\/a>\n\t<\/div>            <\/div>\n            \n            <div class=\"image-wrap\">\n                                            <\/div>\n            \n                    \n        <\/div>\n    <\/div>\n<\/section>","protected":false},"excerpt":{"rendered":"","protected":false},"author":1,"featured_media":0,"parent":324,"menu_order":0,"comment_status":"closed","ping_status":"closed","template":"","meta":{"_acf_changed":false,"footnotes":""},"class_list":["post-831","page","type-page","status-publish","hentry"],"acf":[],"yoast_head":"<!-- This site is optimized with the Yoast SEO Premium plugin v28.3 (Yoast SEO v28.3) - https:\/\/yoast.com\/product\/yoast-seo-premium-wordpress\/ -->\n<title>Werken in Nederland met huisvesting - EU-People<\/title>\n<meta name=\"description\" content=\"Werken in Nederland met huisvesting - EU-People\" \/>\n<meta name=\"robots\" content=\"index, follow, max-snippet:-1, max-image-preview:large, max-video-preview:-1\" \/>\n<link rel=\"canonical\" href=\"https:\/\/eu-people.com\/pt\/trabalhar-na-holanda\/alojamento-2\/\" \/>\n<meta property=\"og:locale\" content=\"pt_PT\" \/>\n<meta property=\"og:type\" content=\"article\" \/>\n<meta property=\"og:title\" content=\"Werken in Nederland met huisvesting\" \/>\n<meta property=\"og:description\" content=\"Werken in Nederland met huisvesting - EU-People\" \/>\n<meta property=\"og:url\" content=\"https:\/\/eu-people.com\/pt\/trabalhar-na-holanda\/alojamento-2\/\" \/>\n<meta property=\"og:site_name\" content=\"EU-People\" \/>\n<meta property=\"article:publisher\" content=\"https:\/\/www.facebook.com\/EUpeopleHQ\/\" \/>\n<meta property=\"article:modified_time\" content=\"2026-08-31T10:16:44+00:00\" \/>\n<meta name=\"twitter:card\" content=\"summary_large_image\" \/>\n<script type=\"application\/ld+json\" class=\"yoast-schema-graph\">{\"@context\":\"https:\\\/\\\/schema.org\",\"@graph\":[{\"@type\":\"WebPage\",\"@id\":\"https:\\\/\\\/eu-people.com\\\/working-in-the-netherlands\\\/accomodation\\\/\",\"url\":\"https:\\\/\\\/eu-people.com\\\/working-in-the-netherlands\\\/accomodation\\\/\",\"name\":\"Werken in Nederland met huisvesting - EU-People\",\"isPartOf\":{\"@id\":\"https:\\\/\\\/eu-people.com\\\/#website\"},\"datePublished\":\"2026-08-31T10:05:56+00:00\",\"dateModified\":\"2026-08-31T10:16:44+00:00\",\"description\":\"Werken in Nederland met huisvesting - EU-People\",\"breadcrumb\":{\"@id\":\"https:\\\/\\\/eu-people.com\\\/working-in-the-netherlands\\\/accomodation\\\/#breadcrumb\"},\"inLanguage\":\"pt-PT\",\"potentialAction\":[{\"@type\":\"ReadAction\",\"target\":[\"https:\\\/\\\/eu-people.com\\\/working-in-the-netherlands\\\/accomodation\\\/\"]}]},{\"@type\":\"BreadcrumbList\",\"@id\":\"https:\\\/\\\/eu-people.com\\\/working-in-the-netherlands\\\/accomodation\\\/#breadcrumb\",\"itemListElement\":[{\"@type\":\"ListItem\",\"position\":1,\"name\":\"Home\",\"item\":\"https:\\\/\\\/eu-people.com\\\/\"},{\"@type\":\"ListItem\",\"position\":2,\"name\":\"Werken in Nederland\",\"item\":\"https:\\\/\\\/eu-people.com\\\/working-in-the-netherlands\\\/\"},{\"@type\":\"ListItem\",\"position\":3,\"name\":\"Werken in Nederland met huisvesting\"}]},{\"@type\":\"WebSite\",\"@id\":\"https:\\\/\\\/eu-people.com\\\/#website\",\"url\":\"https:\\\/\\\/eu-people.com\\\/\",\"name\":\"EU-People\",\"description\":\"\",\"publisher\":{\"@id\":\"https:\\\/\\\/eu-people.com\\\/#organization\"},\"potentialAction\":[{\"@type\":\"SearchAction\",\"target\":{\"@type\":\"EntryPoint\",\"urlTemplate\":\"https:\\\/\\\/eu-people.com\\\/?s={search_term_string}\"},\"query-input\":{\"@type\":\"PropertyValueSpecification\",\"valueRequired\":true,\"valueName\":\"search_term_string\"}}],\"inLanguage\":\"pt-PT\"},{\"@type\":\"Organization\",\"@id\":\"https:\\\/\\\/eu-people.com\\\/#organization\",\"name\":\"EU-People\",\"alternateName\":\"EU-People | Profs for Profs\",\"url\":\"https:\\\/\\\/eu-people.com\\\/\",\"logo\":{\"@type\":\"ImageObject\",\"inLanguage\":\"pt-PT\",\"@id\":\"https:\\\/\\\/eu-people.com\\\/#\\\/schema\\\/logo\\\/image\\\/\",\"url\":\"https:\\\/\\\/eu-people.com\\\/wp-content\\\/uploads\\\/2026\\\/02\\\/logo-scaled.png\",\"contentUrl\":\"https:\\\/\\\/eu-people.com\\\/wp-content\\\/uploads\\\/2026\\\/02\\\/logo-scaled.png\",\"width\":2560,\"height\":477,\"caption\":\"EU-People\"},\"image\":{\"@id\":\"https:\\\/\\\/eu-people.com\\\/#\\\/schema\\\/logo\\\/image\\\/\"},\"sameAs\":[\"https:\\\/\\\/www.facebook.com\\\/EUpeopleHQ\\\/\",\"https:\\\/\\\/www.instagram.com\\\/eupeople_jobs\\\/\",\"https:\\\/\\\/www.linkedin.com\\\/company\\\/eu-people-b.v.\\\/\"],\"description\":\"EU-People is a leading Dutch recruitment agency connecting international professionals with reliable employers in the Eindhoven region and across the Netherlands. We recruit for technical, logistics, production and food industry jobs, including woodworking, metalworking, cleanroom, assembly and machine operator roles. We provide quality housing, transport, weekly salary and personal support from application to employment.\",\"email\":\"info@eu-people.com\",\"telephone\":\"+31882014100\",\"legalName\":\"EU-People B.V.\",\"vatID\":\"NL817327472B01\",\"numberOfEmployees\":{\"@type\":\"QuantitativeValue\",\"minValue\":\"201\",\"maxValue\":\"500\"}}]}<\/script>\n<!-- \/ Yoast SEO Premium plugin. -->","yoast_head_json":{"title":"Trabalhar na Holanda com alojamento - EU-People","description":"Trabalhar na Holanda com alojamento - EU-People","robots":{"index":"index","follow":"follow","max-snippet":"max-snippet:-1","max-image-preview":"max-image-preview:large","max-video-preview":"max-video-preview:-1"},"canonical":"https:\/\/eu-people.com\/pt\/trabalhar-na-holanda\/alojamento-2\/","og_locale":"pt_PT","og_type":"article","og_title":"Werken in Nederland met huisvesting","og_description":"Werken in Nederland met huisvesting - EU-People","og_url":"https:\/\/eu-people.com\/pt\/trabalhar-na-holanda\/alojamento-2\/","og_site_name":"EU-People","article_publisher":"https:\/\/www.facebook.com\/EUpeopleHQ\/","article_modified_time":"2026-08-31T10:16:44+00:00","twitter_card":"summary_large_image","schema":{"@context":"https:\/\/schema.org","@graph":[{"@type":"WebPage","@id":"https:\/\/eu-people.com\/working-in-the-netherlands\/accomodation\/","url":"https:\/\/eu-people.com\/working-in-the-netherlands\/accomodation\/","name":"Trabalhar na Holanda com alojamento - EU-People","isPartOf":{"@id":"https:\/\/eu-people.com\/#website"},"datePublished":"2026-08-31T10:05:56+00:00","dateModified":"2026-08-31T10:16:44+00:00","description":"Trabalhar na Holanda com alojamento - EU-People","breadcrumb":{"@id":"https:\/\/eu-people.com\/working-in-the-netherlands\/accomodation\/#breadcrumb"},"inLanguage":"pt-PT","potentialAction":[{"@type":"ReadAction","target":["https:\/\/eu-people.com\/working-in-the-netherlands\/accomodation\/"]}]},{"@type":"BreadcrumbList","@id":"https:\/\/eu-people.com\/working-in-the-netherlands\/accomodation\/#breadcrumb","itemListElement":[{"@type":"ListItem","position":1,"name":"Home","item":"https:\/\/eu-people.com\/"},{"@type":"ListItem","position":2,"name":"Werken in Nederland","item":"https:\/\/eu-people.com\/working-in-the-netherlands\/"},{"@type":"ListItem","position":3,"name":"Werken in Nederland met huisvesting"}]},{"@type":"WebSite","@id":"https:\/\/eu-people.com\/#website","url":"https:\/\/eu-people.com\/","name":"Pessoas da UE","description":"","publisher":{"@id":"https:\/\/eu-people.com\/#organization"},"potentialAction":[{"@type":"SearchAction","target":{"@type":"EntryPoint","urlTemplate":"https:\/\/eu-people.com\/?s={search_term_string}"},"query-input":{"@type":"PropertyValueSpecification","valueRequired":true,"valueName":"search_term_string"}}],"inLanguage":"pt-PT"},{"@type":"Organization","@id":"https:\/\/eu-people.com\/#organization","name":"Pessoas da UE","alternateName":"EU-People | Profs for Profs","url":"https:\/\/eu-people.com\/","logo":{"@type":"ImageObject","inLanguage":"pt-PT","@id":"https:\/\/eu-people.com\/#\/schema\/logo\/image\/","url":"https:\/\/eu-people.com\/wp-content\/uploads\/2026\/02\/logo-scaled.png","contentUrl":"https:\/\/eu-people.com\/wp-content\/uploads\/2026\/02\/logo-scaled.png","width":2560,"height":477,"caption":"EU-People"},"image":{"@id":"https:\/\/eu-people.com\/#\/schema\/logo\/image\/"},"sameAs":["https:\/\/www.facebook.com\/EUpeopleHQ\/","https:\/\/www.instagram.com\/eupeople_jobs\/","https:\/\/www.linkedin.com\/company\/eu-people-b.v.\/"],"description":"A EU-People \u00e9 uma ag\u00eancia de recrutamento holandesa l\u00edder no setor, que liga profissionais internacionais a empregadores de confian\u00e7a na regi\u00e3o de Eindhoven e em toda a Holanda. Recrutamos para vagas nas \u00e1reas t\u00e9cnica, log\u00edstica, produ\u00e7\u00e3o e ind\u00fastria alimentar, incluindo fun\u00e7\u00f5es nas \u00e1reas da carpintaria, metalurgia, salas limpas, montagem e operadores de m\u00e1quinas. Oferecemos alojamento de qualidade, transporte, sal\u00e1rio semanal e apoio personalizado, desde a candidatura at\u00e9 \u00e0 contrata\u00e7\u00e3o.","email":"info@eu-people.com","telephone":"+31882014100","legalName":"EU-People B.V.","vatID":"NL817327472B01","numberOfEmployees":{"@type":"QuantitativeValue","minValue":"201","maxValue":"500"}}]}},"_links":{"self":[{"href":"https:\/\/eu-people.com\/pt\/wp-json\/wp\/v2\/pages\/831","targetHints":{"allow":["GET"]}}],"collection":[{"href":"https:\/\/eu-people.com\/pt\/wp-json\/wp\/v2\/pages"}],"about":[{"href":"https:\/\/eu-people.com\/pt\/wp-json\/wp\/v2\/types\/page"}],"author":[{"embeddable":true,"href":"https:\/\/eu-people.com\/pt\/wp-json\/wp\/v2\/users\/1"}],"replies":[{"embeddable":true,"href":"https:\/\/eu-people.com\/pt\/wp-json\/wp\/v2\/comments?post=831"}],"version-history":[{"count":3,"href":"https:\/\/eu-people.com\/pt\/wp-json\/wp\/v2\/pages\/831\/revisions"}],"predecessor-version":[{"id":839,"href":"https:\/\/eu-people.com\/pt\/wp-json\/wp\/v2\/pages\/831\/revisions\/839"}],"up":[{"embeddable":true,"href":"https:\/\/eu-people.com\/pt\/wp-json\/wp\/v2\/pages\/324"}],"wp:attachment":[{"href":"https:\/\/eu-people.com\/pt\/wp-json\/wp\/v2\/media?parent=831"}],"curies":[{"name":"wp","href":"https:\/\/api.w.org\/{rel}","templated":true}]}}