{"id":308,"date":"2026-04-07T11:00:06","date_gmt":"2026-04-07T10:00:06","guid":{"rendered":"https:\/\/eu-people.com\/?page_id=308"},"modified":"2026-07-31T11:13:20","modified_gmt":"2026-07-31T10:13:20","slug":"marci-de-calitate","status":"publish","type":"page","link":"https:\/\/eu-people.com\/ro\/over-eu-people\/keurmerken\/","title":{"rendered":"M\u0103rci de calitate"},"content":{"rendered":"<section class=\"hero\">\n    \n    \n    <div class=\"grid hero-wrap boxed\">\n        <div class=\"content-wrap\">\n            <div class=\"grid textbox justify-items-start align-content-center\">\n                                                <span class=\"breadcrumb\"><span><span><a href=\"https:\/\/eu-people.com\/ro\/\">Acas\u0103<\/a><\/span><\/span><\/span>                \n                <h1>Despre noi<br><l>M\u0103rci de calitate<\/l><\/h1>\n\n                <div class=\"text\"><p>Certificatele atest\u0103 faptul c\u0103 de\u021bin\u0103torul acestora \u00eendepline\u0219te cerin\u021bele stabilite de organismul de certificare.<\/p>\n<\/div>\n\n                            <\/div>\n        <\/div>\n    <\/div>\n\n    \n<\/section>\n\n<section class=\"fact-tiles std-padding\">\n\n            <div class=\"grid boxed fact-tiles-wrap col-2\">\n            \n<div class=\"grid textbox justify-items-start align-content-center\">\n            \n        <h2>M\u0103rci de calitate<\/h2>\n        \n    <div class=\"text\"><p>Certificatele atest\u0103 faptul c\u0103 de\u021bin\u0103torul acestora \u00eendepline\u0219te cerin\u021bele stabilite de organismul de certificare.<\/p>\n<p>La EU-People acord\u0103m o mare importan\u021b\u0103 bun\u0103st\u0103rii clien\u021bilor \u0219i a angaja\u021bilor no\u0219tri temporari, iar acest lucru se reflect\u0103 \u00een certific\u0103rile pe care le-am ob\u021binut \u0219i pe care le afi\u0219\u0103m cu m\u00e2ndrie.<\/p>\n<p>Fiecare marc\u0103 de calitate face obiectul unui control periodic, cel pu\u021bin o dat\u0103 pe an, \u0219i reprezint\u0103 o dovad\u0103 permanent\u0103 a faptului c\u0103 \u00eendeplinim cerin\u021bele minime stabilite de marca respectiv\u0103.<\/p>\n<\/div>\n\n    <\/div>\n\n<div class=\"fact-tiles\">\n    <div class=\"grid columns\">\n                        <div class=\"grid tile\">\n            \n            <div class=\"content\">\n                <b>Certificat SNF<\/b>\n                <p>Cazare confortabil\u0103 \u0219i de \u00eenalt\u0103 calitate<\/p>\n            <\/div>\n            \n                        <img decoding=\"async\" src=\"https:\/\/eu-people.com\/wp-content\/uploads\/2026\/02\/a8d848db7254e5a12ecddae0e7111707b901f65c.png\">\n                        \n        <\/div>\n        \n                <div class=\"grid tile right\">\n            \n            <div class=\"content\">\n                <b>Certificat SNA<\/b>\n                <p>Cazare confortabil\u0103 \u0219i de \u00eenalt\u0103 calitate<\/p>\n            <\/div>\n            \n                        <img decoding=\"async\" src=\"https:\/\/eu-people.com\/wp-content\/uploads\/2026\/02\/c1633e0c4042913ab6c3d2f2ad1d064dccf13dc0.png\">\n                        \n        <\/div>\n        \n                <div class=\"grid tile\">\n            \n            <div class=\"content\">\n                <b>Certificat NBBU<\/b>\n                <p>Cazare confortabil\u0103 \u0219i de \u00eenalt\u0103 calitate<\/p>\n            <\/div>\n            \n                        <img decoding=\"async\" src=\"https:\/\/eu-people.com\/wp-content\/uploads\/2026\/02\/b3a3571a806d748a75247ceb6ac4674a5204dbbe.png\">\n                        \n        <\/div>\n        \n                <div class=\"grid tile right\">\n            \n            <div class=\"content\">\n                <b>Administra\u021bia fiscal\u0103<\/b>\n                <p>Cazare confortabil\u0103 \u0219i de \u00eenalt\u0103 calitate<\/p>\n            <\/div>\n            \n                        <img decoding=\"async\" src=\"https:\/\/eu-people.com\/wp-content\/uploads\/2026\/02\/6f4a4309b261d251a2f40246fc6ef43ca0c0954c.png\">\n                        \n        <\/div>\n        \n            <\/div>\n<\/div>\n        <\/div>\n    \n<\/section>\n\n<section class=\"editor margin-none\">\n        <div class=\"editor-wrap boxed\">\n            <div class=\"autop content padding grey\"><h2>Certificatul de calitate SNA\u200b<\/h2>\n<p>&nbsp;<\/p>\n<p>SNA \u00eenseamn\u0103 Funda\u021bia pentru Standardizarea Muncii. Marca de calitate SNA a fost creat\u0103 pentru a reduce riscurile care decurg din regimul de r\u0103spundere \u00een lan\u021b. Pentru a preveni abuzurile \u00een ceea ce prive\u0219te plata impozitelor pe salarii, regimul de r\u0103spundere \u00een lan\u021b prevede c\u0103 fiecare verig\u0103 succesiv\u0103 dintr-un lan\u021b de subcontractan\u021bi este responsabil\u0103 pentru efectuarea pl\u0103\u021bii. Astfel, un angajator ar putea fi tras la r\u0103spundere pentru plat\u0103 \u00een cazul \u00een care o agen\u021bie de munc\u0103 temporar\u0103 nu vireaz\u0103 impozitele pe salarii.<\/p>\n<p>Atunci c\u00e2nd colabora\u021bi cu noi, sunte\u021bi proteja\u021bi \u00eempotriva unor astfel de riscuri, a\u0219a cum o dovede\u0219te certificatul nostru SNA. Pentru a v\u0103 reduce la maximum riscul de r\u0103spundere, lucr\u0103m cu un cont G.<\/p>\n<p>Certificatul nostru SNA garanteaz\u0103 c\u0103 respect\u0103m \u00eentotdeauna standardul NEN4400-1, ceea ce \u00eenseamn\u0103 c\u0103 activit\u0103\u021bile noastre de deta\u0219are a personalului se desf\u0103\u0219oar\u0103 \u00een strict\u0103 conformitate cu legisla\u021bia olandez\u0103.<\/p>\n<p>Astfel, suntem supu\u0219i anual unei inspec\u021bii am\u0103nun\u021bite din partea Normec pentru a verifica dac\u0103 \u00eendeplinim \u00een mod corespunz\u0103tor, printre altele:<\/p>\n<p>Declararea \u0219i plata impozitului pe salarii, a taxei pe cifra de afaceri \u0219i a contribu\u021biilor la asigur\u0103rile sociale;<\/p>\n<ul>\n<li>Verific\u0103ri de identitate;<\/li>\n<li>Verific\u0103ri privind dreptul de a desf\u0103\u0219ura activit\u0103\u021bi profesionale \u00een \u021a\u0103rile de Jos;<\/li>\n<li>Plata salariilor \u00een conformitate cu Legea privind salariul minim \u0219i indemniza\u021bia minim\u0103 de concediu;<\/li>\n<li>Re\u021binerea corect\u0103 a cheltuielilor de cazare;<\/li>\n<li>Rambursarea cheltuielilor de deplasare<\/li>\n<\/ul>\n<p>Administratia noastr\u0103, dosarele angaja\u021bilor, documentele de identitate \u0219i stocarea acestor documente \u00een conformitate cu RGPD \u00eendeplinesc \u00een mod demonstrabil aceast\u0103 cerin\u021b\u0103 a standardului NEN 4400-1. A lucra cu noi \u00eenseamn\u0103 a lucra f\u0103r\u0103 riscuri.<\/p>\n<\/div>\n        <\/div>\n<\/section>\n\n\n<section class=\"text-image std-padding\">\n\n            <div class=\"grid text-image-wrap boxed col-2\">\n            \n<div class=\"image\">\n            <img decoding=\"async\" src=\"https:\/\/eu-people.com\/wp-content\/uploads\/2026\/07\/eu-people-over-keurmerken.png\">\n    <\/div>\n\n<div class=\"grid textbox justify-items-start align-content-center\">\n            \n        <h2>Certificatul SNF<\/h2>\n        \n    <div class=\"text\"><p>SNF \u00eenseamn\u0103 Funda\u021bia pentru Standardizarea Locuin\u021belor Flexibile. Prin certificatul nostru SNF, noi, cei de la EU-People, respect\u0103m standardul privind cazarea lucr\u0103torilor migran\u021bi. Printr-o inspec\u021bie am\u0103nun\u021bit\u0103 efectuat\u0103 de Normec, demonstr\u0103m anual c\u0103 locuin\u021bele noastre \u00eendeplinesc cerin\u021bele minime ale standardului. Ba chiar dep\u0103\u0219im cu u\u0219urin\u021b\u0103 aceste cerin\u021be, ceea ce se traduce prin angaja\u021bi mul\u021bumi\u021bi \u0219i o rat\u0103 ridicat\u0103 de reten\u021bie. Colaborarea cu noi \u00eenseamn\u0103 siguran\u021ba c\u0103 locuin\u021bele oferite sunt organizate \u00een mod excelent.<\/p>\n<\/div>\n\n    <div class=\"flex buttons\">\n\t\t<a href=\"https:\/\/eu-people.com\/ro\/contact\/\" target=\"\" class=\"link\">\n\t\t<span>Hai s\u0103 vorbim<\/span><i class=\"fa-solid fa-arrow-up-right\"><\/i>\n\t<\/a>\n\t<\/div><\/div>\n        <\/div>\n    \n<\/section>\n\n<section class=\"editor primary margin-none\">\n        <div class=\"editor-wrap boxed\">\n            <div class=\"autop content\"><h2>Membru al NBBU, din 2008<\/h2>\n<p>&nbsp;<\/p>\n<p>Asocia\u021bia Olandez\u0103 a Agen\u021biilor de Intermediere \u0219i de Munc\u0103 Temporar\u0103 (NBBU) este o organiza\u021bie profesional\u0103 a agen\u021biilor de munc\u0103 temporar\u0103 care ap\u0103r\u0103 interesele a peste 1 300 de astfel de agen\u021bii. NBBU particip\u0103 la negocierile privind contractele colective de munc\u0103 \u0219i ofer\u0103 consultan\u021b\u0103 cu privire la modific\u0103rile legislative importante. \u00cen acest context, asocia\u021bia \u00ee\u0219i reprezint\u0103 membrii \u0219i angaja\u021bii acestora, le pune la dispozi\u021bie cuno\u0219tin\u021be \u0219i recomand\u0103ri \u0219i contribuie activ la elaborarea \u0219i punerea \u00een aplicare a inova\u021biilor pe pia\u021ba muncii flexibile.<\/p>\n<p>Membrii NBBU, printre care se num\u0103r\u0103 \u0219i EU-People, sunt \u00eentreprinderi care \u00ee\u0219i desf\u0103\u0219oar\u0103 activitatea \u00een mod profesionist \u0219i respect\u0103 legisla\u021bia \u0219i reglement\u0103rile \u00een toate domeniile complexe de activitate. Desigur, acestea de\u021bin, printre altele, un certificat SNA \u0219i respect\u0103 reglement\u0103rile SNF privind cazarea lucr\u0103torilor temporari (a se vedea \u0219i certificatul nostru SNF). \u00cen calitate de agen\u021bie de munc\u0103 temporar\u0103 membr\u0103 a NBBU, respect\u0103m cu stricte\u021be conven\u021bia colectiv\u0103 de munc\u0103 a NBBU.<\/p>\n<p>Angaja\u021bii no\u0219tri temporari primesc cel pu\u021bin aceea\u0219i remunera\u021bie ca \u0219i angaja\u021bii care au contract direct cu compania care \u00eei angajeaz\u0103.<\/p>\n<p>\u00cen calitate de membru m\u00e2ndru al NBBU, noi, cei de la EU-People, de\u021binem certificatul NBBU \u2013 rezultatul verific\u0103rilor periodice privind respectarea conven\u021biei colective de munc\u0103.<\/p>\n<\/div>\n        <\/div>\n<\/section>\n\n\n<section class=\"text-image std-padding\">\n\n            <div class=\"grid text-image-wrap boxed col-2\">\n            \n<div class=\"image\">\n            <img decoding=\"async\" src=\"https:\/\/eu-people.com\/wp-content\/uploads\/2026\/07\/eu-people-over-keurmerken-2.png\">\n    <\/div>\n\n<div class=\"grid textbox justify-items-start align-content-center\">\n            \n        <h2>Contul G<\/h2>\n        \n    <div class=\"text\"><p>La EU-People folosim un\u00a0<a href=\"https:\/\/www.belastingdienst.nl\/wps\/wcm\/connect\/bldcontentnl\/belastingdienst\/zakelijk\/internationaal\/personeel\/u_bent_niet_in_nederland_gevestigd_loonheffingen_inhouden\/wanneer_moet_u_loonheffingen_inhouden1\/u_bent_inhoudingsplichtig1\/u_zendt_of_leent_personeel_uit_of_u_detacheert_personeel_in_nederland\/g-rekening\" target=\"_blank\" rel=\"noopener nofollow\">Cont blocat (cont G)<\/a>\u00a0pentru plata impozitelor pe salarii \u0219i\/sau a TVA-ului c\u0103tre Administra\u021bia Fiscal\u0103. Utilizarea contului nostru G reduce la minimum riscul ca Administra\u021bia Fiscal\u0103 s\u0103 le solicite clien\u021bilor no\u0219tri, prin intermediul\u00a0<a href=\"http:\/\/www.belastingdienst.nl\/wps\/wcm\/connect\/bldcontentnl\/belastingdienst\/zakelijk\/aangifte_betalen_en_toezicht\/aansprakelijkheid\/ketenaansprakelijkheid\/ketenaansprakelijkheid\" target=\"_blank\" rel=\"noopener nofollow\">WKA (Legea privind r\u0103spunderea \u00een lan\u021b)<\/a>\u00a0poate percepe impozite pentru contribu\u021biile sociale \u0219i TVA nepl\u0103tite de c\u0103tre cet\u0103\u021benii UE.<\/p>\n<p>Pe facturile noastre este men\u021bionat\u0103 separat o sum\u0103 \u00een valoare de 29% din valoarea facturii f\u0103r\u0103 TVA, care trebuie achitat\u0103 \u00een contul nostru G. Aceast\u0103 sum\u0103 este suficient\u0103 pentru a v\u0103 proteja pe dumneavoastr\u0103, clientul nostru, de eventualele consecin\u021be negative.<\/p>\n<p>V\u0103 recomand\u0103m s\u0103 v\u0103 pl\u0103ti\u021bi \u00eentotdeauna partenerii de munc\u0103 temporar\u0103 prin intermediul unui cont G.<\/p>\n<\/div>\n\n    <\/div>\n        <\/div>\n    \n<\/section>\n\n<section class=\"editor white margin-none\">\n        <div class=\"editor-wrap boxed\">\n            <div class=\"autop content\"><div class=\"grid justify-items-center\">\n<h2 style=\"text-align: center;\">Declara\u021bie privind comportamentul de plat\u0103<\/h2>\n<p style=\"max-width: 600px; text-align: center;\">Prin Declara\u021bia privind comportamentul de plat\u0103 \u00een materie de r\u0103spundere civil\u0103 a angajatorului, putem demonstra c\u0103 am achitat impozitele pe salarii \u0219i TVA-ul declarate \u0219i stabilite ulterior.<\/p>\n<div><\/div>\n<\/div>\n<\/div>\n        <\/div>\n<\/section>","protected":false},"excerpt":{"rendered":"","protected":false},"author":1,"featured_media":0,"parent":366,"menu_order":0,"comment_status":"closed","ping_status":"closed","template":"","meta":{"_acf_changed":false,"footnotes":""},"class_list":["post-308","page","type-page","status-publish","hentry"],"acf":[],"yoast_head":"<!-- This site is optimized with the Yoast SEO Premium plugin v28.3 (Yoast SEO v28.3) - https:\/\/yoast.com\/product\/yoast-seo-premium-wordpress\/ -->\n<title>Keurmerken - EU-People<\/title>\n<meta name=\"description\" content=\"Keurmerken - EU-People\" \/>\n<meta name=\"robots\" content=\"index, follow, max-snippet:-1, max-image-preview:large, max-video-preview:-1\" \/>\n<link rel=\"canonical\" href=\"https:\/\/eu-people.com\/ro\/despre-cetatenii-ue\/marci-de-calitate\/\" \/>\n<meta property=\"og:locale\" content=\"ro_RO\" \/>\n<meta property=\"og:type\" content=\"article\" \/>\n<meta property=\"og:title\" content=\"Keurmerken\" \/>\n<meta property=\"og:description\" content=\"Keurmerken - EU-People\" \/>\n<meta property=\"og:url\" content=\"https:\/\/eu-people.com\/ro\/despre-cetatenii-ue\/marci-de-calitate\/\" \/>\n<meta property=\"og:site_name\" content=\"EU-People\" \/>\n<meta property=\"article:publisher\" content=\"https:\/\/www.facebook.com\/EUpeopleHQ\/\" \/>\n<meta property=\"article:modified_time\" content=\"2026-07-31T10:13:20+00:00\" \/>\n<meta name=\"twitter:card\" content=\"summary_large_image\" \/>\n<script type=\"application\/ld+json\" class=\"yoast-schema-graph\">{\"@context\":\"https:\\\/\\\/schema.org\",\"@graph\":[{\"@type\":\"WebPage\",\"@id\":\"https:\\\/\\\/eu-people.com\\\/over-eu-people\\\/keurmerken\\\/\",\"url\":\"https:\\\/\\\/eu-people.com\\\/over-eu-people\\\/keurmerken\\\/\",\"name\":\"Keurmerken - EU-People\",\"isPartOf\":{\"@id\":\"https:\\\/\\\/eu-people.com\\\/#website\"},\"datePublished\":\"2026-04-07T10:00:06+00:00\",\"dateModified\":\"2026-07-31T10:13:20+00:00\",\"description\":\"Keurmerken - EU-People\",\"breadcrumb\":{\"@id\":\"https:\\\/\\\/eu-people.com\\\/over-eu-people\\\/keurmerken\\\/#breadcrumb\"},\"inLanguage\":\"ro-RO\",\"potentialAction\":[{\"@type\":\"ReadAction\",\"target\":[\"https:\\\/\\\/eu-people.com\\\/over-eu-people\\\/keurmerken\\\/\"]}]},{\"@type\":\"BreadcrumbList\",\"@id\":\"https:\\\/\\\/eu-people.com\\\/over-eu-people\\\/keurmerken\\\/#breadcrumb\",\"itemListElement\":[{\"@type\":\"ListItem\",\"position\":1,\"name\":\"Home\",\"item\":\"https:\\\/\\\/eu-people.com\\\/\"},{\"@type\":\"ListItem\",\"position\":2,\"name\":\"Over EU People\",\"item\":\"https:\\\/\\\/eu-people.com\\\/over-eu-people\\\/\"},{\"@type\":\"ListItem\",\"position\":3,\"name\":\"Keurmerken\"}]},{\"@type\":\"WebSite\",\"@id\":\"https:\\\/\\\/eu-people.com\\\/#website\",\"url\":\"https:\\\/\\\/eu-people.com\\\/\",\"name\":\"EU-People\",\"description\":\"\",\"publisher\":{\"@id\":\"https:\\\/\\\/eu-people.com\\\/#organization\"},\"potentialAction\":[{\"@type\":\"SearchAction\",\"target\":{\"@type\":\"EntryPoint\",\"urlTemplate\":\"https:\\\/\\\/eu-people.com\\\/?s={search_term_string}\"},\"query-input\":{\"@type\":\"PropertyValueSpecification\",\"valueRequired\":true,\"valueName\":\"search_term_string\"}}],\"inLanguage\":\"ro-RO\"},{\"@type\":\"Organization\",\"@id\":\"https:\\\/\\\/eu-people.com\\\/#organization\",\"name\":\"EU-People\",\"alternateName\":\"EU-People | Profs for Profs\",\"url\":\"https:\\\/\\\/eu-people.com\\\/\",\"logo\":{\"@type\":\"ImageObject\",\"inLanguage\":\"ro-RO\",\"@id\":\"https:\\\/\\\/eu-people.com\\\/#\\\/schema\\\/logo\\\/image\\\/\",\"url\":\"https:\\\/\\\/eu-people.com\\\/wp-content\\\/uploads\\\/2026\\\/02\\\/logo-scaled.png\",\"contentUrl\":\"https:\\\/\\\/eu-people.com\\\/wp-content\\\/uploads\\\/2026\\\/02\\\/logo-scaled.png\",\"width\":2560,\"height\":477,\"caption\":\"EU-People\"},\"image\":{\"@id\":\"https:\\\/\\\/eu-people.com\\\/#\\\/schema\\\/logo\\\/image\\\/\"},\"sameAs\":[\"https:\\\/\\\/www.facebook.com\\\/EUpeopleHQ\\\/\",\"https:\\\/\\\/www.instagram.com\\\/eupeople_jobs\\\/\",\"https:\\\/\\\/www.linkedin.com\\\/company\\\/eu-people-b.v.\\\/\"],\"description\":\"EU-People is a leading Dutch recruitment agency connecting international professionals with reliable employers in the Eindhoven region and across the Netherlands. We recruit for technical, logistics, production and food industry jobs, including woodworking, metalworking, cleanroom, assembly and machine operator roles. We provide quality housing, transport, weekly salary and personal support from application to employment.\",\"email\":\"info@eu-people.com\",\"telephone\":\"+31882014100\",\"legalName\":\"EU-People B.V.\",\"vatID\":\"NL817327472B01\",\"numberOfEmployees\":{\"@type\":\"QuantitativeValue\",\"minValue\":\"201\",\"maxValue\":\"500\"}}]}<\/script>\n<!-- \/ Yoast SEO Premium plugin. -->","yoast_head_json":{"title":"Certific\u0103ri - EU-People","description":"Certific\u0103ri - EU-People","robots":{"index":"index","follow":"follow","max-snippet":"max-snippet:-1","max-image-preview":"max-image-preview:large","max-video-preview":"max-video-preview:-1"},"canonical":"https:\/\/eu-people.com\/ro\/despre-cetatenii-ue\/marci-de-calitate\/","og_locale":"ro_RO","og_type":"article","og_title":"Keurmerken","og_description":"Keurmerken - EU-People","og_url":"https:\/\/eu-people.com\/ro\/despre-cetatenii-ue\/marci-de-calitate\/","og_site_name":"EU-People","article_publisher":"https:\/\/www.facebook.com\/EUpeopleHQ\/","article_modified_time":"2026-07-31T10:13:20+00:00","twitter_card":"summary_large_image","schema":{"@context":"https:\/\/schema.org","@graph":[{"@type":"WebPage","@id":"https:\/\/eu-people.com\/over-eu-people\/keurmerken\/","url":"https:\/\/eu-people.com\/over-eu-people\/keurmerken\/","name":"Certific\u0103ri - EU-People","isPartOf":{"@id":"https:\/\/eu-people.com\/#website"},"datePublished":"2026-04-07T10:00:06+00:00","dateModified":"2026-07-31T10:13:20+00:00","description":"Certific\u0103ri - EU-People","breadcrumb":{"@id":"https:\/\/eu-people.com\/over-eu-people\/keurmerken\/#breadcrumb"},"inLanguage":"ro-RO","potentialAction":[{"@type":"ReadAction","target":["https:\/\/eu-people.com\/over-eu-people\/keurmerken\/"]}]},{"@type":"BreadcrumbList","@id":"https:\/\/eu-people.com\/over-eu-people\/keurmerken\/#breadcrumb","itemListElement":[{"@type":"ListItem","position":1,"name":"Home","item":"https:\/\/eu-people.com\/"},{"@type":"ListItem","position":2,"name":"Over EU People","item":"https:\/\/eu-people.com\/over-eu-people\/"},{"@type":"ListItem","position":3,"name":"Keurmerken"}]},{"@type":"WebSite","@id":"https:\/\/eu-people.com\/#website","url":"https:\/\/eu-people.com\/","name":"Oameni din UE","description":"","publisher":{"@id":"https:\/\/eu-people.com\/#organization"},"potentialAction":[{"@type":"SearchAction","target":{"@type":"EntryPoint","urlTemplate":"https:\/\/eu-people.com\/?s={search_term_string}"},"query-input":{"@type":"PropertyValueSpecification","valueRequired":true,"valueName":"search_term_string"}}],"inLanguage":"ro-RO"},{"@type":"Organization","@id":"https:\/\/eu-people.com\/#organization","name":"Oameni din UE","alternateName":"EU-People | Profs for Profs","url":"https:\/\/eu-people.com\/","logo":{"@type":"ImageObject","inLanguage":"ro-RO","@id":"https:\/\/eu-people.com\/#\/schema\/logo\/image\/","url":"https:\/\/eu-people.com\/wp-content\/uploads\/2026\/02\/logo-scaled.png","contentUrl":"https:\/\/eu-people.com\/wp-content\/uploads\/2026\/02\/logo-scaled.png","width":2560,"height":477,"caption":"EU-People"},"image":{"@id":"https:\/\/eu-people.com\/#\/schema\/logo\/image\/"},"sameAs":["https:\/\/www.facebook.com\/EUpeopleHQ\/","https:\/\/www.instagram.com\/eupeople_jobs\/","https:\/\/www.linkedin.com\/company\/eu-people-b.v.\/"],"description":"EU-People este o agen\u021bie de recrutare olandez\u0103 de top, care pune \u00een leg\u0103tur\u0103 profesioni\u0219ti interna\u021bionali cu angajatori de \u00eencredere din regiunea Eindhoven \u0219i din \u00eentreaga Oland\u0103. Recrut\u0103m personal pentru posturi din domeniile tehnic, logistic, de produc\u021bie \u0219i din industria alimentar\u0103, inclusiv pentru posturi \u00een prelucrarea lemnului, prelucrarea metalelor, camere sterile, asamblare \u0219i operatori de ma\u0219ini. Oferim cazare de calitate, transport, salariu s\u0103pt\u0103m\u00e2nal \u0219i sprijin personal de la depunerea candidaturii p\u00e2n\u0103 la angajare.","email":"info@eu-people.com","telephone":"+31882014100","legalName":"EU-People B.V.","vatID":"NL817327472B01","numberOfEmployees":{"@type":"QuantitativeValue","minValue":"201","maxValue":"500"}}]}},"_links":{"self":[{"href":"https:\/\/eu-people.com\/ro\/wp-json\/wp\/v2\/pages\/308","targetHints":{"allow":["GET"]}}],"collection":[{"href":"https:\/\/eu-people.com\/ro\/wp-json\/wp\/v2\/pages"}],"about":[{"href":"https:\/\/eu-people.com\/ro\/wp-json\/wp\/v2\/types\/page"}],"author":[{"embeddable":true,"href":"https:\/\/eu-people.com\/ro\/wp-json\/wp\/v2\/users\/1"}],"replies":[{"embeddable":true,"href":"https:\/\/eu-people.com\/ro\/wp-json\/wp\/v2\/comments?post=308"}],"version-history":[{"count":24,"href":"https:\/\/eu-people.com\/ro\/wp-json\/wp\/v2\/pages\/308\/revisions"}],"predecessor-version":[{"id":674,"href":"https:\/\/eu-people.com\/ro\/wp-json\/wp\/v2\/pages\/308\/revisions\/674"}],"up":[{"embeddable":true,"href":"https:\/\/eu-people.com\/ro\/wp-json\/wp\/v2\/pages\/366"}],"wp:attachment":[{"href":"https:\/\/eu-people.com\/ro\/wp-json\/wp\/v2\/media?parent=308"}],"curies":[{"name":"wp","href":"https:\/\/api.w.org\/{rel}","templated":true}]}}