{"id":324,"date":"2026-04-07T11:18:20","date_gmt":"2026-04-07T10:18:20","guid":{"rendered":"https:\/\/eu-people.com\/?page_id=324"},"modified":"2026-08-31T12:06:12","modified_gmt":"2026-08-31T11:06:12","slug":"lucrand-in-tarile-de-jos","status":"publish","type":"page","link":"https:\/\/eu-people.com\/ro\/working-in-the-netherlands\/","title":{"rendered":"Munca \u00een Olanda"},"content":{"rendered":"<section class=\"hero\">\n    \n    \n    <div class=\"grid hero-wrap boxed\">\n        <div class=\"content-wrap\">\n            <div class=\"grid textbox justify-items-start align-content-center\">\n                                                <span class=\"breadcrumb\"><span><span><a href=\"https:\/\/eu-people.com\/ro\/\">Acas\u0103<\/a><\/span><\/span><\/span>                \n                <h1>Munca \u00een Olanda<\/h1>\n\n                <div class=\"text\"><p>Datorit\u0103 infrastructurii excelente, Olanda ocup\u0103 un loc foarte important \u00een domeniul logisticii \u0219i al produc\u021biei. Acest lucru genereaz\u0103 numeroase locuri de munc\u0103!<\/p>\n<\/div>\n\n                            <\/div>\n        <\/div>\n    <\/div>\n\n    \n<\/section>\n\n<section class=\"text-image std-padding\">\n\n            <div class=\"grid text-image-wrap boxed col-2\">\n            \n<div class=\"image\">\n            <img decoding=\"async\" src=\"https:\/\/eu-people.com\/wp-content\/uploads\/2026\/04\/7a49d0ea1b415307b3046abe13b6871399deacfd.png\">\n    <\/div>\n\n<div class=\"grid textbox justify-items-start align-content-center\">\n            \n        <h2>Munca \u00een Olanda<\/h2>\n        \n    <div class=\"text\"><p>Pe l\u00e2ng\u0103 limba olandez\u0103, mul\u021bi oameni din Olanda vorbesc \u0219i engleza. Dac\u0103 \u0219tii pu\u021bin\u0103 englez\u0103, nu vei avea probleme \u00een a-\u021bi g\u0103si un loc de munc\u0103 \u00een sectorul logistic \u0219i al produc\u021biei. Din p\u0103cate, poate fi dificil s\u0103 g\u0103se\u0219ti singur locuri de munc\u0103 de calitate. Aici intervenim noi!<\/p>\n<p>La EU-People select\u0103m cele mai bune companii, care ofer\u0103 salarii de top, condi\u021bii de munc\u0103 excelente, medii de lucru pl\u0103cute \u0219i oportunit\u0103\u021bi de contracte directe pe termen lung. Apoi, c\u0103ut\u0103m candida\u021bii cei mai potrivi\u021bi \u2013 e\u0219ti tu unul dintre ei? \u2013 \u0219i \u00eei punem \u00een leg\u0103tur\u0103 cu companiile potrivite. \u00ce\u021bi oferim chiar \u0219i cazare \u0219i transport gratuit la locul de munc\u0103, dac\u0103 ai nevoie.<\/p>\n<\/div>\n\n    <\/div>\n        <\/div>\n    \n<\/section>\n\n\n<section class=\"highlight-banner  text-1\">\n    <div class=\"boxed\">\n        <div class=\"flex columns\">\n        \n            <div class=\"grid textbox justify-items-start align-content-center left w-full\">\n                \n                                <h2>Te intereseaz\u0103?<\/h2>\n                \n                <div class=\"text\"><p>Atunci continu\u0103 s\u0103 cite\u0219ti pe pagina noastr\u0103 \u0219i afl\u0103 cum po\u021bi \u00eencepe s\u0103 lucrezi cu EU-People \u00een Olanda! Vrei s\u0103 vezi toate posturile noastre vacante actuale? Atunci d\u0103 clic pe butonul de mai jos!<\/p>\n<\/div>\n\n                <div class=\"flex buttons\">\n\t\t<a href=\"\/ro\/post-vacant\/\" target=\"\" class=\"button\">\n\t\t<span>Oferte de locuri de munc\u0103<\/span><i class=\"fa-solid fa-arrow-up-right\"><\/i>\n\t<\/a>\n\t<\/div>            <\/div>\n            \n            <div class=\"image-wrap\">\n                                                <img decoding=\"async\" src=\"https:\/\/eu-people.com\/wp-content\/uploads\/2026\/08\/eu-people-home.png\">\n                            <\/div>\n            \n                    \n        <\/div>\n    <\/div>\n<\/section>\n\n<section class=\"editor grey margin-none\">\n        <div class=\"editor-wrap boxed\">\n            <div class=\"autop content\"><h2>Avantajele muncii \u00een Olanda<\/h2>\n<p>Munca \u00een Olanda aduce multe avantaje: suntem cunoscu\u021bi pentru nivelul nostru de trai ridicat \u0219i <a href=\"https:\/\/eu-people.com\/ro\/de-4-belangrijkste-voordelen-van-de-nederlandse-arbeidsvoorwaarden\/\">condi\u021bii de munc\u0103 excelente<\/a>! \u00cen primul r\u00e2nd, Olanda este una dintre \u021b\u0103rile cu cele mai bune salarii din toat\u0103 Europa (2024). De asemenea, exist\u0103 un echilibru excelent \u00eentre via\u021ba profesional\u0103 \u0219i cea personal\u0103. Dac\u0103 lucrezi cu norm\u0103 \u00eentreag\u0103 \u00een Olanda, prime\u0219ti cel pu\u021bin <a href=\"https:\/\/business.gov.nl\/regulation\/holiday-entitlement\/\" target=\"_blank\" rel=\"noopener\">20 de zile de concediu pl\u0103tite<\/a> pe an \u2014 f\u0103r\u0103 a lua \u00een calcul s\u0103rb\u0103torile na\u021bionale \u2014 \u0219i cel pu\u021bin 8% <a href=\"https:\/\/business.gov.nl\/regulation\/holiday-allowance\/\" target=\"_blank\" rel=\"noopener\">prima de vacan\u021b\u0103<\/a> pe l\u00e2ng\u0103 salariul pe or\u0103. La locul de munc\u0103 \u0219i \u00een via\u021ba de zi cu zi vei g\u0103si o atmosfer\u0103 divers\u0103, cu oameni de multe na\u021bionalit\u0103\u021bi diferite \u0219i din toate categoriile sociale care lucreaz\u0103 \u00eempreun\u0103. \u00cen cele din urm\u0103, dar nu mai pu\u021bin important, exist\u0103 numeroase beneficii sociale de care te po\u021bi bucura, cum ar fi <a href=\"https:\/\/eu-people.com\/ro\/tot-ce-trebuie-sa-stii-despre-alocatia-pentru-ingrijire-medicala\/\">aloca\u021bie pentru \u00eengrijire<\/a>, <a href=\"https:\/\/eu-people.com\/ro\/impozitele-in-olanda-nu-sunt-chiar-atat-de-rele\/\">Reducere fiscal\u0103 extrateritorial\u0103<\/a>, <a href=\"https:\/\/www.government.nl\/topics\/housing\/rented-housing\/applying-for-housing-benefit\" target=\"_blank\" rel=\"noopener\">subven\u021bie pentru chirie (ajutor pentru chirie)<\/a>, <a href=\"https:\/\/www.government.nl\/topics\/child-benefit\/applying-for-child-benefit\" target=\"_blank\" rel=\"noopener\">aloca\u021bia pentru copii (Aloca\u021bia pentru copii)<\/a>, \u0219i multe altele.<\/p>\n<\/div>\n        <\/div>\n<\/section>\n\n\n<section class=\"vacancy-slider std-padding\">\n\n            <div class=\"boxed vacancy-slider-wrap\">\n            \n<div class=\"grid textbox justify-items-start align-content-center\">\n            <span class=\"subhead\">oferte de locuri de munc\u0103<\/span>\n        \n        <h2>Descoper\u0103 ofertele noastre de locuri de munc\u0103<\/h2>\n        \n    <div class=\"text\"><p style=\"text-align: center;\">La EU-People suntem specializa\u021bi \u00een locuri de munc\u0103 din domeniul logisticii \u0219i al produc\u021biei \u00een Olanda. \u00cen sectorul logistic, suntem \u00een permanen\u021b\u0103 \u00een c\u0103utare de preparatori de comenzi, angaja\u021bi de depozit, \u0219oferi de stivuitoare cu bra\u021b telescopic \u0219i \u0219oferi de stivuitoare. Oferim, de asemenea, locuri de munc\u0103 pentru \u00eencep\u0103tori f\u0103r\u0103 experien\u021b\u0103, a\u0219a c\u0103 po\u021bi s\u0103-\u021bi \u00eencepi cariera \u00een logistic\u0103 al\u0103turi de noi! \u00cen domeniul produc\u021biei, avem o ofert\u0103 variat\u0103. Aceasta include locuri de munc\u0103 tradi\u021bionale, precum ambalator \u0219i operator de ma\u0219ini, dar \u0219i locuri de munc\u0103 \u00een prelucrarea lemnului \u0219i asamblare \u00een camere curate de \u00eenalt\u0103 tehnologie. Pe scurt, avem o mul\u021bime de oferte diverse care \u00ee\u021bi permit s\u0103 te angajezi cu u\u0219urin\u021b\u0103 \u00een Olanda!<\/p>\n<\/div>\n\n    <\/div>\n\n\n<div class=\"splide vacancy-slider\">\n\n    <div class=\"splide__arrows rw-arrows sides\">\n        <button class=\"splide__arrow splide__arrow--prev\"><i class=\"fa-regular fa-arrow-right\"><\/i><\/button>\n        <button class=\"splide__arrow splide__arrow--next\"><i class=\"fa-regular fa-arrow-right\"><\/i><\/button>\n    <\/div>\n\n    <div class=\"splide__track\" role=\"group\">\n        <ul class=\"grid vacancies splide__list\">\n        <article class=\"vacancy splide__slide\">\n    \n        \n    <a class=\"grid justify-items-start\" href=\"https:\/\/eu-people.com\/ro\/vacancy\/foam-assembly-worker\/\">\n\t\t\n        <h4>Muncitor \u00een asamblarea produselor din spum\u0103<\/h4>\n        \n        <div class=\"flex meta wrap\">\n                        <div class=\"flex item align-items-center gap-sm\">\n                <i class=\"fa-solid fa-briefcase\"><\/i>\n                <span>Industrie \u0219i produc\u021bie<\/span>\n            <\/div>\n                                    <div class=\"flex item align-items-center gap-sm\">\n                <i class=\"fa-solid fa-graduation-cap\"><\/i>\n                <span>MBO<\/span>\n            <\/div>\n                                    <div class=\"flex item align-items-center gap-sm\">\n                <i class=\"fa-solid fa-location-dot\"><\/i>\n                <span>Eindhoven<\/span>\n            <\/div>\n                                    <div class=\"flex item align-items-center gap-sm\">\n                <i class=\"fa-solid fa-briefcase\"><\/i>\n                <span>40.00<\/span>\n            <\/div>\n                    <\/div>\n        \n        <div class=\"text\">Ai experien\u021b\u0103 \u00een produc\u021bie sau asamblare \u0219i \u00ee\u021bi place munca manual\u0103 de precizie? Te sim\u021bi \u00een largul t\u0103u lucr\u00e2nd cu desene tehnice \u0219i diverse materiale?\nAl\u0103tur\u0103-te unui mediu de produc\u021bie modern \u0219i de \u00eenalt\u0103 tehnologie \u0219i realizeaz\u0103 interioare de protec\u021bie din spum\u0103 pentru cutii de transport destinate componentelor valoroase ale ma\u0219inilor.<\/div>\n        \n        <div class=\"flex gap-sm wrap\">\n                        <div class=\"flex salary align-items-center gap-sm\">\n                <i class=\"fa-solid fa-money-bill\"><\/i>\n                <span>\u20ac18.17 per maand<\/span>\n            <\/div>\n                        \n            <span class=\"button alt\">\n                <span>Detalii<\/span><i class=\"fa-solid fa-arrow-up-right\"><\/i>\n            <\/span>\n        <\/div>\n        \n    <\/a>\n<\/article><article class=\"vacancy splide__slide\">\n    \n        \n    <a class=\"grid justify-items-start\" href=\"https:\/\/eu-people.com\/ro\/vacancy\/weekend-cleanroom-assembly-worker\/\">\n\t\t\n        <h4>Weekend \u2013 Muncitor la asamblare \u00een camer\u0103 curat\u0103<\/h4>\n        \n        <div class=\"flex meta wrap\">\n                        <div class=\"flex item align-items-center gap-sm\">\n                <i class=\"fa-solid fa-briefcase\"><\/i>\n                <span>Industrie \u0219i produc\u021bie<\/span>\n            <\/div>\n                                    <div class=\"flex item align-items-center gap-sm\">\n                <i class=\"fa-solid fa-graduation-cap\"><\/i>\n                <span>HBO<\/span>\n            <\/div>\n                                    <div class=\"flex item align-items-center gap-sm\">\n                <i class=\"fa-solid fa-location-dot\"><\/i>\n                <span>Eindhoven<\/span>\n            <\/div>\n                                    <div class=\"flex item align-items-center gap-sm\">\n                <i class=\"fa-solid fa-briefcase\"><\/i>\n                <span>18.00<\/span>\n            <\/div>\n                    <\/div>\n        \n        <div class=\"text\">Cau\u021bi un loc de munc\u0103 bine pl\u0103tit \u00een weekend \u00een Olanda? Ai experien\u021b\u0103 tehnic\u0103 \u0219i \u00ee\u021bi place s\u0103 lucrezi cu precizie la asamblare?\nAceasta este o ocazie excelent\u0103 de a c\u00e2\u0219tiga bani \u00een plus lucr\u00e2nd s\u00e2mb\u0103ta \u0219i duminica \u00eentr-un mediu modern de camer\u0103 curat\u0103.<\/div>\n        \n        <div class=\"flex gap-sm wrap\">\n                        <div class=\"flex salary align-items-center gap-sm\">\n                <i class=\"fa-solid fa-money-bill\"><\/i>\n                <span>\u20ac20.02 &#8211; \u20ac23.10 per maand<\/span>\n            <\/div>\n                        \n            <span class=\"button alt\">\n                <span>Detalii<\/span><i class=\"fa-solid fa-arrow-up-right\"><\/i>\n            <\/span>\n        <\/div>\n        \n    <\/a>\n<\/article><article class=\"vacancy splide__slide\">\n    \n        \n    <a class=\"grid justify-items-start\" href=\"https:\/\/eu-people.com\/ro\/vacancy\/maintenance-logistics-worker\/\">\n\t\t\n        <h4>Muncitor \u00een domeniul \u00eentre\u021binerii \u0219i logisticii<\/h4>\n        \n        <div class=\"flex meta wrap\">\n                        <div class=\"flex item align-items-center gap-sm\">\n                <i class=\"fa-solid fa-briefcase\"><\/i>\n                <span>Produc\u021bie \u0219i asamblare<\/span>\n            <\/div>\n                                    <div class=\"flex item align-items-center gap-sm\">\n                <i class=\"fa-solid fa-graduation-cap\"><\/i>\n                <span>F\u0103r\u0103 studii anterioare<\/span>\n            <\/div>\n                                    <div class=\"flex item align-items-center gap-sm\">\n                <i class=\"fa-solid fa-location-dot\"><\/i>\n                <span>Eindhoven<\/span>\n            <\/div>\n                                    <div class=\"flex item align-items-center gap-sm\">\n                <i class=\"fa-solid fa-briefcase\"><\/i>\n                <span>40.00<\/span>\n            <\/div>\n                    <\/div>\n        \n        <div class=\"text\">\u00ce\u021bi place s\u0103 \u00eembini logistica cu activitatea tehnic\u0103? Ai experien\u021b\u0103 \u00een utilizarea uneltelor, \u00een repara\u021bii tehnice \u0219i \u00een ceea ce prive\u0219te echipamentele de depozit \u0219i cau\u021bi un loc de munc\u0103 cu norm\u0103 \u00eentreag\u0103 \u00een Olanda?\nAl\u0103tur\u0103-te unui mediu de lucru de \u00eenalt\u0103 tehnologie, unde \u00ee\u021bi po\u021bi pune \u00een valoare at\u00e2t competen\u021bele tehnice, c\u00e2t \u0219i cele logistice.<\/div>\n        \n        <div class=\"flex gap-sm wrap\">\n                        <div class=\"flex salary align-items-center gap-sm\">\n                <i class=\"fa-solid fa-money-bill\"><\/i>\n                <span>\u20ac17.85 per uur<\/span>\n            <\/div>\n                        \n            <span class=\"button alt\">\n                <span>Detalii<\/span><i class=\"fa-solid fa-arrow-up-right\"><\/i>\n            <\/span>\n        <\/div>\n        \n    <\/a>\n<\/article><article class=\"vacancy splide__slide\">\n    \n        \n    <a class=\"grid justify-items-start\" href=\"https:\/\/eu-people.com\/ro\/vacancy\/warehouse-worker-3\/\">\n\t\t\n        <h4>Muncitor \u00een depozit<\/h4>\n        \n        <div class=\"flex meta wrap\">\n                        <div class=\"flex item align-items-center gap-sm\">\n                <i class=\"fa-solid fa-briefcase\"><\/i>\n                <span>Depozitare<\/span>\n            <\/div>\n                                    <div class=\"flex item align-items-center gap-sm\">\n                <i class=\"fa-solid fa-graduation-cap\"><\/i>\n                <span>Nu este necesar\u0103 o preg\u0103tire prealabil\u0103<\/span>\n            <\/div>\n                                    <div class=\"flex item align-items-center gap-sm\">\n                <i class=\"fa-solid fa-location-dot\"><\/i>\n                <span>Breda<\/span>\n            <\/div>\n                                    <div class=\"flex item align-items-center gap-sm\">\n                <i class=\"fa-solid fa-briefcase\"><\/i>\n                <span>40.00<\/span>\n            <\/div>\n                    <\/div>\n        \n        <div class=\"text\">Cau\u021bi un loc de munc\u0103 dinamic, \u00een care nici o zi nu seam\u0103n\u0103 cu alta? Al\u0103tur\u0103-te echipei entuziaste din Breda \u0219i devino o parte esen\u021bial\u0103 a opera\u021biunilor noastre logistice. \u00cen fiecare zi, \u00eempreun\u0103 cu colegii t\u0103i, te asiguri c\u0103 mii de comori second-hand \u0219i colete sunt sortate rapid \u0219i cu precizie \u00eenainte de a fi expediate c\u0103tre clien\u021bii din Olanda, Belgia \u0219i Fran\u021ba. Dac\u0103 \u00ee\u021bi place s\u0103 lucrezi \u00eentr-un mediu dinamic \u0219i \u00ee\u021bi place s\u0103 fii activ, acesta va fi un loc de munc\u0103 ideal pentru tine.<\/div>\n        \n        <div class=\"flex gap-sm wrap\">\n                        <div class=\"flex salary align-items-center gap-sm\">\n                <i class=\"fa-solid fa-money-bill\"><\/i>\n                <span>14,99 \u20ac \u2013 19,49 \u20ac pe or\u0103<\/span>\n            <\/div>\n                        \n            <span class=\"button alt\">\n                <span>Detalii<\/span><i class=\"fa-solid fa-arrow-up-right\"><\/i>\n            <\/span>\n        <\/div>\n        \n    <\/a>\n<\/article><article class=\"vacancy splide__slide\">\n    \n        \n    <a class=\"grid justify-items-start\" href=\"https:\/\/eu-people.com\/ro\/vacancy\/warehouse-worker\/\">\n\t\t\n        <h4>Muncitor \u00een depozit<\/h4>\n        \n        <div class=\"flex meta wrap\">\n                        <div class=\"flex item align-items-center gap-sm\">\n                <i class=\"fa-solid fa-briefcase\"><\/i>\n                <span>Depozitare<\/span>\n            <\/div>\n                                    <div class=\"flex item align-items-center gap-sm\">\n                <i class=\"fa-solid fa-graduation-cap\"><\/i>\n                <span>F\u0103r\u0103 studii anterioare<\/span>\n            <\/div>\n                                    <div class=\"flex item align-items-center gap-sm\">\n                <i class=\"fa-solid fa-location-dot\"><\/i>\n                <span>\u2019s Hertogenbosch<\/span>\n            <\/div>\n                                    <div class=\"flex item align-items-center gap-sm\">\n                <i class=\"fa-solid fa-briefcase\"><\/i>\n                <span>36.00<\/span>\n            <\/div>\n                    <\/div>\n        \n        <div class=\"text\">\u00cencepe-\u021bi activitatea ca lucr\u0103tor \u00een depozit \u00een Den Bosch! Vei fi responsabil de sortarea rufelor \u00een func\u021bie de tip, culoare \u0219i material, precum \u0219i de a\u0219ezarea hainelor pe umera\u0219e. Atribu\u021biile tale vor include, de asemenea, efectuarea unui control de calitate pentru a te asigura c\u0103 articolele respect\u0103 standardele cerute, \u00eemp\u0103turirea \u0219i organizarea rufelor curate pentru livrare sau depozitare, precum \u0219i men\u021binerea unui mediu de lucru curat \u0219i organizat.<\/div>\n        \n        <div class=\"flex gap-sm wrap\">\n                        <div class=\"flex salary align-items-center gap-sm\">\n                <i class=\"fa-solid fa-money-bill\"><\/i>\n                <span>17,76 \u20ac pe or\u0103<\/span>\n            <\/div>\n                        \n            <span class=\"button alt\">\n                <span>Detalii<\/span><i class=\"fa-solid fa-arrow-up-right\"><\/i>\n            <\/span>\n        <\/div>\n        \n    <\/a>\n<\/article><article class=\"vacancy splide__slide\">\n    \n        \n    <a class=\"grid justify-items-start\" href=\"https:\/\/eu-people.com\/ro\/vacancy\/warehouse-operator\/\">\n\t\t\n        <h4>Operator de depozit<\/h4>\n        \n        <div class=\"flex meta wrap\">\n                        <div class=\"flex item align-items-center gap-sm\">\n                <i class=\"fa-solid fa-briefcase\"><\/i>\n                <span>Logistic\u0103<\/span>\n            <\/div>\n                                    <div class=\"flex item align-items-center gap-sm\">\n                <i class=\"fa-solid fa-graduation-cap\"><\/i>\n                <span>Nu este necesar\u0103 o preg\u0103tire prealabil\u0103<\/span>\n            <\/div>\n                                    <div class=\"flex item align-items-center gap-sm\">\n                <i class=\"fa-solid fa-location-dot\"><\/i>\n                <span>Venlo<\/span>\n            <\/div>\n                                    <div class=\"flex item align-items-center gap-sm\">\n                <i class=\"fa-solid fa-briefcase\"><\/i>\n                <span>40.00<\/span>\n            <\/div>\n                    <\/div>\n        \n        <div class=\"text\">Al\u0103tur\u0103-te echipei Arrow Electronics, lider mondial \u00een domeniul componentelor electronice \u0219i al logisticii. \u00cen calitate de operator de depozit, vei lucra \u00eentr-un mediu curat, modern \u0219i automatizat.\nAcest post combin\u0103 activitatea fizic\u0103 (ridicarea greut\u0103\u021bilor, statul \u00een picioare) cu sarcini care implic\u0103 utilizarea ecranului \u0219i necesit\u0103 o aten\u021bie sporit\u0103 la detalii.<\/div>\n        \n        <div class=\"flex gap-sm wrap\">\n                        <div class=\"flex salary align-items-center gap-sm\">\n                <i class=\"fa-solid fa-money-bill\"><\/i>\n                <span>14,99 \u20ac \u2013 18,27 \u20ac pe or\u0103<\/span>\n            <\/div>\n                        \n            <span class=\"button alt\">\n                <span>Detalii<\/span><i class=\"fa-solid fa-arrow-up-right\"><\/i>\n            <\/span>\n        <\/div>\n        \n    <\/a>\n<\/article>        <\/ul>\n    <\/div>\n\n<\/div>\n        <\/div>\n    \n<\/section>\n\n<section class=\"faq std-padding\" id=\"faq\">\n\n        \n    <div class=\"grid faq-wrap boxed\">\n        \n<div class=\"columns faq-list\">\n\t\t\t\t\t<div class=\"faq-column\">\n\t\t\t\t\t\t\t<div class=\"grid faq-item open\">\n\t\t\t\t\t<div class=\"flex question\">\n\t\t\t\t\t\t<h4>Cum v\u0103 pot ajuta cet\u0103\u021benii din UE s\u0103 g\u0103si\u021bi un loc de munc\u0103 \u00een Olanda<\/h4>\n\t\t\t\t\t\t<span class=\"faq-icon\" aria-hidden=\"true\"><i class=\"fa-solid fa-plus\"><\/i><\/span>\n\t\t\t\t\t<\/div>\n\t\t\t\t\t<div class=\"answer\">\n\t\t\t\t\t\t<p>La EU-People suntem specializa\u021bi \u00een a pune \u00een leg\u0103tur\u0103 companii de top cu candida\u021bi profesioni\u0219ti ca tine! Lucr\u00e2nd prin intermediul agen\u021biei noastre din Olanda, vei g\u0103si cu u\u0219urin\u021b\u0103 un loc de munc\u0103 la companii de renume. Vei fi pl\u0103tit s\u0103pt\u0103m\u00e2nal, direct \u00een contul t\u0103u bancar. \u00cen Olanda exist\u0103 o penurie de locuin\u021be, dar dac\u0103 lucrezi cu noi, nu trebuie s\u0103-\u021bi faci griji \u00een privin\u021ba asta. \u00ce\u021bi oferim cazare confortabil\u0103 \u0219i la pre\u021buri accesibile, precum \u0219i transport gratuit la locul de munc\u0103. Transportul nostru c\u0103tre locul de munc\u0103 este gratuit, cu ma\u0219ini moderne sau microbuze. Dac\u0103 e\u0219ti dispus s\u0103 conduci ma\u0219ina companiei, po\u021bi chiar <a href=\"https:\/\/eu-people.com\/ro\/a-fi-sofer-alaturi-de-cetateni-ai-ue\/\">s\u0103 c\u00e2\u0219tigi p\u00e2n\u0103 la 40 \u20ac pe s\u0103pt\u0103m\u00e2n\u0103 \u00een plus<\/a>!<\/p>\n<p>Dac\u0103 lucrezi \u0219i locuie\u0219ti la noi, \u00een Olanda, suntem disponibili 24 de ore din 24, 7 zile din 7, pentru asisten\u021b\u0103 de urgen\u021b\u0103. \u00cen timpul programului de lucru, te putem ajuta s\u0103 \u00eenchei o asigurare de s\u0103n\u0103tate, care <a href=\"https:\/\/www.government.nl\/topics\/health-insurance\/question-and-answer\/when-do-i-need-to-take-out-health-insurance-if-i-come-to-live-in-the-netherlands\" target=\"_blank\" rel=\"noopener\">este obligatoriu \u00een \u021a\u0103rile de Jos<\/a>, \u0219i s\u0103 ofere ajutor \u00een ob\u021binerea unui <a href=\"https:\/\/eu-people.com\/ro\/bsn-iata-de-ce-chiar-ai-nevoie-de-unul\/\">BSN<\/a>, <a href=\"https:\/\/eu-people.com\/ro\/impozitele-in-olanda-nu-sunt-chiar-atat-de-rele\/\">Reducere fiscal\u0103 extrateritorial\u0103<\/a>, <a href=\"https:\/\/eu-people.com\/ro\/tot-ce-trebuie-sa-stii-despre-alocatia-pentru-ingrijire-medicala\/\">Aloca\u021bia pentru \u00eengrijire medical\u0103<\/a> \u0219i multe altele. \u0218i, nu \u00een ultimul r\u00e2nd, a lucra la noi poate fi un pas important pe drumul c\u0103tre un loc de munc\u0103 permanent \u0219i stabilirea \u00een Olanda. Mul\u021bi dintre partenerii no\u0219tri ofer\u0103, dup\u0103 o perioad\u0103 de timp \u0219i \u00een cazul unor performan\u021be bune, contracte directe pentru un loc de munc\u0103 pe termen lung \u2014 dac\u0103 dore\u0219ti acest lucru.<\/p>\n\t\t\t\t\t<\/div>\n\t\t\t\t<\/div>\n\t\t\t\t\t\t\t<div class=\"grid faq-item\">\n\t\t\t\t\t<div class=\"flex question\">\n\t\t\t\t\t\t<h4>La ce te po\u021bi a\u0219tepta dac\u0103 lucrezi \u00een Olanda<\/h4>\n\t\t\t\t\t\t<span class=\"faq-icon\" aria-hidden=\"true\"><i class=\"fa-solid fa-plus\"><\/i><\/span>\n\t\t\t\t\t<\/div>\n\t\t\t\t\t<div class=\"answer\">\n\t\t\t\t\t\t<p>Cu un loc de munc\u0103 cu norm\u0103 \u00eentreag\u0103 \u00een Olanda, lucrezi aproximativ 36-40 de ore pe s\u0103pt\u0103m\u00e2n\u0103. Tot ce lucrezi \u00een plus este considerat ore suplimentare \u0219i este remunerat cu un tarif orar pu\u021bin mai mare. Acumulezi cel pu\u021bin 20 de zile de concediu pl\u0103tit pe an, dar multe companii ofer\u0103 mai mult dec\u00e2t at\u00e2t. Toate aceste reguli sunt prev\u0103zute de lege pentru a asigura un echilibru adecvat \u00eentre via\u021ba profesional\u0103 \u0219i cea personal\u0103 pentru toat\u0103 lumea din Olanda. \u00cen calitate de lucr\u0103tor temporar, trebuie s\u0103 prime\u0219ti EXACT aceea\u0219i remunera\u021bie ca to\u021bi colegii t\u0103i care desf\u0103\u0219oar\u0103 aceea\u0219i munc\u0103. Ai dreptul legal la asta!<\/p>\n<p>Salariul minim este de 13,27 \u20ac pe or\u0103 pentru toate persoanele cu v\u00e2rsta de cel pu\u021bin 21 de ani (2024). Aceasta \u00eenseamn\u0103 un salariu lunar de 2.317,83 \u20ac. \u00cen plus, prime\u0219ti cel pu\u021bin 8% indemniza\u021bie de concediu. Aceasta se pl\u0103te\u0219te, de obicei, \u00eentr-o singur\u0103 tran\u0219\u0103, \u00een luna mai sau iunie, astfel \u00eenc\u00e2t s\u0103 te po\u021bi bucura de ace\u0219ti bani \u00een timpul vacan\u021bei de var\u0103. Aceste prevederi financiare asigur\u0103 un salariu decent, care \u00ee\u021bi permite s\u0103 te bucuri \u0219i de via\u021ba personal\u0103. Companiile din Olanda sunt supuse unor reguli stricte pentru a-\u021bi garanta siguran\u021ba la locul de munc\u0103.<\/p>\n\t\t\t\t\t<\/div>\n\t\t\t\t<\/div>\n\t\t\t\t\t\t\t<div class=\"grid faq-item\">\n\t\t\t\t\t<div class=\"flex question\">\n\t\t\t\t\t\t<h4>Cazare oferit\u0103 de EU-People pe durata \u0219ederii dumneavoastr\u0103<\/h4>\n\t\t\t\t\t\t<span class=\"faq-icon\" aria-hidden=\"true\"><i class=\"fa-solid fa-plus\"><\/i><\/span>\n\t\t\t\t\t<\/div>\n\t\t\t\t\t<div class=\"answer\">\n\t\t\t\t\t\t<p>\u00cen Olanda exist\u0103 o criz\u0103 a locuin\u021belor, dar dac\u0103 colaborezi cu noi, nu trebuie s\u0103-\u021bi faci griji \u00een privin\u021ba asta. \u00ce\u021bi oferim locuin\u021be confortabile \u0219i la pre\u021buri accesibile, astfel \u00eenc\u00e2t s\u0103 te po\u021bi concentra pe c\u00e2\u0219tigarea banilor. Confortul t\u0103u este important pentru noi, deoarece cu c\u00e2t te sim\u021bi mai bine acas\u0103, cu at\u00e2t te vei sim\u021bi mai bine la locul de munc\u0103. De aceea, locuin\u021bele noastre dispun de buc\u0103t\u0103rii \u0219i b\u0103i complet echipate, precum \u0219i de spa\u021bii de zi spa\u021bioase, astfel \u00eenc\u00e2t s\u0103 po\u021bi lega rela\u021bii cu colegii t\u0103i de apartament \u0219i s\u0103 te bucuri de timpul liber. Vei dormi \u00eentr-un dormitor \u00eempreun\u0103 cu cel mult un alt coleg de apartament. \u00cen multe cazuri, oferim \u0219i camere single. Toate locuin\u021bele noastre EU-People sunt situate convenabil, \u00een apropierea locului t\u0103u de munc\u0103. Te vei bucura de toate acestea \u0219i multe altele la pre\u021bul de aproximativ 90 \u20ac pe s\u0103pt\u0103m\u00e2n\u0103, dup\u0103 aplicarea <a href=\"https:\/\/eu-people.com\/ro\/impozitele-in-olanda-nu-sunt-chiar-atat-de-rele\/\">Reducere fiscal\u0103 extrateritorial\u0103<\/a>.<\/p>\n<p>Vrei s\u0103 afli mai multe despre caz\u0103rile noastre? Afl\u0103 totul despre ele pe: <a href=\"https:\/\/eu-people.com\/ro\/lucrand-in-tarile-de-jos\/cazare\/\">Locuri de munc\u0103 \u00een Olanda cu cazare asigurat\u0103<\/a>.<\/p>\n\t\t\t\t\t<\/div>\n\t\t\t\t<\/div>\n\t\t\t\t\t\t\t<div class=\"grid faq-item\">\n\t\t\t\t\t<div class=\"flex question\">\n\t\t\t\t\t\t<h4>Munca \u00een Olanda pentru cupluri<\/h4>\n\t\t\t\t\t\t<span class=\"faq-icon\" aria-hidden=\"true\"><i class=\"fa-solid fa-plus\"><\/i><\/span>\n\t\t\t\t\t<\/div>\n\t\t\t\t\t<div class=\"answer\">\n\t\t\t\t\t\t<p>Vrei s\u0103-\u021bi aduci partenerul cu tine dac\u0103 lucrezi \u00een Olanda? Noi ajut\u0103m cuplurile s\u0103 g\u0103seasc\u0103 un loc de munc\u0103 pl\u0103cut, cu posibilitatea de a locui \u00eempreun\u0103 \u00een cazarea noastr\u0103. La \u00eenceputul procesului de selec\u021bie, recrutorii no\u0219tri analizeaz\u0103 CV-urile tale \u0219i ale partenerului t\u0103u. Pe baza acestora, \u00eencerc\u0103m s\u0103 g\u0103sim o companie care s\u0103 poat\u0103 valorifica competen\u021bele voastre. \u00cen m\u0103sura posibilului, \u00eencerc\u0103m s\u0103 \u021binem cont de preferin\u021bele voastre privind munca \u00eempreun\u0103 sau separat, iar dac\u0103 locui\u021bi \u00een cazarea noastr\u0103, pute\u021bi dormi \u00eempreun\u0103 \u00een aceea\u0219i camer\u0103.<\/p>\n<p>Afl\u0103 mai multe despre cum este s\u0103 lucrezi \u00een Olanda ca cuplu pe: <a href=\"https:\/\/eu-people.com\/ro\/lucrand-in-tarile-de-jos\/pentru-cupluri\/\">Locuri de munc\u0103 \u00een Olanda pentru cupluri<\/a>.<\/p>\n\t\t\t\t\t<\/div>\n\t\t\t\t<\/div>\n\t\t\t\t\t\t\t<div class=\"grid faq-item\">\n\t\t\t\t\t<div class=\"flex question\">\n\t\t\t\t\t\t<h4>A lucra \u00een Olanda f\u0103r\u0103 a cunoa\u0219te limba<\/h4>\n\t\t\t\t\t\t<span class=\"faq-icon\" aria-hidden=\"true\"><i class=\"fa-solid fa-plus\"><\/i><\/span>\n\t\t\t\t\t<\/div>\n\t\t\t\t\t<div class=\"answer\">\n\t\t\t\t\t\t<p>Da, po\u021bi lucra \u00een Olanda f\u0103r\u0103 s\u0103 vorbe\u0219ti limba olandez\u0103! Mul\u021bi oameni din Olanda vorbesc bine engleza \u2014 mai ales tinerii. Pentru majoritatea locurilor noastre de munc\u0103, te vei sim\u021bi ca acas\u0103 dac\u0103 \u0219tii pu\u021bin\u0103 englez\u0103 (nivelul B1 sau mai bun). Uneori avem chiar \u0219i oferte pentru care este suficient\u0103 o cunoa\u0219tere foarte limitat\u0103 a limbii engleze.<\/p>\n<p>Pentru informa\u021bii mai detaliate, citi\u021bi mai departe la: <a href=\"https:\/\/eu-people.com\/ro\/lucrand-in-tarile-de-jos\/without-language\/\">A lucra \u00een Olanda f\u0103r\u0103 cuno\u0219tin\u021be de limb\u0103<\/a>.<\/p>\n\t\t\t\t\t<\/div>\n\t\t\t\t<\/div>\n\t\t\t\t\t\t\t<div class=\"grid faq-item\">\n\t\t\t\t\t<div class=\"flex question\">\n\t\t\t\t\t\t<h4>Ce trebuie s\u0103 faci dac\u0103 lucrezi \u00een Olanda<\/h4>\n\t\t\t\t\t\t<span class=\"faq-icon\" aria-hidden=\"true\"><i class=\"fa-solid fa-plus\"><\/i><\/span>\n\t\t\t\t\t<\/div>\n\t\t\t\t\t<div class=\"answer\">\n\t\t\t\t\t\t<p>Dac\u0103 lucrezi \u00een Olanda, trebuie s\u0103 \u021bii cont de c\u00e2teva aspecte. \u00cen primul r\u00e2nd, ai un num\u0103r de identificare civic (<a href=\"https:\/\/eu-people.com\/ro\/bsn-iata-de-ce-chiar-ai-nevoie-de-unul\/\">BSN<\/a>) \u0219i o asigurare medical\u0103 obligatorie. De asemenea, se pot solicita diverse beneficii, cum ar fi <a href=\"https:\/\/eu-people.com\/ro\/impozitele-in-olanda-nu-sunt-chiar-atat-de-rele\/\">reducere fiscal\u0103 extrateritorial\u0103<\/a>, <a href=\"https:\/\/eu-people.com\/ro\/tot-ce-trebuie-sa-stii-despre-alocatia-pentru-ingrijire-medicala\/\">aloca\u021bie pentru \u00eengrijire<\/a> \u0219i multe altele. Aceste aspecte pot fi dificil de rezolvat dac\u0103 nu e\u0219ti familiarizat cu legisla\u021bia olandez\u0103 \u0219i nu cuno\u0219ti limba. Dar nu-\u021bi face griji: dac\u0103 lucrezi cu noi \u00een Olanda, te vom ajuta cu pl\u0103cere s\u0103 rezolvi aceste chestiuni!<\/p>\n<p>Dac\u0103 vrei s\u0103 fii bine preg\u0103tit pentru a lucra \u00een Olanda, nu ezita s\u0103 cite\u0219ti articolul nostru de pe blog despre <a href=\"https:\/\/eu-people.com\/ro\/de-5-belangrijkste-zaken-die-je-moet-regelen-voordat-je-in-nederland-gaat-werken\/\">Cele mai importante 5 lucruri pe care trebuie s\u0103 le rezolvi \u00eenainte de a \u00eencepe s\u0103 lucrezi \u00een Olanda<\/a>.<\/p>\n\t\t\t\t\t<\/div>\n\t\t\t\t<\/div>\n\t\t\t\t\t<\/div>\n\t<\/div>\n\n    <\/div>\n    \n    \n<\/section>\n\n<section class=\"shifted-slider std-padding\">\n\n            <div class=\"shifted-slider-wrap boxed\">\n            \n\n<div class=\"shifted-slider splide\">\n\t<div class=\"grid columns\">\n        \n        <div class=\"grid navigation textbox align-content-start\">\n            <span class=\"subhead\">recenzii<\/span>\n            <h2>Rela\u021biile stabile cu clien\u021bii se construiesc prin satisfac\u021bia angaja\u021bilor temporari<\/h2>\n            <div class=\"text\">Modelul nostru de afaceri \u201eDouble Sided\u201d st\u0103 la baza succesului nostru, deoarece at\u00e2t partenerii no\u0219tri, c\u00e2t \u0219i angaja\u021bii no\u0219tri temporari sunt foarte mul\u021bumi\u021bi de noi. Acest lucru se reflect\u0103 \u00een rata ridicat\u0103 de reten\u021bie \u0219i \u00een recomand\u0103rile din partea angaja\u021bilor no\u0219tri.\u00a0<\/div>\n            <div class=\"splide__arrows tm-arrows\">\n                <button class=\"splide__arrow splide__arrow--prev\"><i class=\"fa-solid fa-arrow-right\"><\/i><\/button>\n                <button class=\"splide__arrow splide__arrow--next\"><i class=\"fa-solid fa-arrow-right\"><\/i><\/button>\n            <\/div>\n        <\/div>\n\n        <div class=\"grid slider-wrap\">\n            <div class=\"splide__track\" role=\"group\">\n                                <ul class=\"splide__list tiles\">\n                                        <li class=\"grid splide__slide tile align-items-center\">\n                        <div class=\"flex score align-items-center\">\n                            <i class=\"fa-sharp fa-solid fa-star\"><\/i>\n                            <h4>5.0<\/h4>\n                        <\/div>\n                        <p>Lucrez deja de c\u00e2\u021biva ani cu Han \u00een domeniul personalului temporar (contracte cu durata mai mare de dou\u0103 luni). Han \u0219tie exact de ce fel de oameni avem nevoie. C\u00e2nd avem nevoie de lucr\u0103tori temporari, \u00een decurs de una sau dou\u0103 s\u0103pt\u0103m\u00e2ni el g\u0103se\u0219te persoanele potrivite. El nu \u021bine cont doar de experien\u021ba de care avem nevoie, ci \u0219i de cultura companiei. De aceea, p\u00e2n\u0103 acum am avut \u00eentotdeauna o potrivire perfect\u0103 \u00eenc\u0103 de la prima \u00eencercare.<\/p>\n                        <div class=\"flex person align-items-center\">\n                            <img decoding=\"async\" src=\"https:\/\/eu-people.com\/wp-content\/uploads\/2026\/02\/1517721445621.jpeg\">                            <b>Marc Kessels \u2013 Perfect Coat BV<\/b>\n                        <\/div>\n                    <\/li>\n                                        <li class=\"grid splide__slide tile align-items-center\">\n                        <div class=\"flex score align-items-center\">\n                            <i class=\"fa-sharp fa-solid fa-star\"><\/i>\n                            <h4>5.0<\/h4>\n                        <\/div>\n                        <p>Han ne-a ajutat foarte mult pe noi, cei de la CEVA Logistics, pun\u00e2ndu-ne la dispozi\u021bie, prin intermediul companiei sale EU-People, personal de \u00eencredere \u0219i de \u00eenalt\u0103 calitate \u00eentr-o perioad\u0103 \u00een care aveam cu adev\u0103rat mare nevoie de ajutor \u00een ceea ce prive\u0219te personalul. \u00cen acea etap\u0103, Han s-a dovedit a fi un partener onest \u0219i de \u00eencredere, orientat spre g\u0103sirea de solu\u021bii.<\/p>\n                        <div class=\"flex person align-items-center\">\n                            <img decoding=\"async\" src=\"https:\/\/eu-people.com\/wp-content\/uploads\/2026\/02\/1671616003687-300x300.jpeg\">                            <b>Bart Beeks \u2013 Director de opera\u021biuni (COO) la CEVA Contract Logistics<\/b>\n                        <\/div>\n                    <\/li>\n                                    <\/ul>\n                            <\/div>\n        <\/div>\n\n\t<\/div>\n<\/div>\n        <\/div>\n    \n<\/section>","protected":false},"excerpt":{"rendered":"","protected":false},"author":1,"featured_media":0,"parent":0,"menu_order":0,"comment_status":"closed","ping_status":"closed","template":"","meta":{"_acf_changed":false,"footnotes":""},"class_list":["post-324","page","type-page","status-publish","hentry"],"acf":[],"yoast_head":"<!-- This site is optimized with the Yoast SEO Premium plugin v28.3 (Yoast SEO v28.3) - https:\/\/yoast.com\/product\/yoast-seo-premium-wordpress\/ -->\n<title>Werken in Nederland - EU-People<\/title>\n<meta name=\"description\" content=\"Werken in Nederland - EU-People\" \/>\n<meta name=\"robots\" content=\"index, follow, max-snippet:-1, max-image-preview:large, max-video-preview:-1\" \/>\n<link rel=\"canonical\" href=\"https:\/\/eu-people.com\/ro\/lucrand-in-tarile-de-jos\/\" \/>\n<meta property=\"og:locale\" content=\"ro_RO\" \/>\n<meta property=\"og:type\" content=\"article\" \/>\n<meta property=\"og:title\" content=\"Werken in Nederland\" \/>\n<meta property=\"og:description\" content=\"Werken in Nederland - EU-People\" \/>\n<meta property=\"og:url\" content=\"https:\/\/eu-people.com\/ro\/lucrand-in-tarile-de-jos\/\" \/>\n<meta property=\"og:site_name\" content=\"EU-People\" \/>\n<meta property=\"article:publisher\" content=\"https:\/\/www.facebook.com\/EUpeopleHQ\/\" \/>\n<meta property=\"article:modified_time\" content=\"2026-08-31T11:06:12+00:00\" \/>\n<meta name=\"twitter:card\" content=\"summary_large_image\" \/>\n<script type=\"application\/ld+json\" class=\"yoast-schema-graph\">{\"@context\":\"https:\\\/\\\/schema.org\",\"@graph\":[{\"@type\":\"WebPage\",\"@id\":\"https:\\\/\\\/eu-people.com\\\/working-in-the-netherlands\\\/\",\"url\":\"https:\\\/\\\/eu-people.com\\\/working-in-the-netherlands\\\/\",\"name\":\"Werken in Nederland - EU-People\",\"isPartOf\":{\"@id\":\"https:\\\/\\\/eu-people.com\\\/#website\"},\"datePublished\":\"2026-04-07T10:18:20+00:00\",\"dateModified\":\"2026-08-31T11:06:12+00:00\",\"description\":\"Werken in Nederland - EU-People\",\"breadcrumb\":{\"@id\":\"https:\\\/\\\/eu-people.com\\\/working-in-the-netherlands\\\/#breadcrumb\"},\"inLanguage\":\"ro-RO\",\"potentialAction\":[{\"@type\":\"ReadAction\",\"target\":[\"https:\\\/\\\/eu-people.com\\\/working-in-the-netherlands\\\/\"]}]},{\"@type\":\"BreadcrumbList\",\"@id\":\"https:\\\/\\\/eu-people.com\\\/working-in-the-netherlands\\\/#breadcrumb\",\"itemListElement\":[{\"@type\":\"ListItem\",\"position\":1,\"name\":\"Home\",\"item\":\"https:\\\/\\\/eu-people.com\\\/\"},{\"@type\":\"ListItem\",\"position\":2,\"name\":\"Werken in Nederland\"}]},{\"@type\":\"WebSite\",\"@id\":\"https:\\\/\\\/eu-people.com\\\/#website\",\"url\":\"https:\\\/\\\/eu-people.com\\\/\",\"name\":\"EU-People\",\"description\":\"\",\"publisher\":{\"@id\":\"https:\\\/\\\/eu-people.com\\\/#organization\"},\"potentialAction\":[{\"@type\":\"SearchAction\",\"target\":{\"@type\":\"EntryPoint\",\"urlTemplate\":\"https:\\\/\\\/eu-people.com\\\/?s={search_term_string}\"},\"query-input\":{\"@type\":\"PropertyValueSpecification\",\"valueRequired\":true,\"valueName\":\"search_term_string\"}}],\"inLanguage\":\"ro-RO\"},{\"@type\":\"Organization\",\"@id\":\"https:\\\/\\\/eu-people.com\\\/#organization\",\"name\":\"EU-People\",\"alternateName\":\"EU-People | Profs for Profs\",\"url\":\"https:\\\/\\\/eu-people.com\\\/\",\"logo\":{\"@type\":\"ImageObject\",\"inLanguage\":\"ro-RO\",\"@id\":\"https:\\\/\\\/eu-people.com\\\/#\\\/schema\\\/logo\\\/image\\\/\",\"url\":\"https:\\\/\\\/eu-people.com\\\/wp-content\\\/uploads\\\/2026\\\/02\\\/logo-scaled.png\",\"contentUrl\":\"https:\\\/\\\/eu-people.com\\\/wp-content\\\/uploads\\\/2026\\\/02\\\/logo-scaled.png\",\"width\":2560,\"height\":477,\"caption\":\"EU-People\"},\"image\":{\"@id\":\"https:\\\/\\\/eu-people.com\\\/#\\\/schema\\\/logo\\\/image\\\/\"},\"sameAs\":[\"https:\\\/\\\/www.facebook.com\\\/EUpeopleHQ\\\/\",\"https:\\\/\\\/www.instagram.com\\\/eupeople_jobs\\\/\",\"https:\\\/\\\/www.linkedin.com\\\/company\\\/eu-people-b.v.\\\/\"],\"description\":\"EU-People is a leading Dutch recruitment agency connecting international professionals with reliable employers in the Eindhoven region and across the Netherlands. We recruit for technical, logistics, production and food industry jobs, including woodworking, metalworking, cleanroom, assembly and machine operator roles. We provide quality housing, transport, weekly salary and personal support from application to employment.\",\"email\":\"info@eu-people.com\",\"telephone\":\"+31882014100\",\"legalName\":\"EU-People B.V.\",\"vatID\":\"NL817327472B01\",\"numberOfEmployees\":{\"@type\":\"QuantitativeValue\",\"minValue\":\"201\",\"maxValue\":\"500\"}}]}<\/script>\n<!-- \/ Yoast SEO Premium plugin. -->","yoast_head_json":{"title":"Munca \u00een Olanda - EU-People","description":"Munca \u00een Olanda - EU-People","robots":{"index":"index","follow":"follow","max-snippet":"max-snippet:-1","max-image-preview":"max-image-preview:large","max-video-preview":"max-video-preview:-1"},"canonical":"https:\/\/eu-people.com\/ro\/lucrand-in-tarile-de-jos\/","og_locale":"ro_RO","og_type":"article","og_title":"Werken in Nederland","og_description":"Werken in Nederland - EU-People","og_url":"https:\/\/eu-people.com\/ro\/lucrand-in-tarile-de-jos\/","og_site_name":"EU-People","article_publisher":"https:\/\/www.facebook.com\/EUpeopleHQ\/","article_modified_time":"2026-08-31T11:06:12+00:00","twitter_card":"summary_large_image","schema":{"@context":"https:\/\/schema.org","@graph":[{"@type":"WebPage","@id":"https:\/\/eu-people.com\/working-in-the-netherlands\/","url":"https:\/\/eu-people.com\/working-in-the-netherlands\/","name":"Munca \u00een Olanda - EU-People","isPartOf":{"@id":"https:\/\/eu-people.com\/#website"},"datePublished":"2026-04-07T10:18:20+00:00","dateModified":"2026-08-31T11:06:12+00:00","description":"Munca \u00een Olanda - EU-People","breadcrumb":{"@id":"https:\/\/eu-people.com\/working-in-the-netherlands\/#breadcrumb"},"inLanguage":"ro-RO","potentialAction":[{"@type":"ReadAction","target":["https:\/\/eu-people.com\/working-in-the-netherlands\/"]}]},{"@type":"BreadcrumbList","@id":"https:\/\/eu-people.com\/working-in-the-netherlands\/#breadcrumb","itemListElement":[{"@type":"ListItem","position":1,"name":"Home","item":"https:\/\/eu-people.com\/"},{"@type":"ListItem","position":2,"name":"Werken in Nederland"}]},{"@type":"WebSite","@id":"https:\/\/eu-people.com\/#website","url":"https:\/\/eu-people.com\/","name":"Oameni din UE","description":"","publisher":{"@id":"https:\/\/eu-people.com\/#organization"},"potentialAction":[{"@type":"SearchAction","target":{"@type":"EntryPoint","urlTemplate":"https:\/\/eu-people.com\/?s={search_term_string}"},"query-input":{"@type":"PropertyValueSpecification","valueRequired":true,"valueName":"search_term_string"}}],"inLanguage":"ro-RO"},{"@type":"Organization","@id":"https:\/\/eu-people.com\/#organization","name":"Oameni din UE","alternateName":"EU-People | Profs for Profs","url":"https:\/\/eu-people.com\/","logo":{"@type":"ImageObject","inLanguage":"ro-RO","@id":"https:\/\/eu-people.com\/#\/schema\/logo\/image\/","url":"https:\/\/eu-people.com\/wp-content\/uploads\/2026\/02\/logo-scaled.png","contentUrl":"https:\/\/eu-people.com\/wp-content\/uploads\/2026\/02\/logo-scaled.png","width":2560,"height":477,"caption":"EU-People"},"image":{"@id":"https:\/\/eu-people.com\/#\/schema\/logo\/image\/"},"sameAs":["https:\/\/www.facebook.com\/EUpeopleHQ\/","https:\/\/www.instagram.com\/eupeople_jobs\/","https:\/\/www.linkedin.com\/company\/eu-people-b.v.\/"],"description":"EU-People este o agen\u021bie de recrutare olandez\u0103 de top, care pune \u00een leg\u0103tur\u0103 profesioni\u0219ti interna\u021bionali cu angajatori de \u00eencredere din regiunea Eindhoven \u0219i din \u00eentreaga Oland\u0103. Recrut\u0103m personal pentru posturi din domeniile tehnic, logistic, de produc\u021bie \u0219i din industria alimentar\u0103, inclusiv pentru posturi \u00een prelucrarea lemnului, prelucrarea metalelor, camere sterile, asamblare \u0219i operatori de ma\u0219ini. Oferim cazare de calitate, transport, salariu s\u0103pt\u0103m\u00e2nal \u0219i sprijin personal de la depunerea candidaturii p\u00e2n\u0103 la angajare.","email":"info@eu-people.com","telephone":"+31882014100","legalName":"EU-People B.V.","vatID":"NL817327472B01","numberOfEmployees":{"@type":"QuantitativeValue","minValue":"201","maxValue":"500"}}]}},"_links":{"self":[{"href":"https:\/\/eu-people.com\/ro\/wp-json\/wp\/v2\/pages\/324","targetHints":{"allow":["GET"]}}],"collection":[{"href":"https:\/\/eu-people.com\/ro\/wp-json\/wp\/v2\/pages"}],"about":[{"href":"https:\/\/eu-people.com\/ro\/wp-json\/wp\/v2\/types\/page"}],"author":[{"embeddable":true,"href":"https:\/\/eu-people.com\/ro\/wp-json\/wp\/v2\/users\/1"}],"replies":[{"embeddable":true,"href":"https:\/\/eu-people.com\/ro\/wp-json\/wp\/v2\/comments?post=324"}],"version-history":[{"count":23,"href":"https:\/\/eu-people.com\/ro\/wp-json\/wp\/v2\/pages\/324\/revisions"}],"predecessor-version":[{"id":844,"href":"https:\/\/eu-people.com\/ro\/wp-json\/wp\/v2\/pages\/324\/revisions\/844"}],"wp:attachment":[{"href":"https:\/\/eu-people.com\/ro\/wp-json\/wp\/v2\/media?parent=324"}],"curies":[{"name":"wp","href":"https:\/\/api.w.org\/{rel}","templated":true}]}}