{"id":366,"date":"2026-04-09T10:32:29","date_gmt":"2026-04-09T09:32:29","guid":{"rendered":"https:\/\/eu-people.com\/?page_id=366"},"modified":"2026-07-31T11:11:00","modified_gmt":"2026-07-31T10:11:00","slug":"despre-cetatenii-ue","status":"publish","type":"page","link":"https:\/\/eu-people.com\/ro\/over-eu-people\/","title":{"rendered":"Despre EU People"},"content":{"rendered":"<section class=\"hero\">\n    \n    \n    <div class=\"grid hero-wrap boxed\">\n        <div class=\"content-wrap\">\n            <div class=\"grid textbox justify-items-start align-content-center\">\n                                                <span class=\"breadcrumb\"><span><span><a href=\"https:\/\/eu-people.com\/ro\/\">Acas\u0103<\/a><\/span><\/span><\/span>                \n                <h1>Cine suntem noi?<\/h1>\n\n                <div class=\"text\"><p>Leg\u0103turi \u0219i oportunit\u0103\u021bi, asta este esen\u021ba\u00a0<strong>Oameni din UE<\/strong>\u00a0totul. Din 2006, ne-am dezvoltat \u0219i am devenit un partener de \u00eencredere \u00een ceea ce prive\u0219te punerea \u00een leg\u0103tur\u0103 a for\u021bei de munc\u0103 europene cu companiile potrivite din Olanda.<\/p>\n<\/div>\n\n                            <\/div>\n        <\/div>\n    <\/div>\n\n    \n<\/section>\n\n<section class=\"text-image std-padding\">\n\n            <div class=\"grid text-image-wrap boxed col-2\">\n            \n<div class=\"image\">\n            <img decoding=\"async\" src=\"https:\/\/eu-people.com\/wp-content\/uploads\/2026\/07\/eu-people-hq.png\">\n    <\/div>\n\n<div class=\"grid textbox justify-items-start align-content-center\">\n            \n        <h2>Continuitate \u00een munca flexibil\u0103<\/h2>\n        \n    <div class=\"text\"><p>Continuitate \u00een munca flexibil\u0103? Exist\u0103 a\u0219a ceva? Desigur! La EU-People demonstr\u0103m acest lucru cu m\u00e2ndrie de deja 20 de ani. Analiz\u0103m nevoile de personal, identific\u0103m posturile care trebuie ocupate pe termen lung \u0219i \u00een mod stabil \u0219i stabilim unde \u00eencepe cu adev\u0103rat segmentul de munc\u0103 flexibil\u0103. \u00cen plus, asigur\u0103m o reten\u021bie bun\u0103 a personalului, ceea ce \u00eembun\u0103t\u0103\u021be\u0219te considerabil experien\u021ba clien\u021bilor no\u0219tri. \u00cen economia actual\u0103, \u00een care locurile de munc\u0103 flexibile au un caracter \u2018permanent\u2019, oferim o solu\u021bie excelent\u0103.<\/p>\n<\/div>\n\n    <div class=\"flex buttons\">\n\t\t<a href=\"https:\/\/eu-people.com\/ro\/contact\/\" target=\"\" class=\"link\">\n\t\t<span>Hai s\u0103 vorbim<\/span><i class=\"fa-solid fa-arrow-up-right\"><\/i>\n\t<\/a>\n\t<\/div><\/div>\n        <\/div>\n    \n<\/section>\n\n<section class=\"editor margin-bottom\">\n        <div class=\"editor-wrap boxed\">\n            <div class=\"autop content padding grey\"><div class=\"elementor-element elementor-element-2390550f elementor-widget elementor-widget-heading\" data-id=\"2390550f\" data-element_type=\"widget\" data-widget_type=\"heading.default\">\n<div class=\"elementor-widget-container\">\n<h3 class=\"elementor-heading-title elementor-size-default\">Competen\u021b\u0103<\/h3>\n<\/div>\n<\/div>\n<div class=\"elementor-element elementor-element-e9672d6 elementor-widget elementor-widget-text-editor\" data-id=\"e9672d6\" data-element_type=\"widget\" data-widget_type=\"text-editor.default\">\n<div class=\"elementor-widget-container\">\n<p>Echipa noastr\u0103 dispune de cuno\u0219tin\u021be practice vaste \u00een diverse sectoare, precum depozitare, produc\u021bie, asamblare \u0219i industria alimentar\u0103. \u00cempreun\u0103 cu clien\u021bii no\u0219tri, membrii echipei identific\u0103 cu precizie competen\u021bele necesare \u0219i comunic\u0103 acest lucru \u00een mod eficient c\u0103tre propria noastr\u0103 agen\u021bie de recrutare. Realiz\u0103m videoclipuri scurte la fa\u021ba locului \u0219i elabor\u0103m \u00eentreb\u0103ri \u201eProfiquestions\u201d. Astfel, recrutorii no\u0219tri pun \u00eentreb\u0103rile potrivite, la care un profesionist poate r\u0103spunde, \u0219i \u0219tiu s\u0103 evalueze corect r\u0103spunsurile. Rezultatul? Angaja\u021bi temporari competen\u021bi, care se simt ca acas\u0103 la locul de munc\u0103, \u0219i o rela\u021bie satisf\u0103c\u0103toare cu clientul.<\/p>\n<\/div>\n<\/div>\n<\/div>\n        <\/div>\n<\/section>\n\n\n<section class=\"editor primary margin-bottom\">\n        <div class=\"editor-wrap boxed\">\n            <div class=\"autop content\"><div class=\"elementor-element elementor-element-7b8c52d0 elementor-widget elementor-widget-heading\" data-id=\"7b8c52d0\" data-element_type=\"widget\" data-widget_type=\"heading.default\">\n<div class=\"elementor-widget-container\">\n<h3 class=\"elementor-heading-title elementor-size-default\">O \u2018leg\u0103tur\u0103\u2019 durabil\u0103\u2019<\/h3>\n<\/div>\n<\/div>\n<div class=\"elementor-element elementor-element-308344f4 elementor-widget elementor-widget-text-editor\" data-id=\"308344f4\" data-element_type=\"widget\" data-widget_type=\"text-editor.default\">\n<div class=\"elementor-widget-container\">\n<p>Disponibilitate, adecvare, compatibilitate personal\u0103, compatibilitate cultural\u0103, certificate \u0219i diplome; antecedente penale? Fiecare element este analizat \u0219i\/sau verificat de recrutorii no\u0219tri experimenta\u021bi. Recrutorii no\u0219tri sunt m\u00e2ndri de munca lor. Ei cunosc dorin\u021bele clien\u021bilor no\u0219tri \u0219i se informeaz\u0103 \u00een permanen\u021b\u0103 cu privire la cele mai recente nout\u0103\u021bi. Scopul final? O \u2018chimie\u2019 durabil\u0103 \u00eentre angajat \u0219i angajator! \u0218i cu c\u00e2t recrutorul este mai bun, cu at\u00e2t recompensa este mai mare.<\/p>\n<\/div>\n<\/div>\n<\/div>\n        <\/div>\n<\/section>\n\n\n<section class=\"editor margin-none\">\n        <div class=\"editor-wrap boxed\">\n            <div class=\"autop content padding primary\"><div class=\"elementor-element elementor-element-64bda1fe elementor-widget elementor-widget-heading\" data-id=\"64bda1fe\" data-element_type=\"widget\" data-widget_type=\"heading.default\">\n<div class=\"elementor-widget-container\">\n<h3 class=\"elementor-heading-title elementor-size-default\">Un mediu de locuit pl\u0103cut<\/h3>\n<\/div>\n<\/div>\n<div class=\"elementor-element elementor-element-23fbd95e elementor-widget elementor-widget-text-editor\" data-id=\"23fbd95e\" data-element_type=\"widget\" data-widget_type=\"text-editor.default\">\n<div class=\"elementor-widget-container\">\n<p>Angaja\u021bii no\u0219tri temporari, \u00een mare parte str\u0103ini, au adesea nevoie de siguran\u021b\u0103 pe termen lung \u0219i de un contract pe aceea\u0219i durat\u0103. \u00cen plus, prefer\u0103 s\u0103 lucreze un num\u0103r suficient de ore, pentru a putea c\u00e2\u0219tiga c\u00e2t mai mul\u021bi bani. Prefer\u0103 s\u0103 locuiasc\u0103 \u00eentr-o locuin\u021b\u0103 lini\u0219tit\u0103, situat\u0103 la o distan\u021b\u0103 mic\u0103 de locul de munc\u0103. Deoarece adesea nu au \u00eenc\u0103 contacte \u00een \u00eemprejurimile imediate, mul\u021bi dintre ei doresc s\u0103-\u0219i cunoasc\u0103 colegii. Acas\u0103, \u00eens\u0103, au nevoie de lini\u0219te \u0219i nu de colegi de apartament care s\u0103 petreac\u0103. Recrutorii no\u0219tri \u0219tiu acest lucru \u0219i sunt con\u0219tien\u021bi c\u0103 angajarea unor \u2018petrec\u0103re\u021bi\u2019 afecteaz\u0103 negativ confortul de via\u021b\u0103 al angaja\u021bilor serio\u0219i. Asigurarea siguran\u021bei \u0219i a lini\u0219tii \u00een mediul de locuit este esen\u021bial\u0103 pentru noi \u0219i contribuie la rata de reten\u021bie excelent\u0103 a angaja\u021bilor no\u0219tri flexibili, care poate fi verificat\u0103 prin referin\u021be.<\/p>\n<\/div>\n<\/div>\n<\/div>\n        <\/div>\n<\/section>","protected":false},"excerpt":{"rendered":"","protected":false},"author":1,"featured_media":0,"parent":0,"menu_order":0,"comment_status":"closed","ping_status":"closed","template":"","meta":{"_acf_changed":false,"footnotes":""},"class_list":["post-366","page","type-page","status-publish","hentry"],"acf":[],"yoast_head":"<!-- This site is optimized with the Yoast SEO Premium plugin v28.3 (Yoast SEO v28.3) - https:\/\/yoast.com\/product\/yoast-seo-premium-wordpress\/ -->\n<title>Over EU People - EU-People<\/title>\n<meta name=\"description\" content=\"Over EU People - EU-People\" \/>\n<meta name=\"robots\" content=\"index, follow, max-snippet:-1, max-image-preview:large, max-video-preview:-1\" \/>\n<link rel=\"canonical\" href=\"https:\/\/eu-people.com\/ro\/despre-cetatenii-ue\/\" \/>\n<meta property=\"og:locale\" content=\"ro_RO\" \/>\n<meta property=\"og:type\" content=\"article\" \/>\n<meta property=\"og:title\" content=\"Over EU People\" \/>\n<meta property=\"og:description\" content=\"Over EU People - EU-People\" \/>\n<meta property=\"og:url\" content=\"https:\/\/eu-people.com\/ro\/despre-cetatenii-ue\/\" \/>\n<meta property=\"og:site_name\" content=\"EU-People\" \/>\n<meta property=\"article:publisher\" content=\"https:\/\/www.facebook.com\/EUpeopleHQ\/\" \/>\n<meta property=\"article:modified_time\" content=\"2026-07-31T10:11:00+00:00\" \/>\n<meta name=\"twitter:card\" content=\"summary_large_image\" \/>\n<script type=\"application\/ld+json\" class=\"yoast-schema-graph\">{\"@context\":\"https:\\\/\\\/schema.org\",\"@graph\":[{\"@type\":\"WebPage\",\"@id\":\"https:\\\/\\\/eu-people.com\\\/over-eu-people\\\/\",\"url\":\"https:\\\/\\\/eu-people.com\\\/over-eu-people\\\/\",\"name\":\"Over EU People - EU-People\",\"isPartOf\":{\"@id\":\"https:\\\/\\\/eu-people.com\\\/#website\"},\"datePublished\":\"2026-04-09T09:32:29+00:00\",\"dateModified\":\"2026-07-31T10:11:00+00:00\",\"description\":\"Over EU People - EU-People\",\"breadcrumb\":{\"@id\":\"https:\\\/\\\/eu-people.com\\\/over-eu-people\\\/#breadcrumb\"},\"inLanguage\":\"ro-RO\",\"potentialAction\":[{\"@type\":\"ReadAction\",\"target\":[\"https:\\\/\\\/eu-people.com\\\/over-eu-people\\\/\"]}]},{\"@type\":\"BreadcrumbList\",\"@id\":\"https:\\\/\\\/eu-people.com\\\/over-eu-people\\\/#breadcrumb\",\"itemListElement\":[{\"@type\":\"ListItem\",\"position\":1,\"name\":\"Home\",\"item\":\"https:\\\/\\\/eu-people.com\\\/\"},{\"@type\":\"ListItem\",\"position\":2,\"name\":\"Over EU People\"}]},{\"@type\":\"WebSite\",\"@id\":\"https:\\\/\\\/eu-people.com\\\/#website\",\"url\":\"https:\\\/\\\/eu-people.com\\\/\",\"name\":\"EU-People\",\"description\":\"\",\"publisher\":{\"@id\":\"https:\\\/\\\/eu-people.com\\\/#organization\"},\"potentialAction\":[{\"@type\":\"SearchAction\",\"target\":{\"@type\":\"EntryPoint\",\"urlTemplate\":\"https:\\\/\\\/eu-people.com\\\/?s={search_term_string}\"},\"query-input\":{\"@type\":\"PropertyValueSpecification\",\"valueRequired\":true,\"valueName\":\"search_term_string\"}}],\"inLanguage\":\"ro-RO\"},{\"@type\":\"Organization\",\"@id\":\"https:\\\/\\\/eu-people.com\\\/#organization\",\"name\":\"EU-People\",\"alternateName\":\"EU-People | Profs for Profs\",\"url\":\"https:\\\/\\\/eu-people.com\\\/\",\"logo\":{\"@type\":\"ImageObject\",\"inLanguage\":\"ro-RO\",\"@id\":\"https:\\\/\\\/eu-people.com\\\/#\\\/schema\\\/logo\\\/image\\\/\",\"url\":\"https:\\\/\\\/eu-people.com\\\/wp-content\\\/uploads\\\/2026\\\/02\\\/logo-scaled.png\",\"contentUrl\":\"https:\\\/\\\/eu-people.com\\\/wp-content\\\/uploads\\\/2026\\\/02\\\/logo-scaled.png\",\"width\":2560,\"height\":477,\"caption\":\"EU-People\"},\"image\":{\"@id\":\"https:\\\/\\\/eu-people.com\\\/#\\\/schema\\\/logo\\\/image\\\/\"},\"sameAs\":[\"https:\\\/\\\/www.facebook.com\\\/EUpeopleHQ\\\/\",\"https:\\\/\\\/www.instagram.com\\\/eupeople_jobs\\\/\",\"https:\\\/\\\/www.linkedin.com\\\/company\\\/eu-people-b.v.\\\/\"],\"description\":\"EU-People is a leading Dutch recruitment agency connecting international professionals with reliable employers in the Eindhoven region and across the Netherlands. We recruit for technical, logistics, production and food industry jobs, including woodworking, metalworking, cleanroom, assembly and machine operator roles. We provide quality housing, transport, weekly salary and personal support from application to employment.\",\"email\":\"info@eu-people.com\",\"telephone\":\"+31882014100\",\"legalName\":\"EU-People B.V.\",\"vatID\":\"NL817327472B01\",\"numberOfEmployees\":{\"@type\":\"QuantitativeValue\",\"minValue\":\"201\",\"maxValue\":\"500\"}}]}<\/script>\n<!-- \/ Yoast SEO Premium plugin. -->","yoast_head_json":{"title":"Despre EU People - EU-People","description":"Despre EU People - EU-People","robots":{"index":"index","follow":"follow","max-snippet":"max-snippet:-1","max-image-preview":"max-image-preview:large","max-video-preview":"max-video-preview:-1"},"canonical":"https:\/\/eu-people.com\/ro\/despre-cetatenii-ue\/","og_locale":"ro_RO","og_type":"article","og_title":"Over EU People","og_description":"Over EU People - EU-People","og_url":"https:\/\/eu-people.com\/ro\/despre-cetatenii-ue\/","og_site_name":"EU-People","article_publisher":"https:\/\/www.facebook.com\/EUpeopleHQ\/","article_modified_time":"2026-07-31T10:11:00+00:00","twitter_card":"summary_large_image","schema":{"@context":"https:\/\/schema.org","@graph":[{"@type":"WebPage","@id":"https:\/\/eu-people.com\/over-eu-people\/","url":"https:\/\/eu-people.com\/over-eu-people\/","name":"Despre EU People - EU-People","isPartOf":{"@id":"https:\/\/eu-people.com\/#website"},"datePublished":"2026-04-09T09:32:29+00:00","dateModified":"2026-07-31T10:11:00+00:00","description":"Despre EU People - EU-People","breadcrumb":{"@id":"https:\/\/eu-people.com\/over-eu-people\/#breadcrumb"},"inLanguage":"ro-RO","potentialAction":[{"@type":"ReadAction","target":["https:\/\/eu-people.com\/over-eu-people\/"]}]},{"@type":"BreadcrumbList","@id":"https:\/\/eu-people.com\/over-eu-people\/#breadcrumb","itemListElement":[{"@type":"ListItem","position":1,"name":"Home","item":"https:\/\/eu-people.com\/"},{"@type":"ListItem","position":2,"name":"Over EU People"}]},{"@type":"WebSite","@id":"https:\/\/eu-people.com\/#website","url":"https:\/\/eu-people.com\/","name":"Oameni din UE","description":"","publisher":{"@id":"https:\/\/eu-people.com\/#organization"},"potentialAction":[{"@type":"SearchAction","target":{"@type":"EntryPoint","urlTemplate":"https:\/\/eu-people.com\/?s={search_term_string}"},"query-input":{"@type":"PropertyValueSpecification","valueRequired":true,"valueName":"search_term_string"}}],"inLanguage":"ro-RO"},{"@type":"Organization","@id":"https:\/\/eu-people.com\/#organization","name":"Oameni din UE","alternateName":"EU-People | Profs for Profs","url":"https:\/\/eu-people.com\/","logo":{"@type":"ImageObject","inLanguage":"ro-RO","@id":"https:\/\/eu-people.com\/#\/schema\/logo\/image\/","url":"https:\/\/eu-people.com\/wp-content\/uploads\/2026\/02\/logo-scaled.png","contentUrl":"https:\/\/eu-people.com\/wp-content\/uploads\/2026\/02\/logo-scaled.png","width":2560,"height":477,"caption":"EU-People"},"image":{"@id":"https:\/\/eu-people.com\/#\/schema\/logo\/image\/"},"sameAs":["https:\/\/www.facebook.com\/EUpeopleHQ\/","https:\/\/www.instagram.com\/eupeople_jobs\/","https:\/\/www.linkedin.com\/company\/eu-people-b.v.\/"],"description":"EU-People este o agen\u021bie de recrutare olandez\u0103 de top, care pune \u00een leg\u0103tur\u0103 profesioni\u0219ti interna\u021bionali cu angajatori de \u00eencredere din regiunea Eindhoven \u0219i din \u00eentreaga Oland\u0103. Recrut\u0103m personal pentru posturi din domeniile tehnic, logistic, de produc\u021bie \u0219i din industria alimentar\u0103, inclusiv pentru posturi \u00een prelucrarea lemnului, prelucrarea metalelor, camere sterile, asamblare \u0219i operatori de ma\u0219ini. Oferim cazare de calitate, transport, salariu s\u0103pt\u0103m\u00e2nal \u0219i sprijin personal de la depunerea candidaturii p\u00e2n\u0103 la angajare.","email":"info@eu-people.com","telephone":"+31882014100","legalName":"EU-People B.V.","vatID":"NL817327472B01","numberOfEmployees":{"@type":"QuantitativeValue","minValue":"201","maxValue":"500"}}]}},"_links":{"self":[{"href":"https:\/\/eu-people.com\/ro\/wp-json\/wp\/v2\/pages\/366","targetHints":{"allow":["GET"]}}],"collection":[{"href":"https:\/\/eu-people.com\/ro\/wp-json\/wp\/v2\/pages"}],"about":[{"href":"https:\/\/eu-people.com\/ro\/wp-json\/wp\/v2\/types\/page"}],"author":[{"embeddable":true,"href":"https:\/\/eu-people.com\/ro\/wp-json\/wp\/v2\/users\/1"}],"replies":[{"embeddable":true,"href":"https:\/\/eu-people.com\/ro\/wp-json\/wp\/v2\/comments?post=366"}],"version-history":[{"count":13,"href":"https:\/\/eu-people.com\/ro\/wp-json\/wp\/v2\/pages\/366\/revisions"}],"predecessor-version":[{"id":669,"href":"https:\/\/eu-people.com\/ro\/wp-json\/wp\/v2\/pages\/366\/revisions\/669"}],"wp:attachment":[{"href":"https:\/\/eu-people.com\/ro\/wp-json\/wp\/v2\/media?parent=366"}],"curies":[{"name":"wp","href":"https:\/\/api.w.org\/{rel}","templated":true}]}}