{"id":368,"date":"2026-04-09T10:32:49","date_gmt":"2026-04-09T09:32:49","guid":{"rendered":"https:\/\/eu-people.com\/?page_id=368"},"modified":"2026-08-07T09:42:35","modified_gmt":"2026-08-07T08:42:35","slug":"misiune-viziune-oamenii-ue","status":"publish","type":"page","link":"https:\/\/eu-people.com\/ro\/over-eu-people\/missie-visie-eu-people\/","title":{"rendered":"Misiune \u0219i viziune EU People"},"content":{"rendered":"<section class=\"hero\">\n    \n    \n    <div class=\"grid hero-wrap boxed\">\n        <div class=\"content-wrap\">\n            <div class=\"grid textbox justify-items-start align-content-center\">\n                                                <span class=\"breadcrumb\"><span><span><a href=\"https:\/\/eu-people.com\/ro\/\">Acas\u0103<\/a><\/span><\/span><\/span>                \n                <h1>Despre noi<br><l>Misiune \u0219i viziune<\/l><\/h1>\n\n                <div class=\"text\"><p>Afl\u0103 mai multe despre misiunea \u0219i viziunea noastr\u0103, unde prezent\u0103m obiectivele \u0219i valorile noastre. D\u0103 clic pe link pentru a descoperi ce ne caracterizeaz\u0103.<\/p>\n<\/div>\n\n                            <\/div>\n        <\/div>\n    <\/div>\n\n    \n<\/section>\n\n<section class=\"text-image std-padding\">\n\n            <div class=\"grid text-image-wrap boxed col-2\">\n            \n<div class=\"image\">\n            <img decoding=\"async\" src=\"https:\/\/eu-people.com\/wp-content\/uploads\/2026\/08\/eu-people-over-missie-e1786091680357.png\">\n    <\/div>\n\n<div class=\"grid textbox justify-items-start align-content-center\">\n            \n        <h2>Misiunea EU People<\/h2>\n        \n    <div class=\"text\"><p>Misiunea EU-People B.V. este aceea de a fi un partener de \u00eencredere at\u00e2t pentru angajatori, c\u00e2t \u0219i pentru personalul nostru temporar. Prin oferirea de solu\u021bii eficiente \u0219i eficace \u00een domeniul muncii temporare, ne propunem s\u0103 reducem decalajul dintre talente, nevoi \u0219i oportunit\u0103\u021bi.<\/p>\n<p>Modelul nostru de afaceri \u201eDouble Sided\u201d st\u0103 la baza succesului nostru, deoarece at\u00e2t clien\u021bii no\u0219tri, c\u00e2t \u0219i angaja\u021bii no\u0219tri temporari sunt foarte mul\u021bumi\u021bi de noi. Acest lucru se reflect\u0103 \u00een rata ridicat\u0103 de reten\u021bie \u0219i \u00een recomand\u0103rile din partea angaja\u021bilor no\u0219tri.\u00a0\u00cen plus, o mare parte dintre angaja\u021bii no\u0219tri flexibili primesc o ofert\u0103 de contract pe durat\u0103 nedeterminat\u0103 de la angajatorul care \u00eei utilizeaz\u0103. Poate c\u0103 acesta este un motiv \u00een plus pentru a ne alege \u0219i dumneavoastr\u0103?<\/p>\n<p>Rela\u021biile stabile cu clien\u021bii se construiesc \u00een primul r\u00e2nd prin satisfac\u021bia angaja\u021bilor temporari la clien\u021bii no\u0219tri. Angaja\u021bii temporari mul\u021bumi\u021bi se bucur\u0103 de respectul echipei noastre, de un mediu de lucru pl\u0103cut, de o remunera\u021bie corect\u0103 pl\u0103tit\u0103 s\u0103pt\u0103m\u00e2nal \u0219i de condi\u021bii bune de munc\u0103 \u0219i de locuit. Aceasta este filosofia EU-People!<\/p>\n<\/div>\n\n    <div class=\"flex buttons\">\n\t\t<a href=\"https:\/\/eu-people.com\/ro\/contact\/\" target=\"\" class=\"link\">\n\t\t<span>S\u0103 ne apuc\u0103m de treab\u0103 \u00eempreun\u0103!<\/span><i class=\"fa-solid fa-arrow-up-right\"><\/i>\n\t<\/a>\n\t<\/div><\/div>\n        <\/div>\n    \n<\/section>\n\n<section class=\"text-image std-padding\">\n\n            <div class=\"grid text-image-wrap boxed col-2\">\n            \n<div class=\"image\">\n            <img decoding=\"async\" src=\"https:\/\/eu-people.com\/wp-content\/uploads\/2026\/04\/EU_People_warehouse.png\">\n    <\/div>\n\n<div class=\"grid textbox justify-items-start align-content-center\">\n            \n        <h2>Viziunea EU People<\/h2>\n        \n    <div class=\"text\"><p>La EU-People, ne concentr\u0103m pe ocuparea pe termen lung \u0219i \u00een mod profesionist a posturilor vacante cu ajutorul personalului nostru flexibil. Credem \u00een puterea diversit\u0103\u021bii \u0219i a incluziunii \u0219i ne str\u0103duim s\u0103 g\u0103sim potrivirea perfect\u0103 pe pia\u021ba muncii.<\/p>\n<p>Rela\u021biile stabile cu clien\u021bii se construiesc \u00een primul r\u00e2nd datorit\u0103 satisfac\u021biei angaja\u021bilor temporari. Ace\u0219tia se bucur\u0103 de respectul echipei noastre, de un mediu de lucru pl\u0103cut, de o remunera\u021bie corect\u0103 pl\u0103tit\u0103 s\u0103pt\u0103m\u00e2nal \u0219i de condi\u021bii bune de munc\u0103 \u0219i de locuit.<\/p>\n<p>Loialitatea pe termen lung \u0219i recomand\u0103rile prietenilor din partea angaja\u021bilor no\u0219tri demonstreaz\u0103 succesul formulei noastre. \u00cen plus, o mare parte dintre angaja\u021bii no\u0219tri cu contract flexibil primesc un contract pe durat\u0103 nedeterminat\u0103 de la clien\u021bii mul\u021bumi\u021bi.<\/p>\n<\/div>\n\n    <div class=\"flex buttons\">\n\t\t<a href=\"https:\/\/eu-people.com\/ro\/contact\/\" target=\"\" class=\"link\">\n\t\t<span>S\u0103 ne apuc\u0103m de treab\u0103 \u00eempreun\u0103<\/span><i class=\"fa-solid fa-arrow-up-right\"><\/i>\n\t<\/a>\n\t<\/div><\/div>\n        <\/div>\n    \n<\/section>","protected":false},"excerpt":{"rendered":"","protected":false},"author":1,"featured_media":0,"parent":366,"menu_order":0,"comment_status":"closed","ping_status":"closed","template":"","meta":{"_acf_changed":false,"footnotes":""},"class_list":["post-368","page","type-page","status-publish","hentry"],"acf":[],"yoast_head":"<!-- This site is optimized with the Yoast SEO Premium plugin v28.3 (Yoast SEO v28.3) - https:\/\/yoast.com\/product\/yoast-seo-premium-wordpress\/ -->\n<title>Missie &amp; Visie EU People - EU-People<\/title>\n<meta name=\"description\" content=\"Missie &amp; Visie EU People - EU-People\" \/>\n<meta name=\"robots\" content=\"index, follow, max-snippet:-1, max-image-preview:large, max-video-preview:-1\" \/>\n<link rel=\"canonical\" href=\"https:\/\/eu-people.com\/ro\/despre-cetatenii-ue\/misiune-viziune-oamenii-ue\/\" \/>\n<meta property=\"og:locale\" content=\"ro_RO\" \/>\n<meta property=\"og:type\" content=\"article\" \/>\n<meta property=\"og:title\" content=\"Missie &amp; Visie EU People\" \/>\n<meta property=\"og:description\" content=\"Missie &amp; Visie EU People - EU-People\" \/>\n<meta property=\"og:url\" content=\"https:\/\/eu-people.com\/ro\/despre-cetatenii-ue\/misiune-viziune-oamenii-ue\/\" \/>\n<meta property=\"og:site_name\" content=\"EU-People\" \/>\n<meta property=\"article:publisher\" content=\"https:\/\/www.facebook.com\/EUpeopleHQ\/\" \/>\n<meta property=\"article:modified_time\" content=\"2026-08-07T08:42:35+00:00\" \/>\n<meta name=\"twitter:card\" content=\"summary_large_image\" \/>\n<script type=\"application\/ld+json\" class=\"yoast-schema-graph\">{\"@context\":\"https:\\\/\\\/schema.org\",\"@graph\":[{\"@type\":\"WebPage\",\"@id\":\"https:\\\/\\\/eu-people.com\\\/over-eu-people\\\/missie-visie-eu-people\\\/\",\"url\":\"https:\\\/\\\/eu-people.com\\\/over-eu-people\\\/missie-visie-eu-people\\\/\",\"name\":\"Missie &amp; Visie EU People - EU-People\",\"isPartOf\":{\"@id\":\"https:\\\/\\\/eu-people.com\\\/#website\"},\"datePublished\":\"2026-04-09T09:32:49+00:00\",\"dateModified\":\"2026-08-07T08:42:35+00:00\",\"description\":\"Missie &amp; Visie EU People - EU-People\",\"breadcrumb\":{\"@id\":\"https:\\\/\\\/eu-people.com\\\/over-eu-people\\\/missie-visie-eu-people\\\/#breadcrumb\"},\"inLanguage\":\"ro-RO\",\"potentialAction\":[{\"@type\":\"ReadAction\",\"target\":[\"https:\\\/\\\/eu-people.com\\\/over-eu-people\\\/missie-visie-eu-people\\\/\"]}]},{\"@type\":\"BreadcrumbList\",\"@id\":\"https:\\\/\\\/eu-people.com\\\/over-eu-people\\\/missie-visie-eu-people\\\/#breadcrumb\",\"itemListElement\":[{\"@type\":\"ListItem\",\"position\":1,\"name\":\"Home\",\"item\":\"https:\\\/\\\/eu-people.com\\\/\"},{\"@type\":\"ListItem\",\"position\":2,\"name\":\"Over EU People\",\"item\":\"https:\\\/\\\/eu-people.com\\\/over-eu-people\\\/\"},{\"@type\":\"ListItem\",\"position\":3,\"name\":\"Missie &amp; Visie EU People\"}]},{\"@type\":\"WebSite\",\"@id\":\"https:\\\/\\\/eu-people.com\\\/#website\",\"url\":\"https:\\\/\\\/eu-people.com\\\/\",\"name\":\"EU-People\",\"description\":\"\",\"publisher\":{\"@id\":\"https:\\\/\\\/eu-people.com\\\/#organization\"},\"potentialAction\":[{\"@type\":\"SearchAction\",\"target\":{\"@type\":\"EntryPoint\",\"urlTemplate\":\"https:\\\/\\\/eu-people.com\\\/?s={search_term_string}\"},\"query-input\":{\"@type\":\"PropertyValueSpecification\",\"valueRequired\":true,\"valueName\":\"search_term_string\"}}],\"inLanguage\":\"ro-RO\"},{\"@type\":\"Organization\",\"@id\":\"https:\\\/\\\/eu-people.com\\\/#organization\",\"name\":\"EU-People\",\"alternateName\":\"EU-People | Profs for Profs\",\"url\":\"https:\\\/\\\/eu-people.com\\\/\",\"logo\":{\"@type\":\"ImageObject\",\"inLanguage\":\"ro-RO\",\"@id\":\"https:\\\/\\\/eu-people.com\\\/#\\\/schema\\\/logo\\\/image\\\/\",\"url\":\"https:\\\/\\\/eu-people.com\\\/wp-content\\\/uploads\\\/2026\\\/02\\\/logo-scaled.png\",\"contentUrl\":\"https:\\\/\\\/eu-people.com\\\/wp-content\\\/uploads\\\/2026\\\/02\\\/logo-scaled.png\",\"width\":2560,\"height\":477,\"caption\":\"EU-People\"},\"image\":{\"@id\":\"https:\\\/\\\/eu-people.com\\\/#\\\/schema\\\/logo\\\/image\\\/\"},\"sameAs\":[\"https:\\\/\\\/www.facebook.com\\\/EUpeopleHQ\\\/\",\"https:\\\/\\\/www.instagram.com\\\/eupeople_jobs\\\/\",\"https:\\\/\\\/www.linkedin.com\\\/company\\\/eu-people-b.v.\\\/\"],\"description\":\"EU-People is a leading Dutch recruitment agency connecting international professionals with reliable employers in the Eindhoven region and across the Netherlands. We recruit for technical, logistics, production and food industry jobs, including woodworking, metalworking, cleanroom, assembly and machine operator roles. We provide quality housing, transport, weekly salary and personal support from application to employment.\",\"email\":\"info@eu-people.com\",\"telephone\":\"+31882014100\",\"legalName\":\"EU-People B.V.\",\"vatID\":\"NL817327472B01\",\"numberOfEmployees\":{\"@type\":\"QuantitativeValue\",\"minValue\":\"201\",\"maxValue\":\"500\"}}]}<\/script>\n<!-- \/ Yoast SEO Premium plugin. -->","yoast_head_json":{"title":"Misiune \u0219i viziune EU People - EU-People","description":"Misiune \u0219i viziune EU People - EU-People","robots":{"index":"index","follow":"follow","max-snippet":"max-snippet:-1","max-image-preview":"max-image-preview:large","max-video-preview":"max-video-preview:-1"},"canonical":"https:\/\/eu-people.com\/ro\/despre-cetatenii-ue\/misiune-viziune-oamenii-ue\/","og_locale":"ro_RO","og_type":"article","og_title":"Missie &amp; Visie EU People","og_description":"Missie &amp; Visie EU People - EU-People","og_url":"https:\/\/eu-people.com\/ro\/despre-cetatenii-ue\/misiune-viziune-oamenii-ue\/","og_site_name":"EU-People","article_publisher":"https:\/\/www.facebook.com\/EUpeopleHQ\/","article_modified_time":"2026-08-07T08:42:35+00:00","twitter_card":"summary_large_image","schema":{"@context":"https:\/\/schema.org","@graph":[{"@type":"WebPage","@id":"https:\/\/eu-people.com\/over-eu-people\/missie-visie-eu-people\/","url":"https:\/\/eu-people.com\/over-eu-people\/missie-visie-eu-people\/","name":"Misiune \u0219i viziune EU People - EU-People","isPartOf":{"@id":"https:\/\/eu-people.com\/#website"},"datePublished":"2026-04-09T09:32:49+00:00","dateModified":"2026-08-07T08:42:35+00:00","description":"Misiune \u0219i viziune EU People - EU-People","breadcrumb":{"@id":"https:\/\/eu-people.com\/over-eu-people\/missie-visie-eu-people\/#breadcrumb"},"inLanguage":"ro-RO","potentialAction":[{"@type":"ReadAction","target":["https:\/\/eu-people.com\/over-eu-people\/missie-visie-eu-people\/"]}]},{"@type":"BreadcrumbList","@id":"https:\/\/eu-people.com\/over-eu-people\/missie-visie-eu-people\/#breadcrumb","itemListElement":[{"@type":"ListItem","position":1,"name":"Home","item":"https:\/\/eu-people.com\/"},{"@type":"ListItem","position":2,"name":"Over EU People","item":"https:\/\/eu-people.com\/over-eu-people\/"},{"@type":"ListItem","position":3,"name":"Missie &amp; Visie EU People"}]},{"@type":"WebSite","@id":"https:\/\/eu-people.com\/#website","url":"https:\/\/eu-people.com\/","name":"Oameni din UE","description":"","publisher":{"@id":"https:\/\/eu-people.com\/#organization"},"potentialAction":[{"@type":"SearchAction","target":{"@type":"EntryPoint","urlTemplate":"https:\/\/eu-people.com\/?s={search_term_string}"},"query-input":{"@type":"PropertyValueSpecification","valueRequired":true,"valueName":"search_term_string"}}],"inLanguage":"ro-RO"},{"@type":"Organization","@id":"https:\/\/eu-people.com\/#organization","name":"Oameni din UE","alternateName":"EU-People | Profs for Profs","url":"https:\/\/eu-people.com\/","logo":{"@type":"ImageObject","inLanguage":"ro-RO","@id":"https:\/\/eu-people.com\/#\/schema\/logo\/image\/","url":"https:\/\/eu-people.com\/wp-content\/uploads\/2026\/02\/logo-scaled.png","contentUrl":"https:\/\/eu-people.com\/wp-content\/uploads\/2026\/02\/logo-scaled.png","width":2560,"height":477,"caption":"EU-People"},"image":{"@id":"https:\/\/eu-people.com\/#\/schema\/logo\/image\/"},"sameAs":["https:\/\/www.facebook.com\/EUpeopleHQ\/","https:\/\/www.instagram.com\/eupeople_jobs\/","https:\/\/www.linkedin.com\/company\/eu-people-b.v.\/"],"description":"EU-People este o agen\u021bie de recrutare olandez\u0103 de top, care pune \u00een leg\u0103tur\u0103 profesioni\u0219ti interna\u021bionali cu angajatori de \u00eencredere din regiunea Eindhoven \u0219i din \u00eentreaga Oland\u0103. Recrut\u0103m personal pentru posturi din domeniile tehnic, logistic, de produc\u021bie \u0219i din industria alimentar\u0103, inclusiv pentru posturi \u00een prelucrarea lemnului, prelucrarea metalelor, camere sterile, asamblare \u0219i operatori de ma\u0219ini. Oferim cazare de calitate, transport, salariu s\u0103pt\u0103m\u00e2nal \u0219i sprijin personal de la depunerea candidaturii p\u00e2n\u0103 la angajare.","email":"info@eu-people.com","telephone":"+31882014100","legalName":"EU-People B.V.","vatID":"NL817327472B01","numberOfEmployees":{"@type":"QuantitativeValue","minValue":"201","maxValue":"500"}}]}},"_links":{"self":[{"href":"https:\/\/eu-people.com\/ro\/wp-json\/wp\/v2\/pages\/368","targetHints":{"allow":["GET"]}}],"collection":[{"href":"https:\/\/eu-people.com\/ro\/wp-json\/wp\/v2\/pages"}],"about":[{"href":"https:\/\/eu-people.com\/ro\/wp-json\/wp\/v2\/types\/page"}],"author":[{"embeddable":true,"href":"https:\/\/eu-people.com\/ro\/wp-json\/wp\/v2\/users\/1"}],"replies":[{"embeddable":true,"href":"https:\/\/eu-people.com\/ro\/wp-json\/wp\/v2\/comments?post=368"}],"version-history":[{"count":8,"href":"https:\/\/eu-people.com\/ro\/wp-json\/wp\/v2\/pages\/368\/revisions"}],"predecessor-version":[{"id":704,"href":"https:\/\/eu-people.com\/ro\/wp-json\/wp\/v2\/pages\/368\/revisions\/704"}],"up":[{"embeddable":true,"href":"https:\/\/eu-people.com\/ro\/wp-json\/wp\/v2\/pages\/366"}],"wp:attachment":[{"href":"https:\/\/eu-people.com\/ro\/wp-json\/wp\/v2\/media?parent=368"}],"curies":[{"name":"wp","href":"https:\/\/api.w.org\/{rel}","templated":true}]}}