{"id":820,"date":"2026-08-31T10:36:34","date_gmt":"2026-08-31T09:36:34","guid":{"rendered":"https:\/\/eu-people.com\/working-in-the-netherlands\/for-couples\/"},"modified":"2026-08-31T11:18:04","modified_gmt":"2026-08-31T10:18:04","slug":"pentru-cupluri","status":"publish","type":"page","link":"https:\/\/eu-people.com\/ro\/working-in-the-netherlands\/for-couples\/","title":{"rendered":"A lucra \u00een Olanda ca cuplu"},"content":{"rendered":"<section class=\"hero\">\n    \n    \n    <div class=\"grid hero-wrap boxed\">\n        <div class=\"content-wrap\">\n            <div class=\"grid textbox justify-items-start align-content-center\">\n                                                <span class=\"breadcrumb\"><span><span><a href=\"https:\/\/eu-people.com\/ro\/\">Acas\u0103<\/a><\/span><\/span><\/span>                \n                <h1>A lucra \u00een Olanda ca cuplu<\/h1>\n\n                <div class=\"text\"><p>C\u00e2nd pleci de acas\u0103 pentru a munci \u00een Olanda, poate fi foarte greu s\u0103-\u021bi la\u0219i cei dragi acas\u0103. Din fericire, pute\u021bi veni \u00een Olanda s\u0103 munci\u021bi \u0219i ca cuplu! La EU-People avem oferte speciale pentru cuplurile care doresc s\u0103 locuiasc\u0103 \u0219i s\u0103 lucreze \u00eempreun\u0103.<\/p>\n<\/div>\n\n                            <\/div>\n        <\/div>\n    <\/div>\n\n    \n<\/section>\n\n<section class=\"text-image std-padding\">\n\n            <div class=\"grid text-image-wrap boxed col-2\">\n            \n<div class=\"image\">\n            <img decoding=\"async\" src=\"https:\/\/eu-people.com\/wp-content\/uploads\/2026\/08\/DALLC2B7E-2024-05-28-17.23.27-An-illustration-of-a-couple-working-together-at-a-desk-in-a-modern-home-office.-The-man-is-typing-on-a-laptop-while-the-woman-is-pointing-at-the-scree.webp\">\n    <\/div>\n\n<div class=\"grid textbox justify-items-start align-content-center\">\n            \n        <h2>A lucra ca cuplu \u00een Olanda<\/h2>\n        \n    <div class=\"text\"><p>Vre\u021bi s\u0103 v\u0103 muta\u021bi \u00eempreun\u0103 \u00een Olanda pentru a lucra? EU-People ajut\u0103 cuplurile s\u0103 g\u0103seasc\u0103 locuri de munc\u0103 potrivite, locuin\u021be comune \u0219i ofer\u0103 sprijin \u00een toate aspectele, de la ob\u021binerea num\u0103rului BSN p\u00e2n\u0103 la asigurarea de s\u0103n\u0103tate.<\/p>\n<p>Po\u021bi lucra pentru acela\u0219i angajator sau pentru doi angajatori diferi\u021bi, \u00een func\u021bie de preferin\u021bele tale. De asemenea, putem aranja cazare la sediul companiei, unde vei \u00eemp\u0103r\u021bi un dormitor. Desigur, te putem ajuta \u0219i cu organizarea <a href=\"https:\/\/eu-people.com\/ro\/bsn-iata-de-ce-chiar-ai-nevoie-de-unul\/\">BSN<\/a>, <a href=\"https:\/\/eu-people.com\/ro\/impozitele-in-olanda-nu-sunt-chiar-atat-de-rele\/\">Reducere fiscal\u0103 extrateritorial\u0103<\/a> \u0219i multe altele! Pe aceast\u0103 pagin\u0103 \u00ee\u021bi explic\u0103m tot ce trebuie s\u0103 \u0219tii despre cum este s\u0103 lucrezi \u00een Olanda ca cuplu.<\/p>\n<\/div>\n\n    <\/div>\n        <\/div>\n    \n<\/section>\n\n<section class=\"editor grey margin-none\">\n        <div class=\"editor-wrap boxed\">\n            <div class=\"autop content\"><h2>Oportunit\u0103\u021bi de angajare \u00een Olanda pentru cupluri<\/h2>\n<p>Dac\u0103 lucra\u021bi am\u00e2ndoi \u00een Olanda, s-ar putea s\u0103 v\u0103 dori\u021bi s\u0103 lucra\u021bi pentru acela\u0219i angajator. Dac\u0103 acesta este cazul vostru, vom face tot posibilul s\u0103 v\u0103 potrivim CV-urile cu posturi pentru cupluri \u00een cadrul aceleia\u0219i companii. De exemplu, unul dintre voi ar putea lucra ca preparator de comenzi, \u00een timp ce cel\u0103lalt ar putea lucra ca \u0219ofer de stivuitor la aceea\u0219i companie. Prefera\u021bi s\u0103 lucra\u021bi la companii diferite? \u0218i asta este o posibilitate! \u00cen acest caz, vom \u00eencerca s\u0103 v\u0103 g\u0103sim locuri de munc\u0103 la companii care nu sunt prea departe una de cealalt\u0103. Astfel, pute\u021bi locui \u00een aceea\u0219i locuin\u021b\u0103 de serviciu sau pute\u021bi \u00eenchiria o locuin\u021b\u0103 proprie care s\u0103 nu fie prea departe de niciunul dintre locurile de munc\u0103.<\/p>\n<p>Aceste op\u021biuni depind \u00een mare m\u0103sur\u0103 de disponibilitatea posturilor vacante. Contacta\u021bi-ne c\u00e2t mai cur\u00e2nd posibil <a href=\"https:\/\/eu-people.com\/ro\/contact\/\">contacta\u021bi-ne<\/a> , astfel \u00eenc\u00e2t s\u0103 avem timp s\u0103 stabilim cele mai potrivite aranjamente pentru tine.<\/p>\n<\/div>\n        <\/div>\n<\/section>\n\n\n<section class=\"vacancy-slider std-padding\">\n\n            <div class=\"boxed vacancy-slider-wrap\">\n            \n<div class=\"grid textbox justify-items-start align-content-center\">\n            \n        <h2>Descoper\u0103 ofertele noastre de locuri de munc\u0103<\/h2>\n        \n    <div class=\"text\"><p>Sunte\u021bi gata s\u0103 aplica\u021bi \u00eempreun\u0103? Consulta\u021bi ofertele noastre de locuri de munc\u0103 \u0219i trimite\u021bi-ne CV-urile voastre \u2014 recrutorii no\u0219tri vor analiza ambele profiluri \u00eenc\u0103 de la \u00eenceput.<\/p>\n<\/div>\n\n    <div class=\"flex buttons\">\n\t\t<a href=\"https:\/\/eu-people.com\/ro\/post-vacant\/\" target=\"\" class=\"button alt\">\n\t\t<span>Descoper\u0103 aici toate posturile noastre vacante<\/span><i class=\"fa-solid fa-arrow-up-right\"><\/i>\n\t<\/a>\n\t<\/div><\/div>\n\n\n<div class=\"splide vacancy-slider\">\n\n    <div class=\"splide__arrows rw-arrows sides\">\n        <button class=\"splide__arrow splide__arrow--prev\"><i class=\"fa-regular fa-arrow-right\"><\/i><\/button>\n        <button class=\"splide__arrow splide__arrow--next\"><i class=\"fa-regular fa-arrow-right\"><\/i><\/button>\n    <\/div>\n\n    <div class=\"splide__track\" role=\"group\">\n        <ul class=\"grid vacancies splide__list\">\n        <article class=\"vacancy splide__slide\">\n    \n        \n    <a class=\"grid justify-items-start\" href=\"https:\/\/eu-people.com\/ro\/vacancy\/warehouse-worker-3\/\">\n\t\t\n        <h4>Muncitor \u00een depozit<\/h4>\n        \n        <div class=\"flex meta wrap\">\n                        <div class=\"flex item align-items-center gap-sm\">\n                <i class=\"fa-solid fa-briefcase\"><\/i>\n                <span>Depozitare<\/span>\n            <\/div>\n                                    <div class=\"flex item align-items-center gap-sm\">\n                <i class=\"fa-solid fa-graduation-cap\"><\/i>\n                <span>Nu este necesar\u0103 o preg\u0103tire prealabil\u0103<\/span>\n            <\/div>\n                                    <div class=\"flex item align-items-center gap-sm\">\n                <i class=\"fa-solid fa-location-dot\"><\/i>\n                <span>Breda<\/span>\n            <\/div>\n                                    <div class=\"flex item align-items-center gap-sm\">\n                <i class=\"fa-solid fa-briefcase\"><\/i>\n                <span>40.00<\/span>\n            <\/div>\n                    <\/div>\n        \n        <div class=\"text\">Cau\u021bi un loc de munc\u0103 dinamic, \u00een care nici o zi nu seam\u0103n\u0103 cu alta? Al\u0103tur\u0103-te echipei entuziaste din Breda \u0219i devino o parte esen\u021bial\u0103 a opera\u021biunilor noastre logistice. \u00cen fiecare zi, \u00eempreun\u0103 cu colegii t\u0103i, te asiguri c\u0103 mii de comori second-hand \u0219i colete sunt sortate rapid \u0219i cu precizie \u00eenainte de a fi expediate c\u0103tre clien\u021bii din Olanda, Belgia \u0219i Fran\u021ba. Dac\u0103 \u00ee\u021bi place s\u0103 lucrezi \u00eentr-un mediu dinamic \u0219i \u00ee\u021bi place s\u0103 fii activ, acesta va fi un loc de munc\u0103 ideal pentru tine.<\/div>\n        \n        <div class=\"flex gap-sm wrap\">\n                        <div class=\"flex salary align-items-center gap-sm\">\n                <i class=\"fa-solid fa-money-bill\"><\/i>\n                <span>14,99 \u20ac \u2013 19,49 \u20ac pe or\u0103<\/span>\n            <\/div>\n                        \n            <span class=\"button alt\">\n                <span>Detalii<\/span><i class=\"fa-solid fa-arrow-up-right\"><\/i>\n            <\/span>\n        <\/div>\n        \n    <\/a>\n<\/article><article class=\"vacancy splide__slide\">\n    \n        \n    <a class=\"grid justify-items-start\" href=\"https:\/\/eu-people.com\/ro\/vacancy\/warehouse-worker\/\">\n\t\t\n        <h4>Muncitor \u00een depozit<\/h4>\n        \n        <div class=\"flex meta wrap\">\n                        <div class=\"flex item align-items-center gap-sm\">\n                <i class=\"fa-solid fa-briefcase\"><\/i>\n                <span>Depozitare<\/span>\n            <\/div>\n                                    <div class=\"flex item align-items-center gap-sm\">\n                <i class=\"fa-solid fa-graduation-cap\"><\/i>\n                <span>F\u0103r\u0103 studii anterioare<\/span>\n            <\/div>\n                                    <div class=\"flex item align-items-center gap-sm\">\n                <i class=\"fa-solid fa-location-dot\"><\/i>\n                <span>\u2019s Hertogenbosch<\/span>\n            <\/div>\n                                    <div class=\"flex item align-items-center gap-sm\">\n                <i class=\"fa-solid fa-briefcase\"><\/i>\n                <span>36.00<\/span>\n            <\/div>\n                    <\/div>\n        \n        <div class=\"text\">produc\u021bie \u2022 norm\u0103 \u00eentreag\u0103 \u2022 36 de ore \u2022 2 ture \u2022 prim\u0103 de tur\u0103 \u2022 contract pe termen lung \u2022 se cere cunoa\u0219terea limbii engleze<\/div>\n        \n        <div class=\"flex gap-sm wrap\">\n                        <div class=\"flex salary align-items-center gap-sm\">\n                <i class=\"fa-solid fa-money-bill\"><\/i>\n                <span>17,76 \u20ac pe or\u0103<\/span>\n            <\/div>\n                        \n            <span class=\"button alt\">\n                <span>Detalii<\/span><i class=\"fa-solid fa-arrow-up-right\"><\/i>\n            <\/span>\n        <\/div>\n        \n    <\/a>\n<\/article><article class=\"vacancy splide__slide\">\n    \n        \n    <a class=\"grid justify-items-start\" href=\"https:\/\/eu-people.com\/ro\/vacancy\/warehouse-operator\/\">\n\t\t\n        <h4>Operator de depozit<\/h4>\n        \n        <div class=\"flex meta wrap\">\n                        <div class=\"flex item align-items-center gap-sm\">\n                <i class=\"fa-solid fa-briefcase\"><\/i>\n                <span>Logistic\u0103<\/span>\n            <\/div>\n                                    <div class=\"flex item align-items-center gap-sm\">\n                <i class=\"fa-solid fa-graduation-cap\"><\/i>\n                <span>Nu este necesar\u0103 o preg\u0103tire prealabil\u0103<\/span>\n            <\/div>\n                                    <div class=\"flex item align-items-center gap-sm\">\n                <i class=\"fa-solid fa-location-dot\"><\/i>\n                <span>Venlo<\/span>\n            <\/div>\n                                    <div class=\"flex item align-items-center gap-sm\">\n                <i class=\"fa-solid fa-briefcase\"><\/i>\n                <span>40.00<\/span>\n            <\/div>\n                    <\/div>\n        \n        <div class=\"text\">2 ture \u00een rota\u021bie \u2022 Se cere experien\u021b\u0103 \u2022 Se cere cunoa\u0219terea limbii engleze \u2022 Posibilitate de angajare pe termen lung \u2022 Oportunit\u0103\u021bi de dezvoltare profesional\u0103 \u2022<\/div>\n        \n        <div class=\"flex gap-sm wrap\">\n                        <div class=\"flex salary align-items-center gap-sm\">\n                <i class=\"fa-solid fa-money-bill\"><\/i>\n                <span>14,99 \u20ac \u2013 18,27 \u20ac pe or\u0103<\/span>\n            <\/div>\n                        \n            <span class=\"button alt\">\n                <span>Detalii<\/span><i class=\"fa-solid fa-arrow-up-right\"><\/i>\n            <\/span>\n        <\/div>\n        \n    <\/a>\n<\/article><article class=\"vacancy splide__slide\">\n    \n        \n    <a class=\"grid justify-items-start\" href=\"https:\/\/eu-people.com\/ro\/vacancy\/technical-repair-worker\/\">\n\t\t\n        <h4>Tehnician de repara\u021bii<\/h4>\n        \n        <div class=\"flex meta wrap\">\n                        <div class=\"flex item align-items-center gap-sm\">\n                <i class=\"fa-solid fa-briefcase\"><\/i>\n                <span>Servicii de \u00eentre\u021binere \u0219i asisten\u021b\u0103 tehnic\u0103<\/span>\n            <\/div>\n                                    <div class=\"flex item align-items-center gap-sm\">\n                <i class=\"fa-solid fa-graduation-cap\"><\/i>\n                <span>F\u0103r\u0103 studii anterioare<\/span>\n            <\/div>\n                                    <div class=\"flex item align-items-center gap-sm\">\n                <i class=\"fa-solid fa-location-dot\"><\/i>\n                <span>Eindhoven<\/span>\n            <\/div>\n                                    <div class=\"flex item align-items-center gap-sm\">\n                <i class=\"fa-solid fa-briefcase\"><\/i>\n                <span>40.00<\/span>\n            <\/div>\n                    <\/div>\n        \n        <div class=\"text\">norm\u0103 \u00eentreag\u0103 \u2022  tehnic \u2022 independent \u2022 indemniza\u021bie de deplasare \u2022 oportunit\u0103\u021bi de dezvoltare \u2022 posibilitate de contract direct<\/div>\n        \n        <div class=\"flex gap-sm wrap\">\n                        <div class=\"flex salary align-items-center gap-sm\">\n                <i class=\"fa-solid fa-money-bill\"><\/i>\n                <span>18,64 \u20ac pe or\u0103<\/span>\n            <\/div>\n                        \n            <span class=\"button alt\">\n                <span>Detalii<\/span><i class=\"fa-solid fa-arrow-up-right\"><\/i>\n            <\/span>\n        <\/div>\n        \n    <\/a>\n<\/article><article class=\"vacancy splide__slide\">\n    \n        \n    <a class=\"grid justify-items-start\" href=\"https:\/\/eu-people.com\/ro\/vacancy\/plastic-welder-2\/\">\n\t\t\n        <h4>Aparat de sudat plastic<\/h4>\n        \n        <div class=\"flex meta wrap\">\n                        <div class=\"flex item align-items-center gap-sm\">\n                <i class=\"fa-solid fa-briefcase\"><\/i>\n                <span>Produc\u021bie \u0219i asamblare<\/span>\n            <\/div>\n                                    <div class=\"flex item align-items-center gap-sm\">\n                <i class=\"fa-solid fa-graduation-cap\"><\/i>\n                <span>F\u0103r\u0103 studii anterioare<\/span>\n            <\/div>\n                                    <div class=\"flex item align-items-center gap-sm\">\n                <i class=\"fa-solid fa-location-dot\"><\/i>\n                <span>Nuenen<\/span>\n            <\/div>\n                                    <div class=\"flex item align-items-center gap-sm\">\n                <i class=\"fa-solid fa-briefcase\"><\/i>\n                <span>40.00<\/span>\n            <\/div>\n                    <\/div>\n        \n        <div class=\"text\">C\u0103ut\u0103m un sudor de materiale plastice \/ tehnician de asamblare motivat \u0219i meticulos pentru un post pe termen lung \u00een Olanda. Este vorba de un post tehnic practic, destinat unei persoane c\u0103reia \u00eei place s\u0103 lucreze cu unelte, s\u0103 urmeze schi\u021bele tehnice \u0219i s\u0103 realizeze lucr\u0103ri de \u00eenalt\u0103 calitate.<\/div>\n        \n        <div class=\"flex gap-sm wrap\">\n                        <div class=\"flex salary align-items-center gap-sm\">\n                <i class=\"fa-solid fa-money-bill\"><\/i>\n                <span>16,52 \u20ac \u2013 16,52 \u20ac pe or\u0103<\/span>\n            <\/div>\n                        \n            <span class=\"button alt\">\n                <span>Detalii<\/span><i class=\"fa-solid fa-arrow-up-right\"><\/i>\n            <\/span>\n        <\/div>\n        \n    <\/a>\n<\/article><article class=\"vacancy splide__slide\">\n    \n        \n    <a class=\"grid justify-items-start\" href=\"https:\/\/eu-people.com\/ro\/vacancy\/cnc-operator-plastic-2-shifts\/\">\n\t\t\n        <h4>Operator CNC pentru prelucrarea plasticului, \u00een 2 schimburi<\/h4>\n        \n        <div class=\"flex meta wrap\">\n                        <div class=\"flex item align-items-center gap-sm\">\n                <i class=\"fa-solid fa-briefcase\"><\/i>\n                <span>Produc\u021bie \u0219i asamblare<\/span>\n            <\/div>\n                                    <div class=\"flex item align-items-center gap-sm\">\n                <i class=\"fa-solid fa-graduation-cap\"><\/i>\n                <span>F\u0103r\u0103 studii anterioare<\/span>\n            <\/div>\n                                    <div class=\"flex item align-items-center gap-sm\">\n                <i class=\"fa-solid fa-location-dot\"><\/i>\n                <span>Eindhoven<\/span>\n            <\/div>\n                                    <div class=\"flex item align-items-center gap-sm\">\n                <i class=\"fa-solid fa-briefcase\"><\/i>\n                <span>40.00<\/span>\n            <\/div>\n                    <\/div>\n        \n        <div class=\"text\">CNC  \u2022 unelte mecanice \u2022 desene tehnice \u2022 norm\u0103 \u00eentreag\u0103 \u2022 2 ture \u2022 prim\u0103 de tur\u0103 \u2022 contract pe termen lung \u2022 b\u0103uturi calde gratuite \u2022 indemniza\u021bie de deplasare \u2022 posibilitate de contract direct<\/div>\n        \n        <div class=\"flex gap-sm wrap\">\n                        <div class=\"flex salary align-items-center gap-sm\">\n                <i class=\"fa-solid fa-money-bill\"><\/i>\n                <span>23,19 \u20ac pe or\u0103<\/span>\n            <\/div>\n                        \n            <span class=\"button alt\">\n                <span>Detalii<\/span><i class=\"fa-solid fa-arrow-up-right\"><\/i>\n            <\/span>\n        <\/div>\n        \n    <\/a>\n<\/article>        <\/ul>\n    <\/div>\n\n<\/div>\n        <\/div>\n    \n<\/section>\n\n<section class=\"editor white margin-none\">\n        <div class=\"editor-wrap boxed\">\n            <div class=\"autop content\"><h2>Sprijinirea cuplurilor c\u0103s\u0103torite care doresc s\u0103 lucreze \u00een Olanda<\/h2>\n<p>La EU-People suntem specializa\u021bi \u00een punerea \u00een leg\u0103tur\u0103 a companiilor de top cu candida\u021bi profesioni\u0219ti ca tine! Lucr\u00e2nd \u00een cuplu prin intermediul agen\u021biei noastre din Olanda, vei g\u0103si cu u\u0219urin\u021b\u0103 un loc de munc\u0103 la companii renumite. Vei fi pl\u0103tit s\u0103pt\u0103m\u00e2nal, direct \u00een contul t\u0103u bancar. \u00cen Olanda exist\u0103 o penurie de locuin\u021be, dar dac\u0103 colaborezi cu noi, nu trebuie s\u0103-\u021bi faci griji \u00een privin\u021ba asta. \u00ce\u021bi oferim cazare confortabil\u0103 \u0219i la pre\u021buri accesibile, precum \u0219i transport gratuit la locul de munc\u0103. Transportul nostru c\u0103tre locul de munc\u0103 este gratuit, cu ma\u0219ini moderne sau microbuze. Dac\u0103 e\u0219ti dispus s\u0103 conduci ma\u0219ina companiei, po\u021bi chiar <a href=\"https:\/\/eu-people.com\/ro\/a-fi-sofer-alaturi-de-cetateni-ai-ue\/\">s\u0103 c\u00e2\u0219tigi p\u00e2n\u0103 la 40 \u20ac pe s\u0103pt\u0103m\u00e2n\u0103 \u00een plus<\/a>!<\/p>\n<p>Dac\u0103 lucrezi \u0219i locuie\u0219ti la noi, \u00een Olanda, suntem disponibili 24 de ore din 24, 7 zile din 7, pentru asisten\u021b\u0103 de urgen\u021b\u0103. \u00cen timpul programului de lucru, te putem ajuta s\u0103 \u00eenchei o asigurare de s\u0103n\u0103tate, care <a href=\"https:\/\/www.government.nl\/topics\/health-insurance\/question-and-answer\/when-do-i-need-to-take-out-health-insurance-if-i-come-to-live-in-the-netherlands\" target=\"_blank\" rel=\"noopener\">este obligatoriu \u00een \u021a\u0103rile de Jos<\/a>, \u0219i s\u0103 ofere ajutor \u00een ob\u021binerea unui <a href=\"https:\/\/eu-people.com\/ro\/bsn-iata-de-ce-chiar-ai-nevoie-de-unul\/\">BSN<\/a>, <a href=\"https:\/\/eu-people.com\/ro\/impozitele-in-olanda-nu-sunt-chiar-atat-de-rele\/\">Reducere fiscal\u0103 extrateritorial\u0103<\/a>, <a href=\"https:\/\/eu-people.com\/ro\/tot-ce-trebuie-sa-stii-despre-alocatia-pentru-ingrijire-medicala\/\">Aloca\u021bia pentru \u00eengrijire medical\u0103<\/a> \u0219i multe altele. \u0218i, nu \u00een ultimul r\u00e2nd, a lucra la noi poate fi un pas important pe drumul c\u0103tre un loc de munc\u0103 permanent \u0219i stabilirea \u00een Olanda. Mul\u021bi dintre partenerii no\u0219tri ofer\u0103, dup\u0103 o perioad\u0103 de timp \u0219i \u00een cazul unor performan\u021be bune, contracte directe pentru un loc de munc\u0103 pe termen lung \u2014 dac\u0103 dore\u0219ti acest lucru.<\/p>\n<\/div>\n        <\/div>\n<\/section>\n\n\n<section class=\"editor grey margin-none\">\n        <div class=\"editor-wrap boxed\">\n            <div class=\"autop content\"><h2>Cazare pentru cupluri<\/h2>\n<p>Pe l\u00e2ng\u0103 un loc de munc\u0103 potrivit, v\u0103 putem asigura \u0219i cazare pentru am\u00e2ndoi. Facem tot posibilul s\u0103 v\u0103 caz\u0103m \u00eempreun\u0103 \u00een aceea\u0219i locuin\u021b\u0103, unde s\u0103 pute\u021bi \u00eemp\u0103r\u021bi un dormitor. \u00cen\u021belegem c\u0103 mutarea \u00eentr-o \u021bar\u0103 nou\u0103 poate fi stresant\u0103 \u0219i, de aceea, \u00eencerc\u0103m s\u0103 v\u0103 u\u0219ur\u0103m c\u00e2t mai mult posibil grijile.<\/p>\n<p>Vrei s\u0103 afli cum le asigur\u0103m angaja\u021bilor no\u0219tri cazare? Afl\u0103 toate detaliile pe pagina noastr\u0103: <a href=\"https:\/\/eu-people.com\/ro\/lucrand-in-tarile-de-jos\/cazare\/\">Munca \u00een Olanda cu cazare asigurat\u0103<\/a>.<\/p>\n<\/div>\n        <\/div>\n<\/section>\n\n\n<section class=\"editor white margin-none\">\n        <div class=\"editor-wrap boxed\">\n            <div class=\"autop content\"><h2>Este necesar\u0103 experien\u021b\u0103<\/h2>\n<p>Experien\u021ba profesional\u0103 necesar\u0103 depinde \u00een mare m\u0103sur\u0103 de postul vacant. Pentru multe dintre posturile noastre destinate cuplurilor nu este necesar\u0103 o experien\u021b\u0103 sau o preg\u0103tire specific\u0103. Cele mai importante aspecte sunt o atitudine pozitiv\u0103 fa\u021b\u0103 de munc\u0103, punctualitatea \u0219i dorin\u021ba de a \u00eenv\u0103\u021ba ceea ce \u00eenc\u0103 nu \u0219tii. Acela\u0219i lucru este valabil \u0219i \u00een ceea ce prive\u0219te limba: at\u00e2ta timp c\u00e2t vorbi\u021bi pu\u021bin englez\u0103, pute\u021bi aplica pentru majoritatea locurilor noastre de munc\u0103. Pentru a ne asigura c\u0103 v\u0103 sim\u021bi\u021bi asculta\u021bi \u0219i \u00eengriji\u021bi, ve\u021bi avea o persoan\u0103 de contact stabil\u0103 care v\u0103 poate ajuta, ca cuplu, cu \u00eentreb\u0103rile legate de locurile de munc\u0103 \u0219i cazare.<\/p>\n<\/div>\n        <\/div>\n<\/section>\n\n\n<section class=\"editor grey margin-none\">\n        <div class=\"editor-wrap boxed\">\n            <div class=\"autop content\"><h2>Programul de lucru preconizat<\/h2>\n<p>Num\u0103rul de ore lucrate depinde de natura postului. Majoritatea locurilor de munc\u0103 pe care le oferim cuplurilor sunt cu norm\u0103 \u00eentreag\u0103, ceea ce \u00eenseamn\u0103 36 sau 40 de ore pe s\u0103pt\u0103m\u00e2n\u0103. Acestea pot fi ore de zi obi\u0219nuite sau ture de lucru care se pl\u0103tesc suplimentar. La multe locuri de munc\u0103 po\u021bi face ore suplimentare \u2014 unii chiar prefer\u0103 asta! \u00cen Olanda prime\u0219ti \u00eentotdeauna o sum\u0103 PU\u021aIN mai mare pentru orele suplimentare, a\u0219a c\u0103, dac\u0103 vrei s\u0103 c\u00e2\u0219tigi c\u00e2t mai mul\u021bi bani, orele suplimentare sunt solu\u021bia. Ne asigur\u0103m \u00eentotdeauna c\u0103 e\u0219ti pe deplin informat cu privire la programul de lucru preconizat \u00eenainte de a semna un contract.<\/p>\n<\/div>\n        <\/div>\n<\/section>\n\n\n<section class=\"editor white margin-none\">\n        <div class=\"editor-wrap boxed\">\n            <div class=\"autop content\"><h2>A lucra f\u0103r\u0103 a cunoa\u0219te limba<\/h2>\n<p>Vre\u021bi s\u0103 lucra\u021bi ca cuplu \u00een Olanda, dar nu vorbi\u021bi limba olandez\u0103? Nu este nicio problem\u0103! A \u0219ti pu\u021bin\u0103 englez\u0103 este ideal pentru a comunica cu colegii \u0219i cu alte persoane \u00een via\u021ba de zi cu zi din Olanda. Acest lucru se datoreaz\u0103 faptului c\u0103 mul\u021bi olandezi vorbesc \u0219i englez\u0103. Dac\u0103 abia a\u021bi \u00eenceput s\u0103 \u00eenv\u0103\u021ba\u021bi engleza, pute\u021bi exersa cu siguran\u021b\u0103 aici! Chiar dac\u0103 vorbi\u021bi doar polonez\u0103 sau o alt\u0103 limb\u0103, este posibil s\u0103 g\u0103si\u021bi de lucru ca cuplu \u00een Olanda. Spune\u021bi-ne care sunt competen\u021bele voastre \u0219i ce limbi vorbi\u021bi, iar noi vom \u00eencerca s\u0103 g\u0103sim ceva potrivit pentru voi. \u00cen ansamblu, Olanda ofer\u0103 o oportunitate minunat\u0103 de a descoperi o nou\u0103 cultur\u0103 \u0219i o nou\u0103 limb\u0103. Ca mic sfat, poate dori\u021bi s\u0103 <a href=\"https:\/\/www.duolingo.com\" target=\"_blank\" rel=\"noopener\">Duolingo<\/a> Instaleaz\u0103-o pe telefonul t\u0103u mobil! Aceast\u0103 aplica\u021bie lingvistic\u0103 te poate ajuta s\u0103 \u00eenve\u021bi engleza, olandeza \u0219i multe alte limbi.<\/p>\n<p>Dac\u0103 dori\u021bi s\u0103 afla\u021bi mai multe, consulta\u021bi pagina noastr\u0103 despre <a href=\"https:\/\/eu-people.com\/ro\/lucrand-in-tarile-de-jos\/without-language\/\">a lucra \u00een Olanda f\u0103r\u0103 a cunoa\u0219te limba<\/a>.<\/p>\n<\/div>\n        <\/div>\n<\/section>\n\n\n<section class=\"editor grey margin-none\">\n        <div class=\"editor-wrap boxed\">\n            <div class=\"autop content\"><h2>Avantajele de a lucra \u00een Olanda ca cuplu<\/h2>\n<p>A lucra \u00een Olanda la EU-People \u00eenseamn\u0103 c\u0103 e\u0219ti pl\u0103tit s\u0103pt\u0103m\u00e2nal \u2014 direct \u00een contul t\u0103u bancar personal. Dac\u0103 folose\u0219ti cazarea oferit\u0103 de companie, chiria este re\u021binut\u0103 automat, pentru a-\u021bi u\u0219ura pu\u021bin munca. Transportul la locul de munc\u0103 poate fi asigurat \u0219i po\u021bi chiar c\u00e2\u0219tiga un venit suplimentar dac\u0103 e\u0219ti dispus s\u0103 <a href=\"https:\/\/eu-people.com\/ro\/a-fi-sofer-alaturi-de-cetateni-ai-ue\/\">s\u0103 conduc ma\u0219ina de serviciu<\/a> \u0219i s\u0103-\u021bi aju\u021bi colegii s\u0103 \u00eenceap\u0103 s\u0103 lucreze al\u0103turi de tine. Oferim, de asemenea, asigur\u0103ri op\u021bionale, printre care at\u00e2t o asigurare de s\u0103n\u0103tate (obligatorie \u00een Olanda), c\u00e2t \u0219i o asigurare suplimentar\u0103 de r\u0103spundere civil\u0103 \u0219i altele asemenea.<\/p>\n<p>Desigur, avem mult mai multe de oferit dac\u0103 lucrezi \u00een Olanda prin intermediul EU-People! Contacteaz\u0103-ne recrutorii prin <a href=\"https:\/\/eu-people.com\/ro\/post-vacant\/\">a aplica pentru unul dintre posturile noastre vacante<\/a> \u0219i s\u0103 trimi\u021bi CV-ul \u2014 vor fi bucuro\u0219i s\u0103-\u021bi ofere toate detaliile necesare.<\/p>\n<\/div>\n        <\/div>\n<\/section>\n\n\n<section class=\"editor white margin-none\">\n        <div class=\"editor-wrap boxed\">\n            <div class=\"autop content\"><h2>Veni\u021bi s\u0103 lucra\u021bi \u00een Olanda ca cuplu!<\/h2>\n<p>Sunte\u021bi preg\u0103ti\u021bi s\u0103 lucra\u021bi ca cuplu \u00een Olanda? Sper\u0103m c\u0103 aceast\u0103 pagin\u0103 v-a dat \u00eencrederea c\u0103 \u0219i voi, \u00eempreun\u0103 cu partenerul vostru, pute\u021bi face acest lucru. Dac\u0103 sunte\u021bi gata s\u0103 \u00eencepe\u021bi, consulta\u021bi <a href=\"https:\/\/eu-people.com\/ro\/post-vacant\/\">oferte de locuri de munc\u0103<\/a> \u0219i trimite-\u021bi candidatura! Dac\u0103 mai ai \u00eentreb\u0103ri, nu ezita s\u0103 <a href=\"https:\/\/eu-people.com\/ro\/contact\/\">contacta\u021bi-ne<\/a>. Suntem \u00eentotdeauna gata s\u0103 te ajut\u0103m.<\/p>\n<p>Vrei s\u0103 afli mai multe despre munca \u00een Olanda, \u00een general? Consult\u0103 prezentarea noastr\u0103 general\u0103: <a href=\"https:\/\/eu-people.com\/ro\/lucrand-in-tarile-de-jos\/\">Munca \u00een Olanda<\/a>.<\/p>\n<\/div>\n        <\/div>\n<\/section>\n\n\n\n<section class=\"highlight-banner  text-1\">\n    <div class=\"boxed\">\n        <div class=\"flex columns\">\n        \n            <div class=\"grid textbox justify-items-start align-content-center left w-full\">\n                \n                                <h2>\u00cencepe\u021bi \u00eempreun\u0103 \u00een Olanda<\/h2>\n                \n                <div class=\"text\"><p>Consulta\u021bi ofertele noastre de locuri de munc\u0103, trimite\u021bi-ne CV-urile voastre sau contacta\u021bi biroul nostru din Polonia sau Olanda. V\u0103 vom ajuta cu pl\u0103cere s\u0103 v\u0103 \u00eencepe\u021bi cariera.<\/p>\n<\/div>\n\n                <div class=\"flex buttons\">\n\t\t<a href=\"https:\/\/eu-people.com\/ro\/post-vacant\/\" target=\"\" class=\"button\">\n\t\t<span>Posturile vacante actuale<\/span><i class=\"fa-solid fa-arrow-up-right\"><\/i>\n\t<\/a>\n\t\t<a href=\"https:\/\/eu-people.com\/ro\/contact\/\" target=\"\" class=\"button alt\">\n\t\t<span>Contacta\u021bi biroul nostru din Polonia<\/span><i class=\"fa-solid fa-arrow-up-right\"><\/i>\n\t<\/a>\n\t\t<a href=\"https:\/\/eu-people.com\/ro\/contact\/\" target=\"\" class=\"button alt\">\n\t\t<span>Contacta\u021bi biroul nostru din Olanda<\/span><i class=\"fa-solid fa-arrow-up-right\"><\/i>\n\t<\/a>\n\t<\/div>            <\/div>\n            \n            <div class=\"image-wrap\">\n                                            <\/div>\n            \n                    \n        <\/div>\n    <\/div>\n<\/section>","protected":false},"excerpt":{"rendered":"","protected":false},"author":1,"featured_media":0,"parent":324,"menu_order":0,"comment_status":"closed","ping_status":"closed","template":"","meta":{"_acf_changed":false,"footnotes":""},"class_list":["post-820","page","type-page","status-publish","hentry"],"acf":[],"yoast_head":"<!-- This site is optimized with the Yoast SEO Premium plugin v28.3 (Yoast SEO v28.3) - https:\/\/yoast.com\/product\/yoast-seo-premium-wordpress\/ -->\n<title>Werken in Nederland als koppel - EU-People<\/title>\n<meta name=\"description\" content=\"Werken in Nederland als koppel - EU-People\" \/>\n<meta name=\"robots\" content=\"index, follow, max-snippet:-1, max-image-preview:large, max-video-preview:-1\" \/>\n<link rel=\"canonical\" href=\"https:\/\/eu-people.com\/ro\/lucrand-in-tarile-de-jos\/pentru-cupluri\/\" \/>\n<meta property=\"og:locale\" content=\"ro_RO\" \/>\n<meta property=\"og:type\" content=\"article\" \/>\n<meta property=\"og:title\" content=\"Werken in Nederland als koppel\" \/>\n<meta property=\"og:description\" content=\"Werken in Nederland als koppel - EU-People\" \/>\n<meta property=\"og:url\" content=\"https:\/\/eu-people.com\/ro\/lucrand-in-tarile-de-jos\/pentru-cupluri\/\" \/>\n<meta property=\"og:site_name\" content=\"EU-People\" \/>\n<meta property=\"article:publisher\" content=\"https:\/\/www.facebook.com\/EUpeopleHQ\/\" \/>\n<meta property=\"article:modified_time\" content=\"2026-08-31T10:18:04+00:00\" \/>\n<meta name=\"twitter:card\" content=\"summary_large_image\" \/>\n<script type=\"application\/ld+json\" class=\"yoast-schema-graph\">{\"@context\":\"https:\\\/\\\/schema.org\",\"@graph\":[{\"@type\":\"WebPage\",\"@id\":\"https:\\\/\\\/eu-people.com\\\/working-in-the-netherlands\\\/for-couples\\\/\",\"url\":\"https:\\\/\\\/eu-people.com\\\/working-in-the-netherlands\\\/for-couples\\\/\",\"name\":\"Werken in Nederland als koppel - EU-People\",\"isPartOf\":{\"@id\":\"https:\\\/\\\/eu-people.com\\\/#website\"},\"datePublished\":\"2026-08-31T09:36:34+00:00\",\"dateModified\":\"2026-08-31T10:18:04+00:00\",\"description\":\"Werken in Nederland als koppel - EU-People\",\"breadcrumb\":{\"@id\":\"https:\\\/\\\/eu-people.com\\\/working-in-the-netherlands\\\/for-couples\\\/#breadcrumb\"},\"inLanguage\":\"ro-RO\",\"potentialAction\":[{\"@type\":\"ReadAction\",\"target\":[\"https:\\\/\\\/eu-people.com\\\/working-in-the-netherlands\\\/for-couples\\\/\"]}]},{\"@type\":\"BreadcrumbList\",\"@id\":\"https:\\\/\\\/eu-people.com\\\/working-in-the-netherlands\\\/for-couples\\\/#breadcrumb\",\"itemListElement\":[{\"@type\":\"ListItem\",\"position\":1,\"name\":\"Home\",\"item\":\"https:\\\/\\\/eu-people.com\\\/\"},{\"@type\":\"ListItem\",\"position\":2,\"name\":\"Werken in Nederland\",\"item\":\"https:\\\/\\\/eu-people.com\\\/working-in-the-netherlands\\\/\"},{\"@type\":\"ListItem\",\"position\":3,\"name\":\"Werken in Nederland als koppel\"}]},{\"@type\":\"WebSite\",\"@id\":\"https:\\\/\\\/eu-people.com\\\/#website\",\"url\":\"https:\\\/\\\/eu-people.com\\\/\",\"name\":\"EU-People\",\"description\":\"\",\"publisher\":{\"@id\":\"https:\\\/\\\/eu-people.com\\\/#organization\"},\"potentialAction\":[{\"@type\":\"SearchAction\",\"target\":{\"@type\":\"EntryPoint\",\"urlTemplate\":\"https:\\\/\\\/eu-people.com\\\/?s={search_term_string}\"},\"query-input\":{\"@type\":\"PropertyValueSpecification\",\"valueRequired\":true,\"valueName\":\"search_term_string\"}}],\"inLanguage\":\"ro-RO\"},{\"@type\":\"Organization\",\"@id\":\"https:\\\/\\\/eu-people.com\\\/#organization\",\"name\":\"EU-People\",\"alternateName\":\"EU-People | Profs for Profs\",\"url\":\"https:\\\/\\\/eu-people.com\\\/\",\"logo\":{\"@type\":\"ImageObject\",\"inLanguage\":\"ro-RO\",\"@id\":\"https:\\\/\\\/eu-people.com\\\/#\\\/schema\\\/logo\\\/image\\\/\",\"url\":\"https:\\\/\\\/eu-people.com\\\/wp-content\\\/uploads\\\/2026\\\/02\\\/logo-scaled.png\",\"contentUrl\":\"https:\\\/\\\/eu-people.com\\\/wp-content\\\/uploads\\\/2026\\\/02\\\/logo-scaled.png\",\"width\":2560,\"height\":477,\"caption\":\"EU-People\"},\"image\":{\"@id\":\"https:\\\/\\\/eu-people.com\\\/#\\\/schema\\\/logo\\\/image\\\/\"},\"sameAs\":[\"https:\\\/\\\/www.facebook.com\\\/EUpeopleHQ\\\/\",\"https:\\\/\\\/www.instagram.com\\\/eupeople_jobs\\\/\",\"https:\\\/\\\/www.linkedin.com\\\/company\\\/eu-people-b.v.\\\/\"],\"description\":\"EU-People is a leading Dutch recruitment agency connecting international professionals with reliable employers in the Eindhoven region and across the Netherlands. We recruit for technical, logistics, production and food industry jobs, including woodworking, metalworking, cleanroom, assembly and machine operator roles. We provide quality housing, transport, weekly salary and personal support from application to employment.\",\"email\":\"info@eu-people.com\",\"telephone\":\"+31882014100\",\"legalName\":\"EU-People B.V.\",\"vatID\":\"NL817327472B01\",\"numberOfEmployees\":{\"@type\":\"QuantitativeValue\",\"minValue\":\"201\",\"maxValue\":\"500\"}}]}<\/script>\n<!-- \/ Yoast SEO Premium plugin. -->","yoast_head_json":{"title":"Munca \u00een Olanda ca cuplu - EU-People","description":"Munca \u00een Olanda ca cuplu - EU-People","robots":{"index":"index","follow":"follow","max-snippet":"max-snippet:-1","max-image-preview":"max-image-preview:large","max-video-preview":"max-video-preview:-1"},"canonical":"https:\/\/eu-people.com\/ro\/lucrand-in-tarile-de-jos\/pentru-cupluri\/","og_locale":"ro_RO","og_type":"article","og_title":"Werken in Nederland als koppel","og_description":"Werken in Nederland als koppel - EU-People","og_url":"https:\/\/eu-people.com\/ro\/lucrand-in-tarile-de-jos\/pentru-cupluri\/","og_site_name":"EU-People","article_publisher":"https:\/\/www.facebook.com\/EUpeopleHQ\/","article_modified_time":"2026-08-31T10:18:04+00:00","twitter_card":"summary_large_image","schema":{"@context":"https:\/\/schema.org","@graph":[{"@type":"WebPage","@id":"https:\/\/eu-people.com\/working-in-the-netherlands\/for-couples\/","url":"https:\/\/eu-people.com\/working-in-the-netherlands\/for-couples\/","name":"Munca \u00een Olanda ca cuplu - EU-People","isPartOf":{"@id":"https:\/\/eu-people.com\/#website"},"datePublished":"2026-08-31T09:36:34+00:00","dateModified":"2026-08-31T10:18:04+00:00","description":"Munca \u00een Olanda ca cuplu - EU-People","breadcrumb":{"@id":"https:\/\/eu-people.com\/working-in-the-netherlands\/for-couples\/#breadcrumb"},"inLanguage":"ro-RO","potentialAction":[{"@type":"ReadAction","target":["https:\/\/eu-people.com\/working-in-the-netherlands\/for-couples\/"]}]},{"@type":"BreadcrumbList","@id":"https:\/\/eu-people.com\/working-in-the-netherlands\/for-couples\/#breadcrumb","itemListElement":[{"@type":"ListItem","position":1,"name":"Home","item":"https:\/\/eu-people.com\/"},{"@type":"ListItem","position":2,"name":"Werken in Nederland","item":"https:\/\/eu-people.com\/working-in-the-netherlands\/"},{"@type":"ListItem","position":3,"name":"Werken in Nederland als koppel"}]},{"@type":"WebSite","@id":"https:\/\/eu-people.com\/#website","url":"https:\/\/eu-people.com\/","name":"Oameni din UE","description":"","publisher":{"@id":"https:\/\/eu-people.com\/#organization"},"potentialAction":[{"@type":"SearchAction","target":{"@type":"EntryPoint","urlTemplate":"https:\/\/eu-people.com\/?s={search_term_string}"},"query-input":{"@type":"PropertyValueSpecification","valueRequired":true,"valueName":"search_term_string"}}],"inLanguage":"ro-RO"},{"@type":"Organization","@id":"https:\/\/eu-people.com\/#organization","name":"Oameni din UE","alternateName":"EU-People | Profs for Profs","url":"https:\/\/eu-people.com\/","logo":{"@type":"ImageObject","inLanguage":"ro-RO","@id":"https:\/\/eu-people.com\/#\/schema\/logo\/image\/","url":"https:\/\/eu-people.com\/wp-content\/uploads\/2026\/02\/logo-scaled.png","contentUrl":"https:\/\/eu-people.com\/wp-content\/uploads\/2026\/02\/logo-scaled.png","width":2560,"height":477,"caption":"EU-People"},"image":{"@id":"https:\/\/eu-people.com\/#\/schema\/logo\/image\/"},"sameAs":["https:\/\/www.facebook.com\/EUpeopleHQ\/","https:\/\/www.instagram.com\/eupeople_jobs\/","https:\/\/www.linkedin.com\/company\/eu-people-b.v.\/"],"description":"EU-People este o agen\u021bie de recrutare olandez\u0103 de top, care pune \u00een leg\u0103tur\u0103 profesioni\u0219ti interna\u021bionali cu angajatori de \u00eencredere din regiunea Eindhoven \u0219i din \u00eentreaga Oland\u0103. Recrut\u0103m personal pentru posturi din domeniile tehnic, logistic, de produc\u021bie \u0219i din industria alimentar\u0103, inclusiv pentru posturi \u00een prelucrarea lemnului, prelucrarea metalelor, camere sterile, asamblare \u0219i operatori de ma\u0219ini. Oferim cazare de calitate, transport, salariu s\u0103pt\u0103m\u00e2nal \u0219i sprijin personal de la depunerea candidaturii p\u00e2n\u0103 la angajare.","email":"info@eu-people.com","telephone":"+31882014100","legalName":"EU-People B.V.","vatID":"NL817327472B01","numberOfEmployees":{"@type":"QuantitativeValue","minValue":"201","maxValue":"500"}}]}},"_links":{"self":[{"href":"https:\/\/eu-people.com\/ro\/wp-json\/wp\/v2\/pages\/820","targetHints":{"allow":["GET"]}}],"collection":[{"href":"https:\/\/eu-people.com\/ro\/wp-json\/wp\/v2\/pages"}],"about":[{"href":"https:\/\/eu-people.com\/ro\/wp-json\/wp\/v2\/types\/page"}],"author":[{"embeddable":true,"href":"https:\/\/eu-people.com\/ro\/wp-json\/wp\/v2\/users\/1"}],"replies":[{"embeddable":true,"href":"https:\/\/eu-people.com\/ro\/wp-json\/wp\/v2\/comments?post=820"}],"version-history":[{"count":4,"href":"https:\/\/eu-people.com\/ro\/wp-json\/wp\/v2\/pages\/820\/revisions"}],"predecessor-version":[{"id":840,"href":"https:\/\/eu-people.com\/ro\/wp-json\/wp\/v2\/pages\/820\/revisions\/840"}],"up":[{"embeddable":true,"href":"https:\/\/eu-people.com\/ro\/wp-json\/wp\/v2\/pages\/324"}],"wp:attachment":[{"href":"https:\/\/eu-people.com\/ro\/wp-json\/wp\/v2\/media?parent=820"}],"curies":[{"name":"wp","href":"https:\/\/api.w.org\/{rel}","templated":true}]}}