{"id":831,"date":"2026-08-31T11:05:56","date_gmt":"2026-08-31T10:05:56","guid":{"rendered":"https:\/\/eu-people.com\/working-in-the-netherlands\/accomodation\/"},"modified":"2026-08-31T11:16:44","modified_gmt":"2026-08-31T10:16:44","slug":"cazare","status":"publish","type":"page","link":"https:\/\/eu-people.com\/ro\/working-in-the-netherlands\/accomodation\/","title":{"rendered":"Locuri de munc\u0103 \u00een Olanda cu cazare asigurat\u0103"},"content":{"rendered":"<section class=\"hero\">\n    \n    \n    <div class=\"grid hero-wrap boxed\">\n        <div class=\"content-wrap\">\n            <div class=\"grid textbox justify-items-start align-content-center\">\n                                                <span class=\"breadcrumb\"><span><span><a href=\"https:\/\/eu-people.com\/ro\/\">Acas\u0103<\/a><\/span><\/span><\/span>                \n                <h1>Cazare \u00een timpul perioadei de lucru \u00een Olanda!<\/h1>\n\n                <div class=\"text\"><p>Vrei s\u0103 \u00eencepi s\u0103 lucrezi \u00een Olanda \u0219i ai nevoie de cazare? Pe aceast\u0103 pagin\u0103 \u00ee\u021bi oferim informa\u021bii detaliate despre modul \u00een care le asigur\u0103m cazare angaja\u021bilor no\u0219tri. Dac\u0103 lucrezi pentru noi \u00een Olanda, ne vom face pl\u0103cerea s\u0103 \u00ee\u021bi asigur\u0103m \u0219i \u021bie cazare!<\/p>\n<\/div>\n\n                            <\/div>\n        <\/div>\n    <\/div>\n\n    \n<\/section>\n\n<section class=\"text-image std-padding\">\n\n            <div class=\"grid text-image-wrap boxed col-2\">\n            \n<div class=\"image\">\n            <img decoding=\"async\" src=\"https:\/\/eu-people.com\/wp-content\/uploads\/2026\/08\/DALL\u00b7E-2024-06-20-16.42.26-A-photorealistic-image-of-a-quiet-residential-street-lined-with-simple-modern-houses.-Each-house-has-a-neat-minimalistic-design-with-clean-lines-and.webp\">\n    <\/div>\n\n<div class=\"grid textbox justify-items-start align-content-center\">\n            \n        <h2>Locuri de munc\u0103 \u00een Olanda cu cazare asigurat\u0103<\/h2>\n        \n    <div class=\"text\"><p>La EU-People, pe l\u00e2ng\u0103 locul de munc\u0103, \u00ee\u021bi asigur\u0103m \u0219i o cazare potrivit\u0103 \u00een apropierea locului de munc\u0103. Certificat\u0103 SNF, organizat\u0103 \u00een mod clar \u0219i situat\u0103 aproape de noul t\u0103u loc de munc\u0103.<\/p>\n<p>\u00cen Olanda exist\u0103 o penurie de locuin\u021be, dar nu trebuie s\u0103-\u021bi faci griji \u00een privin\u021ba asta: \u00ee\u021bi oferim cazare confortabil\u0103 \u0219i la pre\u021buri accesibile, situat\u0103 \u00een apropierea noului t\u0103u loc de munc\u0103. Confortul t\u0103u este important pentru noi, deoarece cu c\u00e2t te sim\u021bi mai bine acas\u0103, cu at\u00e2t te vei sim\u021bi mai bine la locul de munc\u0103. De aceea, impunem cerin\u021be stricte pentru locuin\u021bele noastre de serviciu, care respect\u0103 (\u0219i chiar dep\u0103\u0219esc!) standardele de cazare ale <a href=\"https:\/\/eu-people.com\/ro\/uitleg-over-de-certificaten-van-snf-sna-en-nbbu\/\">SNF<\/a>.<\/p>\n<\/div>\n\n    <\/div>\n        <\/div>\n    \n<\/section>\n\n<section class=\"editor grey margin-none\">\n        <div class=\"editor-wrap boxed\">\n            <div class=\"autop content\"><h2>Informa\u021bii practice despre cazarea ta<\/h2>\n<p>Imediat ce \u00ee\u021bi g\u0103sim un loc de munc\u0103, \u00ee\u021bi putem asigura o locuin\u021b\u0103. Locuin\u021ba ta va fi c\u00e2t mai aproape posibil de noul t\u0103u loc de munc\u0103. \u00ce\u021bi vom trimite fotografii \u0219i toate informa\u021biile necesare despre noua ta locuin\u021b\u0103. \u00cenainte de a accepta oferta, vei \u0219ti exact c\u00e2\u021bi colegi de apartament vei avea, dac\u0103 vei avea un coleg de apartament \u0219i care va fi valoarea chiriei. Chiria \u00ee\u021bi va fi re\u021binut\u0103 s\u0103pt\u0103m\u00e2nal din salariu \u0219i va fi, de obicei, de aproximativ 90 \u20ac pe s\u0103pt\u0103m\u00e2n\u0103, dup\u0103 aplicarea <a href=\"https:\/\/eu-people.com\/ro\/impozitele-in-olanda-nu-sunt-chiar-atat-de-rele\/\">Reducere fiscal\u0103 extrateritorial\u0103<\/a>.<\/p>\n<p>Imediat ce e\u0219ti de acord cu spa\u021biul de locuit alocat, vei primi regulamentul nostru \u0219i un contract de \u00eenchiriere pe care trebuie s\u0103 \u00eel semnezi. Apoi, este momentul s\u0103 te \u00eendrep\u021bi spre noua ta locuin\u021b\u0103! La sosire, vei primi cheile locuin\u021bei de la noi, iar unul dintre colegii t\u0103i de apartament \u00ee\u021bi va ar\u0103ta locul. Dac\u0103 decizi s\u0103 <a href=\"https:\/\/eu-people.com\/ro\/a-fi-sofer-alaturi-de-cetateni-ai-ue\/\">Administrator EU-Mens<\/a> C\u00e2nd vei deveni, vei primi \u0219i cheile ma\u0219inii.<\/p>\n<p>E\u0219ti curios s\u0103 afli ce alte formalit\u0103\u021bi trebuie s\u0103 \u00eendepline\u0219ti \u00eenainte de a \u00eencepe s\u0103 lucrezi \u00een Olanda? Cite\u0219te articolul nostru de pe blog: <a href=\"https:\/\/eu-people.com\/ro\/de-5-belangrijkste-zaken-die-je-moet-regelen-voordat-je-in-nederland-gaat-werken\/\">Cele mai importante 5 lucruri pe care trebuie s\u0103 le rezolvi \u00eenainte de a \u00eencepe s\u0103 lucrezi \u00een Olanda<\/a>!<\/p>\n<\/div>\n        <\/div>\n<\/section>\n\n\n<section class=\"vacancy-slider std-padding\">\n\n            <div class=\"boxed vacancy-slider-wrap\">\n            \n<div class=\"grid textbox justify-items-start align-content-center\">\n            \n        <h2>Descoper\u0103 ofertele noastre de locuri de munc\u0103<\/h2>\n        \n    <div class=\"text\"><p>E\u0219ti preg\u0103tit s\u0103 \u00eencepi o nou\u0103 slujb\u0103 \u0219i s\u0103-\u021bi g\u0103se\u0219ti o locuin\u021b\u0103? Consult\u0103 ofertele noastre actuale de locuri de munc\u0103.<\/p>\n<\/div>\n\n    <div class=\"flex buttons\">\n\t\t<a href=\"https:\/\/eu-people.com\/ro\/post-vacant\/\" target=\"\" class=\"button alt\">\n\t\t<span>Descoper\u0103 aici toate posturile noastre vacante<\/span><i class=\"fa-solid fa-arrow-up-right\"><\/i>\n\t<\/a>\n\t<\/div><\/div>\n\n\n<div class=\"splide vacancy-slider\">\n\n    <div class=\"splide__arrows rw-arrows sides\">\n        <button class=\"splide__arrow splide__arrow--prev\"><i class=\"fa-regular fa-arrow-right\"><\/i><\/button>\n        <button class=\"splide__arrow splide__arrow--next\"><i class=\"fa-regular fa-arrow-right\"><\/i><\/button>\n    <\/div>\n\n    <div class=\"splide__track\" role=\"group\">\n        <ul class=\"grid vacancies splide__list\">\n        <article class=\"vacancy splide__slide\">\n    \n        \n    <a class=\"grid justify-items-start\" href=\"https:\/\/eu-people.com\/ro\/vacancy\/warehouse-worker-3\/\">\n\t\t\n        <h4>Muncitor \u00een depozit<\/h4>\n        \n        <div class=\"flex meta wrap\">\n                        <div class=\"flex item align-items-center gap-sm\">\n                <i class=\"fa-solid fa-briefcase\"><\/i>\n                <span>Depozitare<\/span>\n            <\/div>\n                                    <div class=\"flex item align-items-center gap-sm\">\n                <i class=\"fa-solid fa-graduation-cap\"><\/i>\n                <span>Nu este necesar\u0103 o preg\u0103tire prealabil\u0103<\/span>\n            <\/div>\n                                    <div class=\"flex item align-items-center gap-sm\">\n                <i class=\"fa-solid fa-location-dot\"><\/i>\n                <span>Breda<\/span>\n            <\/div>\n                                    <div class=\"flex item align-items-center gap-sm\">\n                <i class=\"fa-solid fa-briefcase\"><\/i>\n                <span>40.00<\/span>\n            <\/div>\n                    <\/div>\n        \n        <div class=\"text\">Cau\u021bi un loc de munc\u0103 dinamic, \u00een care nici o zi nu seam\u0103n\u0103 cu alta? Al\u0103tur\u0103-te echipei entuziaste din Breda \u0219i devino o parte esen\u021bial\u0103 a opera\u021biunilor noastre logistice. \u00cen fiecare zi, \u00eempreun\u0103 cu colegii t\u0103i, te asiguri c\u0103 mii de comori second-hand \u0219i colete sunt sortate rapid \u0219i cu precizie \u00eenainte de a fi expediate c\u0103tre clien\u021bii din Olanda, Belgia \u0219i Fran\u021ba. Dac\u0103 \u00ee\u021bi place s\u0103 lucrezi \u00eentr-un mediu dinamic \u0219i \u00ee\u021bi place s\u0103 fii activ, acesta va fi un loc de munc\u0103 ideal pentru tine.<\/div>\n        \n        <div class=\"flex gap-sm wrap\">\n                        <div class=\"flex salary align-items-center gap-sm\">\n                <i class=\"fa-solid fa-money-bill\"><\/i>\n                <span>14,99 \u20ac \u2013 19,49 \u20ac pe or\u0103<\/span>\n            <\/div>\n                        \n            <span class=\"button alt\">\n                <span>Detalii<\/span><i class=\"fa-solid fa-arrow-up-right\"><\/i>\n            <\/span>\n        <\/div>\n        \n    <\/a>\n<\/article><article class=\"vacancy splide__slide\">\n    \n        \n    <a class=\"grid justify-items-start\" href=\"https:\/\/eu-people.com\/ro\/vacancy\/warehouse-worker\/\">\n\t\t\n        <h4>Muncitor \u00een depozit<\/h4>\n        \n        <div class=\"flex meta wrap\">\n                        <div class=\"flex item align-items-center gap-sm\">\n                <i class=\"fa-solid fa-briefcase\"><\/i>\n                <span>Depozitare<\/span>\n            <\/div>\n                                    <div class=\"flex item align-items-center gap-sm\">\n                <i class=\"fa-solid fa-graduation-cap\"><\/i>\n                <span>F\u0103r\u0103 studii anterioare<\/span>\n            <\/div>\n                                    <div class=\"flex item align-items-center gap-sm\">\n                <i class=\"fa-solid fa-location-dot\"><\/i>\n                <span>\u2019s Hertogenbosch<\/span>\n            <\/div>\n                                    <div class=\"flex item align-items-center gap-sm\">\n                <i class=\"fa-solid fa-briefcase\"><\/i>\n                <span>36.00<\/span>\n            <\/div>\n                    <\/div>\n        \n        <div class=\"text\">produc\u021bie \u2022 norm\u0103 \u00eentreag\u0103 \u2022 36 de ore \u2022 2 ture \u2022 prim\u0103 de tur\u0103 \u2022 contract pe termen lung \u2022 se cere cunoa\u0219terea limbii engleze<\/div>\n        \n        <div class=\"flex gap-sm wrap\">\n                        <div class=\"flex salary align-items-center gap-sm\">\n                <i class=\"fa-solid fa-money-bill\"><\/i>\n                <span>17,76 \u20ac pe or\u0103<\/span>\n            <\/div>\n                        \n            <span class=\"button alt\">\n                <span>Detalii<\/span><i class=\"fa-solid fa-arrow-up-right\"><\/i>\n            <\/span>\n        <\/div>\n        \n    <\/a>\n<\/article><article class=\"vacancy splide__slide\">\n    \n        \n    <a class=\"grid justify-items-start\" href=\"https:\/\/eu-people.com\/ro\/vacancy\/warehouse-operator\/\">\n\t\t\n        <h4>Operator de depozit<\/h4>\n        \n        <div class=\"flex meta wrap\">\n                        <div class=\"flex item align-items-center gap-sm\">\n                <i class=\"fa-solid fa-briefcase\"><\/i>\n                <span>Logistic\u0103<\/span>\n            <\/div>\n                                    <div class=\"flex item align-items-center gap-sm\">\n                <i class=\"fa-solid fa-graduation-cap\"><\/i>\n                <span>Nu este necesar\u0103 o preg\u0103tire prealabil\u0103<\/span>\n            <\/div>\n                                    <div class=\"flex item align-items-center gap-sm\">\n                <i class=\"fa-solid fa-location-dot\"><\/i>\n                <span>Venlo<\/span>\n            <\/div>\n                                    <div class=\"flex item align-items-center gap-sm\">\n                <i class=\"fa-solid fa-briefcase\"><\/i>\n                <span>40.00<\/span>\n            <\/div>\n                    <\/div>\n        \n        <div class=\"text\">2 ture \u00een rota\u021bie \u2022 Se cere experien\u021b\u0103 \u2022 Se cere cunoa\u0219terea limbii engleze \u2022 Posibilitate de angajare pe termen lung \u2022 Oportunit\u0103\u021bi de dezvoltare profesional\u0103 \u2022<\/div>\n        \n        <div class=\"flex gap-sm wrap\">\n                        <div class=\"flex salary align-items-center gap-sm\">\n                <i class=\"fa-solid fa-money-bill\"><\/i>\n                <span>14,99 \u20ac \u2013 18,27 \u20ac pe or\u0103<\/span>\n            <\/div>\n                        \n            <span class=\"button alt\">\n                <span>Detalii<\/span><i class=\"fa-solid fa-arrow-up-right\"><\/i>\n            <\/span>\n        <\/div>\n        \n    <\/a>\n<\/article><article class=\"vacancy splide__slide\">\n    \n        \n    <a class=\"grid justify-items-start\" href=\"https:\/\/eu-people.com\/ro\/vacancy\/technical-repair-worker\/\">\n\t\t\n        <h4>Tehnician de repara\u021bii<\/h4>\n        \n        <div class=\"flex meta wrap\">\n                        <div class=\"flex item align-items-center gap-sm\">\n                <i class=\"fa-solid fa-briefcase\"><\/i>\n                <span>Servicii de \u00eentre\u021binere \u0219i asisten\u021b\u0103 tehnic\u0103<\/span>\n            <\/div>\n                                    <div class=\"flex item align-items-center gap-sm\">\n                <i class=\"fa-solid fa-graduation-cap\"><\/i>\n                <span>F\u0103r\u0103 studii anterioare<\/span>\n            <\/div>\n                                    <div class=\"flex item align-items-center gap-sm\">\n                <i class=\"fa-solid fa-location-dot\"><\/i>\n                <span>Eindhoven<\/span>\n            <\/div>\n                                    <div class=\"flex item align-items-center gap-sm\">\n                <i class=\"fa-solid fa-briefcase\"><\/i>\n                <span>40.00<\/span>\n            <\/div>\n                    <\/div>\n        \n        <div class=\"text\">norm\u0103 \u00eentreag\u0103 \u2022  tehnic \u2022 independent \u2022 indemniza\u021bie de deplasare \u2022 oportunit\u0103\u021bi de dezvoltare \u2022 posibilitate de contract direct<\/div>\n        \n        <div class=\"flex gap-sm wrap\">\n                        <div class=\"flex salary align-items-center gap-sm\">\n                <i class=\"fa-solid fa-money-bill\"><\/i>\n                <span>18,64 \u20ac pe or\u0103<\/span>\n            <\/div>\n                        \n            <span class=\"button alt\">\n                <span>Detalii<\/span><i class=\"fa-solid fa-arrow-up-right\"><\/i>\n            <\/span>\n        <\/div>\n        \n    <\/a>\n<\/article><article class=\"vacancy splide__slide\">\n    \n        \n    <a class=\"grid justify-items-start\" href=\"https:\/\/eu-people.com\/ro\/vacancy\/plastic-welder-2\/\">\n\t\t\n        <h4>Aparat de sudat plastic<\/h4>\n        \n        <div class=\"flex meta wrap\">\n                        <div class=\"flex item align-items-center gap-sm\">\n                <i class=\"fa-solid fa-briefcase\"><\/i>\n                <span>Produc\u021bie \u0219i asamblare<\/span>\n            <\/div>\n                                    <div class=\"flex item align-items-center gap-sm\">\n                <i class=\"fa-solid fa-graduation-cap\"><\/i>\n                <span>F\u0103r\u0103 studii anterioare<\/span>\n            <\/div>\n                                    <div class=\"flex item align-items-center gap-sm\">\n                <i class=\"fa-solid fa-location-dot\"><\/i>\n                <span>Nuenen<\/span>\n            <\/div>\n                                    <div class=\"flex item align-items-center gap-sm\">\n                <i class=\"fa-solid fa-briefcase\"><\/i>\n                <span>40.00<\/span>\n            <\/div>\n                    <\/div>\n        \n        <div class=\"text\">C\u0103ut\u0103m un sudor de materiale plastice \/ tehnician de asamblare motivat \u0219i meticulos pentru un post pe termen lung \u00een Olanda. Este vorba de un post tehnic practic, destinat unei persoane c\u0103reia \u00eei place s\u0103 lucreze cu unelte, s\u0103 urmeze schi\u021bele tehnice \u0219i s\u0103 realizeze lucr\u0103ri de \u00eenalt\u0103 calitate.<\/div>\n        \n        <div class=\"flex gap-sm wrap\">\n                        <div class=\"flex salary align-items-center gap-sm\">\n                <i class=\"fa-solid fa-money-bill\"><\/i>\n                <span>16,52 \u20ac \u2013 16,52 \u20ac pe or\u0103<\/span>\n            <\/div>\n                        \n            <span class=\"button alt\">\n                <span>Detalii<\/span><i class=\"fa-solid fa-arrow-up-right\"><\/i>\n            <\/span>\n        <\/div>\n        \n    <\/a>\n<\/article><article class=\"vacancy splide__slide\">\n    \n        \n    <a class=\"grid justify-items-start\" href=\"https:\/\/eu-people.com\/ro\/vacancy\/cnc-operator-plastic-2-shifts\/\">\n\t\t\n        <h4>Operator CNC pentru prelucrarea plasticului, \u00een 2 schimburi<\/h4>\n        \n        <div class=\"flex meta wrap\">\n                        <div class=\"flex item align-items-center gap-sm\">\n                <i class=\"fa-solid fa-briefcase\"><\/i>\n                <span>Produc\u021bie \u0219i asamblare<\/span>\n            <\/div>\n                                    <div class=\"flex item align-items-center gap-sm\">\n                <i class=\"fa-solid fa-graduation-cap\"><\/i>\n                <span>F\u0103r\u0103 studii anterioare<\/span>\n            <\/div>\n                                    <div class=\"flex item align-items-center gap-sm\">\n                <i class=\"fa-solid fa-location-dot\"><\/i>\n                <span>Eindhoven<\/span>\n            <\/div>\n                                    <div class=\"flex item align-items-center gap-sm\">\n                <i class=\"fa-solid fa-briefcase\"><\/i>\n                <span>40.00<\/span>\n            <\/div>\n                    <\/div>\n        \n        <div class=\"text\">CNC  \u2022 unelte mecanice \u2022 desene tehnice \u2022 norm\u0103 \u00eentreag\u0103 \u2022 2 ture \u2022 prim\u0103 de tur\u0103 \u2022 contract pe termen lung \u2022 b\u0103uturi calde gratuite \u2022 indemniza\u021bie de deplasare \u2022 posibilitate de contract direct<\/div>\n        \n        <div class=\"flex gap-sm wrap\">\n                        <div class=\"flex salary align-items-center gap-sm\">\n                <i class=\"fa-solid fa-money-bill\"><\/i>\n                <span>23,19 \u20ac pe or\u0103<\/span>\n            <\/div>\n                        \n            <span class=\"button alt\">\n                <span>Detalii<\/span><i class=\"fa-solid fa-arrow-up-right\"><\/i>\n            <\/span>\n        <\/div>\n        \n    <\/a>\n<\/article>        <\/ul>\n    <\/div>\n\n<\/div>\n        <\/div>\n    \n<\/section>\n\n<section class=\"editor white margin-none\">\n        <div class=\"editor-wrap boxed\">\n            <div class=\"autop content\"><h2>Caracteristicile unit\u0103\u021bii de cazare<\/h2>\n<p>\u00cen calitate de agen\u021bie de recrutare care ofer\u0103 \u0219i cazare, depunem toate eforturile pentru a transforma locuin\u021bele noastre \u00eentr-un spa\u021biu confortabil de locuit. Toate locuin\u021bele noastre EU-People dispun de o buc\u0103t\u0103rie complet utilat\u0103, cu spa\u021biu generos \u00een frigider, b\u0103i confortabile, toalete separate \u0219i un living comun spa\u021bios, unde po\u021bi petrece timp \u00eempreun\u0103 cu colegii de apartament. De asemenea, dispun de terase pl\u0103cute \u00een aer liber, \u00een cazul \u00een care dori\u021bi s\u0103 fuma\u021bi (casele noastre sunt pentru nefum\u0103tori) sau s\u0103 lua\u021bi o gur\u0103 de aer proasp\u0103t. Dormitoarele sunt \u00eemp\u0103r\u021bite de cel mult dou\u0103 persoane \u0219i dispun de paturi confortabile \u0219i spa\u021biu suficient de depozitare pentru obiectele personale. De la locuin\u021bele noastre pentru angaja\u021bi, distan\u021ba p\u00e2n\u0103 la locul de munc\u0103 este foarte scurt\u0103, fie cu ma\u0219ina, fie cu bicicleta.<\/p>\n<\/div>\n        <\/div>\n<\/section>\n\n\n<section class=\"editor grey margin-none\">\n        <div class=\"editor-wrap boxed\">\n            <div class=\"autop content\"><h2>Op\u021biuni de cazare \u00een comun<\/h2>\n<p>Dac\u0103 lucrezi \u00een Olanda \u00eempreun\u0103 cu prietenii sau cu partenerul t\u0103u, \u00een\u021belegem c\u0103 dori\u021bi s\u0103 locui\u021bi \u00eempreun\u0103. De aceea, facem tot posibilul pentru a face acest lucru posibil. \u00cen principiu, \u00eencerc\u0103m s\u0103 caz\u0103m colegii c\u00e2t mai aproape unul de cel\u0103lalt. Dac\u0103 lucrezi cu prietenii, \u00eencerc\u0103m s\u0103 v\u0103 caz\u0103m \u00een aceea\u0219i cas\u0103 sau \u00een case aflate la distan\u021b\u0103 de mers pe jos una de cealalt\u0103. Iar dac\u0103 lucrezi \u00eempreun\u0103 cu partenerul t\u0103u, ne asigur\u0103m c\u0103 pute\u021bi \u00eemp\u0103r\u021bi aceea\u0219i camer\u0103.<\/p>\n<p>Vre\u021bi s\u0103 lucra\u021bi ca cuplu \u00een Olanda? Afla\u021bi mai multe pe pagina noastr\u0103: <a href=\"https:\/\/eu-people.com\/ro\/lucrand-in-tarile-de-jos\/pentru-cupluri\/\">Locuri de munc\u0103 \u00een Olanda pentru cupluri<\/a>!<\/p>\n<\/div>\n        <\/div>\n<\/section>\n\n\n<section class=\"editor white margin-none\">\n        <div class=\"editor-wrap boxed\">\n            <div class=\"autop content\"><h2>Durata \u0219ederii<\/h2>\n<p>Po\u021bi locui \u00een locuin\u021bele noastre de serviciu at\u00e2ta timp c\u00e2t lucrezi la noi. Dac\u0103 dore\u0219ti s\u0103 r\u0103m\u00e2i mai mult timp, trebuie s\u0103 depui o cerere oficial\u0103 \u0219i s\u0103 pl\u0103te\u0219ti chiria \u00een avans. Ne-ar face pl\u0103cere s\u0103 lucrezi la noi c\u00e2t mai mult timp posibil, astfel \u00eenc\u00e2t s\u0103 putem construi o colaborare frumoas\u0103 \u0219i de lung\u0103 durat\u0103 pe parcursul \u0219ederii tale \u00een Olanda.<\/p>\n<p>Cite\u0219te blogul nostru pentru a afla durata maxim\u0103 a colabor\u0103rii noastre: <a href=\"https:\/\/eu-people.com\/ro\/voorwaarden-voor-flexibel-werken\/\">C\u00e2t timp pot lucra la o agen\u021bie de munc\u0103 temporar\u0103 din Olanda?<\/a><\/p>\n<\/div>\n        <\/div>\n<\/section>\n\n\n<section class=\"editor grey margin-none\">\n        <div class=\"editor-wrap boxed\">\n            <div class=\"autop content\"><h2>Asisten\u021b\u0103 \u0219i persoan\u0103 de contact<\/h2>\n<p>\u00cen timpul programului de lucru, echipa noastr\u0103 prietenoas\u0103 de la administra\u021bie este gata s\u0103 te ajute cu orice \u00eentrebare ai avea. Ei te pot ajuta s\u0103 organizezi un <a href=\"https:\/\/eu-people.com\/ro\/bsn-iata-de-ce-chiar-ai-nevoie-de-unul\/\">BSN<\/a>, care este necesar pentru a lucra \u00een \u021a\u0103rile de Jos, \u0219i, eventual, un <a href=\"https:\/\/eu-people.com\/ro\/impozitele-in-olanda-nu-sunt-chiar-atat-de-rele\/\">Reducere fiscal\u0103 extrateritorial\u0103<\/a> pentru tine. Suntem cunoscu\u021bi pentru asisten\u021ba excelent\u0103 pe care o oferim \u00een cazul \u00eentreb\u0103rilor sau al problemelor, a\u0219a c\u0103 nu ezita s\u0103 <a href=\"https:\/\/eu-people.com\/ro\/contact\/\">s\u0103 ne contacta\u021bi<\/a>! \u00cen afara programului de lucru, suntem disponibili pentru situa\u021bii de urgen\u021b\u0103 pentru to\u021bi cei care lucreaz\u0103 \u0219i locuiesc la noi. Angaja\u021bii no\u0219tri vorbesc mai multe limbi, precum olandez\u0103, englez\u0103 \u0219i polonez\u0103, a\u0219a c\u0103 limba nu va fi o problem\u0103.<\/p>\n<p>Vrei s\u0103 afli cum este s\u0103 lucrezi \u00een Olanda f\u0103r\u0103 s\u0103 vorbe\u0219ti limba olandez\u0103? Afl\u0103 mai multe pe pagina noastr\u0103: <a href=\"https:\/\/eu-people.com\/ro\/lucrand-in-tarile-de-jos\/without-language\/\">A lucra \u00een Olanda f\u0103r\u0103 cuno\u0219tin\u021be de limb\u0103<\/a>.<\/p>\n<p>Dac\u0103 ai \u00eentreb\u0103ri \u00een acest moment, te rug\u0103m s\u0103 ne contactezi. \u00ce\u021bi st\u0103m cu pl\u0103cere la dispozi\u021bie!<\/p>\n<\/div>\n        <\/div>\n<\/section>\n\n\n<section class=\"editor white margin-none\">\n        <div class=\"editor-wrap boxed\">\n            <div class=\"autop content\"><h2>\u00cencepe-\u021bi activitatea \u00een Olanda, cu cazare asigurat\u0103!<\/h2>\n<p>A\u0219tept\u0103m cu ner\u0103bdare s\u0103-\u021bi g\u0103sim un loc de munc\u0103 potrivit \u0219i s\u0103-\u021bi asigur\u0103m o locuin\u021b\u0103. E\u0219ti preg\u0103tit s\u0103 \u00eencepi s\u0103 lucrezi \u00een Olanda \u0219i s\u0103 ai o locuin\u021b\u0103 asigurat\u0103? Atunci nu ezita s\u0103 consul\u021bi <a href=\"https:\/\/eu-people.com\/ro\/post-vacant\/\">posturi vacante \u00een prezent<\/a> sau las\u0103 un <a href=\"https:\/\/eu-people.com\/ro\/candidatura-spontana\/\">candidatur\u0103 spontan\u0103<\/a> \u00een spate!<\/p>\n<p>Vrei s\u0103 afli mai multe despre munca \u00een Olanda, \u00een general? Consult\u0103 prezentarea noastr\u0103 general\u0103: <a href=\"https:\/\/eu-people.com\/ro\/lucrand-in-tarile-de-jos\/\">Munca \u00een Olanda<\/a>.<\/p>\n<\/div>\n        <\/div>\n<\/section>\n\n\n\n<section class=\"highlight-banner  text-1\">\n    <div class=\"boxed\">\n        <div class=\"flex columns\">\n        \n            <div class=\"grid textbox justify-items-start align-content-center left w-full\">\n                \n                                <h2>\u00cencepe cu locul de munc\u0103 \u0219i locuin\u021ba<\/h2>\n                \n                <div class=\"text\"><p>Consulta\u021bi ofertele noastre de locuri de munc\u0103, trimite\u021bi o candidatur\u0103 spontan\u0103 sau contacta\u021bi biroul nostru din Polonia sau Olanda. V\u0103 vom ajuta cu pl\u0103cere s\u0103 g\u0103si\u021bi un loc de munc\u0103 \u0219i o locuin\u021b\u0103.<\/p>\n<\/div>\n\n                <div class=\"flex buttons\">\n\t\t<a href=\"https:\/\/eu-people.com\/ro\/post-vacant\/\" target=\"\" class=\"button\">\n\t\t<span>Posturile vacante actuale<\/span><i class=\"fa-solid fa-arrow-up-right\"><\/i>\n\t<\/a>\n\t\t<a href=\"https:\/\/eu-people.com\/ro\/contact\/\" target=\"\" class=\"button alt\">\n\t\t<span>Contacta\u021bi biroul nostru din Polonia<\/span><i class=\"fa-solid fa-arrow-up-right\"><\/i>\n\t<\/a>\n\t\t<a href=\"https:\/\/eu-people.com\/ro\/contact\/\" target=\"\" class=\"button alt\">\n\t\t<span>Contacta\u021bi biroul nostru din Olanda<\/span><i class=\"fa-solid fa-arrow-up-right\"><\/i>\n\t<\/a>\n\t<\/div>            <\/div>\n            \n            <div class=\"image-wrap\">\n                                            <\/div>\n            \n                    \n        <\/div>\n    <\/div>\n<\/section>","protected":false},"excerpt":{"rendered":"","protected":false},"author":1,"featured_media":0,"parent":324,"menu_order":0,"comment_status":"closed","ping_status":"closed","template":"","meta":{"_acf_changed":false,"footnotes":""},"class_list":["post-831","page","type-page","status-publish","hentry"],"acf":[],"yoast_head":"<!-- This site is optimized with the Yoast SEO Premium plugin v28.3 (Yoast SEO v28.3) - https:\/\/yoast.com\/product\/yoast-seo-premium-wordpress\/ -->\n<title>Werken in Nederland met huisvesting - EU-People<\/title>\n<meta name=\"description\" content=\"Werken in Nederland met huisvesting - EU-People\" \/>\n<meta name=\"robots\" content=\"index, follow, max-snippet:-1, max-image-preview:large, max-video-preview:-1\" \/>\n<link rel=\"canonical\" href=\"https:\/\/eu-people.com\/ro\/lucrand-in-tarile-de-jos\/cazare\/\" \/>\n<meta property=\"og:locale\" content=\"ro_RO\" \/>\n<meta property=\"og:type\" content=\"article\" \/>\n<meta property=\"og:title\" content=\"Werken in Nederland met huisvesting\" \/>\n<meta property=\"og:description\" content=\"Werken in Nederland met huisvesting - EU-People\" \/>\n<meta property=\"og:url\" content=\"https:\/\/eu-people.com\/ro\/lucrand-in-tarile-de-jos\/cazare\/\" \/>\n<meta property=\"og:site_name\" content=\"EU-People\" \/>\n<meta property=\"article:publisher\" content=\"https:\/\/www.facebook.com\/EUpeopleHQ\/\" \/>\n<meta property=\"article:modified_time\" content=\"2026-08-31T10:16:44+00:00\" \/>\n<meta name=\"twitter:card\" content=\"summary_large_image\" \/>\n<script type=\"application\/ld+json\" class=\"yoast-schema-graph\">{\"@context\":\"https:\\\/\\\/schema.org\",\"@graph\":[{\"@type\":\"WebPage\",\"@id\":\"https:\\\/\\\/eu-people.com\\\/working-in-the-netherlands\\\/accomodation\\\/\",\"url\":\"https:\\\/\\\/eu-people.com\\\/working-in-the-netherlands\\\/accomodation\\\/\",\"name\":\"Werken in Nederland met huisvesting - EU-People\",\"isPartOf\":{\"@id\":\"https:\\\/\\\/eu-people.com\\\/#website\"},\"datePublished\":\"2026-08-31T10:05:56+00:00\",\"dateModified\":\"2026-08-31T10:16:44+00:00\",\"description\":\"Werken in Nederland met huisvesting - EU-People\",\"breadcrumb\":{\"@id\":\"https:\\\/\\\/eu-people.com\\\/working-in-the-netherlands\\\/accomodation\\\/#breadcrumb\"},\"inLanguage\":\"ro-RO\",\"potentialAction\":[{\"@type\":\"ReadAction\",\"target\":[\"https:\\\/\\\/eu-people.com\\\/working-in-the-netherlands\\\/accomodation\\\/\"]}]},{\"@type\":\"BreadcrumbList\",\"@id\":\"https:\\\/\\\/eu-people.com\\\/working-in-the-netherlands\\\/accomodation\\\/#breadcrumb\",\"itemListElement\":[{\"@type\":\"ListItem\",\"position\":1,\"name\":\"Home\",\"item\":\"https:\\\/\\\/eu-people.com\\\/\"},{\"@type\":\"ListItem\",\"position\":2,\"name\":\"Werken in Nederland\",\"item\":\"https:\\\/\\\/eu-people.com\\\/working-in-the-netherlands\\\/\"},{\"@type\":\"ListItem\",\"position\":3,\"name\":\"Werken in Nederland met huisvesting\"}]},{\"@type\":\"WebSite\",\"@id\":\"https:\\\/\\\/eu-people.com\\\/#website\",\"url\":\"https:\\\/\\\/eu-people.com\\\/\",\"name\":\"EU-People\",\"description\":\"\",\"publisher\":{\"@id\":\"https:\\\/\\\/eu-people.com\\\/#organization\"},\"potentialAction\":[{\"@type\":\"SearchAction\",\"target\":{\"@type\":\"EntryPoint\",\"urlTemplate\":\"https:\\\/\\\/eu-people.com\\\/?s={search_term_string}\"},\"query-input\":{\"@type\":\"PropertyValueSpecification\",\"valueRequired\":true,\"valueName\":\"search_term_string\"}}],\"inLanguage\":\"ro-RO\"},{\"@type\":\"Organization\",\"@id\":\"https:\\\/\\\/eu-people.com\\\/#organization\",\"name\":\"EU-People\",\"alternateName\":\"EU-People | Profs for Profs\",\"url\":\"https:\\\/\\\/eu-people.com\\\/\",\"logo\":{\"@type\":\"ImageObject\",\"inLanguage\":\"ro-RO\",\"@id\":\"https:\\\/\\\/eu-people.com\\\/#\\\/schema\\\/logo\\\/image\\\/\",\"url\":\"https:\\\/\\\/eu-people.com\\\/wp-content\\\/uploads\\\/2026\\\/02\\\/logo-scaled.png\",\"contentUrl\":\"https:\\\/\\\/eu-people.com\\\/wp-content\\\/uploads\\\/2026\\\/02\\\/logo-scaled.png\",\"width\":2560,\"height\":477,\"caption\":\"EU-People\"},\"image\":{\"@id\":\"https:\\\/\\\/eu-people.com\\\/#\\\/schema\\\/logo\\\/image\\\/\"},\"sameAs\":[\"https:\\\/\\\/www.facebook.com\\\/EUpeopleHQ\\\/\",\"https:\\\/\\\/www.instagram.com\\\/eupeople_jobs\\\/\",\"https:\\\/\\\/www.linkedin.com\\\/company\\\/eu-people-b.v.\\\/\"],\"description\":\"EU-People is a leading Dutch recruitment agency connecting international professionals with reliable employers in the Eindhoven region and across the Netherlands. We recruit for technical, logistics, production and food industry jobs, including woodworking, metalworking, cleanroom, assembly and machine operator roles. We provide quality housing, transport, weekly salary and personal support from application to employment.\",\"email\":\"info@eu-people.com\",\"telephone\":\"+31882014100\",\"legalName\":\"EU-People B.V.\",\"vatID\":\"NL817327472B01\",\"numberOfEmployees\":{\"@type\":\"QuantitativeValue\",\"minValue\":\"201\",\"maxValue\":\"500\"}}]}<\/script>\n<!-- \/ Yoast SEO Premium plugin. -->","yoast_head_json":{"title":"Locuri de munc\u0103 \u00een Olanda cu cazare asigurat\u0103 - EU-People","description":"Locuri de munc\u0103 \u00een Olanda cu cazare asigurat\u0103 - EU-People","robots":{"index":"index","follow":"follow","max-snippet":"max-snippet:-1","max-image-preview":"max-image-preview:large","max-video-preview":"max-video-preview:-1"},"canonical":"https:\/\/eu-people.com\/ro\/lucrand-in-tarile-de-jos\/cazare\/","og_locale":"ro_RO","og_type":"article","og_title":"Werken in Nederland met huisvesting","og_description":"Werken in Nederland met huisvesting - EU-People","og_url":"https:\/\/eu-people.com\/ro\/lucrand-in-tarile-de-jos\/cazare\/","og_site_name":"EU-People","article_publisher":"https:\/\/www.facebook.com\/EUpeopleHQ\/","article_modified_time":"2026-08-31T10:16:44+00:00","twitter_card":"summary_large_image","schema":{"@context":"https:\/\/schema.org","@graph":[{"@type":"WebPage","@id":"https:\/\/eu-people.com\/working-in-the-netherlands\/accomodation\/","url":"https:\/\/eu-people.com\/working-in-the-netherlands\/accomodation\/","name":"Locuri de munc\u0103 \u00een Olanda cu cazare asigurat\u0103 - EU-People","isPartOf":{"@id":"https:\/\/eu-people.com\/#website"},"datePublished":"2026-08-31T10:05:56+00:00","dateModified":"2026-08-31T10:16:44+00:00","description":"Locuri de munc\u0103 \u00een Olanda cu cazare asigurat\u0103 - EU-People","breadcrumb":{"@id":"https:\/\/eu-people.com\/working-in-the-netherlands\/accomodation\/#breadcrumb"},"inLanguage":"ro-RO","potentialAction":[{"@type":"ReadAction","target":["https:\/\/eu-people.com\/working-in-the-netherlands\/accomodation\/"]}]},{"@type":"BreadcrumbList","@id":"https:\/\/eu-people.com\/working-in-the-netherlands\/accomodation\/#breadcrumb","itemListElement":[{"@type":"ListItem","position":1,"name":"Home","item":"https:\/\/eu-people.com\/"},{"@type":"ListItem","position":2,"name":"Werken in Nederland","item":"https:\/\/eu-people.com\/working-in-the-netherlands\/"},{"@type":"ListItem","position":3,"name":"Werken in Nederland met huisvesting"}]},{"@type":"WebSite","@id":"https:\/\/eu-people.com\/#website","url":"https:\/\/eu-people.com\/","name":"Oameni din UE","description":"","publisher":{"@id":"https:\/\/eu-people.com\/#organization"},"potentialAction":[{"@type":"SearchAction","target":{"@type":"EntryPoint","urlTemplate":"https:\/\/eu-people.com\/?s={search_term_string}"},"query-input":{"@type":"PropertyValueSpecification","valueRequired":true,"valueName":"search_term_string"}}],"inLanguage":"ro-RO"},{"@type":"Organization","@id":"https:\/\/eu-people.com\/#organization","name":"Oameni din UE","alternateName":"EU-People | Profs for Profs","url":"https:\/\/eu-people.com\/","logo":{"@type":"ImageObject","inLanguage":"ro-RO","@id":"https:\/\/eu-people.com\/#\/schema\/logo\/image\/","url":"https:\/\/eu-people.com\/wp-content\/uploads\/2026\/02\/logo-scaled.png","contentUrl":"https:\/\/eu-people.com\/wp-content\/uploads\/2026\/02\/logo-scaled.png","width":2560,"height":477,"caption":"EU-People"},"image":{"@id":"https:\/\/eu-people.com\/#\/schema\/logo\/image\/"},"sameAs":["https:\/\/www.facebook.com\/EUpeopleHQ\/","https:\/\/www.instagram.com\/eupeople_jobs\/","https:\/\/www.linkedin.com\/company\/eu-people-b.v.\/"],"description":"EU-People este o agen\u021bie de recrutare olandez\u0103 de top, care pune \u00een leg\u0103tur\u0103 profesioni\u0219ti interna\u021bionali cu angajatori de \u00eencredere din regiunea Eindhoven \u0219i din \u00eentreaga Oland\u0103. Recrut\u0103m personal pentru posturi din domeniile tehnic, logistic, de produc\u021bie \u0219i din industria alimentar\u0103, inclusiv pentru posturi \u00een prelucrarea lemnului, prelucrarea metalelor, camere sterile, asamblare \u0219i operatori de ma\u0219ini. Oferim cazare de calitate, transport, salariu s\u0103pt\u0103m\u00e2nal \u0219i sprijin personal de la depunerea candidaturii p\u00e2n\u0103 la angajare.","email":"info@eu-people.com","telephone":"+31882014100","legalName":"EU-People B.V.","vatID":"NL817327472B01","numberOfEmployees":{"@type":"QuantitativeValue","minValue":"201","maxValue":"500"}}]}},"_links":{"self":[{"href":"https:\/\/eu-people.com\/ro\/wp-json\/wp\/v2\/pages\/831","targetHints":{"allow":["GET"]}}],"collection":[{"href":"https:\/\/eu-people.com\/ro\/wp-json\/wp\/v2\/pages"}],"about":[{"href":"https:\/\/eu-people.com\/ro\/wp-json\/wp\/v2\/types\/page"}],"author":[{"embeddable":true,"href":"https:\/\/eu-people.com\/ro\/wp-json\/wp\/v2\/users\/1"}],"replies":[{"embeddable":true,"href":"https:\/\/eu-people.com\/ro\/wp-json\/wp\/v2\/comments?post=831"}],"version-history":[{"count":3,"href":"https:\/\/eu-people.com\/ro\/wp-json\/wp\/v2\/pages\/831\/revisions"}],"predecessor-version":[{"id":839,"href":"https:\/\/eu-people.com\/ro\/wp-json\/wp\/v2\/pages\/831\/revisions\/839"}],"up":[{"embeddable":true,"href":"https:\/\/eu-people.com\/ro\/wp-json\/wp\/v2\/pages\/324"}],"wp:attachment":[{"href":"https:\/\/eu-people.com\/ro\/wp-json\/wp\/v2\/media?parent=831"}],"curies":[{"name":"wp","href":"https:\/\/api.w.org\/{rel}","templated":true}]}}