{"id":94,"date":"2026-02-09T11:37:57","date_gmt":"2026-02-09T10:37:57","guid":{"rendered":"https:\/\/eu-people.com\/?page_id=94"},"modified":"2026-08-31T10:54:15","modified_gmt":"2026-08-31T09:54:15","slug":"94-2","status":"publish","type":"page","link":"https:\/\/eu-people.com\/ro\/","title":{"rendered":"Acas\u0103"},"content":{"rendered":"<section class=\"hero\">\n    \n    \n    <div class=\"grid hero-wrap boxed\">\n        <div class=\"content-wrap\">\n            <div class=\"grid textbox justify-items-start align-content-center\">\n                                                <span class=\"breadcrumb\"><span><span><a href=\"https:\/\/eu-people.com\/ro\/\">Acas\u0103<\/a><\/span><\/span><\/span>                \n                <h1><l>Munca \u00een Olanda<\/l> u\u0219or <l>Gata!<\/l><\/h1>\n\n                <div class=\"text\"><p>Al\u0103tur\u0103-te echipei EU-People pentru cele mai bune locuri de munc\u0103 \u00een domeniul logisticii \u0219i al produc\u021biei din sudul Olandei.<\/p>\n<\/div>\n\n                <div class=\"flex buttons\">\n\t\t<a href=\"\/ro\/post-vacant\/\" target=\"\" class=\"button\">\n\t\t<span>Vezi ofertele de locuri de munc\u0103<\/span><i class=\"fa-solid fa-arrow-up-right\"><\/i>\n\t<\/a>\n\t<\/div>            <\/div>\n        <\/div>\n    <\/div>\n\n    \n<\/section>\n\n<section class=\"fact-tiles std-padding\">\n\n            <div class=\"grid boxed fact-tiles-wrap col-2\">\n            \n<div class=\"grid textbox justify-items-start align-content-center\">\n            <span class=\"subhead\">avantajele<\/span>\n        \n        <h2>Aplic\u0103 chiar ast\u0103zi!<\/h2>\n        \n    <div class=\"text\"><p>Al\u0103tur\u0103-te echipei EU-People pentru cele mai bune locuri de munc\u0103 \u00een domeniul logisticii \u0219i al produc\u021biei din sudul Olandei! Colabor\u0103m cu companii de top care ofer\u0103 salarii bune, condi\u021bii de munc\u0103 sigure \u0219i respect fa\u021b\u0103 de angaja\u021bii lor. La noi vei beneficia de un \u00eenceput f\u0103r\u0103 probleme, de ajutor cu toate formalit\u0103\u021bile administrative \u0219i de o locuin\u021b\u0103 confortabil\u0103.<\/p>\n<p>\u00ce\u021bi oferim un salariu mai mare dec\u00e2t salariul minim \u0219i \u00eencerc\u0103m s\u0103-\u021bi oferim un program cu norm\u0103 \u00eentreag\u0103, atunci c\u00e2nd este posibil. Consilierii no\u0219tri prieteno\u0219i sunt aici pentru a te ajuta cu orice, chiar \u0219i \u00een afara programului de lucru, dac\u0103 este urgent. Dac\u0103 apare o problem\u0103 la locul de munc\u0103, o rezolv\u0103m rapid.<\/p>\n<\/div>\n\n    <\/div>\n\n<div class=\"fact-tiles\">\n    <div class=\"grid columns\">\n                        <div class=\"grid tile\">\n            \n            <div class=\"content\">\n                <b>Certificat SNF<\/b>\n                <p>Cazare confortabil\u0103 \u0219i de \u00eenalt\u0103 calitate<\/p>\n            <\/div>\n            \n                        <img decoding=\"async\" src=\"https:\/\/eu-people.com\/wp-content\/uploads\/2026\/02\/a8d848db7254e5a12ecddae0e7111707b901f65c.png\">\n                        \n        <\/div>\n        \n                <div class=\"grid tile right\">\n            \n            <div class=\"content\">\n                <b>Certificat SNA<\/b>\n                <p>Cazare confortabil\u0103 \u0219i de \u00eenalt\u0103 calitate<\/p>\n            <\/div>\n            \n                        <img decoding=\"async\" src=\"https:\/\/eu-people.com\/wp-content\/uploads\/2026\/02\/c1633e0c4042913ab6c3d2f2ad1d064dccf13dc0.png\">\n                        \n        <\/div>\n        \n                <div class=\"grid tile\">\n            \n            <div class=\"content\">\n                <b>Certificat NBBU<\/b>\n                <p>Cazare confortabil\u0103 \u0219i de \u00eenalt\u0103 calitate<\/p>\n            <\/div>\n            \n                        <img decoding=\"async\" src=\"https:\/\/eu-people.com\/wp-content\/uploads\/2026\/02\/b3a3571a806d748a75247ceb6ac4674a5204dbbe.png\">\n                        \n        <\/div>\n        \n                <div class=\"grid tile right\">\n            \n            <div class=\"content\">\n                <b>Administra\u021bia fiscal\u0103<\/b>\n                <p>Cazare confortabil\u0103 \u0219i de \u00eenalt\u0103 calitate<\/p>\n            <\/div>\n            \n                        <img decoding=\"async\" src=\"https:\/\/eu-people.com\/wp-content\/uploads\/2026\/02\/6f4a4309b261d251a2f40246fc6ef43ca0c0954c.png\">\n                        \n        <\/div>\n        \n            <\/div>\n<\/div>\n        <\/div>\n    \n<\/section>\n\n<section class=\"pricing std-padding\">\n\n            <div class=\"pricing-wrap boxed\">\n            \n<div class=\"grid heading justify-items-start\">\n    <span class=\"subhead\">colete<\/span>\n    <h2>Preg\u0103te\u0219te-te <i>Pornire din Olanda<\/i> pachet<\/h2>\n<\/div>\n\n<div class=\"pricing\">\n    <div class=\"grid columns\">\n                        <div class=\"tile grid\">\n            \n            <div class=\"banner\">Op\u021bional<\/div>\n            \n            <div class=\"title-wrap\">\n                <h3>Locuin\u021be<\/h3>\n                <p>100% SNF<\/p>\n            <\/div>\n            \n            <div class=\"grid list-wrap\">\n                                <div class=\"grid row\">\n                    <i class=\"fa-solid fa-square-check\"><\/i>                    <span>Buc\u0103t\u0103rii \u0219i b\u0103i complet utilate<\/span>\n                <\/div>\n                                <div class=\"grid row\">\n                    <i class=\"fa-solid fa-square-check\"><\/i>                    <span>Maxim 2 persoane pe dormitor<\/span>\n                <\/div>\n                                <div class=\"grid row\">\n                    <i class=\"fa-solid fa-square-check\"><\/i>                    <span>Spa\u021bii de locuit spa\u021bioase<\/span>\n                <\/div>\n                                <div class=\"grid row\">\n                    <i class=\"fa-solid fa-square-check\"><\/i>                    <span>Loca\u021bii convenabile<\/span>\n                <\/div>\n                            <\/div>\n            \n        <\/div>\n                <div class=\"tile grid\">\n            \n            <div class=\"banner\">Op\u021bional<\/div>\n            \n            <div class=\"title-wrap\">\n                <h3>Transport<\/h3>\n                <p>Gratuit<\/p>\n            <\/div>\n            \n            <div class=\"grid list-wrap\">\n                                <div class=\"grid row\">\n                    <i class=\"fa-solid fa-square-check\"><\/i>                    <span>C\u00e2\u0219tig\u0103 bani \u00een plus conduc\u00e2nd<\/span>\n                <\/div>\n                                <div class=\"grid row\">\n                    <i class=\"fa-solid fa-square-check\"><\/i>                    <span>Transport gratuit la locul de munc\u0103<\/span>\n                <\/div>\n                                <div class=\"grid row\">\n                    <i class=\"fa-solid fa-square-check\"><\/i>                    <span>Vehicule moderne<\/span>\n                <\/div>\n                                <div class=\"grid row\">\n                    <i class=\"fa-solid fa-square-check\"><\/i>                    <span>Se ofer\u0103 \u00eenchiriere de biciclete<\/span>\n                <\/div>\n                            <\/div>\n            \n        <\/div>\n                <div class=\"tile grid\">\n            \n            <div class=\"banner\">Op\u021bional<\/div>\n            \n            <div class=\"title-wrap\">\n                <h3>Asigurare<\/h3>\n                <p>\u00b1 38 \u20ac\/s\u0103pt\u0103m\u00e2n\u0103<\/p>\n            <\/div>\n            \n            <div class=\"grid list-wrap\">\n                                <div class=\"grid row\">\n                    <i class=\"fa-solid fa-square-check\"><\/i>                    <span>Consult medical gratuit<\/span>\n                <\/div>\n                                <div class=\"grid row\">\n                    <i class=\"fa-solid fa-square-check\"><\/i>                    <span>Fran\u0219iz\u0103 redus\u0103<\/span>\n                <\/div>\n                                <div class=\"grid row\">\n                    <i class=\"fa-solid fa-square-check\"><\/i>                    <span>Asisten\u021b\u0103 stomatologic\u0103 de urgen\u021b\u0103<\/span>\n                <\/div>\n                                <div class=\"grid row\">\n                    <i class=\"fa-solid fa-square-check\"><\/i>                    <span>Asigurare suplimentar\u0103<\/span>\n                <\/div>\n                            <\/div>\n            \n        <\/div>\n            <\/div>\n<\/div>\n        <\/div>\n    \n<\/section>\n\n\n<section class=\"highlight-banner  text-2\">\n    <div class=\"boxed\">\n        <div class=\"flex columns\">\n        \n            <div class=\"grid textbox justify-items-start align-content-center left w-full\">\n                \n                                <h2>C\u0103uta\u021bi angaja\u021bi?<\/h2>\n                \n                <div class=\"text\"><p>EU-People asigur\u0103 angajatorilor din industria tehnic\u0103, de produc\u021bie \u0219i logistic\u0103 personalul potrivit. Gra\u021bie unei re\u021bele interna\u021bionale de speciali\u0219ti, recrutorii no\u0219tri se asigur\u0103 c\u0103 firma dumneavoastr\u0103 dispune de for\u021ba de munc\u0103 potrivit\u0103.<\/p>\n<\/div>\n\n                <div class=\"flex buttons\">\n\t\t<a href=\"https:\/\/eu-people.com\/ro\/contact\/\" target=\"\" class=\"button\">\n\t\t<span>Hai s\u0103 vorbim<\/span><i class=\"fa-solid fa-arrow-up-right\"><\/i>\n\t<\/a>\n\t<\/div>            <\/div>\n            \n            <div class=\"image-wrap\">\n                                                <img decoding=\"async\" src=\"https:\/\/eu-people.com\/wp-content\/uploads\/2026\/08\/EU-People-home-female-employee-cutout.png\">\n                            <\/div>\n            \n                        <div class=\"grid textbox justify-items-start align-content-center right w-full\">\n                \n                                <h2>La treab\u0103 \u00een Olanda!<\/h2>\n                \n                <div class=\"text\"><p>EU-People ofer\u0103 cazare, op\u021biuni de c\u0103l\u0103torie \u0219i sprijin pentru a te adapta la noul t\u0103u mediu. Pentru a vedea toate op\u021biunile, consult\u0103 pagina noastr\u0103 de informa\u021bii.<\/p>\n<\/div>\n\n                <div class=\"flex buttons\">\n\t\t<a href=\"https:\/\/eu-people.com\/ro\/contact\/\" target=\"\" class=\"button alt\">\n\t\t<span>Hai s\u0103 vorbim<\/span><i class=\"fa-solid fa-arrow-up-right\"><\/i>\n\t<\/a>\n\t<\/div>            <\/div>\n                    \n        <\/div>\n    <\/div>\n<\/section>\n\n\n\n<section class=\"blogs std-padding\">\n    <div class=\"boxed\">\n        <div class=\"flex justify-content-between align-items-end titel-wrap\">\n            <div class=\"grid heading justify-items-start\">\n                <span class=\"subhead\">Bloguri<\/span>\n                <h2>Cite\u0219te ultimele \u0219tiri<\/h2>\n            <\/div>\n            \n                        <a class=\"button trans\" href=\"https:\/\/eu-people.com\/ro\/blog\/\" target=\"\">\n                <span>Toate blogurile<\/span><i class=\"fa-solid fa-arrow-up-right\"><\/i>\n            <\/a>\n                    <\/div>\n        \n        <div class=\"grid columns\">\n            <div class=\"grid list-posts align-content-start\">\n                <article class=\"post splide__slide\">\n    <a class=\"grid\" href=\"https:\/\/eu-people.com\/ro\/technical-job-netherlands-without-diploma\/\">\n\t\t\n\t\t\t\t<div class=\"thumbnail\">\n\t\t\t<img loading=\"lazy\" decoding=\"async\" width=\"1024\" height=\"683\" src=\"https:\/\/eu-people.com\/wp-content\/uploads\/2026\/08\/technical-job-netherlands-without-diploma-1024x683.png\" class=\"attachment-large size-large wp-post-image\" alt=\"\" srcset=\"https:\/\/eu-people.com\/wp-content\/uploads\/2026\/08\/technical-job-netherlands-without-diploma-1024x683.png 1024w, https:\/\/eu-people.com\/wp-content\/uploads\/2026\/08\/technical-job-netherlands-without-diploma-300x200.png 300w, https:\/\/eu-people.com\/wp-content\/uploads\/2026\/08\/technical-job-netherlands-without-diploma-768x512.png 768w, https:\/\/eu-people.com\/wp-content\/uploads\/2026\/08\/technical-job-netherlands-without-diploma-18x12.png 18w, https:\/\/eu-people.com\/wp-content\/uploads\/2026\/08\/technical-job-netherlands-without-diploma.png 1536w\" sizes=\"auto, (max-width: 1024px) 100vw, 1024px\" \/>\t\t<\/div>\n\t\t\t\t\n\t\t<div class=\"grid content\">\n            <g>12 august 2026<\/g>\n\t\t\t<h4>Cum s\u0103 \u00eencepi o carier\u0103 \u00een domeniul tehnic \u00een \u021a\u0103rile de Jos f\u0103r\u0103 diplom\u0103<\/h4>\n\t\t\t<div class=\"text\"><p>Mul\u021bi oameni se exclud singuri din domeniul tehnic \u00eenainte chiar de a-\u0219i depune candidatura, deoarece presupun c\u0103 este nevoie de un certificat, de o diplom\u0103 olandez\u0103 sau de ani de experien\u021b\u0103 pentru a \u00eencepe. Pentru majoritatea posturilor tehnice pe care le ocup\u0103m, acest lucru pur \u0219i simplu nu este adev\u0103rat.<\/p>\n<\/div>\n            <p class=\"link\">\n                <span>Afl\u0103 mai multe<\/span><i class=\"fa-solid fa-arrow-up-right\"><\/i>\n            <\/p>\n\t\t<\/div>\n        \n    <\/a>\n<\/article><article class=\"post splide__slide\">\n    <a class=\"grid\" href=\"https:\/\/eu-people.com\/ro\/why-eindhoven-technical-jobs\/\">\n\t\t\n\t\t\t\t<div class=\"thumbnail\">\n\t\t\t<img loading=\"lazy\" decoding=\"async\" width=\"1024\" height=\"683\" src=\"https:\/\/eu-people.com\/wp-content\/uploads\/2026\/08\/why-eindhoven-technical-jobs-1024x683.jpeg\" class=\"attachment-large size-large wp-post-image\" alt=\"\" srcset=\"https:\/\/eu-people.com\/wp-content\/uploads\/2026\/08\/why-eindhoven-technical-jobs-1024x683.jpeg 1024w, https:\/\/eu-people.com\/wp-content\/uploads\/2026\/08\/why-eindhoven-technical-jobs-300x200.jpeg 300w, https:\/\/eu-people.com\/wp-content\/uploads\/2026\/08\/why-eindhoven-technical-jobs-768x512.jpeg 768w, https:\/\/eu-people.com\/wp-content\/uploads\/2026\/08\/why-eindhoven-technical-jobs-18x12.jpeg 18w\" sizes=\"auto, (max-width: 1024px) 100vw, 1024px\" \/>\t\t<\/div>\n\t\t\t\t\n\t\t<div class=\"grid content\">\n            <g>12 august 2026<\/g>\n\t\t\t<h4>De ce exist\u0103 at\u00e2t de multe locuri de munc\u0103 \u00een domeniul tehnic \u00een Eindhoven \u00een acest moment<\/h4>\n\t\t\t<div class=\"text\"><p>Dac\u0103 a\u021bi c\u0103utat oferte de locuri de munc\u0103 \u00een domeniul tehnic \u00een Olanda, probabil a\u021bi observat c\u00e2t de multe dintre ele se afl\u0103 \u00een Eindhoven \u0219i \u00een \u00eemprejurimile sale. \u201eDe ce exist\u0103 at\u00e2t de multe locuri de munc\u0103 \u00een domeniul tehnic \u00een Eindhoven \u00een acest moment?\u201d este o \u00eentrebare al c\u0103rei r\u0103spuns \u00ee\u0219i are originea \u00een cre\u0219terea remarcabil\u0103 a acestui ora\u0219.<\/p>\n<\/div>\n            <p class=\"link\">\n                <span>Afl\u0103 mai multe<\/span><i class=\"fa-solid fa-arrow-up-right\"><\/i>\n            <\/p>\n\t\t<\/div>\n        \n    <\/a>\n<\/article><article class=\"post splide__slide\">\n    <a class=\"grid\" href=\"https:\/\/eu-people.com\/ro\/de-kracht-van-passende-plaatsing-en-eerlijke-verloning\/\">\n\t\t\n\t\t\t\t<div class=\"thumbnail\">\n\t\t\t<img loading=\"lazy\" decoding=\"async\" width=\"1000\" height=\"667\" src=\"https:\/\/eu-people.com\/wp-content\/uploads\/2026\/08\/euro-currency-bills-notes-several-selection-isolated-transparent-background-photo-png-file-stockpack-adobe-stock.jpg\" class=\"attachment-large size-large wp-post-image\" alt=\"\" srcset=\"https:\/\/eu-people.com\/wp-content\/uploads\/2026\/08\/euro-currency-bills-notes-several-selection-isolated-transparent-background-photo-png-file-stockpack-adobe-stock.jpg 1000w, https:\/\/eu-people.com\/wp-content\/uploads\/2026\/08\/euro-currency-bills-notes-several-selection-isolated-transparent-background-photo-png-file-stockpack-adobe-stock-300x200.jpg 300w, https:\/\/eu-people.com\/wp-content\/uploads\/2026\/08\/euro-currency-bills-notes-several-selection-isolated-transparent-background-photo-png-file-stockpack-adobe-stock-768x512.jpg 768w, https:\/\/eu-people.com\/wp-content\/uploads\/2026\/08\/euro-currency-bills-notes-several-selection-isolated-transparent-background-photo-png-file-stockpack-adobe-stock-18x12.jpg 18w\" sizes=\"auto, (max-width: 1000px) 100vw, 1000px\" \/>\t\t<\/div>\n\t\t\t\t\n\t\t<div class=\"grid content\">\n            <g>12 august 2026<\/g>\n\t\t\t<h4>Puterea angaj\u0103rii potrivite \u0219i a remuner\u0103rii echitabile<\/h4>\n\t\t\t<div class=\"text\"><p>La EU-People credem c\u0103 fiecare are dreptul la o remunera\u021bie echitabil\u0103.<br \/>\nAngaja\u021bii no\u0219tri temporari din Europa au performan\u021be mai bune \u0219i r\u0103m\u00e2n mai mult timp la acela\u0219i angajator, tocmai pentru c\u0103 sunt remunera\u021bi \u00een mod echitabil \u0219i \u00een conformitate cu standardele olandeze.<\/p>\n<\/div>\n            <p class=\"link\">\n                <span>Afl\u0103 mai multe<\/span><i class=\"fa-solid fa-arrow-up-right\"><\/i>\n            <\/p>\n\t\t<\/div>\n        \n    <\/a>\n<\/article>            <\/div>\n            \n            <div class=\"first-post\">\n                <article class=\"post splide__slide\">\n    <a class=\"grid\" href=\"https:\/\/eu-people.com\/ro\/living-working-technical-eindhoven\/\">\n\t\t\n\t\t\t\t<div class=\"thumbnail\">\n\t\t\t<img loading=\"lazy\" decoding=\"async\" width=\"1024\" height=\"683\" src=\"https:\/\/eu-people.com\/wp-content\/uploads\/2026\/08\/living-working-technical-eindhoven-1024x683.png\" class=\"attachment-large size-large wp-post-image\" alt=\"\" srcset=\"https:\/\/eu-people.com\/wp-content\/uploads\/2026\/08\/living-working-technical-eindhoven-1024x683.png 1024w, https:\/\/eu-people.com\/wp-content\/uploads\/2026\/08\/living-working-technical-eindhoven-300x200.png 300w, https:\/\/eu-people.com\/wp-content\/uploads\/2026\/08\/living-working-technical-eindhoven-768x512.png 768w, https:\/\/eu-people.com\/wp-content\/uploads\/2026\/08\/living-working-technical-eindhoven-18x12.png 18w, https:\/\/eu-people.com\/wp-content\/uploads\/2026\/08\/living-working-technical-eindhoven.png 1536w\" sizes=\"auto, (max-width: 1024px) 100vw, 1024px\" \/>\t\t<\/div>\n\t\t\t\t\n\t\t<div class=\"grid content\">\n            <g>12 august 2026<\/g>\n\t\t\t<h4>Via\u021ba \u0219i munca ca specialist tehnic \u00een Eindhoven<\/h4>\n\t\t\t<div class=\"text\"><p>A accepta un post \u00een domeniul tehnic la Eindhoven nu \u00eenseamn\u0103 doar un nou loc de munc\u0103, ci \u0219i adaptarea la un nou ora\u0219. Iat\u0103 cum arat\u0103, de fapt, via\u021ba de zi cu zi.<\/p>\n<\/div>\n            <p class=\"link\">\n                <span>Afl\u0103 mai multe<\/span><i class=\"fa-solid fa-arrow-up-right\"><\/i>\n            <\/p>\n\t\t<\/div>\n        \n    <\/a>\n<\/article>            <\/div>\n        <\/div>\n        \n    <\/div>\n<\/section>","protected":false},"excerpt":{"rendered":"","protected":false},"author":1,"featured_media":0,"parent":0,"menu_order":0,"comment_status":"closed","ping_status":"closed","template":"","meta":{"_acf_changed":false,"footnotes":""},"class_list":["post-94","page","type-page","status-publish","hentry"],"acf":[],"yoast_head":"<!-- This site is optimized with the Yoast SEO Premium plugin v28.3 (Yoast SEO v28.3) - https:\/\/yoast.com\/product\/yoast-seo-premium-wordpress\/ -->\n<title>Home - EU-People<\/title>\n<meta name=\"description\" content=\"Home - EU-People\" \/>\n<meta name=\"robots\" content=\"index, follow, max-snippet:-1, max-image-preview:large, max-video-preview:-1\" \/>\n<link rel=\"canonical\" href=\"https:\/\/eu-people.com\/ro\/\" \/>\n<meta property=\"og:locale\" content=\"ro_RO\" \/>\n<meta property=\"og:type\" content=\"article\" \/>\n<meta property=\"og:title\" content=\"Home\" \/>\n<meta property=\"og:description\" content=\"Home - EU-People\" \/>\n<meta property=\"og:url\" content=\"https:\/\/eu-people.com\/ro\/\" \/>\n<meta property=\"og:site_name\" content=\"EU-People\" \/>\n<meta property=\"article:publisher\" content=\"https:\/\/www.facebook.com\/EUpeopleHQ\/\" \/>\n<meta property=\"article:modified_time\" content=\"2026-08-31T09:54:15+00:00\" \/>\n<meta name=\"twitter:card\" content=\"summary_large_image\" \/>\n<script type=\"application\/ld+json\" class=\"yoast-schema-graph\">{\"@context\":\"https:\\\/\\\/schema.org\",\"@graph\":[{\"@type\":\"WebPage\",\"@id\":\"https:\\\/\\\/eu-people.com\\\/\",\"url\":\"https:\\\/\\\/eu-people.com\\\/\",\"name\":\"Home - EU-People\",\"isPartOf\":{\"@id\":\"https:\\\/\\\/eu-people.com\\\/#website\"},\"datePublished\":\"2026-02-09T10:37:57+00:00\",\"dateModified\":\"2026-08-31T09:54:15+00:00\",\"description\":\"Home - EU-People\",\"breadcrumb\":{\"@id\":\"https:\\\/\\\/eu-people.com\\\/#breadcrumb\"},\"inLanguage\":\"ro-RO\",\"potentialAction\":[{\"@type\":\"ReadAction\",\"target\":[\"https:\\\/\\\/eu-people.com\\\/\"]}]},{\"@type\":\"BreadcrumbList\",\"@id\":\"https:\\\/\\\/eu-people.com\\\/#breadcrumb\",\"itemListElement\":[{\"@type\":\"ListItem\",\"position\":1,\"name\":\"Home\",\"item\":\"https:\\\/\\\/eu-people.com\\\/\"},{\"@type\":\"ListItem\",\"position\":2,\"name\":\"Home\"}]},{\"@type\":\"WebSite\",\"@id\":\"https:\\\/\\\/eu-people.com\\\/#website\",\"url\":\"https:\\\/\\\/eu-people.com\\\/\",\"name\":\"EU-People\",\"description\":\"\",\"publisher\":{\"@id\":\"https:\\\/\\\/eu-people.com\\\/#organization\"},\"potentialAction\":[{\"@type\":\"SearchAction\",\"target\":{\"@type\":\"EntryPoint\",\"urlTemplate\":\"https:\\\/\\\/eu-people.com\\\/?s={search_term_string}\"},\"query-input\":{\"@type\":\"PropertyValueSpecification\",\"valueRequired\":true,\"valueName\":\"search_term_string\"}}],\"inLanguage\":\"ro-RO\"},{\"@type\":\"Organization\",\"@id\":\"https:\\\/\\\/eu-people.com\\\/#organization\",\"name\":\"EU-People\",\"alternateName\":\"EU-People | Profs for Profs\",\"url\":\"https:\\\/\\\/eu-people.com\\\/\",\"logo\":{\"@type\":\"ImageObject\",\"inLanguage\":\"ro-RO\",\"@id\":\"https:\\\/\\\/eu-people.com\\\/#\\\/schema\\\/logo\\\/image\\\/\",\"url\":\"https:\\\/\\\/eu-people.com\\\/wp-content\\\/uploads\\\/2026\\\/02\\\/logo-scaled.png\",\"contentUrl\":\"https:\\\/\\\/eu-people.com\\\/wp-content\\\/uploads\\\/2026\\\/02\\\/logo-scaled.png\",\"width\":2560,\"height\":477,\"caption\":\"EU-People\"},\"image\":{\"@id\":\"https:\\\/\\\/eu-people.com\\\/#\\\/schema\\\/logo\\\/image\\\/\"},\"sameAs\":[\"https:\\\/\\\/www.facebook.com\\\/EUpeopleHQ\\\/\",\"https:\\\/\\\/www.instagram.com\\\/eupeople_jobs\\\/\",\"https:\\\/\\\/www.linkedin.com\\\/company\\\/eu-people-b.v.\\\/\"],\"description\":\"EU-People is a leading Dutch recruitment agency connecting international professionals with reliable employers in the Eindhoven region and across the Netherlands. We recruit for technical, logistics, production and food industry jobs, including woodworking, metalworking, cleanroom, assembly and machine operator roles. We provide quality housing, transport, weekly salary and personal support from application to employment.\",\"email\":\"info@eu-people.com\",\"telephone\":\"+31882014100\",\"legalName\":\"EU-People B.V.\",\"vatID\":\"NL817327472B01\",\"numberOfEmployees\":{\"@type\":\"QuantitativeValue\",\"minValue\":\"201\",\"maxValue\":\"500\"}}]}<\/script>\n<!-- \/ Yoast SEO Premium plugin. -->","yoast_head_json":{"title":"Acas\u0103 - EU-People","description":"Acas\u0103 - EU-People","robots":{"index":"index","follow":"follow","max-snippet":"max-snippet:-1","max-image-preview":"max-image-preview:large","max-video-preview":"max-video-preview:-1"},"canonical":"https:\/\/eu-people.com\/ro\/","og_locale":"ro_RO","og_type":"article","og_title":"Home","og_description":"Home - EU-People","og_url":"https:\/\/eu-people.com\/ro\/","og_site_name":"EU-People","article_publisher":"https:\/\/www.facebook.com\/EUpeopleHQ\/","article_modified_time":"2026-08-31T09:54:15+00:00","twitter_card":"summary_large_image","schema":{"@context":"https:\/\/schema.org","@graph":[{"@type":"WebPage","@id":"https:\/\/eu-people.com\/","url":"https:\/\/eu-people.com\/","name":"Acas\u0103 - EU-People","isPartOf":{"@id":"https:\/\/eu-people.com\/#website"},"datePublished":"2026-02-09T10:37:57+00:00","dateModified":"2026-08-31T09:54:15+00:00","description":"Acas\u0103 - EU-People","breadcrumb":{"@id":"https:\/\/eu-people.com\/#breadcrumb"},"inLanguage":"ro-RO","potentialAction":[{"@type":"ReadAction","target":["https:\/\/eu-people.com\/"]}]},{"@type":"BreadcrumbList","@id":"https:\/\/eu-people.com\/#breadcrumb","itemListElement":[{"@type":"ListItem","position":1,"name":"Home","item":"https:\/\/eu-people.com\/"},{"@type":"ListItem","position":2,"name":"Home"}]},{"@type":"WebSite","@id":"https:\/\/eu-people.com\/#website","url":"https:\/\/eu-people.com\/","name":"Oameni din UE","description":"","publisher":{"@id":"https:\/\/eu-people.com\/#organization"},"potentialAction":[{"@type":"SearchAction","target":{"@type":"EntryPoint","urlTemplate":"https:\/\/eu-people.com\/?s={search_term_string}"},"query-input":{"@type":"PropertyValueSpecification","valueRequired":true,"valueName":"search_term_string"}}],"inLanguage":"ro-RO"},{"@type":"Organization","@id":"https:\/\/eu-people.com\/#organization","name":"Oameni din UE","alternateName":"EU-People | Profs for Profs","url":"https:\/\/eu-people.com\/","logo":{"@type":"ImageObject","inLanguage":"ro-RO","@id":"https:\/\/eu-people.com\/#\/schema\/logo\/image\/","url":"https:\/\/eu-people.com\/wp-content\/uploads\/2026\/02\/logo-scaled.png","contentUrl":"https:\/\/eu-people.com\/wp-content\/uploads\/2026\/02\/logo-scaled.png","width":2560,"height":477,"caption":"EU-People"},"image":{"@id":"https:\/\/eu-people.com\/#\/schema\/logo\/image\/"},"sameAs":["https:\/\/www.facebook.com\/EUpeopleHQ\/","https:\/\/www.instagram.com\/eupeople_jobs\/","https:\/\/www.linkedin.com\/company\/eu-people-b.v.\/"],"description":"EU-People este o agen\u021bie de recrutare olandez\u0103 de top, care pune \u00een leg\u0103tur\u0103 profesioni\u0219ti interna\u021bionali cu angajatori de \u00eencredere din regiunea Eindhoven \u0219i din \u00eentreaga Oland\u0103. Recrut\u0103m personal pentru posturi din domeniile tehnic, logistic, de produc\u021bie \u0219i din industria alimentar\u0103, inclusiv pentru posturi \u00een prelucrarea lemnului, prelucrarea metalelor, camere sterile, asamblare \u0219i operatori de ma\u0219ini. Oferim cazare de calitate, transport, salariu s\u0103pt\u0103m\u00e2nal \u0219i sprijin personal de la depunerea candidaturii p\u00e2n\u0103 la angajare.","email":"info@eu-people.com","telephone":"+31882014100","legalName":"EU-People B.V.","vatID":"NL817327472B01","numberOfEmployees":{"@type":"QuantitativeValue","minValue":"201","maxValue":"500"}}]}},"_links":{"self":[{"href":"https:\/\/eu-people.com\/ro\/wp-json\/wp\/v2\/pages\/94","targetHints":{"allow":["GET"]}}],"collection":[{"href":"https:\/\/eu-people.com\/ro\/wp-json\/wp\/v2\/pages"}],"about":[{"href":"https:\/\/eu-people.com\/ro\/wp-json\/wp\/v2\/types\/page"}],"author":[{"embeddable":true,"href":"https:\/\/eu-people.com\/ro\/wp-json\/wp\/v2\/users\/1"}],"replies":[{"embeddable":true,"href":"https:\/\/eu-people.com\/ro\/wp-json\/wp\/v2\/comments?post=94"}],"version-history":[{"count":27,"href":"https:\/\/eu-people.com\/ro\/wp-json\/wp\/v2\/pages\/94\/revisions"}],"predecessor-version":[{"id":837,"href":"https:\/\/eu-people.com\/ro\/wp-json\/wp\/v2\/pages\/94\/revisions\/837"}],"wp:attachment":[{"href":"https:\/\/eu-people.com\/ro\/wp-json\/wp\/v2\/media?parent=94"}],"curies":[{"name":"wp","href":"https:\/\/api.w.org\/{rel}","templated":true}]}}